{"id":3361,"date":"2025-09-24T15:18:42","date_gmt":"2025-09-24T14:18:42","guid":{"rendered":"https:\/\/swisslasik.ch\/yasli-hasta-raporlari-goez-klinigi-tuerkiye\/goez-lazeri-14-aralik-2007-cuma-tarihli-deneyim-raporu\/"},"modified":"2026-01-14T20:58:36","modified_gmt":"2026-01-14T19:58:36","slug":"goez-lazeri-14-aralik-2007-cuma-tarihli-deneyim-raporu","status":"publish","type":"page","link":"https:\/\/swisslasik.ch\/tr\/yasli-hasta-raporlari-goez-klinigi-tuerkiye\/goez-lazeri-14-aralik-2007-cuma-tarihli-deneyim-raporu\/","title":{"rendered":"G\u00f6z lazeri \u2013 14 Aral\u0131k 2007 Cuma tarihli deneyim raporu"},"content":{"rendered":"\n<h3 class=\"wp-block-heading\">G\u00f6z lazeri \u2013 14 Aral\u0131k 2007 Cuma tarihli deneyim raporu<\/h3>\n\n\n\n<p>Merhaba<\/p>\n\n\n\n<p>Uzun zamand\u0131r g\u00f6zlerimi lazerle tedavi ettirmeyi d\u00fc\u015f\u00fcn\u00fcyordum, ancak maliyetler ve de\u011fi\u015fen diyoptri de\u011ferlerim beni hep bu d\u00fc\u015f\u00fcnceden al\u0131koymu\u015ftu. Bu nedenle bu konuyu bir kez daha detayl\u0131 \u015fekilde ele almaya karar verdim. <\/p>\n\n\n\n<p>Ne yaz\u0131k ki ya da belki de \u015fans eseri, bir spor sakatl\u0131\u011f\u0131 ya\u015fad\u0131m ve bu durum g\u00f6zlerimin detayl\u0131 bir \u015fekilde muayene edilmesini gerekli k\u0131ld\u0131. Bu vesileyle g\u00f6z doktorumla da konuyu konu\u015ftum ve bana \u0130svi\u00e7re\u2019de bir klinik \u00f6nerdi. Maliyetlerle ilgili itiraz\u0131m\u0131 dile getirdi\u011fimde ise, \u0130stanbul\u2019da bu i\u015flemi yapt\u0131rm\u0131\u015f \u00e7ok say\u0131da hastas\u0131 oldu\u011funu anlatt\u0131. <\/p>\n\n\n\n<p>Bu durum g\u00fcvenimi art\u0131rd\u0131 ve internette biraz ara\u015ft\u0131rma yapt\u0131m. B\u00f6ylece Swisslasik ile kar\u015f\u0131la\u015ft\u0131m. \u0130lk izlenimim olumluydu, bu y\u00fczden onlara yazd\u0131m. K\u0131sa s\u00fcrede ve d\u00fczg\u00fcn, anla\u015f\u0131l\u0131r bir Almanca ile cevap gelmesi de bende ba\u015ftan itibaren iyi bir his olu\u015fturdu.  <\/p>\n\n\n\n<p>Bunun \u00fczerine kayd\u0131m\u0131 yapt\u0131rd\u0131m ve \u00fccreti havale ettim. Ertesi g\u00fcn, \u00f6demenin ula\u015ft\u0131\u011f\u0131na dair onay\u0131 ald\u0131m. Daha sonra \u0130stanbul\u2019daki merkeze do\u011frudan yaz\u0131p, belirli bir ameliyat tekni\u011fini uygulay\u0131p uygulamad\u0131klar\u0131n\u0131 sordum ve mesaj\u0131 sadece ismimle imzalad\u0131m. Buna ra\u011fmen benim zaten kay\u0131t yapt\u0131rm\u0131\u015f oldu\u011fumu biliyorlard\u0131. Bu da benim i\u00e7in tekrar olumlu bir s\u00fcrpriz oldu, \u00e7\u00fcnk\u00fc \u0130svi\u00e7re\u2019de bununla ilgili zahmet edip kontrol edecek ka\u00e7 ki\u015fi olurdu ki.    <\/p>\n\n\n\n<p>Bu olumlu izlenimlerle birlikte biraz da tedirgin olarak T\u00fcrkiye\u2019ye u\u00e7tum. Havaalan\u0131nda beni bekliyorlard\u0131 ve do\u011frudan otele g\u00f6t\u00fcr\u00fcld\u00fcm. Yolculuk olduk\u00e7a keyifliydi ve \u015fof\u00f6r iyi derecede Almanca konu\u015fuyordu. Biraz kara mizah\u0131 vard\u0131; bunu, bizim gerginli\u011fimizi azaltmak i\u00e7in olduk\u00e7a ho\u015f ve samimi buldum.   <\/p>\n\n\n\n<p>Otel Taksim G\u00f6ren\u2019di. Her yer temizdi ve kahvalt\u0131 b\u00fcfesi de iyiydi. Tek olumsuz nokta g\u00fcr\u00fclt\u00fcyd\u00fc. \u00d6zellikle \u015eampiyonlar Ligi ma\u00e7\u0131ndan sonra olduk\u00e7a sesli oluyordu. Ayr\u0131ca o d\u00f6nemde bu sokakta yol \u00e7al\u0131\u015fmas\u0131 yap\u0131l\u0131yordu, bu nedenle in\u015faat g\u00fcr\u00fclt\u00fcs\u00fc vard\u0131; ancak bunun otelle do\u011frudan bir ilgisi yoktu.    <\/p>\n\n\n\n<p>Klinikte \u00e7ok s\u0131cak bir \u015fekilde kar\u015f\u0131land\u0131m ve burada da her \u015fey Almanca olarak a\u00e7\u0131kland\u0131. Doktor ayr\u0131ca ak\u0131c\u0131 bir \u015fekilde \u0130ngilizce de konu\u015fuyordu. Bu da bende ger\u00e7ekten \u00e7ok iyi bir g\u00fcven duygusu yaratt\u0131 ve ameliyatla ilgili heyecan\u0131m iyice artt\u0131. \u00d6zellikle bir \u00f6nceki g\u00fcn ameliyat olan hastalar\u0131n kontrol muayenesi i\u00e7in gelmi\u015f olmalar\u0131, i\u00e7imi daha da rahatlatt\u0131.   <\/p>\n\n\n\n<p>Ameliyattan sonra yakla\u015f\u0131k 10 dakika boyunca g\u00f6zlerimde \u00e7ok g\u00fc\u00e7l\u00fc bir yanma hissi oldu, ancak damlalar verildikten sonra bu tamamen ge\u00e7ti. Otelde yakla\u015f\u0131k 2 saat dinlendikten sonra kendimi gayet iyi hissetmeye ba\u015flad\u0131m. Ameliyattan \u00f6nce -4 ve -2,25 olan diyoptri de\u011ferlerim, ameliyattan sonraki g\u00fcn yap\u0131lan \u00f6l\u00e7\u00fcmde s\u0131ras\u0131yla +0,5 ve +0,25 olarak \u00e7\u0131kt\u0131. Yani adeta bir gecede bamba\u015fka bir insan oldum. Sabah uyan\u0131p hi\u00e7bir g\u00f6rme yard\u0131m\u0131na ihtiya\u00e7 duymadan evden \u00e7\u0131kabilmek ger\u00e7ekten harika bir his. \u0130kinci g\u00fcnden itibaren neredeyse kartal gibi g\u00f6rmeye ba\u015flad\u0131m, sadece bir g\u00f6z\u00fcmde h\u00e2l\u00e2 biraz zorlanma var ama bunun zamanla ge\u00e7ece\u011fi, bana s\u00f6ylendi\u011fi gibi d\u00fczelece\u011fi umudunday\u0131m.     <\/p>\n\n\n\n<p>Sonu\u00e7 olarak, her zaman tekrar yapaca\u011f\u0131m\u0131 s\u00f6yleyebilirim. Ve gerekirse, tekrar oraya u\u00e7ar\u0131m. <\/p>\n\n\n\n<div class=\"wp-block-group is-layout-grid wp-container-core-group-is-layout-baef362d wp-block-group-is-layout-grid\">\n<p><a href=\"https:\/\/medicaltravel.at\/home\/agb\/\" data-type=\"page\" data-id=\"2191\" rel=\"nofollow noopener\" target=\"_blank\"><\/a><a href=\"https:\/\/swisslasik.ch\/tr\/yasli-hasta-raporlari-goez-klinigi-tuerkiye\/lasik-istanbuldaki-deneyimim-21-aralik-2007-cuma-tarihli-deneyim-raporu\/\" data-type=\"link\" data-id=\"https:\/\/swisslasik.ch\/tr\/yasli-hasta-raporlari-goez-klinigi-tuerkiye\/lasik-istanbuldaki-deneyimim-21-aralik-2007-cuma-tarihli-deneyim-raporu\/\">\u00d6nceki rapor<\/a><\/p>\n\n\n\n<p class=\"has-text-align-right wp-container-content-5e2576f9\"><a href=\"https:\/\/medicaltravel.at\/home\/impressum\/\" data-type=\"page\" data-id=\"2193\" rel=\"nofollow noopener\" target=\"_blank\"><\/a><a href=\"https:\/\/medicaltravel.at\/home\/berichte-von-patienten\/erfahrungsberichte\/erfahrungsbericht-zahnbehandlung-in-istanbul\/\" data-type=\"page\" data-id=\"981\" rel=\"nofollow noopener\" target=\"_blank\"><\/a><a href=\"https:\/\/swisslasik.ch\/tr\/yasli-hasta-raporlari-goez-klinigi-tuerkiye\/istanbuldaki-goez-lazeri-ameliyatimiz-28-kasim-2007-carsamba-tarihli-deneyim-raporu\/\" data-type=\"link\" data-id=\"https:\/\/swisslasik.ch\/tr\/yasli-hasta-raporlari-goez-klinigi-tuerkiye\/istanbuldaki-goez-lazeri-ameliyatimiz-28-kasim-2007-carsamba-tarihli-deneyim-raporu\/\">Bir Sonraki Rapor<br><\/a><\/p>\n<\/div>\n","protected":false},"excerpt":{"rendered":"<p>G\u00f6z lazeri \u2013 14 Aral\u0131k 2007 Cuma tarihli deneyim raporu Merhaba Uzun zamand\u0131r g\u00f6zlerimi lazerle tedavi ettirmeyi d\u00fc\u015f\u00fcn\u00fcyordum, ancak maliyetler ve de\u011fi\u015fen diyoptri de\u011ferlerim beni hep bu d\u00fc\u015f\u00fcnceden al\u0131koymu\u015ftu. Bu nedenle bu konuyu bir kez daha detayl\u0131 \u015fekilde ele almaya karar verdim. Ne yaz\u0131k ki ya da belki de \u015fans eseri, bir spor sakatl\u0131\u011f\u0131 ya\u015fad\u0131m ve bu durum g\u00f6zlerimin detayl\u0131 bir \u015fekilde muayene edilmesini gerekli k\u0131ld\u0131. Bu vesileyle g\u00f6z doktorumla da konuyu konu\u015ftum ve bana \u0130svi\u00e7re\u2019de bir klinik \u00f6nerdi. Maliyetlerle ilgili itiraz\u0131m\u0131 dile getirdi\u011fimde ise, \u0130stanbul\u2019da bu i\u015flemi yapt\u0131rm\u0131\u015f \u00e7ok say\u0131da hastas\u0131 oldu\u011funu anlatt\u0131. Bu durum g\u00fcvenimi art\u0131rd\u0131 ve internette biraz ara\u015ft\u0131rma yapt\u0131m. B\u00f6ylece Swisslasik ile kar\u015f\u0131la\u015ft\u0131m. \u0130lk izlenimim olumluydu, bu y\u00fczden onlara yazd\u0131m. K\u0131sa s\u00fcrede ve d\u00fczg\u00fcn, anla\u015f\u0131l\u0131r bir Almanca ile cevap gelmesi de bende ba\u015ftan itibaren iyi bir his olu\u015fturdu. Bunun \u00fczerine kayd\u0131m\u0131 yapt\u0131rd\u0131m ve \u00fccreti havale ettim. Ertesi g\u00fcn, \u00f6demenin ula\u015ft\u0131\u011f\u0131na dair onay\u0131 ald\u0131m. Daha sonra \u0130stanbul\u2019daki merkeze do\u011frudan yaz\u0131p, belirli bir ameliyat tekni\u011fini uygulay\u0131p uygulamad\u0131klar\u0131n\u0131 sordum ve mesaj\u0131 sadece ismimle imzalad\u0131m. Buna ra\u011fmen benim zaten kay\u0131t yapt\u0131rm\u0131\u015f oldu\u011fumu biliyorlard\u0131. Bu da benim i\u00e7in tekrar olumlu bir s\u00fcrpriz oldu, \u00e7\u00fcnk\u00fc \u0130svi\u00e7re\u2019de bununla ilgili zahmet edip kontrol edecek ka\u00e7 ki\u015fi olurdu ki. Bu olumlu izlenimlerle birlikte biraz da tedirgin olarak T\u00fcrkiye\u2019ye u\u00e7tum. Havaalan\u0131nda beni bekliyorlard\u0131 ve do\u011frudan otele g\u00f6t\u00fcr\u00fcld\u00fcm. Yolculuk olduk\u00e7a keyifliydi ve \u015fof\u00f6r iyi derecede Almanca konu\u015fuyordu. Biraz kara mizah\u0131 vard\u0131; bunu, bizim gerginli\u011fimizi azaltmak i\u00e7in olduk\u00e7a ho\u015f ve samimi buldum. Otel Taksim G\u00f6ren\u2019di. Her yer temizdi ve kahvalt\u0131 b\u00fcfesi de iyiydi. Tek olumsuz nokta g\u00fcr\u00fclt\u00fcyd\u00fc. \u00d6zellikle \u015eampiyonlar Ligi ma\u00e7\u0131ndan sonra olduk\u00e7a sesli oluyordu. Ayr\u0131ca o d\u00f6nemde bu sokakta yol \u00e7al\u0131\u015fmas\u0131 yap\u0131l\u0131yordu, bu nedenle in\u015faat g\u00fcr\u00fclt\u00fcs\u00fc vard\u0131; ancak bunun otelle do\u011frudan bir ilgisi yoktu. Klinikte \u00e7ok s\u0131cak bir \u015fekilde kar\u015f\u0131land\u0131m ve burada da her \u015fey Almanca olarak a\u00e7\u0131kland\u0131. Doktor ayr\u0131ca ak\u0131c\u0131 bir \u015fekilde \u0130ngilizce de konu\u015fuyordu. Bu da bende ger\u00e7ekten \u00e7ok iyi bir g\u00fcven duygusu yaratt\u0131 ve ameliyatla ilgili heyecan\u0131m iyice artt\u0131. \u00d6zellikle bir \u00f6nceki g\u00fcn ameliyat olan hastalar\u0131n kontrol muayenesi i\u00e7in gelmi\u015f olmalar\u0131, i\u00e7imi daha da rahatlatt\u0131. Ameliyattan sonra yakla\u015f\u0131k 10 dakika boyunca g\u00f6zlerimde \u00e7ok g\u00fc\u00e7l\u00fc bir yanma hissi oldu, ancak damlalar verildikten sonra bu tamamen ge\u00e7ti. Otelde yakla\u015f\u0131k 2 saat dinlendikten sonra kendimi gayet iyi hissetmeye ba\u015flad\u0131m. Ameliyattan \u00f6nce -4 ve -2,25 olan diyoptri de\u011ferlerim, ameliyattan sonraki g\u00fcn yap\u0131lan \u00f6l\u00e7\u00fcmde s\u0131ras\u0131yla +0,5 ve +0,25 olarak \u00e7\u0131kt\u0131. Yani adeta bir gecede bamba\u015fka bir insan oldum. Sabah uyan\u0131p hi\u00e7bir g\u00f6rme yard\u0131m\u0131na ihtiya\u00e7 duymadan evden \u00e7\u0131kabilmek ger\u00e7ekten harika bir his. \u0130kinci g\u00fcnden itibaren neredeyse kartal gibi g\u00f6rmeye ba\u015flad\u0131m, sadece bir g\u00f6z\u00fcmde h\u00e2l\u00e2 biraz zorlanma var ama bunun zamanla ge\u00e7ece\u011fi, bana s\u00f6ylendi\u011fi gibi d\u00fczelece\u011fi umudunday\u0131m. Sonu\u00e7 olarak, her zaman tekrar yapaca\u011f\u0131m\u0131 s\u00f6yleyebilirim. Ve gerekirse, tekrar oraya u\u00e7ar\u0131m. \u00d6nceki rapor Bir Sonraki Rapor<\/p>\n","protected":false},"author":4,"featured_media":0,"parent":3355,"menu_order":0,"comment_status":"closed","ping_status":"closed","template":"","meta":{"_joinchat":[],"footnotes":""},"class_list":["post-3361","page","type-page","status-publish","hentry"],"acf":[],"_links":{"self":[{"href":"https:\/\/swisslasik.ch\/tr\/wp-json\/wp\/v2\/pages\/3361","targetHints":{"allow":["GET"]}}],"collection":[{"href":"https:\/\/swisslasik.ch\/tr\/wp-json\/wp\/v2\/pages"}],"about":[{"href":"https:\/\/swisslasik.ch\/tr\/wp-json\/wp\/v2\/types\/page"}],"author":[{"embeddable":true,"href":"https:\/\/swisslasik.ch\/tr\/wp-json\/wp\/v2\/users\/4"}],"replies":[{"embeddable":true,"href":"https:\/\/swisslasik.ch\/tr\/wp-json\/wp\/v2\/comments?post=3361"}],"version-history":[{"count":2,"href":"https:\/\/swisslasik.ch\/tr\/wp-json\/wp\/v2\/pages\/3361\/revisions"}],"predecessor-version":[{"id":4852,"href":"https:\/\/swisslasik.ch\/tr\/wp-json\/wp\/v2\/pages\/3361\/revisions\/4852"}],"up":[{"embeddable":true,"href":"https:\/\/swisslasik.ch\/tr\/wp-json\/wp\/v2\/pages\/3355"}],"wp:attachment":[{"href":"https:\/\/swisslasik.ch\/tr\/wp-json\/wp\/v2\/media?parent=3361"}],"curies":[{"name":"wp","href":"https:\/\/api.w.org\/{rel}","templated":true}]}}