{"id":3511,"date":"2025-09-17T13:31:04","date_gmt":"2025-09-17T12:31:04","guid":{"rendered":"https:\/\/swisslasik.ch\/lazer-goez-ameliyati-tuerkiye-istanbul\/kimler-uygun\/"},"modified":"2026-01-08T15:12:27","modified_gmt":"2026-01-08T14:12:27","slug":"kimler-uygun","status":"publish","type":"page","link":"https:\/\/swisslasik.ch\/tr\/lazer-goez-ameliyati-tuerkiye-istanbul\/kimler-uygun\/","title":{"rendered":"Kimler uygun?"},"content":{"rendered":"\t\t<div data-elementor-type=\"wp-page\" data-elementor-id=\"3511\" class=\"elementor elementor-3511 elementor-72\" data-elementor-post-type=\"page\">\n\t\t\t\t<div class=\"elementor-element elementor-element-3de910b1 e-flex e-con-boxed wpr-particle-no wpr-jarallax-no wpr-parallax-no wpr-sticky-section-no e-con e-parent\" data-id=\"3de910b1\" data-element_type=\"container\" data-e-type=\"container\">\n\t\t\t\t\t<div class=\"e-con-inner\">\n\t\t<div class=\"elementor-element elementor-element-47fa1b1 e-con-full e-flex wpr-particle-no wpr-jarallax-no wpr-parallax-no wpr-sticky-section-no e-con e-child\" data-id=\"47fa1b1\" data-element_type=\"container\" data-e-type=\"container\">\n\t\t\t\t<div class=\"elementor-element elementor-element-5bac476 elementor-widget elementor-widget-button\" data-id=\"5bac476\" data-element_type=\"widget\" data-e-type=\"widget\" data-widget_type=\"button.default\">\n\t\t\t\t\t\t\t\t\t\t<a class=\"elementor-button elementor-button-link elementor-size-sm\" href=\"https:\/\/swisslasik.ch\/tr\/lazer-goez-ameliyati-tuerkiye-istanbul\/\">\n\t\t\t\t\t\t<span class=\"elementor-button-content-wrapper\">\n\t\t\t\t\t\t\t\t\t<span class=\"elementor-button-text\">Lazer g\u00f6z ameliyat\u0131<\/span>\n\t\t\t\t\t<\/span>\n\t\t\t\t\t<\/a>\n\t\t\t\t\t\t\t\t<\/div>\n\t\t\t\t<div class=\"elementor-element elementor-element-c8acbfa elementor-widget elementor-widget-button\" data-id=\"c8acbfa\" data-element_type=\"widget\" data-e-type=\"widget\" data-widget_type=\"button.default\">\n\t\t\t\t\t\t\t\t\t\t<a class=\"elementor-button elementor-button-link elementor-size-sm\" href=\"https:\/\/swisslasik.ch\/tr\/lazer-goez-ameliyati-tuerkiye-istanbul\/relex-smile-lasik-tuerkei-istanbul-antalya-izmir\/\">\n\t\t\t\t\t\t<span class=\"elementor-button-content-wrapper\">\n\t\t\t\t\t\t\t\t\t<span class=\"elementor-button-text\">ReLex Smile Lasik<\/span>\n\t\t\t\t\t<\/span>\n\t\t\t\t\t<\/a>\n\t\t\t\t\t\t\t\t<\/div>\n\t\t\t\t<div class=\"elementor-element elementor-element-0445452 elementor-widget elementor-widget-button\" data-id=\"0445452\" data-element_type=\"widget\" data-e-type=\"widget\" data-widget_type=\"button.default\">\n\t\t\t\t\t\t\t\t\t\t<a class=\"elementor-button elementor-button-link elementor-size-sm\" href=\"https:\/\/swisslasik.ch\/tr\/lazer-goez-ameliyati-tuerkiye-istanbul\/tuerkiyede-goez-mercegi-implantasyonu-istanbul-antalya-izmir\/\">\n\t\t\t\t\t\t<span class=\"elementor-button-content-wrapper\">\n\t\t\t\t\t\t\t\t\t<span class=\"elementor-button-text\">Lens implantasyonu<\/span>\n\t\t\t\t\t<\/span>\n\t\t\t\t\t<\/a>\n\t\t\t\t\t\t\t\t<\/div>\n\t\t\t\t<div class=\"elementor-element elementor-element-6fc7d14 elementor-widget elementor-widget-button\" data-id=\"6fc7d14\" data-element_type=\"widget\" data-e-type=\"widget\" data-widget_type=\"button.default\">\n\t\t\t\t\t\t\t\t\t\t<a class=\"elementor-button elementor-button-link elementor-size-sm\" href=\"https:\/\/swisslasik.ch\/tr\/lazer-goez-ameliyati-tuerkiye-istanbul\/multifokallinsen-trifokallinsen-tuerkei-istanbul-antalya-izmir\/\">\n\t\t\t\t\t\t<span class=\"elementor-button-content-wrapper\">\n\t\t\t\t\t\t\t\t\t<span class=\"elementor-button-text\">\u00c7ok odakl\u0131 lensler<\/span>\n\t\t\t\t\t<\/span>\n\t\t\t\t\t<\/a>\n\t\t\t\t\t\t\t\t<\/div>\n\t\t\t\t<div class=\"elementor-element elementor-element-1ecccee elementor-widget elementor-widget-button\" data-id=\"1ecccee\" data-element_type=\"widget\" data-e-type=\"widget\" data-widget_type=\"button.default\">\n\t\t\t\t\t\t\t\t\t\t<a class=\"elementor-button elementor-button-link elementor-size-sm\" href=\"https:\/\/swisslasik.ch\/tr\/lazer-goez-ameliyati-tuerkiye-istanbul\/kimler-uygun\/\">\n\t\t\t\t\t\t<span class=\"elementor-button-content-wrapper\">\n\t\t\t\t\t\t\t\t\t<span class=\"elementor-button-text\">Kimler uygun?<\/span>\n\t\t\t\t\t<\/span>\n\t\t\t\t\t<\/a>\n\t\t\t\t\t\t\t\t<\/div>\n\t\t\t\t<div class=\"elementor-element elementor-element-a2c517a elementor-widget elementor-widget-button\" data-id=\"a2c517a\" data-element_type=\"widget\" data-e-type=\"widget\" data-widget_type=\"button.default\">\n\t\t\t\t\t\t\t\t\t\t<a class=\"elementor-button elementor-button-link elementor-size-sm\" href=\"https:\/\/swisslasik.ch\/tr\/lazer-goez-ameliyati-tuerkiye-istanbul\/operasyonel-proseduer\/\">\n\t\t\t\t\t\t<span class=\"elementor-button-content-wrapper\">\n\t\t\t\t\t\t\t\t\t<span class=\"elementor-button-text\">Operasyonel prosed\u00fcr<\/span>\n\t\t\t\t\t<\/span>\n\t\t\t\t\t<\/a>\n\t\t\t\t\t\t\t\t<\/div>\n\t\t\t\t<div class=\"elementor-element elementor-element-b04b221 elementor-widget elementor-widget-button\" data-id=\"b04b221\" data-element_type=\"widget\" data-e-type=\"widget\" data-widget_type=\"button.default\">\n\t\t\t\t\t\t\t\t\t\t<a class=\"elementor-button elementor-button-link elementor-size-sm\" href=\"https:\/\/swisslasik.ch\/tr\/lazer-goez-ameliyati-tuerkiye-istanbul\/riskler\/\">\n\t\t\t\t\t\t<span class=\"elementor-button-content-wrapper\">\n\t\t\t\t\t\t\t\t\t<span class=\"elementor-button-text\">Riskler<\/span>\n\t\t\t\t\t<\/span>\n\t\t\t\t\t<\/a>\n\t\t\t\t\t\t\t\t<\/div>\n\t\t\t\t<\/div>\n\t\t\t\t<div class=\"elementor-element elementor-element-6241f3e2 elementor-widget elementor-widget-text-editor\" data-id=\"6241f3e2\" data-element_type=\"widget\" data-e-type=\"widget\" data-widget_type=\"text-editor.default\">\n\t\t\t\t\t\t\t\t\t\n<h2 class=\"wp-block-heading\">LAZER G\u00d6Z AMEL\u0130YATI K\u0130MLER \u0130\u00c7\u0130N UYGUNDUR?<\/h2>\n\n<p>Bir\u00e7ok kriter bulunmaktad\u0131r. En \u00f6nemlileri a\u015fa\u011f\u0131da listelenmi\u015ftir: <\/p>\n\n<ul class=\"wp-block-list\">\n<li>G\u00f6rme bozuklu\u011fu stabil olmal\u0131d\u0131r (son iki y\u0131lda g\u00f6zl\u00fck re\u00e7etesinde sadece minimal de\u011fi\u015fiklikler olmu\u015f olmal\u0131d\u0131r).<\/li>\n\n<li>Hastan\u0131n en az 20 ya\u015f\u0131nda olmas\u0131 gerekmektedir. 65 ya\u015f \u00fcst\u00fc ki\u015filerde, ya\u015fa ba\u011fl\u0131 hipermetropi nedeniyle ba\u015far\u0131 oran\u0131 biraz daha d\u00fc\u015f\u00fck olabilir. <\/li>\n\n<li>G\u00f6zde herhangi bir hastal\u0131k (\u00f6rne\u011fin, katarakt, glokom, keratokonus) bulunmamal\u0131d\u0131r.<\/li>\n\n<li>Romatizma, diyabet ve benzeri rahats\u0131zl\u0131klar ameliyat\u0131 engelleyebilir. Mevcut t\u00fcm sa\u011fl\u0131k sorunlar\u0131n\u0131z hakk\u0131nda doktorunuzu bilgilendirmeniz \u00e7ok \u00f6nemlidir. <\/li>\n\n<li>Kornea iyile\u015fmesini etkileyebilecek ila\u00e7lar kullan\u0131lmamal\u0131d\u0131r.<\/li>\n\n<li>Hamilelik ve emzirme d\u00f6neminde tedavi uygulanmas\u0131ndan ka\u00e7\u0131n\u0131lmal\u0131d\u0131r.<\/li>\n\n<li>Alerjisi olan ki\u015filer i\u00e7in ameliyat, alerjinin olmad\u0131\u011f\u0131 bir d\u00f6nemde planlanmal\u0131d\u0131r.<\/li>\n\n<li>Kornea kal\u0131nl\u0131\u011f\u0131n\u0131z yeterli olmal\u0131d\u0131r (bu, \u00f6n muayene s\u0131ras\u0131nda \u00f6l\u00e7\u00fclecektir).<\/li>\n\n<li>Hastan\u0131n psikolojik durumunun sorunsuz olmas\u0131 gerekir.<\/li>\n\n<li>G\u00f6z\u00fcn\u00fcze yap\u0131lacak bu i\u015flemin ne anlama geldi\u011fini mutlaka anlamal\u0131s\u0131n\u0131z. Akl\u0131n\u0131zda hi\u00e7bir soru cevaps\u0131z kalmamal\u0131. <\/li>\n<\/ul>\n\n<p>Ob Sie zur Behandlung durch eine Operation ohne Zweifel geeignet sind, kann erst nach beendeter Voruntersuchung und Diagnose konkret entschieden werden.<\/p>\n\n<figure class=\"wp-block-image size-full\"><img fetchpriority=\"high\" decoding=\"async\" width=\"300\" height=\"449\" class=\"wp-image-226\" src=\"https:\/\/swisslasik.ch\/wp-content\/uploads\/2025\/09\/sport01.jpg\" alt=\"\" srcset=\"https:\/\/swisslasik.ch\/wp-content\/uploads\/2025\/09\/sport01.jpg 300w, https:\/\/swisslasik.ch\/wp-content\/uploads\/2025\/09\/sport01-200x300.jpg 200w\" sizes=\"(max-width: 300px) 100vw, 300px\" \/><\/figure>\n\n<p id=\"caption-attachment-277\">Lazer tedavileri sayesinde spor yaparken g\u00f6rme yetene\u011finde iyile\u015fme.<\/p>\n\n<p><strong>Lazer g\u00f6z ameliyat\u0131 i\u00e7in motivasyonlar<\/strong><\/p>\n\n<p>G\u00f6zl\u00fck ve kontakt lens kullanmak her zaman sorunsuz de\u011fildir.<\/p>\n\n<p>Bir\u00e7ok g\u00f6zl\u00fck kullanan ki\u015fi, g\u00fcnl\u00fck ya\u015famda, bo\u015f zaman aktivitelerinde ve spor yaparken g\u00f6r\u00fc\u015f alan\u0131n\u0131n daralmas\u0131ndan veya hareket kabiliyetinin k\u0131s\u0131tlanmas\u0131ndan rahats\u0131zl\u0131k duyar. Ayr\u0131ca estetik ya da psikolojik nedenler de ki\u015finin kendini iyi hissetmesini olumsuz etkileyebilir. Baz\u0131 mesleklerde g\u00f6zl\u00fck kullan\u0131m\u0131 zorluk yaratabilir (\u00f6rne\u011fin oyuncular, a\u015f\u00e7\u0131lar, polisler). Tek tarafl\u0131 g\u00f6rme bozukluklar\u0131 ve kal\u0131n caml\u0131 g\u00f6zl\u00fckler de bu duruma ek nedenler aras\u0131nda yer al\u0131r.   <\/p>\n\n<p>Kontakt lensler bile her zaman kal\u0131c\u0131 bir \u00e7\u00f6z\u00fcm sunmaz; \u00e7\u00fcnk\u00fc ho\u015f olmayan tahri\u015fler veya temizlik maddelerine kar\u015f\u0131 alerjiler gibi durumlar intolerans olarak ortaya \u00e7\u0131kabilir.<\/p>\n\n<p>Bu sorunlar\u0131 ya\u015fayan hastalar i\u00e7in refraktif cerrahi bir alternatif olabilir.<\/p>\n\n<p>Ancak, g\u00f6zl\u00fck veya kontakt lenslerden tamamen memnun olan ve bunlarla \u00e7ok iyi ge\u00e7inen ki\u015filerin genellikle g\u00f6z ameliyat\u0131na ihtiya\u00e7 duymalar\u0131 i\u00e7in bir neden yoktur.<\/p>\n\n<figure class=\"wp-block-image size-full\"><img decoding=\"async\" width=\"300\" height=\"199\" class=\"wp-image-227\" src=\"https:\/\/swisslasik.ch\/wp-content\/uploads\/2025\/09\/sportler03.jpg\" alt=\"\"><\/figure>\n\t\t\t\t\t\t\t\t<\/div>\n\t\t\t\t\t<\/div>\n\t\t\t\t<\/div>\n\t\t\t\t<\/div>\n\t\t","protected":false},"excerpt":{"rendered":"<p>Lazer g\u00f6z ameliyat\u0131 ReLex Smile Lasik Lens implantasyonu \u00c7ok odakl\u0131 lensler Kimler uygun? Operasyonel prosed\u00fcr Riskler LAZER G\u00d6Z AMEL\u0130YATI K\u0130MLER \u0130\u00c7\u0130N UYGUNDUR? Bir\u00e7ok kriter bulunmaktad\u0131r. En \u00f6nemlileri a\u015fa\u011f\u0131da listelenmi\u015ftir: G\u00f6rme bozuklu\u011fu stabil olmal\u0131d\u0131r (son iki y\u0131lda g\u00f6zl\u00fck re\u00e7etesinde sadece minimal de\u011fi\u015fiklikler olmu\u015f olmal\u0131d\u0131r). Hastan\u0131n en az 20 ya\u015f\u0131nda olmas\u0131 gerekmektedir. 65 ya\u015f \u00fcst\u00fc ki\u015filerde, ya\u015fa ba\u011fl\u0131 hipermetropi nedeniyle ba\u015far\u0131 oran\u0131 biraz daha d\u00fc\u015f\u00fck olabilir. G\u00f6zde herhangi bir hastal\u0131k (\u00f6rne\u011fin, katarakt, glokom, keratokonus) bulunmamal\u0131d\u0131r. Romatizma, diyabet ve benzeri rahats\u0131zl\u0131klar ameliyat\u0131 engelleyebilir. Mevcut t\u00fcm sa\u011fl\u0131k sorunlar\u0131n\u0131z hakk\u0131nda doktorunuzu bilgilendirmeniz \u00e7ok \u00f6nemlidir. Kornea iyile\u015fmesini etkileyebilecek ila\u00e7lar kullan\u0131lmamal\u0131d\u0131r. Hamilelik ve emzirme d\u00f6neminde tedavi uygulanmas\u0131ndan ka\u00e7\u0131n\u0131lmal\u0131d\u0131r. Alerjisi olan ki\u015filer i\u00e7in ameliyat, alerjinin olmad\u0131\u011f\u0131 bir d\u00f6nemde planlanmal\u0131d\u0131r. Kornea kal\u0131nl\u0131\u011f\u0131n\u0131z yeterli olmal\u0131d\u0131r (bu, \u00f6n muayene s\u0131ras\u0131nda \u00f6l\u00e7\u00fclecektir). Hastan\u0131n psikolojik durumunun sorunsuz olmas\u0131 gerekir. G\u00f6z\u00fcn\u00fcze yap\u0131lacak bu i\u015flemin ne anlama geldi\u011fini mutlaka anlamal\u0131s\u0131n\u0131z. Akl\u0131n\u0131zda hi\u00e7bir soru cevaps\u0131z kalmamal\u0131. Ob Sie zur Behandlung durch eine Operation ohne Zweifel geeignet sind, kann erst nach beendeter Voruntersuchung und Diagnose konkret entschieden werden. Lazer tedavileri sayesinde spor yaparken g\u00f6rme yetene\u011finde iyile\u015fme. Lazer g\u00f6z ameliyat\u0131 i\u00e7in motivasyonlar G\u00f6zl\u00fck ve kontakt lens kullanmak her zaman sorunsuz de\u011fildir. Bir\u00e7ok g\u00f6zl\u00fck kullanan ki\u015fi, g\u00fcnl\u00fck ya\u015famda, bo\u015f zaman aktivitelerinde ve spor yaparken g\u00f6r\u00fc\u015f alan\u0131n\u0131n daralmas\u0131ndan veya hareket kabiliyetinin k\u0131s\u0131tlanmas\u0131ndan rahats\u0131zl\u0131k duyar. Ayr\u0131ca estetik ya da psikolojik nedenler de ki\u015finin kendini iyi hissetmesini olumsuz etkileyebilir. Baz\u0131 mesleklerde g\u00f6zl\u00fck kullan\u0131m\u0131 zorluk yaratabilir (\u00f6rne\u011fin oyuncular, a\u015f\u00e7\u0131lar, polisler). Tek tarafl\u0131 g\u00f6rme bozukluklar\u0131 ve kal\u0131n caml\u0131 g\u00f6zl\u00fckler de bu duruma ek nedenler aras\u0131nda yer al\u0131r. Kontakt lensler bile her zaman kal\u0131c\u0131 bir \u00e7\u00f6z\u00fcm sunmaz; \u00e7\u00fcnk\u00fc ho\u015f olmayan tahri\u015fler veya temizlik maddelerine kar\u015f\u0131 alerjiler gibi durumlar intolerans olarak ortaya \u00e7\u0131kabilir. Bu sorunlar\u0131 ya\u015fayan hastalar i\u00e7in refraktif cerrahi bir alternatif olabilir. Ancak, g\u00f6zl\u00fck veya kontakt lenslerden tamamen memnun olan ve bunlarla \u00e7ok iyi ge\u00e7inen ki\u015filerin genellikle g\u00f6z ameliyat\u0131na ihtiya\u00e7 duymalar\u0131 i\u00e7in bir neden yoktur.<\/p>\n","protected":false},"author":4,"featured_media":0,"parent":3482,"menu_order":0,"comment_status":"closed","ping_status":"closed","template":"","meta":{"_joinchat":[],"footnotes":""},"class_list":["post-3511","page","type-page","status-publish","hentry"],"acf":[],"_links":{"self":[{"href":"https:\/\/swisslasik.ch\/tr\/wp-json\/wp\/v2\/pages\/3511","targetHints":{"allow":["GET"]}}],"collection":[{"href":"https:\/\/swisslasik.ch\/tr\/wp-json\/wp\/v2\/pages"}],"about":[{"href":"https:\/\/swisslasik.ch\/tr\/wp-json\/wp\/v2\/types\/page"}],"author":[{"embeddable":true,"href":"https:\/\/swisslasik.ch\/tr\/wp-json\/wp\/v2\/users\/4"}],"replies":[{"embeddable":true,"href":"https:\/\/swisslasik.ch\/tr\/wp-json\/wp\/v2\/comments?post=3511"}],"version-history":[{"count":3,"href":"https:\/\/swisslasik.ch\/tr\/wp-json\/wp\/v2\/pages\/3511\/revisions"}],"predecessor-version":[{"id":3514,"href":"https:\/\/swisslasik.ch\/tr\/wp-json\/wp\/v2\/pages\/3511\/revisions\/3514"}],"up":[{"embeddable":true,"href":"https:\/\/swisslasik.ch\/tr\/wp-json\/wp\/v2\/pages\/3482"}],"wp:attachment":[{"href":"https:\/\/swisslasik.ch\/tr\/wp-json\/wp\/v2\/media?parent=3511"}],"curies":[{"name":"wp","href":"https:\/\/api.w.org\/{rel}","templated":true}]}}