{"id":3652,"date":"2025-09-24T14:14:41","date_gmt":"2025-09-24T13:14:41","guid":{"rendered":"https:\/\/swisslasik.ch\/patientenberichte-augen-lasern\/istanbulda-lazer-goez-ameliyati-hayatimin-en-iyi-kararlarindan-biriydi-30-kasim-2011-carsamba-tarihli-rapor\/"},"modified":"2026-01-14T18:50:57","modified_gmt":"2026-01-14T17:50:57","slug":"istanbulda-lazer-goez-ameliyati-hayatimin-en-iyi-kararlarindan-biriydi-30-kasim-2011-carsamba-tarihli-rapor","status":"publish","type":"page","link":"https:\/\/swisslasik.ch\/tr\/patientenberichte-augen-lasern\/istanbulda-lazer-goez-ameliyati-hayatimin-en-iyi-kararlarindan-biriydi-30-kasim-2011-carsamba-tarihli-rapor\/","title":{"rendered":"\u0130stanbul&#8217;da lazer g\u00f6z ameliyat\u0131, hayat\u0131m\u0131n en iyi kararlar\u0131ndan biriydi \u2013 30 Kas\u0131m 2011 \u00c7ar\u015famba tarihli rapor"},"content":{"rendered":"\n<h3 class=\"wp-block-heading\">\u0130stanbul&#8217;da lazer g\u00f6z ameliyat\u0131, hayat\u0131m\u0131n en iyi kararlar\u0131ndan biriydi \u2013 30 Kas\u0131m 2011 \u00c7ar\u015famba tarihli rapor<\/h3>\n\n\n\n<p>Sevgili okurlar, \u0130stanbul\u2019daki Ac\u0131badem Hastanesi\u2019nde ge\u00e7irdi\u011fim g\u00f6z ameliyat\u0131 deneyimimi sizlerle payla\u015fmak istiyorum. Aray\u0131\u015f\u0131m internette ba\u015flad\u0131. \u0130svi\u00e7re\u2019deki klinikleri ve doktorlar\u0131 ara\u015ft\u0131rd\u0131m, ancak g\u00f6z ameliyat\u0131 i\u00e7in istenen astronomik fiyatlar\u0131 ne \u00f6deyebildim ne de \u00f6demek istedim. Bu s\u0131rada Swisslasik ile kar\u015f\u0131la\u015ft\u0131m ve 2011 sonbahar\u0131nda t\u00fcm s\u00fcreci onlarla birlikte ger\u00e7ekle\u015ftirdim. T\u00fcrkiye\u2019de ameliyat olmaya karar verdi\u011fimi \u00e7evreme s\u00f6yledi\u011fimde ald\u0131\u011f\u0131m tepki hep ayn\u0131yd\u0131 ve h\u00e2l\u00e2 da \u00f6yledir: Sen deli misin? Onlar\u0131 rahatlatabilirim, bu hayat\u0131mda verdi\u011fim en iyi kararlardan biriydi.<br>Sevgili anne ve babam\u0131n e\u015fli\u011finde, beni hem heyecanland\u0131ran hem de temizlik ve d\u00fczeniyle olumlu \u015fekilde \u015fa\u015f\u0131rtan \u0130stanbul\u2019a gittim. Daha \u00f6nce sadece \u0130svi\u00e7re\u2019de ya\u015fayan T\u00fcrkleri tan\u0131yordum ve dine kar\u015f\u0131 da \u00e7ok olumlu bir bak\u0131\u015f\u0131m yoktu. Ancak \u015funu s\u00f6ylemeliyim ki, ya\u015fad\u0131klar\u0131m ger\u00e7ekten etkileyiciydi. Havaliman\u0131nda yakla\u015f\u0131k bir saatlik gecikmeye ra\u011fmen, Ac\u0131badem Hastanesi\u2019nden bir g\u00f6revli bizi isim tabelas\u0131 ve g\u00fcler y\u00fczle kar\u015f\u0131lad\u0131. Bizi Elite World Prestige Oteli\u2019ne g\u00f6t\u00fcrd\u00fc; bu oteli g\u00f6n\u00fcl rahatl\u0131\u011f\u0131yla tavsiye edebilirim.<br>Ameliyat g\u00fcn\u00fc sabah saat 08.00\u2019de otelden al\u0131nd\u0131m ve beni olduk\u00e7a gergin bir g\u00fcn bekliyordu. T\u00fcm testler sorunsuz ge\u00e7ti ve lazer operasyonu i\u00e7in en iyi \u015fekilde haz\u0131rland\u0131k. Saat 15.00\u2019te lazer i\u015flemi ba\u015flad\u0131 ve herkese sakinle\u015ftirici bir hap almas\u0131n\u0131 tavsiye ederim. Ben g\u00fc\u00e7l\u00fc g\u00f6r\u00fcnmek istedim ve almad\u0131m, bu bir hatayd\u0131. Heyecandan \u00e7enem titriyordu ve kollar\u0131m uyu\u015fmu\u015ftu. Hem \u00f6n muayene hem de lazer i\u015flemi kesinlikle a\u011fr\u0131l\u0131 de\u011fildi. Sadece kornean\u0131n ayr\u0131lmas\u0131 biraz rahats\u0131z ediciydi, \u00e7\u00fcnk\u00fc g\u00f6z k\u00fcresi sabitlenmek zorundayd\u0131, ancak bu i\u015flem sadece yakla\u015f\u0131k 5 dakika s\u00fcr\u00fcyor.<br>Lazerden sonra \u0131\u015f\u0131\u011fa kar\u015f\u0131 \u00e7ok hassas hale geldim ve sadece otel odama d\u00f6nmek istedim. Mesaj yazmak m\u00fcmk\u00fcn de\u011fildi, ekran \u00e7ok parlakt\u0131. G\u00f6zlerimde garip bir his vard\u0131 ve a\u011fr\u0131lar Panadol S ile bile ge\u00e7miyordu. Ancak yakla\u015f\u0131k 4 saat sonra a\u011fr\u0131lar belirgin \u015fekilde azald\u0131. Kornean\u0131n en iyi \u015fekilde iyile\u015fmesi i\u00e7in bana g\u00f6z damlalar\u0131 verilmi\u015fti; bunlar sonu\u00e7 a\u00e7\u0131s\u0131ndan \u00e7ok \u00f6nemliydi, fakat ben damlalar\u0131 hastanede unutmu\u015ftum. G\u00f6revli Tolga son derece nazikti ve damlalar\u0131 otele kadar getirdi. Ger\u00e7ekten m\u00fckemmel bir hizmet.<br>Ertesi sabah sonucu denemek i\u00e7in hemen pencereye ko\u015ftum. Sonu\u00e7 inan\u0131lmazd\u0131. Her \u015fey son derece netti. Televizyonun bekleme \u0131\u015f\u0131\u011f\u0131n\u0131 bile net hatlar\u0131yla g\u00f6rebiliyordum. Ger\u00e7ekten muhte\u015femdi. Saat 09.00\u2019da tekrar Ac\u0131badem\u2019e kontrol muayenesine gittim ve olumlu sonu\u00e7la geri d\u00f6nd\u00fcm. Art\u0131k g\u00f6zl\u00fck ya da lens yok. \u00d6\u011fleden sonra t\u00fcm \u015fehri gezip dola\u015fabilecek durumdayd\u0131m. Bu kula\u011fa \u00e7\u0131lg\u0131nca geliyor ama ger\u00e7ek. \u0130stanbul\u2019da g\u00f6z ameliyat\u0131n\u0131 herkese g\u00f6n\u00fclden tavsiye ediyorum. Cesaret edin; her \u015fey \u00e7ok iyi organize edilmi\u015f, son derece hijyenik ve insanlar \u00e7ok g\u00fcler y\u00fczl\u00fc. \u015eehir de sizi fazlas\u0131yla etkileyecek.                                     Bu, T\u00fcrkiye gezimdi. Daniela Steiner <\/p>\n\n\n\n<div class=\"wp-block-group is-layout-grid wp-container-core-group-is-layout-baef362d wp-block-group-is-layout-grid\">\n<p><a href=\"https:\/\/medicaltravel.at\/home\/agb\/\" data-type=\"page\" data-id=\"2191\" rel=\"nofollow noopener\" target=\"_blank\"><\/a><a href=\"https:\/\/swisslasik.ch\/tr\/patientenberichte-augen-lasern\/istanbulda-lazer-goez-ameliyati-deneyim-raporu-30-kasim-2011-carsamba-tarihli-rapor\/\" data-type=\"link\" data-id=\"https:\/\/swisslasik.ch\/tr\/patientenberichte-augen-lasern\/istanbulda-lazer-goez-ameliyati-deneyim-raporu-30-kasim-2011-carsamba-tarihli-rapor\/\">\u00d6nceki rapor<\/a><\/p>\n\n\n\n<p class=\"has-text-align-right wp-container-content-5e2576f9\"><a href=\"https:\/\/medicaltravel.at\/home\/impressum\/\" data-type=\"page\" data-id=\"2193\" rel=\"nofollow noopener\" target=\"_blank\"><\/a><a href=\"https:\/\/medicaltravel.at\/home\/berichte-von-patienten\/erfahrungsberichte\/erfahrungsbericht-zahnbehandlung-in-istanbul\/\" data-type=\"page\" data-id=\"981\" rel=\"nofollow noopener\" target=\"_blank\"><\/a><a href=\"https:\/\/swisslasik.ch\/tr\/patientenberichte-augen-lasern\/istanbul-acibadem-hastanesinde-18-ekim-2011-tarihinde-gecirdigim-lazer-goez-ameliyatim-29-kasim-2011-sali-tarihli-rapor\/\" data-type=\"link\" data-id=\"https:\/\/swisslasik.ch\/patientenberichte-augen-lasern\/meine-augenlaser-operation-in-istanbul-am-18-oktober-2011-beim-acibadem-spital-bericht-vom-dienstag-29-november-2011\/\">Bir <\/a><a href=\"https:\/\/swisslasik.ch\/tr\/patientenberichte-augen-lasern\/istanbul-acibadem-hastanesinde-18-ekim-2011-tarihinde-gecirdigim-lazer-goez-ameliyatim-29-kasim-2011-sali-tarihli-rapor\/\" data-type=\"link\" data-id=\"https:\/\/swisslasik.ch\/tr\/patientenberichte-augen-lasern\/istanbul-acibadem-hastanesinde-18-ekim-2011-tarihinde-gecirdigim-lazer-goez-ameliyatim-29-kasim-2011-sali-tarihli-rapor\/\">Sonraki <\/a><a href=\"https:\/\/swisslasik.ch\/tr\/patientenberichte-augen-lasern\/istanbul-acibadem-hastanesinde-18-ekim-2011-tarihinde-gecirdigim-lazer-goez-ameliyatim-29-kasim-2011-sali-tarihli-rapor\/\" data-type=\"link\" data-id=\"https:\/\/swisslasik.ch\/patientenberichte-augen-lasern\/meine-augenlaser-operation-in-istanbul-am-18-oktober-2011-beim-acibadem-spital-bericht-vom-dienstag-29-november-2011\/\">Rapor<br><\/a><\/p>\n<\/div>\n","protected":false},"excerpt":{"rendered":"<p>\u0130stanbul&#8217;da lazer g\u00f6z ameliyat\u0131, hayat\u0131m\u0131n en iyi kararlar\u0131ndan biriydi \u2013 30 Kas\u0131m 2011 \u00c7ar\u015famba tarihli rapor Sevgili okurlar, \u0130stanbul\u2019daki Ac\u0131badem Hastanesi\u2019nde ge\u00e7irdi\u011fim g\u00f6z ameliyat\u0131 deneyimimi sizlerle payla\u015fmak istiyorum. Aray\u0131\u015f\u0131m internette ba\u015flad\u0131. \u0130svi\u00e7re\u2019deki klinikleri ve doktorlar\u0131 ara\u015ft\u0131rd\u0131m, ancak g\u00f6z ameliyat\u0131 i\u00e7in istenen astronomik fiyatlar\u0131 ne \u00f6deyebildim ne de \u00f6demek istedim. Bu s\u0131rada Swisslasik ile kar\u015f\u0131la\u015ft\u0131m ve 2011 sonbahar\u0131nda t\u00fcm s\u00fcreci onlarla birlikte ger\u00e7ekle\u015ftirdim. T\u00fcrkiye\u2019de ameliyat olmaya karar verdi\u011fimi \u00e7evreme s\u00f6yledi\u011fimde ald\u0131\u011f\u0131m tepki hep ayn\u0131yd\u0131 ve h\u00e2l\u00e2 da \u00f6yledir: Sen deli misin? Onlar\u0131 rahatlatabilirim, bu hayat\u0131mda verdi\u011fim en iyi kararlardan biriydi.Sevgili anne ve babam\u0131n e\u015fli\u011finde, beni hem heyecanland\u0131ran hem de temizlik ve d\u00fczeniyle olumlu \u015fekilde \u015fa\u015f\u0131rtan \u0130stanbul\u2019a gittim. Daha \u00f6nce sadece \u0130svi\u00e7re\u2019de ya\u015fayan T\u00fcrkleri tan\u0131yordum ve dine kar\u015f\u0131 da \u00e7ok olumlu bir bak\u0131\u015f\u0131m yoktu. Ancak \u015funu s\u00f6ylemeliyim ki, ya\u015fad\u0131klar\u0131m ger\u00e7ekten etkileyiciydi. Havaliman\u0131nda yakla\u015f\u0131k bir saatlik gecikmeye ra\u011fmen, Ac\u0131badem Hastanesi\u2019nden bir g\u00f6revli bizi isim tabelas\u0131 ve g\u00fcler y\u00fczle kar\u015f\u0131lad\u0131. Bizi Elite World Prestige Oteli\u2019ne g\u00f6t\u00fcrd\u00fc; bu oteli g\u00f6n\u00fcl rahatl\u0131\u011f\u0131yla tavsiye edebilirim.Ameliyat g\u00fcn\u00fc sabah saat 08.00\u2019de otelden al\u0131nd\u0131m ve beni olduk\u00e7a gergin bir g\u00fcn bekliyordu. T\u00fcm testler sorunsuz ge\u00e7ti ve lazer operasyonu i\u00e7in en iyi \u015fekilde haz\u0131rland\u0131k. Saat 15.00\u2019te lazer i\u015flemi ba\u015flad\u0131 ve herkese sakinle\u015ftirici bir hap almas\u0131n\u0131 tavsiye ederim. Ben g\u00fc\u00e7l\u00fc g\u00f6r\u00fcnmek istedim ve almad\u0131m, bu bir hatayd\u0131. Heyecandan \u00e7enem titriyordu ve kollar\u0131m uyu\u015fmu\u015ftu. Hem \u00f6n muayene hem de lazer i\u015flemi kesinlikle a\u011fr\u0131l\u0131 de\u011fildi. Sadece kornean\u0131n ayr\u0131lmas\u0131 biraz rahats\u0131z ediciydi, \u00e7\u00fcnk\u00fc g\u00f6z k\u00fcresi sabitlenmek zorundayd\u0131, ancak bu i\u015flem sadece yakla\u015f\u0131k 5 dakika s\u00fcr\u00fcyor.Lazerden sonra \u0131\u015f\u0131\u011fa kar\u015f\u0131 \u00e7ok hassas hale geldim ve sadece otel odama d\u00f6nmek istedim. Mesaj yazmak m\u00fcmk\u00fcn de\u011fildi, ekran \u00e7ok parlakt\u0131. G\u00f6zlerimde garip bir his vard\u0131 ve a\u011fr\u0131lar Panadol S ile bile ge\u00e7miyordu. Ancak yakla\u015f\u0131k 4 saat sonra a\u011fr\u0131lar belirgin \u015fekilde azald\u0131. Kornean\u0131n en iyi \u015fekilde iyile\u015fmesi i\u00e7in bana g\u00f6z damlalar\u0131 verilmi\u015fti; bunlar sonu\u00e7 a\u00e7\u0131s\u0131ndan \u00e7ok \u00f6nemliydi, fakat ben damlalar\u0131 hastanede unutmu\u015ftum. G\u00f6revli Tolga son derece nazikti ve damlalar\u0131 otele kadar getirdi. Ger\u00e7ekten m\u00fckemmel bir hizmet.Ertesi sabah sonucu denemek i\u00e7in hemen pencereye ko\u015ftum. Sonu\u00e7 inan\u0131lmazd\u0131. Her \u015fey son derece netti. Televizyonun bekleme \u0131\u015f\u0131\u011f\u0131n\u0131 bile net hatlar\u0131yla g\u00f6rebiliyordum. Ger\u00e7ekten muhte\u015femdi. Saat 09.00\u2019da tekrar Ac\u0131badem\u2019e kontrol muayenesine gittim ve olumlu sonu\u00e7la geri d\u00f6nd\u00fcm. Art\u0131k g\u00f6zl\u00fck ya da lens yok. \u00d6\u011fleden sonra t\u00fcm \u015fehri gezip dola\u015fabilecek durumdayd\u0131m. Bu kula\u011fa \u00e7\u0131lg\u0131nca geliyor ama ger\u00e7ek. \u0130stanbul\u2019da g\u00f6z ameliyat\u0131n\u0131 herkese g\u00f6n\u00fclden tavsiye ediyorum. Cesaret edin; her \u015fey \u00e7ok iyi organize edilmi\u015f, son derece hijyenik ve insanlar \u00e7ok g\u00fcler y\u00fczl\u00fc. \u015eehir de sizi fazlas\u0131yla etkileyecek. Bu, T\u00fcrkiye gezimdi. Daniela Steiner \u00d6nceki rapor Bir Sonraki Rapor<\/p>\n","protected":false},"author":4,"featured_media":0,"parent":3650,"menu_order":0,"comment_status":"closed","ping_status":"closed","template":"","meta":{"_joinchat":[],"footnotes":""},"class_list":["post-3652","page","type-page","status-publish","hentry"],"acf":[],"_links":{"self":[{"href":"https:\/\/swisslasik.ch\/tr\/wp-json\/wp\/v2\/pages\/3652","targetHints":{"allow":["GET"]}}],"collection":[{"href":"https:\/\/swisslasik.ch\/tr\/wp-json\/wp\/v2\/pages"}],"about":[{"href":"https:\/\/swisslasik.ch\/tr\/wp-json\/wp\/v2\/types\/page"}],"author":[{"embeddable":true,"href":"https:\/\/swisslasik.ch\/tr\/wp-json\/wp\/v2\/users\/4"}],"replies":[{"embeddable":true,"href":"https:\/\/swisslasik.ch\/tr\/wp-json\/wp\/v2\/comments?post=3652"}],"version-history":[{"count":3,"href":"https:\/\/swisslasik.ch\/tr\/wp-json\/wp\/v2\/pages\/3652\/revisions"}],"predecessor-version":[{"id":4786,"href":"https:\/\/swisslasik.ch\/tr\/wp-json\/wp\/v2\/pages\/3652\/revisions\/4786"}],"up":[{"embeddable":true,"href":"https:\/\/swisslasik.ch\/tr\/wp-json\/wp\/v2\/pages\/3650"}],"wp:attachment":[{"href":"https:\/\/swisslasik.ch\/tr\/wp-json\/wp\/v2\/media?parent=3652"}],"curies":[{"name":"wp","href":"https:\/\/api.w.org\/{rel}","templated":true}]}}