{"id":3736,"date":"2025-09-24T12:25:15","date_gmt":"2025-09-24T11:25:15","guid":{"rendered":"https:\/\/swisslasik.ch\/patientenberichte-augenlasern-erfahrungen\/deneyim-raporu-yurtdisinda-lasik-tuerkiye-21-eyluel-2012-cuma-tarihli-rapor\/"},"modified":"2026-01-14T18:23:07","modified_gmt":"2026-01-14T17:23:07","slug":"deneyim-raporu-yurtdisinda-lasik-tuerkiye-21-eyluel-2012-cuma-tarihli-rapor","status":"publish","type":"page","link":"https:\/\/swisslasik.ch\/tr\/patientenberichte-augenlasern-erfahrungen\/deneyim-raporu-yurtdisinda-lasik-tuerkiye-21-eyluel-2012-cuma-tarihli-rapor\/","title":{"rendered":"Deneyim raporu: Yurtd\u0131\u015f\u0131nda LASIK &#8211; T\u00fcrkiye \u2013 21 Eyl\u00fcl 2012 Cuma tarihli rapor"},"content":{"rendered":"\n<h3 class=\"wp-block-heading\">Deneyim raporu: Yurtd\u0131\u015f\u0131nda LASIK &#8211; T\u00fcrkiye \u2013 21 Eyl\u00fcl 2012 Cuma tarihli rapor<\/h3>\n\n\n\n<p>Sonja Seiler, 1 A\u011fustos 2012, \u0130stanbul<br>Yakla\u015f\u0131k 5 y\u0131l \u00f6nce g\u00f6zlerimi lazerle tedavi ettirmeyi d\u00fc\u015f\u00fcnm\u00fc\u015ft\u00fcm, ancak \u00e7ok korktu\u011fum i\u00e7in bu d\u00fc\u015f\u00fcnceden vazge\u00e7mi\u015ftim. Zamanla kontakt lenslerle sorunlar ya\u015famaya ba\u015flad\u0131m ve art\u0131k lens kullanamaz hale geldim. G\u00f6zl\u00fck ise benim i\u00e7in hi\u00e7bir zaman bir se\u00e7enek olmad\u0131. Uzun s\u00fcre internette ara\u015ft\u0131rma yapt\u0131m ve bu s\u0131rada Swisslasik\u2019e rastlad\u0131m.<br>Ba\u015flang\u0131\u00e7ta T\u00fcrkiye benim i\u00e7in bir se\u00e7enek de\u011fildi, mutlaka \u0130svi\u00e7re\u2019de yapt\u0131rmak istiyordum. Ara\u015ft\u0131rmaya devam ettim ve Z\u00fcrih\u2019te ba\u015fka bir g\u00f6z lazer merkezini bulup \u00f6n g\u00f6r\u00fc\u015fme i\u00e7in randevu ald\u0131m. Ancak bu g\u00f6r\u00fc\u015fme beni pek ikna etmedi. Daha sonra tekrar Swisslasik\u2019e y\u00f6neldim ve Z\u00fcrih\u2019te d\u00fczenlenen bir bilgilendirme sunumuna kat\u0131ld\u0131m. Sunumdan \u00e7ok etkilendim. Fiyat ve u\u00e7ak, otel gibi her \u015feyin d\u00e2hil oldu\u011fu paket \u00e7ok daha cazipti. Bu nedenle \u0130stanbul\u2019u se\u00e7tim. E\u015fim de benimle birlikte geldi.<br>A\u011fustos ba\u015f\u0131nda Swiss Havayollar\u0131 ile \u0130stanbul\u2019a u\u00e7tuk. Her \u015fey sorunsuz ilerledi. Havaliman\u0131nda Ac\u0131badem Hastanesi\u2019nin \u015fof\u00f6r\u00fc taraf\u0131ndan kar\u015f\u0131land\u0131k. Yo\u011fun trafik nedeniyle yolculuk olduk\u00e7a uzun s\u00fcrd\u00fc. Bizi otele g\u00f6t\u00fcrd\u00fc ve otelde g\u00fcler y\u00fczle kar\u015f\u0131land\u0131k. Otel odas\u0131 da (Levent Otel) temizdi. Var\u0131\u015f g\u00fcn\u00fc \u015fehre gittik, al\u0131\u015fveri\u015f yapt\u0131k ve g\u00fczel bir ak\u015fam yeme\u011fi yedik.<br>\u0130kinci g\u00fcn tam zaman\u0131nda al\u0131nd\u0131k ve Ac\u0131badem\u2019e g\u00f6t\u00fcr\u00fcld\u00fck. \u00d6nce \u00e7e\u015fitli testler yap\u0131ld\u0131 ve standart LASIK i\u00e7in uygun oldu\u011fum s\u00f6ylendi. Ancak bundan sonra tam olarak ne olaca\u011f\u0131 konusunda yeterince bilgilendirilmedik ve olduk\u00e7a fazla beklemek zorunda kald\u0131k. Terc\u00fcman her zaman yan\u0131m\u0131zda de\u011fildi. Operasyonum \u00f6\u011fleden sonra oldu\u011fu i\u00e7in hastanede beklemek istemedik ve yak\u0131ndaki bir al\u0131\u015fveri\u015f merkezine gittik.<br>\u00d6\u011fleden sonra operasyon ba\u015flad\u0131. \u00c7ok gergindim. Ameliyat masas\u0131nda her \u015fey \u00e7ok h\u0131zl\u0131 geli\u015fti. Hi\u00e7 a\u011fr\u0131 hissetmedim ve d\u00fc\u015f\u00fcnd\u00fc\u011f\u00fcm kadar k\u00f6t\u00fc de\u011fildi. Sadece g\u00f6z kapa\u011f\u0131n\u0131 a\u00e7\u0131k tutan aparat bir tarafta biraz can\u0131m\u0131 ac\u0131tt\u0131 ama bu tek rahats\u0131z edici noktayd\u0131 ve katlan\u0131labilirdi. Yakla\u015f\u0131k 20 dakika sonra her \u015fey bitmi\u015fti.<br>Sonras\u0131nda a\u011fr\u0131lar yava\u015f yava\u015f ba\u015flad\u0131. Her iki g\u00f6z\u00fcmde de yanma vard\u0131 ve g\u00f6zlerimi a\u00e7am\u0131yordum. Do\u011frudan otele d\u00f6nd\u00fck ve yata\u011fa uzan\u0131p uyuyabildi\u011fim i\u00e7in \u00e7ok mutluydum. Yakla\u015f\u0131k 4 saat sonra durum giderek d\u00fczeldi ve olduk\u00e7a iyi g\u00f6rmeye ba\u015flad\u0131m. Ertesi g\u00fcn daha da iyi g\u00f6r\u00fcyordum. Sol g\u00f6z\u00fcm neredeyse m\u00fckemmeldi ama sa\u011f g\u00f6z\u00fcm maalesef ayn\u0131 derecede iyi de\u011fildi. H\u00e2l\u00e2 \u00e7ok bulan\u0131kt\u0131 ve bu beni olduk\u00e7a endi\u015felendirdi. Sol g\u00f6z \u00e7ok iyiydi, sa\u011f g\u00f6z bulan\u0131kt\u0131. Yine de g\u00f6zl\u00fc\u011fe art\u0131k ihtiya\u00e7 duymad\u0131\u011f\u0131m i\u00e7in genel olarak mutlu ve memnundum.<br>Kontrol muayenesinde doktor her \u015feyin \u00e7ok iyi ge\u00e7ti\u011fini s\u00f6yledi. B\u00f6ylece g\u00fcn\u00fc sakin bir \u015fekilde ge\u00e7irip \u015fehri gezebildik. Ertesi g\u00fcn Z\u00fcrih\u2019e geri u\u00e7tuk. Takip eden iki \u00fc\u00e7 hafta i\u00e7inde sa\u011f g\u00f6z\u00fcm biraz daha d\u00fczeldi ve \u015fu anda sa\u011f g\u00f6z\u00fcm 0.5 diyoptri, sol g\u00f6z\u00fcm ise 0.0. Sol g\u00f6z\u00fcm \u00e7ok h\u0131zl\u0131 bir \u015fekilde m\u00fckemmel oldu ve hi\u00e7 de\u011fi\u015fiklik ya\u015famad\u0131. Sa\u011f g\u00f6z ise zaman zaman de\u011fi\u015fkenlik g\u00f6steriyor. Hava karard\u0131\u011f\u0131nda g\u00fcnd\u00fcze g\u00f6re daha k\u00f6t\u00fc g\u00f6r\u00fcyorum.<br>Genel olarak \u00e7ok memnunum ve her zaman tekrar yapt\u0131r\u0131rd\u0131m. \u0130svi\u00e7re\u2019de yap\u0131lan kontrol muayenesi de sorunsuz ge\u00e7ti ve oradaki doktordan da \u00e7ok memnun kald\u0131m.<\/p>\n\n\n\n<div class=\"wp-block-group is-layout-grid wp-container-core-group-is-layout-baef362d wp-block-group-is-layout-grid\">\n<p><a href=\"https:\/\/medicaltravel.at\/home\/agb\/\" data-type=\"page\" data-id=\"2191\" rel=\"nofollow noopener\" target=\"_blank\"><\/a><a href=\"https:\/\/swisslasik.ch\/tr\/patientenberichte-augenlasern-erfahrungen\/istanbul-acibadem-kliniginde-gecirdigim-ameliyat-26-eyluel-2012-carsamba-tarihli-rapor\/\" data-type=\"link\" data-id=\"https:\/\/swisslasik.ch\/tr\/patientenberichte-augenlasern-erfahrungen\/istanbul-acibadem-kliniginde-gecirdigim-ameliyat-26-eyluel-2012-carsamba-tarihli-rapor\/\">\u00d6nceki rapor<\/a><\/p>\n\n\n\n<p class=\"has-text-align-right wp-container-content-5e2576f9\"><a href=\"https:\/\/medicaltravel.at\/home\/impressum\/\" data-type=\"page\" data-id=\"2193\" rel=\"nofollow noopener\" target=\"_blank\"><\/a><a href=\"https:\/\/medicaltravel.at\/home\/berichte-von-patienten\/erfahrungsberichte\/erfahrungsbericht-zahnbehandlung-in-istanbul\/\" data-type=\"page\" data-id=\"981\" rel=\"nofollow noopener\" target=\"_blank\"><\/a><a href=\"https:\/\/swisslasik.ch\/tr\/patientenberichte-augenlasern-erfahrungen\/istanbulda-21-temmuz-2012-tarihinde-gerceklestirilen-lasik-goez-ameliyatina-iliskin-deneyim-raporu-7-eyluel-2012-cuma-tarihli-rapor\/\" data-type=\"link\" data-id=\"https:\/\/swisslasik.ch\/augenlasern-lasik-erfahrungen\/erfahrungsbericht-augenlasik-in-istanbul-vom-21-juli-2012-bericht-vom-freitag-07-september-2012\/\">Sonraki rapor<\/a><\/p>\n<\/div>\n","protected":false},"excerpt":{"rendered":"<p>Deneyim raporu: Yurtd\u0131\u015f\u0131nda LASIK &#8211; T\u00fcrkiye \u2013 21 Eyl\u00fcl 2012 Cuma tarihli rapor Sonja Seiler, 1 A\u011fustos 2012, \u0130stanbulYakla\u015f\u0131k 5 y\u0131l \u00f6nce g\u00f6zlerimi lazerle tedavi ettirmeyi d\u00fc\u015f\u00fcnm\u00fc\u015ft\u00fcm, ancak \u00e7ok korktu\u011fum i\u00e7in bu d\u00fc\u015f\u00fcnceden vazge\u00e7mi\u015ftim. Zamanla kontakt lenslerle sorunlar ya\u015famaya ba\u015flad\u0131m ve art\u0131k lens kullanamaz hale geldim. G\u00f6zl\u00fck ise benim i\u00e7in hi\u00e7bir zaman bir se\u00e7enek olmad\u0131. Uzun s\u00fcre internette ara\u015ft\u0131rma yapt\u0131m ve bu s\u0131rada Swisslasik\u2019e rastlad\u0131m.Ba\u015flang\u0131\u00e7ta T\u00fcrkiye benim i\u00e7in bir se\u00e7enek de\u011fildi, mutlaka \u0130svi\u00e7re\u2019de yapt\u0131rmak istiyordum. Ara\u015ft\u0131rmaya devam ettim ve Z\u00fcrih\u2019te ba\u015fka bir g\u00f6z lazer merkezini bulup \u00f6n g\u00f6r\u00fc\u015fme i\u00e7in randevu ald\u0131m. Ancak bu g\u00f6r\u00fc\u015fme beni pek ikna etmedi. Daha sonra tekrar Swisslasik\u2019e y\u00f6neldim ve Z\u00fcrih\u2019te d\u00fczenlenen bir bilgilendirme sunumuna kat\u0131ld\u0131m. Sunumdan \u00e7ok etkilendim. Fiyat ve u\u00e7ak, otel gibi her \u015feyin d\u00e2hil oldu\u011fu paket \u00e7ok daha cazipti. Bu nedenle \u0130stanbul\u2019u se\u00e7tim. E\u015fim de benimle birlikte geldi.A\u011fustos ba\u015f\u0131nda Swiss Havayollar\u0131 ile \u0130stanbul\u2019a u\u00e7tuk. Her \u015fey sorunsuz ilerledi. Havaliman\u0131nda Ac\u0131badem Hastanesi\u2019nin \u015fof\u00f6r\u00fc taraf\u0131ndan kar\u015f\u0131land\u0131k. Yo\u011fun trafik nedeniyle yolculuk olduk\u00e7a uzun s\u00fcrd\u00fc. Bizi otele g\u00f6t\u00fcrd\u00fc ve otelde g\u00fcler y\u00fczle kar\u015f\u0131land\u0131k. Otel odas\u0131 da (Levent Otel) temizdi. Var\u0131\u015f g\u00fcn\u00fc \u015fehre gittik, al\u0131\u015fveri\u015f yapt\u0131k ve g\u00fczel bir ak\u015fam yeme\u011fi yedik.\u0130kinci g\u00fcn tam zaman\u0131nda al\u0131nd\u0131k ve Ac\u0131badem\u2019e g\u00f6t\u00fcr\u00fcld\u00fck. \u00d6nce \u00e7e\u015fitli testler yap\u0131ld\u0131 ve standart LASIK i\u00e7in uygun oldu\u011fum s\u00f6ylendi. Ancak bundan sonra tam olarak ne olaca\u011f\u0131 konusunda yeterince bilgilendirilmedik ve olduk\u00e7a fazla beklemek zorunda kald\u0131k. Terc\u00fcman her zaman yan\u0131m\u0131zda de\u011fildi. Operasyonum \u00f6\u011fleden sonra oldu\u011fu i\u00e7in hastanede beklemek istemedik ve yak\u0131ndaki bir al\u0131\u015fveri\u015f merkezine gittik.\u00d6\u011fleden sonra operasyon ba\u015flad\u0131. \u00c7ok gergindim. Ameliyat masas\u0131nda her \u015fey \u00e7ok h\u0131zl\u0131 geli\u015fti. Hi\u00e7 a\u011fr\u0131 hissetmedim ve d\u00fc\u015f\u00fcnd\u00fc\u011f\u00fcm kadar k\u00f6t\u00fc de\u011fildi. Sadece g\u00f6z kapa\u011f\u0131n\u0131 a\u00e7\u0131k tutan aparat bir tarafta biraz can\u0131m\u0131 ac\u0131tt\u0131 ama bu tek rahats\u0131z edici noktayd\u0131 ve katlan\u0131labilirdi. Yakla\u015f\u0131k 20 dakika sonra her \u015fey bitmi\u015fti.Sonras\u0131nda a\u011fr\u0131lar yava\u015f yava\u015f ba\u015flad\u0131. Her iki g\u00f6z\u00fcmde de yanma vard\u0131 ve g\u00f6zlerimi a\u00e7am\u0131yordum. Do\u011frudan otele d\u00f6nd\u00fck ve yata\u011fa uzan\u0131p uyuyabildi\u011fim i\u00e7in \u00e7ok mutluydum. Yakla\u015f\u0131k 4 saat sonra durum giderek d\u00fczeldi ve olduk\u00e7a iyi g\u00f6rmeye ba\u015flad\u0131m. Ertesi g\u00fcn daha da iyi g\u00f6r\u00fcyordum. Sol g\u00f6z\u00fcm neredeyse m\u00fckemmeldi ama sa\u011f g\u00f6z\u00fcm maalesef ayn\u0131 derecede iyi de\u011fildi. H\u00e2l\u00e2 \u00e7ok bulan\u0131kt\u0131 ve bu beni olduk\u00e7a endi\u015felendirdi. Sol g\u00f6z \u00e7ok iyiydi, sa\u011f g\u00f6z bulan\u0131kt\u0131. Yine de g\u00f6zl\u00fc\u011fe art\u0131k ihtiya\u00e7 duymad\u0131\u011f\u0131m i\u00e7in genel olarak mutlu ve memnundum.Kontrol muayenesinde doktor her \u015feyin \u00e7ok iyi ge\u00e7ti\u011fini s\u00f6yledi. B\u00f6ylece g\u00fcn\u00fc sakin bir \u015fekilde ge\u00e7irip \u015fehri gezebildik. Ertesi g\u00fcn Z\u00fcrih\u2019e geri u\u00e7tuk. Takip eden iki \u00fc\u00e7 hafta i\u00e7inde sa\u011f g\u00f6z\u00fcm biraz daha d\u00fczeldi ve \u015fu anda sa\u011f g\u00f6z\u00fcm 0.5 diyoptri, sol g\u00f6z\u00fcm ise 0.0. Sol g\u00f6z\u00fcm \u00e7ok h\u0131zl\u0131 bir \u015fekilde m\u00fckemmel oldu ve hi\u00e7 de\u011fi\u015fiklik ya\u015famad\u0131. Sa\u011f g\u00f6z ise zaman zaman de\u011fi\u015fkenlik g\u00f6steriyor. Hava karard\u0131\u011f\u0131nda g\u00fcnd\u00fcze g\u00f6re daha k\u00f6t\u00fc g\u00f6r\u00fcyorum.Genel olarak \u00e7ok memnunum ve her zaman tekrar yapt\u0131r\u0131rd\u0131m. \u0130svi\u00e7re\u2019de yap\u0131lan kontrol muayenesi de sorunsuz ge\u00e7ti ve oradaki doktordan da \u00e7ok memnun kald\u0131m. \u00d6nceki rapor Sonraki rapor<\/p>\n","protected":false},"author":4,"featured_media":0,"parent":3695,"menu_order":0,"comment_status":"closed","ping_status":"closed","template":"","meta":{"_joinchat":[],"footnotes":""},"class_list":["post-3736","page","type-page","status-publish","hentry"],"acf":[],"_links":{"self":[{"href":"https:\/\/swisslasik.ch\/tr\/wp-json\/wp\/v2\/pages\/3736","targetHints":{"allow":["GET"]}}],"collection":[{"href":"https:\/\/swisslasik.ch\/tr\/wp-json\/wp\/v2\/pages"}],"about":[{"href":"https:\/\/swisslasik.ch\/tr\/wp-json\/wp\/v2\/types\/page"}],"author":[{"embeddable":true,"href":"https:\/\/swisslasik.ch\/tr\/wp-json\/wp\/v2\/users\/4"}],"replies":[{"embeddable":true,"href":"https:\/\/swisslasik.ch\/tr\/wp-json\/wp\/v2\/comments?post=3736"}],"version-history":[{"count":2,"href":"https:\/\/swisslasik.ch\/tr\/wp-json\/wp\/v2\/pages\/3736\/revisions"}],"predecessor-version":[{"id":4746,"href":"https:\/\/swisslasik.ch\/tr\/wp-json\/wp\/v2\/pages\/3736\/revisions\/4746"}],"up":[{"embeddable":true,"href":"https:\/\/swisslasik.ch\/tr\/wp-json\/wp\/v2\/pages\/3695"}],"wp:attachment":[{"href":"https:\/\/swisslasik.ch\/tr\/wp-json\/wp\/v2\/media?parent=3736"}],"curies":[{"name":"wp","href":"https:\/\/api.w.org\/{rel}","templated":true}]}}