{"id":3813,"date":"2025-09-24T11:27:51","date_gmt":"2025-09-24T10:27:51","guid":{"rendered":"https:\/\/swisslasik.ch\/hasta-yorumlari-lasik-goez-lazeri\/istanbulda-lazer-goez-ameliyati-deneyim-raporum-1-mayis-2018-sali-tarihli-rapor\/"},"modified":"2026-01-14T02:19:57","modified_gmt":"2026-01-14T01:19:57","slug":"istanbulda-lazer-goez-ameliyati-deneyim-raporum-1-mayis-2018-sali-tarihli-rapor","status":"publish","type":"page","link":"https:\/\/swisslasik.ch\/tr\/hasta-yorumlari-lasik-goez-lazeri\/istanbulda-lazer-goez-ameliyati-deneyim-raporum-1-mayis-2018-sali-tarihli-rapor\/","title":{"rendered":"\u0130stanbul&#8217;da Lazer G\u00f6z Ameliyat\u0131: Deneyim Raporum \u2013 1 May\u0131s 2018 Sal\u0131 tarihli rapor"},"content":{"rendered":"\n<h3 class=\"wp-block-heading\">\u0130stanbul&#8217;da Lazer G\u00f6z Ameliyat\u0131: Deneyim Raporum \u2013 1 May\u0131s 2018 Sal\u0131 tarihli rapor<\/h3>\n\n\n\n<p>Kim Frei&#8217;nin 24 Nisan 2018 tarihli yorumu<\/p>\n\n\n\n<p>\u00c7e\u015fitli g\u00f6r\u00fc\u015fmeler ve ara\u015ft\u0131rmalardan sonra ameliyat\u0131 T\u00fcrkiye&#8217;de yapt\u0131rmaya karar verdim ve Swisslasik ile ileti\u015fime ge\u00e7tim. Bay Kara, e-postalar\u0131ma her seferinde h\u0131zl\u0131 ve yetkin bir \u015fekilde yan\u0131t verdi. <\/p>\n\n\n\n<p>Nisan 2018&#8217;de ailemle birlikte d\u00f6rt g\u00fcnl\u00fc\u011f\u00fcne \u0130stanbul&#8217;a seyahat ettik. T\u00fcrk Hava Yollar\u0131&#8217;ndan u\u00e7ak biletimizi kendimiz ald\u0131k ve Levent Otel&#8217;de konaklad\u0131k. <\/p>\n\n\n\n<p>Havaalan\u0131na vard\u0131\u011f\u0131m\u0131zda, s\u00f6z verildi\u011fi gibi bizi kar\u015f\u0131lad\u0131lar ve otele g\u00f6t\u00fcrd\u00fcler. Ameliyat g\u00fcn\u00fc de yine otelden zaman\u0131nda al\u0131nd\u0131k ve hastaneye g\u00f6t\u00fcr\u00fcld\u00fck. \u015eof\u00f6r her zaman g\u00fcler y\u00fczl\u00fc ve yard\u0131mseverdi. Sabah, g\u00f6zlerimin LASIK ameliyat\u0131 i\u00e7in uygun olup olmad\u0131\u011f\u0131n\u0131 belirlemek amac\u0131yla \u00e7e\u015fitli testlerin yap\u0131ld\u0131\u011f\u0131 \u00f6n muayenem ger\u00e7ekle\u015fti. Karar olumlu oldu\u011fu i\u00e7in ameliyat \u00f6\u011fleden sonra yap\u0131ld\u0131. Bize her zaman e\u015flik eden terc\u00fcman da her zaman yard\u0131msever ve g\u00fcler y\u00fczl\u00fcyd\u00fc. Ameliyat odas\u0131nda bile bulunmas\u0131 \u00e7ok g\u00fcven vericiydi.      <\/p>\n\n\n\n<p>Ameliyat\u0131n kendisi yakla\u015f\u0131k 15 dakika s\u00fcrd\u00fc ve genel olarak a\u011fr\u0131s\u0131zd\u0131, ancak g\u00f6z band\u0131 tak\u0131ld\u0131\u011f\u0131nda hafif bir bask\u0131 hissediliyor. Sonras\u0131nda bir kontrol randevusu yap\u0131ld\u0131 ve bu randevu da olumlu ge\u00e7ti\u011fi i\u00e7in \u015fof\u00f6r\u00fcm\u00fcz bizi otele geri g\u00f6t\u00fcrd\u00fc. Ameliyattan sonra g\u00f6zlerimi d\u00f6rt saat kapal\u0131 tutma tavsiyesine memnuniyetle uydum, \u00e7\u00fcnk\u00fc neredeyse hi\u00e7 a\u00e7am\u0131yordum. Ancak, her ge\u00e7en saat daha iyi oldu ve a\u011fr\u0131s\u0131z bir gecenin ard\u0131ndan art\u0131k net bir \u015fekilde g\u00f6rebiliyordum.   <\/p>\n\n\n\n<p>Ameliyattan sonraki g\u00fcn, \u00f6zel g\u00fcne\u015f g\u00f6zl\u00fcklerimi kendi g\u00f6zl\u00fcklerimle de\u011fi\u015ftirmeme izin verildi. G\u00f6zlerim h\u00e2l\u00e2 \u0131\u015f\u0131\u011fa duyarl\u0131yd\u0131 ama a\u011fr\u0131m\u0131yordu. Biraz kuruluk hissediyordum, ancak \u00f6zel g\u00f6z damlalar\u0131 ald\u0131\u011f\u0131m i\u00e7in bu his h\u0131zla ge\u00e7ti. \u015eof\u00f6r bizi otelden yine zaman\u0131nda ald\u0131 ve takip muayenesi i\u00e7in hastaneye g\u00f6t\u00fcrd\u00fc. Orada terc\u00fcman bizi kar\u015f\u0131lad\u0131 ve Profes\u00f6r D. Banu Cosar&#8217;a g\u00f6t\u00fcrd\u00fc. Takip muayenesi de olumlu sonu\u00e7 verdi ve bu nedenle taburcu edildim.     <\/p>\n\n\n\n<p>G\u00f6zlerim gayet iyi g\u00f6rd\u00fc\u011f\u00fc i\u00e7in \u015fehri ke\u015ffetmeye karar verdik. Kontakt lens veya g\u00f6zl\u00fck olmadan net bir \u015fekilde g\u00f6rmenin verdi\u011fi his tarif edilemez. Ayr\u0131l\u0131\u015f g\u00fcn\u00fcm\u00fczde yine bir \u015fof\u00f6r taraf\u0131ndan kar\u015f\u0131land\u0131k ve havaalan\u0131na g\u00f6t\u00fcr\u00fcld\u00fck. T\u00fcm konaklama sorunsuz ge\u00e7ti; t\u00fcm randevular zaman\u0131nda ger\u00e7ekle\u015fti ve akl\u0131m\u0131za tak\u0131lan t\u00fcm sorular yetkin bir \u015fekilde yan\u0131tland\u0131.   <\/p>\n\n\n\n<p>Ac\u0131badem Hastanesi, her zaman rahat hissetti\u011finiz \u00e7ok modern ve b\u00fcy\u00fck bir hastane. Ameliyat \u00f6ncesi muayene, ameliyat ve takip muayenelerinin hepsi m\u00fckemmeldi. Doktor Prof. D. Banu Cosar ve terc\u00fcman\u0131m\u0131z harika bir i\u015f \u00e7\u0131kard\u0131lar. Profesyonel ve ki\u015fileraras\u0131 becerileri ola\u011fan\u00fcst\u00fc. T\u00fcrkiye&#8217;deki bu ameliyat\u0131 herkese her zaman kesinlikle tavsiye ederim. Fiyat-performans oran\u0131 m\u00fckemmel.     <\/p>\n\n\n\n<p>Ameliyattan bir hafta sonra, h\u00e2l\u00e2 a\u011fr\u0131s\u0131z\u0131m, g\u00f6r\u00fc\u015f\u00fcm tamamen net ve haleler gibi herhangi bir yan etki ya\u015fam\u0131yorum. G\u00f6zlerim biraz kuru ama ald\u0131\u011f\u0131m yapay g\u00f6z damlalar\u0131 yard\u0131mc\u0131 oluyor. <\/p>\n\n\n\n<p>Say\u0131n Kara&#8217;ya ve Ac\u0131badem Hastanesi&#8217;ne destekleri ve sorunsuz s\u00fcre\u00e7 i\u00e7in \u00e7ok te\u015fekk\u00fcr ederiz.<\/p>\n\n\n\n<div class=\"wp-block-group is-layout-grid wp-container-core-group-is-layout-baef362d wp-block-group-is-layout-grid\">\n<p><a href=\"https:\/\/medicaltravel.at\/home\/agb\/\" data-type=\"page\" data-id=\"2191\" rel=\"nofollow noopener\" target=\"_blank\"><\/a><a href=\"https:\/\/swisslasik.ch\/tr\/hasta-yorumlari-lasik-goez-lazeri\/istanbulda-gecirdigim-lazer-goez-ameliyatim-4-subat-2019-pazartesi-tarihli-rapor\/\" data-type=\"link\" data-id=\"https:\/\/swisslasik.ch\/tr\/hasta-yorumlari-lasik-goez-lazeri\/istanbulda-gecirdigim-lazer-goez-ameliyatim-4-subat-2019-pazartesi-tarihli-rapor\/\">\u00d6nceki rapor<\/a><\/p>\n\n\n\n<p class=\"has-text-align-right wp-container-content-5e2576f9\"><a href=\"https:\/\/medicaltravel.at\/home\/impressum\/\" data-type=\"page\" data-id=\"2193\" rel=\"nofollow noopener\" target=\"_blank\"><\/a><a href=\"https:\/\/medicaltravel.at\/home\/berichte-von-patienten\/erfahrungsberichte\/erfahrungsbericht-zahnbehandlung-in-istanbul\/\" data-type=\"page\" data-id=\"981\" rel=\"nofollow noopener\" target=\"_blank\"><\/a><a href=\"https:\/\/swisslasik.ch\/tr\/hasta-yorumlari-lasik-goez-lazeri\/i-lasik-lazer-goez-ameliyati-deneyim-raporu-13-nisan-2018-cuma-tarihli-rapor\/\" data-type=\"link\" data-id=\"https:\/\/swisslasik.ch\/tr\/hasta-yorumlari-lasik-goez-lazeri\/i-lasik-lazer-goez-ameliyati-deneyim-raporu-13-nisan-2018-cuma-tarihli-rapor\/\">Sonraki <\/a><a href=\"https:\/\/swisslasik.ch\/tr\/hasta-yorumlari-lasik-goez-lazeri\/i-lasik-lazer-goez-ameliyati-deneyim-raporu-13-nisan-2018-cuma-tarihli-rapor\/\" data-type=\"link\" data-id=\"https:\/\/swisslasik.ch\/patientenberichte-lasik\/augenlasern-i-lasik-erfahrungsbericht-bericht-vom-freitag-13-april-2018\/\">rapor<\/a><\/p>\n<\/div>\n","protected":false},"excerpt":{"rendered":"<p>\u0130stanbul&#8217;da Lazer G\u00f6z Ameliyat\u0131: Deneyim Raporum \u2013 1 May\u0131s 2018 Sal\u0131 tarihli rapor Kim Frei&#8217;nin 24 Nisan 2018 tarihli yorumu \u00c7e\u015fitli g\u00f6r\u00fc\u015fmeler ve ara\u015ft\u0131rmalardan sonra ameliyat\u0131 T\u00fcrkiye&#8217;de yapt\u0131rmaya karar verdim ve Swisslasik ile ileti\u015fime ge\u00e7tim. Bay Kara, e-postalar\u0131ma her seferinde h\u0131zl\u0131 ve yetkin bir \u015fekilde yan\u0131t verdi. Nisan 2018&#8217;de ailemle birlikte d\u00f6rt g\u00fcnl\u00fc\u011f\u00fcne \u0130stanbul&#8217;a seyahat ettik. T\u00fcrk Hava Yollar\u0131&#8217;ndan u\u00e7ak biletimizi kendimiz ald\u0131k ve Levent Otel&#8217;de konaklad\u0131k. Havaalan\u0131na vard\u0131\u011f\u0131m\u0131zda, s\u00f6z verildi\u011fi gibi bizi kar\u015f\u0131lad\u0131lar ve otele g\u00f6t\u00fcrd\u00fcler. Ameliyat g\u00fcn\u00fc de yine otelden zaman\u0131nda al\u0131nd\u0131k ve hastaneye g\u00f6t\u00fcr\u00fcld\u00fck. \u015eof\u00f6r her zaman g\u00fcler y\u00fczl\u00fc ve yard\u0131mseverdi. Sabah, g\u00f6zlerimin LASIK ameliyat\u0131 i\u00e7in uygun olup olmad\u0131\u011f\u0131n\u0131 belirlemek amac\u0131yla \u00e7e\u015fitli testlerin yap\u0131ld\u0131\u011f\u0131 \u00f6n muayenem ger\u00e7ekle\u015fti. Karar olumlu oldu\u011fu i\u00e7in ameliyat \u00f6\u011fleden sonra yap\u0131ld\u0131. Bize her zaman e\u015flik eden terc\u00fcman da her zaman yard\u0131msever ve g\u00fcler y\u00fczl\u00fcyd\u00fc. Ameliyat odas\u0131nda bile bulunmas\u0131 \u00e7ok g\u00fcven vericiydi. Ameliyat\u0131n kendisi yakla\u015f\u0131k 15 dakika s\u00fcrd\u00fc ve genel olarak a\u011fr\u0131s\u0131zd\u0131, ancak g\u00f6z band\u0131 tak\u0131ld\u0131\u011f\u0131nda hafif bir bask\u0131 hissediliyor. Sonras\u0131nda bir kontrol randevusu yap\u0131ld\u0131 ve bu randevu da olumlu ge\u00e7ti\u011fi i\u00e7in \u015fof\u00f6r\u00fcm\u00fcz bizi otele geri g\u00f6t\u00fcrd\u00fc. Ameliyattan sonra g\u00f6zlerimi d\u00f6rt saat kapal\u0131 tutma tavsiyesine memnuniyetle uydum, \u00e7\u00fcnk\u00fc neredeyse hi\u00e7 a\u00e7am\u0131yordum. Ancak, her ge\u00e7en saat daha iyi oldu ve a\u011fr\u0131s\u0131z bir gecenin ard\u0131ndan art\u0131k net bir \u015fekilde g\u00f6rebiliyordum. Ameliyattan sonraki g\u00fcn, \u00f6zel g\u00fcne\u015f g\u00f6zl\u00fcklerimi kendi g\u00f6zl\u00fcklerimle de\u011fi\u015ftirmeme izin verildi. G\u00f6zlerim h\u00e2l\u00e2 \u0131\u015f\u0131\u011fa duyarl\u0131yd\u0131 ama a\u011fr\u0131m\u0131yordu. Biraz kuruluk hissediyordum, ancak \u00f6zel g\u00f6z damlalar\u0131 ald\u0131\u011f\u0131m i\u00e7in bu his h\u0131zla ge\u00e7ti. \u015eof\u00f6r bizi otelden yine zaman\u0131nda ald\u0131 ve takip muayenesi i\u00e7in hastaneye g\u00f6t\u00fcrd\u00fc. Orada terc\u00fcman bizi kar\u015f\u0131lad\u0131 ve Profes\u00f6r D. Banu Cosar&#8217;a g\u00f6t\u00fcrd\u00fc. Takip muayenesi de olumlu sonu\u00e7 verdi ve bu nedenle taburcu edildim. G\u00f6zlerim gayet iyi g\u00f6rd\u00fc\u011f\u00fc i\u00e7in \u015fehri ke\u015ffetmeye karar verdik. Kontakt lens veya g\u00f6zl\u00fck olmadan net bir \u015fekilde g\u00f6rmenin verdi\u011fi his tarif edilemez. Ayr\u0131l\u0131\u015f g\u00fcn\u00fcm\u00fczde yine bir \u015fof\u00f6r taraf\u0131ndan kar\u015f\u0131land\u0131k ve havaalan\u0131na g\u00f6t\u00fcr\u00fcld\u00fck. T\u00fcm konaklama sorunsuz ge\u00e7ti; t\u00fcm randevular zaman\u0131nda ger\u00e7ekle\u015fti ve akl\u0131m\u0131za tak\u0131lan t\u00fcm sorular yetkin bir \u015fekilde yan\u0131tland\u0131. Ac\u0131badem Hastanesi, her zaman rahat hissetti\u011finiz \u00e7ok modern ve b\u00fcy\u00fck bir hastane. Ameliyat \u00f6ncesi muayene, ameliyat ve takip muayenelerinin hepsi m\u00fckemmeldi. Doktor Prof. D. Banu Cosar ve terc\u00fcman\u0131m\u0131z harika bir i\u015f \u00e7\u0131kard\u0131lar. Profesyonel ve ki\u015fileraras\u0131 becerileri ola\u011fan\u00fcst\u00fc. T\u00fcrkiye&#8217;deki bu ameliyat\u0131 herkese her zaman kesinlikle tavsiye ederim. Fiyat-performans oran\u0131 m\u00fckemmel. Ameliyattan bir hafta sonra, h\u00e2l\u00e2 a\u011fr\u0131s\u0131z\u0131m, g\u00f6r\u00fc\u015f\u00fcm tamamen net ve haleler gibi herhangi bir yan etki ya\u015fam\u0131yorum. G\u00f6zlerim biraz kuru ama ald\u0131\u011f\u0131m yapay g\u00f6z damlalar\u0131 yard\u0131mc\u0131 oluyor. Say\u0131n Kara&#8217;ya ve Ac\u0131badem Hastanesi&#8217;ne destekleri ve sorunsuz s\u00fcre\u00e7 i\u00e7in \u00e7ok te\u015fekk\u00fcr ederiz. \u00d6nceki rapor Sonraki rapor<\/p>\n","protected":false},"author":4,"featured_media":0,"parent":3801,"menu_order":0,"comment_status":"closed","ping_status":"closed","template":"","meta":{"_joinchat":[],"footnotes":""},"class_list":["post-3813","page","type-page","status-publish","hentry"],"acf":[],"_links":{"self":[{"href":"https:\/\/swisslasik.ch\/tr\/wp-json\/wp\/v2\/pages\/3813","targetHints":{"allow":["GET"]}}],"collection":[{"href":"https:\/\/swisslasik.ch\/tr\/wp-json\/wp\/v2\/pages"}],"about":[{"href":"https:\/\/swisslasik.ch\/tr\/wp-json\/wp\/v2\/types\/page"}],"author":[{"embeddable":true,"href":"https:\/\/swisslasik.ch\/tr\/wp-json\/wp\/v2\/users\/4"}],"replies":[{"embeddable":true,"href":"https:\/\/swisslasik.ch\/tr\/wp-json\/wp\/v2\/comments?post=3813"}],"version-history":[{"count":3,"href":"https:\/\/swisslasik.ch\/tr\/wp-json\/wp\/v2\/pages\/3813\/revisions"}],"predecessor-version":[{"id":4663,"href":"https:\/\/swisslasik.ch\/tr\/wp-json\/wp\/v2\/pages\/3813\/revisions\/4663"}],"up":[{"embeddable":true,"href":"https:\/\/swisslasik.ch\/tr\/wp-json\/wp\/v2\/pages\/3801"}],"wp:attachment":[{"href":"https:\/\/swisslasik.ch\/tr\/wp-json\/wp\/v2\/media?parent=3813"}],"curies":[{"name":"wp","href":"https:\/\/api.w.org\/{rel}","templated":true}]}}