{"id":3815,"date":"2025-09-24T12:06:16","date_gmt":"2025-09-24T11:06:16","guid":{"rendered":"https:\/\/swisslasik.ch\/hasta-yorumlari-lasik-goez-lazeri\/istanbulda-27-subat-2015te-gerceklestirilen-goez-ameliyati-18-mart-2015-carsamba-tarihli-rapor\/"},"modified":"2026-01-14T02:47:06","modified_gmt":"2026-01-14T01:47:06","slug":"istanbulda-27-subat-2015te-gerceklestirilen-goez-ameliyati-18-mart-2015-carsamba-tarihli-rapor","status":"publish","type":"page","link":"https:\/\/swisslasik.ch\/tr\/hasta-yorumlari-lasik-goez-lazeri\/istanbulda-27-subat-2015te-gerceklestirilen-goez-ameliyati-18-mart-2015-carsamba-tarihli-rapor\/","title":{"rendered":"\u0130stanbul&#8217;da 27 \u015eubat 2015&#8217;te ger\u00e7ekle\u015ftirilen g\u00f6z ameliyat\u0131 \u2013 18 Mart 2015 \u00c7ar\u015famba tarihli rapor"},"content":{"rendered":"\n<h3 class=\"wp-block-heading\">\u0130stanbul&#8217;da 27 \u015eubat 2015&#8217;te ger\u00e7ekle\u015ftirilen g\u00f6z ameliyat\u0131 \u2013 18 Mart 2015 \u00c7ar\u015famba tarihli rapor<\/h3>\n\n\n\n<p>G\u00f6z doktorumun Aral\u0131k 2014&#8217;te bana progresif lens re\u00e7ete etmesinden sonra, ilk kez lazer g\u00f6z ameliyat\u0131n\u0131 d\u00fc\u015f\u00fcnmeye ba\u015flad\u0131m. Progresif lensler benim i\u00e7in bir se\u00e7enek de\u011fildi \u00e7\u00fcnk\u00fc g\u00f6z yorgunlu\u011fu olmadan normal bir \u015fekilde g\u00f6rmek istiyordum. Ve her \u015feyden \u00f6nemlisi, spor yaparken progresif lensler benim i\u00e7in s\u00f6z konusu bile de\u011fildi. T\u00fcrkiye&#8217;deki lazer g\u00f6z ameliyat\u0131 hakk\u0131nda bir haberi hat\u0131rlad\u0131m ve internette biraz ara\u015ft\u0131rma yapt\u0131m. Bu \u015fekilde SwissLASIK&#8217;e rastlad\u0131m ve daha fazla ara\u015ft\u0131rma ve e-postadan sonra \u0130stanbul&#8217;da ameliyat olmaya karar verdim.    <\/p>\n\n\n\n<p>5 \u015eubat&#8217;ta Z\u00fcrih&#8217;te bir bilgilendirme toplant\u0131s\u0131na kat\u0131ld\u0131m ve \u0130stanbul&#8217;da ameliyat\u0131 ger\u00e7ekle\u015ftirecek olan Bayan Cosar ile tan\u0131\u015ft\u0131m. Bayan Cosar son derece yetkin biriydi ve t\u00fcm sorular\u0131m\u0131 eksiksiz bir \u015fekilde yan\u0131tlad\u0131. <\/p>\n\n\n\n<p>26 \u015eubat Per\u015fembe g\u00fcn\u00fc Swiss Airlines ile \u0130stanbul&#8217;a u\u00e7tum ve havaalan\u0131nda bir \u015fof\u00f6r taraf\u0131ndan kar\u015f\u0131land\u0131m. Ne yaz\u0131k ki, \u015fof\u00f6r Almanca bilmiyordu ve \u0130ngilizcesi de \u00e7ok azd\u0131. Tam bir trafik kaosu i\u00e7inde, Dedeman Oteli&#8217;ne do\u011fru salyangoz h\u0131z\u0131nda ilerledik. Ba\u015flang\u0131\u00e7ta Levent Oteli&#8217;nde kalmay\u0131 planlam\u0131\u015ft\u0131k, ancak biraz daha konforlu oldu\u011fu i\u00e7in 5 y\u0131ld\u0131zl\u0131 bir otelde kalmay\u0131 tercih ettim. Bu benim i\u00e7in \u00f6nemliydi \u00e7\u00fcnk\u00fc ameliyattan sonra olabildi\u011fince rahat olmak istiyordum. \u00c7ok do\u011fru bir karard\u0131.     <\/p>\n\n\n\n<p>Otel konforlu ve ho\u015f. L\u00fcks bir otel de\u011fil, ama \u00e7ok iyi. Resepsiyonda para bozdurmak sorun de\u011fil. Odalar geni\u015f, ancak son tadilattan bu yana epey zaman ge\u00e7mi\u015f. Sokak g\u00fcr\u00fclt\u00fcl\u00fc olabilece\u011finden, avluya bakan bir oda almak en iyisi.    <\/p>\n\n\n\n<p>Fitness ve spa alan\u0131n\u0131 kullanmad\u0131m. 24 saat oda servisi mevcut. Kahvalt\u0131 b\u00fcfesi \u00e7ok \u00e7e\u015fitli ve m\u00fckemmeldi.  <\/p>\n\n\n\n<p>27 \u015eubat&#8217;ta, sabah 8:30&#8217;da \u015fof\u00f6r beni ald\u0131 ve Ac\u0131badem Klini\u011fi&#8217;ne g\u00f6t\u00fcrd\u00fc, bekleme salonunda bir yere oturdum. Her \u015fey \u00e7ok moderndi ve hastane kokusu yoktu. Sonunda terc\u00fcman geldi ve beni ald\u0131. O g\u00fcn ameliyat olacak \u0130svi\u00e7reli iki ki\u015fiydik. \u00c7ok say\u0131da g\u00f6z testini birlikte tamamlad\u0131k, bu da s\u00fcrekli bilgi al\u0131\u015fveri\u015finde bulunmam\u0131za ve izlenimlerimizi payla\u015fmam\u0131za olanak sa\u011flad\u0131\u011f\u0131 i\u00e7in \u00e7ok faydal\u0131 oldu. Testler aras\u0131nda bir bekleme s\u00fcresi vard\u0131. Bayan Cosar ile ilk g\u00f6r\u00fc\u015fmemden \u00f6nce, bir \u00f6nceki g\u00fcn ameliyat olmu\u015f ve \u015fimdi kontrol randevusu i\u00e7in orada bulunan \u0130svi\u00e7reli bir \u00e7iftle tan\u0131\u015ft\u0131k. Deneyimlerini bizimle payla\u015ft\u0131lar, bu da \u00e7ok bilgilendiriciydi.       <\/p>\n\n\n\n<p>Bayan Cosar ile iki muayene ve g\u00f6r\u00fc\u015fme ger\u00e7ekle\u015ftirdim ve daha fazla soru sorma f\u0131rsat\u0131m oldu. Kendisi \u00e7ok sakin, yetkin ve acele etmeyen bir doktordu. <\/p>\n\n\n\n<p>Sonras\u0131nda \u00f6\u011fle yeme\u011fi i\u00e7in kantine gittik. Ne yaz\u0131k ki men\u00fcler sadece T\u00fcrk\u00e7e idi ve terc\u00fcman yoktu. Personel ne Almanca ne de \u0130ngilizce konu\u015fuyordu.  <\/p>\n\n\n\n<p>\u00d6\u011fleden sonra 2:30&#8217;dan k\u0131sa bir s\u00fcre \u00f6nce, terc\u00fcman taraf\u0131ndan al\u0131nd\u0131k ve ameliyathane alan\u0131na g\u00f6t\u00fcr\u00fcld\u00fck. Burada, di\u011fer hastanelerde oldu\u011fu gibi, sorumluluk feragatnamesini imzalamak zorunda kald\u0131k. <\/p>\n\n\n\n<p>Sonras\u0131nda hava kilidinden ge\u00e7tik, steril k\u0131yafetler giydik ve s\u0131rayla ameliyat edildik. Sadece 10 dakika s\u00fcrd\u00fc ve a\u011fr\u0131s\u0131zd\u0131. <\/p>\n\n\n\n<p>Bize bir \u00e7e\u015fit kayak g\u00f6zl\u00fc\u011f\u00fc ve \u00e7e\u015fitli g\u00f6z damlalar\u0131 verildi.<\/p>\n\n\n\n<p>Otele d\u00f6nerken a\u011fr\u0131 ba\u015flad\u0131 ve g\u00f6zlerim durmadan suland\u0131, bu da odaya geri d\u00f6nmeyi neredeyse imkans\u0131z hale getirdi.<\/p>\n\n\n\n<p>G\u00f6z damlalar\u0131n\u0131n d\u00fczenli aral\u0131klarla uygulanmas\u0131 gerekiyordu, bu da a\u015f\u0131r\u0131 g\u00f6z ya\u015farmas\u0131 nedeniyle kolay de\u011fildi. G\u00f6zl\u00fckler \u00e7\u0131kar\u0131labiliyordu, ancak g\u00f6zlere yanl\u0131\u015fl\u0131kla dokunmay\u0131 \u00f6nlemek i\u00e7in uyurken tak\u0131lmalar\u0131 gerekiyordu. <\/p>\n\n\n\n<p>\u015e\u00fck\u00fcrler olsun ki, sabah g\u00f6zlerim art\u0131k sulanm\u0131yordu. A\u011fr\u0131 ge\u00e7mi\u015fti. G\u00fcne\u015f g\u00f6zl\u00fc\u011f\u00fc \u015fartt\u0131. I\u015f\u0131k hala g\u00f6z kama\u015ft\u0131r\u0131c\u0131yd\u0131 ama g\u00f6r\u00fc\u015f\u00fcm olduk\u00e7a iyiydi. Kontrol randevusu h\u0131zl\u0131 ve olumlu ge\u00e7ti. Hemen ard\u0131ndan, biraz al\u0131\u015fveri\u015f yapmak i\u00e7in taksiye binip Kapal\u0131 \u00c7ar\u015f\u0131&#8217;ya gittim.     <\/p>\n\n\n\n<p>Ancak, acele etmedim ve her zaman g\u00fcne\u015f g\u00f6zl\u00fc\u011f\u00fc takmaya ve yeterince dinlenmeye \u00f6zen g\u00f6sterdim.<\/p>\n\n\n\n<p>Pazar g\u00fcn\u00fc eve u\u00e7tum ve gayet iyi g\u00f6rebiliyordum.<\/p>\n\n\n\n<p>Pazartesi g\u00fcn\u00fc i\u015fe geri d\u00f6nd\u00fcm, ancak bilgisayar ba\u015f\u0131nda olduk\u00e7a \u00e7abuk yoruldum. Ancak bu durum g\u00fcn ge\u00e7tik\u00e7e iyile\u015fti. Ameliyattan iki hafta sonra g\u00f6r\u00fc\u015f\u00fcm iyi durumda. Yine de keskinlik ve kontrast \u00fczerinde biraz \u00e7al\u0131\u015fmam gerekiyor. Ayr\u0131ca, g\u00f6rme keskinli\u011fim hala olduk\u00e7a dalgalan\u0131yor.    <\/p>\n\n\n\n<p>Hafif presbiyopi rahats\u0131zl\u0131\u011f\u0131m oldu\u011fu i\u00e7in okuma biraz k\u0131s\u0131tl\u0131 olsa da hala m\u00fcmk\u00fcn. Ancak art\u0131k k\u00fc\u00e7\u00fck detaylar\u0131 eskisi kadar net g\u00f6remiyorum. Eskiden g\u00f6zl\u00fcklerimi kald\u0131rd\u0131\u011f\u0131mda her \u015feyi olduk\u00e7a iyi g\u00f6rebiliyordum. Bu art\u0131k m\u00fcmk\u00fcn de\u011fil elbette. Hangisinin daha \u00f6nemli oldu\u011funa karar vermek gerekiyor. Benim i\u00e7in do\u011fru karar ve bu ad\u0131m\u0131 att\u0131\u011f\u0131m i\u00e7in mutluyum. Dominik Schraner      <\/p>\n\n\n\n<div class=\"wp-block-group is-layout-grid wp-container-core-group-is-layout-baef362d wp-block-group-is-layout-grid\">\n<p><a href=\"https:\/\/medicaltravel.at\/home\/agb\/\" data-type=\"page\" data-id=\"2191\" rel=\"nofollow noopener\" target=\"_blank\"><\/a><a href=\"https:\/\/swisslasik.ch\/tr\/hasta-yorumlari-lasik-goez-lazeri\/tertemiz-her-yerde-son-teknoloji-ekipmanlar-ve-bunlari-kullanacak-yetkin-personel\/\" data-type=\"link\" data-id=\"https:\/\/swisslasik.ch\/tr\/hasta-yorumlari-lasik-goez-lazeri\/tertemiz-her-yerde-son-teknoloji-ekipmanlar-ve-bunlari-kullanacak-yetkin-personel\/\">\u00d6nceki rapor<\/a><\/p>\n\n\n\n<p class=\"has-text-align-right wp-container-content-5e2576f9\"><\/p>\n<\/div>\n\n\n\n<p><\/p>\n","protected":false},"excerpt":{"rendered":"<p>\u0130stanbul&#8217;da 27 \u015eubat 2015&#8217;te ger\u00e7ekle\u015ftirilen g\u00f6z ameliyat\u0131 \u2013 18 Mart 2015 \u00c7ar\u015famba tarihli rapor G\u00f6z doktorumun Aral\u0131k 2014&#8217;te bana progresif lens re\u00e7ete etmesinden sonra, ilk kez lazer g\u00f6z ameliyat\u0131n\u0131 d\u00fc\u015f\u00fcnmeye ba\u015flad\u0131m. Progresif lensler benim i\u00e7in bir se\u00e7enek de\u011fildi \u00e7\u00fcnk\u00fc g\u00f6z yorgunlu\u011fu olmadan normal bir \u015fekilde g\u00f6rmek istiyordum. Ve her \u015feyden \u00f6nemlisi, spor yaparken progresif lensler benim i\u00e7in s\u00f6z konusu bile de\u011fildi. T\u00fcrkiye&#8217;deki lazer g\u00f6z ameliyat\u0131 hakk\u0131nda bir haberi hat\u0131rlad\u0131m ve internette biraz ara\u015ft\u0131rma yapt\u0131m. Bu \u015fekilde SwissLASIK&#8217;e rastlad\u0131m ve daha fazla ara\u015ft\u0131rma ve e-postadan sonra \u0130stanbul&#8217;da ameliyat olmaya karar verdim. 5 \u015eubat&#8217;ta Z\u00fcrih&#8217;te bir bilgilendirme toplant\u0131s\u0131na kat\u0131ld\u0131m ve \u0130stanbul&#8217;da ameliyat\u0131 ger\u00e7ekle\u015ftirecek olan Bayan Cosar ile tan\u0131\u015ft\u0131m. Bayan Cosar son derece yetkin biriydi ve t\u00fcm sorular\u0131m\u0131 eksiksiz bir \u015fekilde yan\u0131tlad\u0131. 26 \u015eubat Per\u015fembe g\u00fcn\u00fc Swiss Airlines ile \u0130stanbul&#8217;a u\u00e7tum ve havaalan\u0131nda bir \u015fof\u00f6r taraf\u0131ndan kar\u015f\u0131land\u0131m. Ne yaz\u0131k ki, \u015fof\u00f6r Almanca bilmiyordu ve \u0130ngilizcesi de \u00e7ok azd\u0131. Tam bir trafik kaosu i\u00e7inde, Dedeman Oteli&#8217;ne do\u011fru salyangoz h\u0131z\u0131nda ilerledik. Ba\u015flang\u0131\u00e7ta Levent Oteli&#8217;nde kalmay\u0131 planlam\u0131\u015ft\u0131k, ancak biraz daha konforlu oldu\u011fu i\u00e7in 5 y\u0131ld\u0131zl\u0131 bir otelde kalmay\u0131 tercih ettim. Bu benim i\u00e7in \u00f6nemliydi \u00e7\u00fcnk\u00fc ameliyattan sonra olabildi\u011fince rahat olmak istiyordum. \u00c7ok do\u011fru bir karard\u0131. Otel konforlu ve ho\u015f. L\u00fcks bir otel de\u011fil, ama \u00e7ok iyi. Resepsiyonda para bozdurmak sorun de\u011fil. Odalar geni\u015f, ancak son tadilattan bu yana epey zaman ge\u00e7mi\u015f. Sokak g\u00fcr\u00fclt\u00fcl\u00fc olabilece\u011finden, avluya bakan bir oda almak en iyisi. Fitness ve spa alan\u0131n\u0131 kullanmad\u0131m. 24 saat oda servisi mevcut. Kahvalt\u0131 b\u00fcfesi \u00e7ok \u00e7e\u015fitli ve m\u00fckemmeldi. 27 \u015eubat&#8217;ta, sabah 8:30&#8217;da \u015fof\u00f6r beni ald\u0131 ve Ac\u0131badem Klini\u011fi&#8217;ne g\u00f6t\u00fcrd\u00fc, bekleme salonunda bir yere oturdum. Her \u015fey \u00e7ok moderndi ve hastane kokusu yoktu. Sonunda terc\u00fcman geldi ve beni ald\u0131. O g\u00fcn ameliyat olacak \u0130svi\u00e7reli iki ki\u015fiydik. \u00c7ok say\u0131da g\u00f6z testini birlikte tamamlad\u0131k, bu da s\u00fcrekli bilgi al\u0131\u015fveri\u015finde bulunmam\u0131za ve izlenimlerimizi payla\u015fmam\u0131za olanak sa\u011flad\u0131\u011f\u0131 i\u00e7in \u00e7ok faydal\u0131 oldu. Testler aras\u0131nda bir bekleme s\u00fcresi vard\u0131. Bayan Cosar ile ilk g\u00f6r\u00fc\u015fmemden \u00f6nce, bir \u00f6nceki g\u00fcn ameliyat olmu\u015f ve \u015fimdi kontrol randevusu i\u00e7in orada bulunan \u0130svi\u00e7reli bir \u00e7iftle tan\u0131\u015ft\u0131k. Deneyimlerini bizimle payla\u015ft\u0131lar, bu da \u00e7ok bilgilendiriciydi. Bayan Cosar ile iki muayene ve g\u00f6r\u00fc\u015fme ger\u00e7ekle\u015ftirdim ve daha fazla soru sorma f\u0131rsat\u0131m oldu. Kendisi \u00e7ok sakin, yetkin ve acele etmeyen bir doktordu. Sonras\u0131nda \u00f6\u011fle yeme\u011fi i\u00e7in kantine gittik. Ne yaz\u0131k ki men\u00fcler sadece T\u00fcrk\u00e7e idi ve terc\u00fcman yoktu. Personel ne Almanca ne de \u0130ngilizce konu\u015fuyordu. \u00d6\u011fleden sonra 2:30&#8217;dan k\u0131sa bir s\u00fcre \u00f6nce, terc\u00fcman taraf\u0131ndan al\u0131nd\u0131k ve ameliyathane alan\u0131na g\u00f6t\u00fcr\u00fcld\u00fck. Burada, di\u011fer hastanelerde oldu\u011fu gibi, sorumluluk feragatnamesini imzalamak zorunda kald\u0131k. Sonras\u0131nda hava kilidinden ge\u00e7tik, steril k\u0131yafetler giydik ve s\u0131rayla ameliyat edildik. Sadece 10 dakika s\u00fcrd\u00fc ve a\u011fr\u0131s\u0131zd\u0131. Bize bir \u00e7e\u015fit kayak g\u00f6zl\u00fc\u011f\u00fc ve \u00e7e\u015fitli g\u00f6z damlalar\u0131 verildi. Otele d\u00f6nerken a\u011fr\u0131 ba\u015flad\u0131 ve g\u00f6zlerim durmadan suland\u0131, bu da odaya geri d\u00f6nmeyi neredeyse imkans\u0131z hale getirdi. G\u00f6z damlalar\u0131n\u0131n d\u00fczenli aral\u0131klarla uygulanmas\u0131 gerekiyordu, bu da a\u015f\u0131r\u0131 g\u00f6z ya\u015farmas\u0131 nedeniyle kolay de\u011fildi. G\u00f6zl\u00fckler \u00e7\u0131kar\u0131labiliyordu, ancak g\u00f6zlere yanl\u0131\u015fl\u0131kla dokunmay\u0131 \u00f6nlemek i\u00e7in uyurken tak\u0131lmalar\u0131 gerekiyordu. \u015e\u00fck\u00fcrler olsun ki, sabah g\u00f6zlerim art\u0131k sulanm\u0131yordu. A\u011fr\u0131 ge\u00e7mi\u015fti. G\u00fcne\u015f g\u00f6zl\u00fc\u011f\u00fc \u015fartt\u0131. I\u015f\u0131k hala g\u00f6z kama\u015ft\u0131r\u0131c\u0131yd\u0131 ama g\u00f6r\u00fc\u015f\u00fcm olduk\u00e7a iyiydi. Kontrol randevusu h\u0131zl\u0131 ve olumlu ge\u00e7ti. Hemen ard\u0131ndan, biraz al\u0131\u015fveri\u015f yapmak i\u00e7in taksiye binip Kapal\u0131 \u00c7ar\u015f\u0131&#8217;ya gittim. Ancak, acele etmedim ve her zaman g\u00fcne\u015f g\u00f6zl\u00fc\u011f\u00fc takmaya ve yeterince dinlenmeye \u00f6zen g\u00f6sterdim. Pazar g\u00fcn\u00fc eve u\u00e7tum ve gayet iyi g\u00f6rebiliyordum. Pazartesi g\u00fcn\u00fc i\u015fe geri d\u00f6nd\u00fcm, ancak bilgisayar ba\u015f\u0131nda olduk\u00e7a \u00e7abuk yoruldum. Ancak bu durum g\u00fcn ge\u00e7tik\u00e7e iyile\u015fti. Ameliyattan iki hafta sonra g\u00f6r\u00fc\u015f\u00fcm iyi durumda. Yine de keskinlik ve kontrast \u00fczerinde biraz \u00e7al\u0131\u015fmam gerekiyor. Ayr\u0131ca, g\u00f6rme keskinli\u011fim hala olduk\u00e7a dalgalan\u0131yor. Hafif presbiyopi rahats\u0131zl\u0131\u011f\u0131m oldu\u011fu i\u00e7in okuma biraz k\u0131s\u0131tl\u0131 olsa da hala m\u00fcmk\u00fcn. Ancak art\u0131k k\u00fc\u00e7\u00fck detaylar\u0131 eskisi kadar net g\u00f6remiyorum. Eskiden g\u00f6zl\u00fcklerimi kald\u0131rd\u0131\u011f\u0131mda her \u015feyi olduk\u00e7a iyi g\u00f6rebiliyordum. Bu art\u0131k m\u00fcmk\u00fcn de\u011fil elbette. Hangisinin daha \u00f6nemli oldu\u011funa karar vermek gerekiyor. Benim i\u00e7in do\u011fru karar ve bu ad\u0131m\u0131 att\u0131\u011f\u0131m i\u00e7in mutluyum. Dominik Schraner \u00d6nceki rapor<\/p>\n","protected":false},"author":4,"featured_media":0,"parent":3801,"menu_order":0,"comment_status":"closed","ping_status":"closed","template":"","meta":{"_joinchat":[],"footnotes":""},"class_list":["post-3815","page","type-page","status-publish","hentry"],"acf":[],"_links":{"self":[{"href":"https:\/\/swisslasik.ch\/tr\/wp-json\/wp\/v2\/pages\/3815","targetHints":{"allow":["GET"]}}],"collection":[{"href":"https:\/\/swisslasik.ch\/tr\/wp-json\/wp\/v2\/pages"}],"about":[{"href":"https:\/\/swisslasik.ch\/tr\/wp-json\/wp\/v2\/types\/page"}],"author":[{"embeddable":true,"href":"https:\/\/swisslasik.ch\/tr\/wp-json\/wp\/v2\/users\/4"}],"replies":[{"embeddable":true,"href":"https:\/\/swisslasik.ch\/tr\/wp-json\/wp\/v2\/comments?post=3815"}],"version-history":[{"count":2,"href":"https:\/\/swisslasik.ch\/tr\/wp-json\/wp\/v2\/pages\/3815\/revisions"}],"predecessor-version":[{"id":4716,"href":"https:\/\/swisslasik.ch\/tr\/wp-json\/wp\/v2\/pages\/3815\/revisions\/4716"}],"up":[{"embeddable":true,"href":"https:\/\/swisslasik.ch\/tr\/wp-json\/wp\/v2\/pages\/3801"}],"wp:attachment":[{"href":"https:\/\/swisslasik.ch\/tr\/wp-json\/wp\/v2\/media?parent=3815"}],"curies":[{"name":"wp","href":"https:\/\/api.w.org\/{rel}","templated":true}]}}