{"id":3819,"date":"2025-09-24T11:58:34","date_gmt":"2025-09-24T10:58:34","guid":{"rendered":"https:\/\/swisslasik.ch\/hasta-yorumlari-lasik-goez-lazeri\/istanbulda-tatil-sirasinda-lazer-goez-ameliyati-15-eyluel-2015-sali-tarihli-haber\/"},"modified":"2026-01-14T02:40:44","modified_gmt":"2026-01-14T01:40:44","slug":"istanbulda-tatil-sirasinda-lazer-goez-ameliyati-15-eyluel-2015-sali-tarihli-haber","status":"publish","type":"page","link":"https:\/\/swisslasik.ch\/tr\/hasta-yorumlari-lasik-goez-lazeri\/istanbulda-tatil-sirasinda-lazer-goez-ameliyati-15-eyluel-2015-sali-tarihli-haber\/","title":{"rendered":"\u0130stanbul&#8217;da tatil s\u0131ras\u0131nda lazer g\u00f6z ameliyat\u0131 \u2013 15 Eyl\u00fcl 2015 Sal\u0131 tarihli haber"},"content":{"rendered":"\n<h3 class=\"wp-block-heading\">\u0130stanbul&#8217;da tatil s\u0131ras\u0131nda lazer g\u00f6z ameliyat\u0131 \u2013 15 Eyl\u00fcl 2015 Sal\u0131 tarihli haber<\/h3>\n\n\n\n<p>Askerlik g\u00f6revim s\u0131ras\u0131nda, bir meslekta\u015f\u0131m M\u00fcnih&#8217;te lazer g\u00f6z ameliyat\u0131 olmu\u015ftu. Ben de uzun zamand\u0131r bunu yapt\u0131rmak istedi\u011fim i\u00e7in, bu i\u015flem i\u00e7in m\u00fckemmel bir motivasyon oldu. Ancak, askerlik arkada\u015flar\u0131m\u0131n tan\u0131d\u0131\u011f\u0131 olan M\u00fcnih&#8217;teki personel art\u0131k o klinikte \u00e7al\u0131\u015fm\u0131yordu, bu y\u00fczden yeni bir klinik bulmak zorunda kald\u0131m.  <\/p>\n\n\n\n<p>Ameliyat\u0131m hakk\u0131nda kimseye bilgi vermedi\u011fim i\u00e7in internette ara\u015ft\u0131rma yapt\u0131m. Bir i\u015f arkada\u015f\u0131m\u0131n orada evlenecek olmas\u0131 nedeniyle T\u00fcrkiye&#8217;yi tercih ettim. Bu sayede iki haftal\u0131k bir tatili, d\u00fc\u011f\u00fcn\u00fc ve lazer ameliyat\u0131n\u0131 bir arada ger\u00e7ekle\u015ftirebildim.  <\/p>\n\n\n\n<p>Klini\u011fi Google&#8217;da &#8220;\u0130stanbul&#8217;da lazer g\u00f6z ameliyat\u0131&#8221; diye aratarak buldum. \u0130lk sonu\u00e7 oldu\u011fu ve \u0130stanbul&#8217;daki dairemizin hemen yan\u0131nda oldu\u011fu i\u00e7in ba\u015fka kliniklere bakmaya gerek duymad\u0131m. G\u00fcvenilir g\u00f6r\u00fcn\u00fcyordu ve \u0130stanbul seyahatimde bana e\u015flik eden meslekta\u015f\u0131m bu \u00f6zel klini\u011fin T\u00fcrkiye&#8217;nin en iyilerinden biri oldu\u011funu biliyordu. Bu y\u00fczden, ba\u015fka hi\u00e7bir teklifi de\u011ferlendirmeden hemen bu klini\u011fi se\u00e7tim. Zaten T\u00fcrkiye&#8217;de tatilde oldu\u011fum i\u00e7in \u0130svi\u00e7re&#8217;de \u00f6n muayene yapt\u0131rmad\u0131m.    <\/p>\n\n\n\n<p>Swisslasik&#8217;e g\u00f6nderdi\u011fim birka\u00e7 e-posta ve Bay Kara ile yapt\u0131\u011f\u0131m telefon g\u00f6r\u00fc\u015fmesi sayesinde, u\u00e7u\u015flar, transferler ve ameliyat dahil olmak \u00fczere t\u00fcm seyahati organize edebildim. SwissLasikPass ile de t\u00fcm bilgilere tekrar ula\u015fabildim. <\/p>\n\n\n\n<p>Ameliyat tarihimizden bir hafta \u00f6nce \u0130stanbul&#8217;a varm\u0131\u015f olmam\u0131za ra\u011fmen, transfer i\u00e7in kar\u015f\u0131lama kusursuz bir \u015fekilde ger\u00e7ekle\u015fti. Havaalan\u0131, otel ve klinik aras\u0131ndaki sonraki t\u00fcm transferler de sorunsuz ge\u00e7ti. Personel her zaman g\u00fcler y\u00fczl\u00fc ve yard\u0131mseverdi.  <\/p>\n\n\n\n<p>Ameliyat g\u00fcn\u00fc her \u015fey planland\u0131\u011f\u0131 gibi gitti. D\u00f6rt \u0130svi\u00e7reli cerrah haz\u0131r bulundu ve hepsi ayn\u0131 g\u00fcn ameliyat\u0131 ger\u00e7ekle\u015ftirdi. Bu durum, \u00e7e\u015fitli testler aras\u0131ndaki bekleme s\u00fcrelerini di\u011fer \u00fc\u00e7 cerrahla bilgi al\u0131\u015fveri\u015finde bulunmak ve sohbet etmek i\u00e7in kullanmama olanak sa\u011flad\u0131 ve bu da ortam\u0131 ne\u015felendirdi.  <\/p>\n\n\n\n<p>\u00d6\u011fle yeme\u011finden sonra, nihayet o an geldi. Ameliyat i\u00e7in ilk s\u0131radaki bendim. \u00dc\u00e7 \u0130svi\u00e7reli cerrah da i\u015flerini \u00e7oktan bitirmi\u015fti ve ben sadece onlar\u0131 ameliyat odas\u0131ndan siyah koruyucu g\u00f6zl\u00fckler takm\u0131\u015f, memnun bir \u015fekilde \u00e7\u0131karken g\u00f6rd\u00fcm. En son s\u0131radaki bendim ve i\u015fte oradayd\u0131m, ameliyat \u00f6nl\u00fc\u011f\u00fc ve bone takm\u0131\u015f, makinenin alt\u0131nda. O ana kadar hi\u00e7 korku hissetmemi\u015ftim. Ama o \u00fcrk\u00fct\u00fcc\u00fc makinenin alt\u0131nda masada yatarken, omurgamdan so\u011fuk bir \u00fcrperti ge\u00e7ti.     <\/p>\n\n\n\n<p>\u0130\u015flemi m\u00fckemmel bir \u015fekilde bilmeme ra\u011fmen, doktor her \u015feyi o kadar sakin bir ses tonuyla tekrar anlatt\u0131 ki, endi\u015fem an\u0131nda kayboldu. Ameliyat s\u0131ras\u0131nda g\u00f6z\u00fcn\u00fcz\u00fcn i\u00e7inde asl\u0131nda hi\u00e7bir \u015fey hissetmiyorsunuz. Hissetti\u011finiz \u015fey, g\u00f6z\u00fcn d\u0131\u015f\u0131ndaki makinelerin bas\u0131nc\u0131, ama bu hi\u00e7 sorun olmad\u0131. Sadece 15 dakika sonra (5 dakika gibi geldi), ameliyat\u0131m bitti ve di\u011ferlerinin yan\u0131na d\u00f6nebildim. H\u0131zl\u0131 bir kontrol\u00fcn ard\u0131ndan eve gidebildim.    <\/p>\n\n\n\n<p>Ertesi g\u00fcnk\u00fc kontrol randevusu h\u0131zl\u0131 ve sorunsuz ge\u00e7ti. Di\u011ferleriyle biraz sohbet ettim. Herkes ameliyat sonras\u0131 a\u011fr\u0131dan veya hen\u00fcz m\u00fckemmel g\u00f6rememekten \u015fikayet ediyordu. Ben daha \u015fansl\u0131yd\u0131m: ameliyat sonras\u0131 a\u011fr\u0131 yoktu, g\u00f6rme problemi yoktu, vb. Ameliyat sonras\u0131 olu\u015fabilecek t\u00fcm olumsuz sorunlar benim durumumda yoktu. Doktor ayr\u0131ca, daha \u00f6nce k\u0131s\u0131tlanm\u0131\u015f olan t\u00fcm aktivitelere (du\u015f almak, y\u00fczmek, televizyon izlemek, okumak, vb.) o g\u00fcn yeniden ba\u015flayabilece\u011fimi s\u00f6yledi.    <\/p>\n\n\n\n<p>\u00d6zetle, \u0130stanbul seyahatim tam bir ba\u015far\u0131yd\u0131. Tatilimin ilk haftas\u0131nda \u0130stanbul&#8217;un plajlar\u0131n\u0131, \u015fehrin kendisini ve y\u0131l\u0131n o zaman\u0131nda olduk\u00e7a aktif olan meteor ya\u011fmurunu m\u00fckemmel bir \u015fekilde deneyimleyebildim. \u0130kinci haftamda ameliyat\u0131m ve meslekta\u015f\u0131m\u0131n d\u00fc\u011f\u00fcn\u00fc vard\u0131 ve bunlara sorunsuz bir \u015fekilde kat\u0131labildim. Havaalan\u0131na d\u00f6n\u00fc\u015f transferi ve u\u00e7u\u015fun kendisi sorunsuz ge\u00e7ti ve g\u00f6zl\u00fcklerim burnumda de\u011fil, \u00e7antamda \u0130svi\u00e7re&#8217;ye geri d\u00f6nd\u00fcm.   <\/p>\n\n\n\n<p>Bug\u00fcn, neredeyse bir ay sonra, g\u00f6z muayenesi oldum ve \u00e7ok olumlu bir sonu\u00e7 ald\u0131m: %120 g\u00f6rme keskinli\u011fi. Bu, g\u00f6zl\u00fcklerime kesinlikle veda edebilece\u011fim ve d\u00fczeltici lensler olmadan hayat\u0131ma devam edebilece\u011fim anlam\u0131na geliyor. <\/p>\n\n\n\n<p>Sayg\u0131lar\u0131mla, Simon Sch\u00fctz<\/p>\n\n\n\n<div class=\"wp-block-group is-layout-grid wp-container-core-group-is-layout-baef362d wp-block-group-is-layout-grid\">\n<p><a href=\"https:\/\/medicaltravel.at\/home\/agb\/\" data-type=\"page\" data-id=\"2191\" rel=\"nofollow noopener\" target=\"_blank\"><\/a><a href=\"https:\/\/swisslasik.ch\/tr\/hasta-yorumlari-lasik-goez-lazeri\/kisisel-deneyim-istanbulda-meme-bueyuetme-ameliyati-16-eyluel-2015-carsamba-tarihli-rapor\/\" data-type=\"link\" data-id=\"https:\/\/swisslasik.ch\/tr\/hasta-yorumlari-lasik-goez-lazeri\/kisisel-deneyim-istanbulda-meme-bueyuetme-ameliyati-16-eyluel-2015-carsamba-tarihli-rapor\/\">\u00d6nceki rapor<\/a><\/p>\n\n\n\n<p class=\"has-text-align-right wp-container-content-5e2576f9\"><a href=\"https:\/\/medicaltravel.at\/home\/impressum\/\" data-type=\"page\" data-id=\"2193\" rel=\"nofollow noopener\" target=\"_blank\"><\/a><a href=\"https:\/\/medicaltravel.at\/home\/berichte-von-patienten\/erfahrungsberichte\/erfahrungsbericht-zahnbehandlung-in-istanbul\/\" data-type=\"page\" data-id=\"981\" rel=\"nofollow noopener\" target=\"_blank\"><\/a><a href=\"https:\/\/swisslasik.ch\/tr\/hasta-yorumlari-lasik-goez-lazeri\/istanbul-tuerkiyede-meme-diklestirme-ameliyati-hakkindaki-yorumlar-27-agustos-2015-persembe-tarihli-rapor\/\" data-type=\"link\" data-id=\"https:\/\/swisslasik.ch\/tr\/hasta-yorumlari-lasik-goez-lazeri\/istanbul-tuerkiyede-meme-diklestirme-ameliyati-hakkindaki-yorumlar-27-agustos-2015-persembe-tarihli-rapor\/\">Sonraki rapor<\/a><\/p>\n<\/div>\n","protected":false},"excerpt":{"rendered":"<p>\u0130stanbul&#8217;da tatil s\u0131ras\u0131nda lazer g\u00f6z ameliyat\u0131 \u2013 15 Eyl\u00fcl 2015 Sal\u0131 tarihli haber Askerlik g\u00f6revim s\u0131ras\u0131nda, bir meslekta\u015f\u0131m M\u00fcnih&#8217;te lazer g\u00f6z ameliyat\u0131 olmu\u015ftu. Ben de uzun zamand\u0131r bunu yapt\u0131rmak istedi\u011fim i\u00e7in, bu i\u015flem i\u00e7in m\u00fckemmel bir motivasyon oldu. Ancak, askerlik arkada\u015flar\u0131m\u0131n tan\u0131d\u0131\u011f\u0131 olan M\u00fcnih&#8217;teki personel art\u0131k o klinikte \u00e7al\u0131\u015fm\u0131yordu, bu y\u00fczden yeni bir klinik bulmak zorunda kald\u0131m. Ameliyat\u0131m hakk\u0131nda kimseye bilgi vermedi\u011fim i\u00e7in internette ara\u015ft\u0131rma yapt\u0131m. Bir i\u015f arkada\u015f\u0131m\u0131n orada evlenecek olmas\u0131 nedeniyle T\u00fcrkiye&#8217;yi tercih ettim. Bu sayede iki haftal\u0131k bir tatili, d\u00fc\u011f\u00fcn\u00fc ve lazer ameliyat\u0131n\u0131 bir arada ger\u00e7ekle\u015ftirebildim. Klini\u011fi Google&#8217;da &#8220;\u0130stanbul&#8217;da lazer g\u00f6z ameliyat\u0131&#8221; diye aratarak buldum. \u0130lk sonu\u00e7 oldu\u011fu ve \u0130stanbul&#8217;daki dairemizin hemen yan\u0131nda oldu\u011fu i\u00e7in ba\u015fka kliniklere bakmaya gerek duymad\u0131m. G\u00fcvenilir g\u00f6r\u00fcn\u00fcyordu ve \u0130stanbul seyahatimde bana e\u015flik eden meslekta\u015f\u0131m bu \u00f6zel klini\u011fin T\u00fcrkiye&#8217;nin en iyilerinden biri oldu\u011funu biliyordu. Bu y\u00fczden, ba\u015fka hi\u00e7bir teklifi de\u011ferlendirmeden hemen bu klini\u011fi se\u00e7tim. Zaten T\u00fcrkiye&#8217;de tatilde oldu\u011fum i\u00e7in \u0130svi\u00e7re&#8217;de \u00f6n muayene yapt\u0131rmad\u0131m. Swisslasik&#8217;e g\u00f6nderdi\u011fim birka\u00e7 e-posta ve Bay Kara ile yapt\u0131\u011f\u0131m telefon g\u00f6r\u00fc\u015fmesi sayesinde, u\u00e7u\u015flar, transferler ve ameliyat dahil olmak \u00fczere t\u00fcm seyahati organize edebildim. SwissLasikPass ile de t\u00fcm bilgilere tekrar ula\u015fabildim. Ameliyat tarihimizden bir hafta \u00f6nce \u0130stanbul&#8217;a varm\u0131\u015f olmam\u0131za ra\u011fmen, transfer i\u00e7in kar\u015f\u0131lama kusursuz bir \u015fekilde ger\u00e7ekle\u015fti. Havaalan\u0131, otel ve klinik aras\u0131ndaki sonraki t\u00fcm transferler de sorunsuz ge\u00e7ti. Personel her zaman g\u00fcler y\u00fczl\u00fc ve yard\u0131mseverdi. Ameliyat g\u00fcn\u00fc her \u015fey planland\u0131\u011f\u0131 gibi gitti. D\u00f6rt \u0130svi\u00e7reli cerrah haz\u0131r bulundu ve hepsi ayn\u0131 g\u00fcn ameliyat\u0131 ger\u00e7ekle\u015ftirdi. Bu durum, \u00e7e\u015fitli testler aras\u0131ndaki bekleme s\u00fcrelerini di\u011fer \u00fc\u00e7 cerrahla bilgi al\u0131\u015fveri\u015finde bulunmak ve sohbet etmek i\u00e7in kullanmama olanak sa\u011flad\u0131 ve bu da ortam\u0131 ne\u015felendirdi. \u00d6\u011fle yeme\u011finden sonra, nihayet o an geldi. Ameliyat i\u00e7in ilk s\u0131radaki bendim. \u00dc\u00e7 \u0130svi\u00e7reli cerrah da i\u015flerini \u00e7oktan bitirmi\u015fti ve ben sadece onlar\u0131 ameliyat odas\u0131ndan siyah koruyucu g\u00f6zl\u00fckler takm\u0131\u015f, memnun bir \u015fekilde \u00e7\u0131karken g\u00f6rd\u00fcm. En son s\u0131radaki bendim ve i\u015fte oradayd\u0131m, ameliyat \u00f6nl\u00fc\u011f\u00fc ve bone takm\u0131\u015f, makinenin alt\u0131nda. O ana kadar hi\u00e7 korku hissetmemi\u015ftim. Ama o \u00fcrk\u00fct\u00fcc\u00fc makinenin alt\u0131nda masada yatarken, omurgamdan so\u011fuk bir \u00fcrperti ge\u00e7ti. \u0130\u015flemi m\u00fckemmel bir \u015fekilde bilmeme ra\u011fmen, doktor her \u015feyi o kadar sakin bir ses tonuyla tekrar anlatt\u0131 ki, endi\u015fem an\u0131nda kayboldu. Ameliyat s\u0131ras\u0131nda g\u00f6z\u00fcn\u00fcz\u00fcn i\u00e7inde asl\u0131nda hi\u00e7bir \u015fey hissetmiyorsunuz. Hissetti\u011finiz \u015fey, g\u00f6z\u00fcn d\u0131\u015f\u0131ndaki makinelerin bas\u0131nc\u0131, ama bu hi\u00e7 sorun olmad\u0131. Sadece 15 dakika sonra (5 dakika gibi geldi), ameliyat\u0131m bitti ve di\u011ferlerinin yan\u0131na d\u00f6nebildim. H\u0131zl\u0131 bir kontrol\u00fcn ard\u0131ndan eve gidebildim. Ertesi g\u00fcnk\u00fc kontrol randevusu h\u0131zl\u0131 ve sorunsuz ge\u00e7ti. Di\u011ferleriyle biraz sohbet ettim. Herkes ameliyat sonras\u0131 a\u011fr\u0131dan veya hen\u00fcz m\u00fckemmel g\u00f6rememekten \u015fikayet ediyordu. Ben daha \u015fansl\u0131yd\u0131m: ameliyat sonras\u0131 a\u011fr\u0131 yoktu, g\u00f6rme problemi yoktu, vb. Ameliyat sonras\u0131 olu\u015fabilecek t\u00fcm olumsuz sorunlar benim durumumda yoktu. Doktor ayr\u0131ca, daha \u00f6nce k\u0131s\u0131tlanm\u0131\u015f olan t\u00fcm aktivitelere (du\u015f almak, y\u00fczmek, televizyon izlemek, okumak, vb.) o g\u00fcn yeniden ba\u015flayabilece\u011fimi s\u00f6yledi. \u00d6zetle, \u0130stanbul seyahatim tam bir ba\u015far\u0131yd\u0131. Tatilimin ilk haftas\u0131nda \u0130stanbul&#8217;un plajlar\u0131n\u0131, \u015fehrin kendisini ve y\u0131l\u0131n o zaman\u0131nda olduk\u00e7a aktif olan meteor ya\u011fmurunu m\u00fckemmel bir \u015fekilde deneyimleyebildim. \u0130kinci haftamda ameliyat\u0131m ve meslekta\u015f\u0131m\u0131n d\u00fc\u011f\u00fcn\u00fc vard\u0131 ve bunlara sorunsuz bir \u015fekilde kat\u0131labildim. Havaalan\u0131na d\u00f6n\u00fc\u015f transferi ve u\u00e7u\u015fun kendisi sorunsuz ge\u00e7ti ve g\u00f6zl\u00fcklerim burnumda de\u011fil, \u00e7antamda \u0130svi\u00e7re&#8217;ye geri d\u00f6nd\u00fcm. Bug\u00fcn, neredeyse bir ay sonra, g\u00f6z muayenesi oldum ve \u00e7ok olumlu bir sonu\u00e7 ald\u0131m: %120 g\u00f6rme keskinli\u011fi. Bu, g\u00f6zl\u00fcklerime kesinlikle veda edebilece\u011fim ve d\u00fczeltici lensler olmadan hayat\u0131ma devam edebilece\u011fim anlam\u0131na geliyor. Sayg\u0131lar\u0131mla, Simon Sch\u00fctz \u00d6nceki rapor Sonraki rapor<\/p>\n","protected":false},"author":4,"featured_media":0,"parent":3801,"menu_order":0,"comment_status":"closed","ping_status":"closed","template":"","meta":{"_joinchat":[],"footnotes":""},"class_list":["post-3819","page","type-page","status-publish","hentry"],"acf":[],"_links":{"self":[{"href":"https:\/\/swisslasik.ch\/tr\/wp-json\/wp\/v2\/pages\/3819","targetHints":{"allow":["GET"]}}],"collection":[{"href":"https:\/\/swisslasik.ch\/tr\/wp-json\/wp\/v2\/pages"}],"about":[{"href":"https:\/\/swisslasik.ch\/tr\/wp-json\/wp\/v2\/types\/page"}],"author":[{"embeddable":true,"href":"https:\/\/swisslasik.ch\/tr\/wp-json\/wp\/v2\/users\/4"}],"replies":[{"embeddable":true,"href":"https:\/\/swisslasik.ch\/tr\/wp-json\/wp\/v2\/comments?post=3819"}],"version-history":[{"count":2,"href":"https:\/\/swisslasik.ch\/tr\/wp-json\/wp\/v2\/pages\/3819\/revisions"}],"predecessor-version":[{"id":4704,"href":"https:\/\/swisslasik.ch\/tr\/wp-json\/wp\/v2\/pages\/3819\/revisions\/4704"}],"up":[{"embeddable":true,"href":"https:\/\/swisslasik.ch\/tr\/wp-json\/wp\/v2\/pages\/3801"}],"wp:attachment":[{"href":"https:\/\/swisslasik.ch\/tr\/wp-json\/wp\/v2\/media?parent=3819"}],"curies":[{"name":"wp","href":"https:\/\/api.w.org\/{rel}","templated":true}]}}