{"id":3836,"date":"2025-09-24T12:02:10","date_gmt":"2025-09-24T11:02:10","guid":{"rendered":"https:\/\/swisslasik.ch\/hasta-yorumlari-lasik-goez-lazeri\/istanbuldaki-ortodontik-tedavimle-ilgili-deneyim-raporum-23-haziran-2015-sali-tarihli-rapor\/"},"modified":"2026-01-14T02:43:37","modified_gmt":"2026-01-14T01:43:37","slug":"istanbuldaki-ortodontik-tedavimle-ilgili-deneyim-raporum-23-haziran-2015-sali-tarihli-rapor","status":"publish","type":"page","link":"https:\/\/swisslasik.ch\/tr\/hasta-yorumlari-lasik-goez-lazeri\/istanbuldaki-ortodontik-tedavimle-ilgili-deneyim-raporum-23-haziran-2015-sali-tarihli-rapor\/","title":{"rendered":"\u0130stanbul&#8217;daki ortodontik tedavimle ilgili deneyim raporum \u2013 23 Haziran 2015 Sal\u0131 tarihli rapor"},"content":{"rendered":"\n<h3 class=\"wp-block-heading\">\u0130stanbul&#8217;daki ortodontik tedavimle ilgili deneyim raporum \u2013 23 Haziran 2015 Sal\u0131 tarihli rapor<\/h3>\n\n\n\n<p>Say\u0131n Kara Bey<\/p>\n\n\n\n<p>\u0130stanbul seyahatimin m\u00fckemmel organizasyonu ve deste\u011fi i\u00e7in \u00e7ok te\u015fekk\u00fcr ederim. \u015eirketiniz son derece m\u00fc\u015fteri odakl\u0131. Ayr\u0131ca, ki\u015fisel samimiyetiniz de b\u00fcy\u00fck bir art\u0131; sonu\u00e7 olarak, hizmetlerinizi potansiyel m\u00fc\u015fterilere g\u00f6n\u00fcl rahatl\u0131\u011f\u0131yla tavsiye edebilirim.  <\/p>\n\n\n\n<p>Z\u00fcrih&#8217;te Dr. \u00d6zt\u00fcrk ile yapt\u0131\u011f\u0131m g\u00f6r\u00fc\u015fme sonras\u0131nda nihayet \u0130stanbul Ac\u0131badem Klini\u011fi&#8217;nde karar k\u0131ld\u0131m. Bireysel istek ve ihtiya\u00e7lar\u0131ma odaklanan kapsaml\u0131 ve dikkatli g\u00f6r\u00fc\u015fme beni ikna etti. Doktorun en yeni di\u015f hekimli\u011fi ve di\u015f teknolojisi y\u00f6ntemlerini belirtmesi de beni rahatlatt\u0131. Sonu\u00e7 da buna paralel olarak etkileyici! Kronlardan ve implantlardan \u00e7ok, \u00e7ok memnunum. Tedavi de iyile\u015fme i\u00e7in gerekli molalarla birlikte \u00e7ok iyi organize edilmi\u015fti. T\u00fcm ekip (doktor, asistanlar ve klinik personeli) o kadar duyarl\u0131 ve g\u00fcler y\u00fczl\u00fcyd\u00fc ki hepsini \u00e7ok sevdim. Klini\u011fin yak\u0131n\u0131ndaki Orya Oteli m\u00fckemmeldi. Tarihi yerlere ve al\u0131\u015fveri\u015f b\u00f6lgelerine yak\u0131nl\u0131\u011f\u0131 idealdi. Bir sonraki b\u00fcy\u00fck di\u015f tedavimi (alt di\u015flerimdeki d\u00fczeltmeler) kesinlikle yine \u0130stanbul&#8217;da yapt\u0131raca\u011f\u0131m. Son olarak, \u0130stanbul halk\u0131n\u0131n misafirperverli\u011finden de bahsetmeliyim.          <\/p>\n\n\n\n<p>Potansiyel m\u00fc\u015fterilerden referans talepleriniz varsa, l\u00fctfen \u00f6nceden g\u00f6r\u00fc\u015fme yaparak benimle ileti\u015fime ge\u00e7mekten \u00e7ekinmeyin.<\/p>\n\n\n\n<p>Harika bir yaz ge\u00e7irmenizi ve en iyi dileklerimi sunar\u0131m!<\/p>\n\n\n\n<p>Pia Messerli<\/p>\n\n\n\n<div class=\"wp-block-group is-layout-grid wp-container-core-group-is-layout-baef362d wp-block-group-is-layout-grid\">\n<p><a href=\"https:\/\/medicaltravel.at\/home\/agb\/\" data-type=\"page\" data-id=\"2191\" rel=\"nofollow noopener\" target=\"_blank\"><\/a><a href=\"https:\/\/swisslasik.ch\/tr\/hasta-yorumlari-lasik-goez-lazeri\/sadece-sunu-soeyleyebilirim-her-sey-muekemmeldi-24-haziran-2015-carsamba-tarihli-rapor\/\" data-type=\"link\" data-id=\"https:\/\/swisslasik.ch\/tr\/hasta-yorumlari-lasik-goez-lazeri\/sadece-sunu-soeyleyebilirim-her-sey-muekemmeldi-24-haziran-2015-carsamba-tarihli-rapor\/\">\u00d6nceki rapor<\/a><\/p>\n\n\n\n<p class=\"has-text-align-right wp-container-content-5e2576f9\"><a href=\"https:\/\/medicaltravel.at\/home\/impressum\/\" data-type=\"page\" data-id=\"2193\" rel=\"nofollow noopener\" target=\"_blank\"><\/a><a href=\"https:\/\/medicaltravel.at\/home\/berichte-von-patienten\/erfahrungsberichte\/erfahrungsbericht-zahnbehandlung-in-istanbul\/\" data-type=\"page\" data-id=\"981\" rel=\"nofollow noopener\" target=\"_blank\"><\/a><a href=\"https:\/\/swisslasik.ch\/tr\/hasta-yorumlari-lasik-goez-lazeri\/istanbulda-gecirdigim-ani-lazer-ameliyatim-4-haziran-2015-persembe-tarihli-rapor\/\" data-type=\"link\" data-id=\"https:\/\/swisslasik.ch\/tr\/hasta-yorumlari-lasik-goez-lazeri\/istanbulda-gecirdigim-ani-lazer-ameliyatim-4-haziran-2015-persembe-tarihli-rapor\/\">Sonraki rapor<\/a><\/p>\n<\/div>\n","protected":false},"excerpt":{"rendered":"<p>\u0130stanbul&#8217;daki ortodontik tedavimle ilgili deneyim raporum \u2013 23 Haziran 2015 Sal\u0131 tarihli rapor Say\u0131n Kara Bey \u0130stanbul seyahatimin m\u00fckemmel organizasyonu ve deste\u011fi i\u00e7in \u00e7ok te\u015fekk\u00fcr ederim. \u015eirketiniz son derece m\u00fc\u015fteri odakl\u0131. Ayr\u0131ca, ki\u015fisel samimiyetiniz de b\u00fcy\u00fck bir art\u0131; sonu\u00e7 olarak, hizmetlerinizi potansiyel m\u00fc\u015fterilere g\u00f6n\u00fcl rahatl\u0131\u011f\u0131yla tavsiye edebilirim. Z\u00fcrih&#8217;te Dr. \u00d6zt\u00fcrk ile yapt\u0131\u011f\u0131m g\u00f6r\u00fc\u015fme sonras\u0131nda nihayet \u0130stanbul Ac\u0131badem Klini\u011fi&#8217;nde karar k\u0131ld\u0131m. Bireysel istek ve ihtiya\u00e7lar\u0131ma odaklanan kapsaml\u0131 ve dikkatli g\u00f6r\u00fc\u015fme beni ikna etti. Doktorun en yeni di\u015f hekimli\u011fi ve di\u015f teknolojisi y\u00f6ntemlerini belirtmesi de beni rahatlatt\u0131. Sonu\u00e7 da buna paralel olarak etkileyici! Kronlardan ve implantlardan \u00e7ok, \u00e7ok memnunum. Tedavi de iyile\u015fme i\u00e7in gerekli molalarla birlikte \u00e7ok iyi organize edilmi\u015fti. T\u00fcm ekip (doktor, asistanlar ve klinik personeli) o kadar duyarl\u0131 ve g\u00fcler y\u00fczl\u00fcyd\u00fc ki hepsini \u00e7ok sevdim. Klini\u011fin yak\u0131n\u0131ndaki Orya Oteli m\u00fckemmeldi. Tarihi yerlere ve al\u0131\u015fveri\u015f b\u00f6lgelerine yak\u0131nl\u0131\u011f\u0131 idealdi. Bir sonraki b\u00fcy\u00fck di\u015f tedavimi (alt di\u015flerimdeki d\u00fczeltmeler) kesinlikle yine \u0130stanbul&#8217;da yapt\u0131raca\u011f\u0131m. Son olarak, \u0130stanbul halk\u0131n\u0131n misafirperverli\u011finden de bahsetmeliyim. Potansiyel m\u00fc\u015fterilerden referans talepleriniz varsa, l\u00fctfen \u00f6nceden g\u00f6r\u00fc\u015fme yaparak benimle ileti\u015fime ge\u00e7mekten \u00e7ekinmeyin. Harika bir yaz ge\u00e7irmenizi ve en iyi dileklerimi sunar\u0131m! Pia Messerli \u00d6nceki rapor Sonraki rapor<\/p>\n","protected":false},"author":4,"featured_media":0,"parent":3801,"menu_order":0,"comment_status":"closed","ping_status":"closed","template":"","meta":{"_joinchat":[],"footnotes":""},"class_list":["post-3836","page","type-page","status-publish","hentry"],"acf":[],"_links":{"self":[{"href":"https:\/\/swisslasik.ch\/tr\/wp-json\/wp\/v2\/pages\/3836","targetHints":{"allow":["GET"]}}],"collection":[{"href":"https:\/\/swisslasik.ch\/tr\/wp-json\/wp\/v2\/pages"}],"about":[{"href":"https:\/\/swisslasik.ch\/tr\/wp-json\/wp\/v2\/types\/page"}],"author":[{"embeddable":true,"href":"https:\/\/swisslasik.ch\/tr\/wp-json\/wp\/v2\/users\/4"}],"replies":[{"embeddable":true,"href":"https:\/\/swisslasik.ch\/tr\/wp-json\/wp\/v2\/comments?post=3836"}],"version-history":[{"count":2,"href":"https:\/\/swisslasik.ch\/tr\/wp-json\/wp\/v2\/pages\/3836\/revisions"}],"predecessor-version":[{"id":4711,"href":"https:\/\/swisslasik.ch\/tr\/wp-json\/wp\/v2\/pages\/3836\/revisions\/4711"}],"up":[{"embeddable":true,"href":"https:\/\/swisslasik.ch\/tr\/wp-json\/wp\/v2\/pages\/3801"}],"wp:attachment":[{"href":"https:\/\/swisslasik.ch\/tr\/wp-json\/wp\/v2\/media?parent=3836"}],"curies":[{"name":"wp","href":"https:\/\/api.w.org\/{rel}","templated":true}]}}