{"id":3862,"date":"2025-09-24T11:55:42","date_gmt":"2025-09-24T10:55:42","guid":{"rendered":"https:\/\/swisslasik.ch\/hasta-yorumlari-lasik-goez-lazeri\/tuerkiyede-lazer-goez-ameliyati-deneyim-raporu-6-kasim-2015-cuma-tarihli-rapor\/"},"modified":"2026-01-14T02:38:54","modified_gmt":"2026-01-14T01:38:54","slug":"tuerkiyede-lazer-goez-ameliyati-deneyim-raporu-6-kasim-2015-cuma-tarihli-rapor","status":"publish","type":"page","link":"https:\/\/swisslasik.ch\/tr\/hasta-yorumlari-lasik-goez-lazeri\/tuerkiyede-lazer-goez-ameliyati-deneyim-raporu-6-kasim-2015-cuma-tarihli-rapor\/","title":{"rendered":"T\u00dcRK\u0130YE&#8217;DE LAZER G\u00d6Z AMEL\u0130YATI DENEY\u0130M RAPORU \u2013 6 Kas\u0131m 2015 Cuma Tarihli Rapor"},"content":{"rendered":"\n<h3 class=\"wp-block-heading\">T\u00dcRK\u0130YE&#8217;DE LAZER G\u00d6Z AMEL\u0130YATI DENEY\u0130M RAPORU \u2013 6 Kas\u0131m 2015 Cuma Tarihli Rapor<\/h3>\n\n\n\n<p>Ekim 2015&#8217;te \u0130stanbul&#8217;da lazer g\u00f6z ameliyat\u0131 ge\u00e7irdim.<\/p>\n\n\n\n<p>\u0130stanbul&#8217;a varmadan yakla\u015f\u0131k iki hafta \u00f6nce internette biraz ara\u015ft\u0131rma yapt\u0131m ve Swisslasik&#8217;e rastlad\u0131m.<\/p>\n\n\n\n<p>Swisslasik web sitesi ger\u00e7ekten \u00e7ok bilgilendirici ve iyi organize edilmi\u015f. T\u00fcm bilgileri iyice okuduktan sonra Swisslasik veya MedicalTravel GmbH ile ileti\u015fime ge\u00e7meye karar verdim. \u0130stanbul, T\u00fcrkiye&#8217;de yap\u0131lacak lazer g\u00f6z ameliyat\u0131yla ilgili durumumu ve isteklerimi anlatt\u0131m.<br>\u0130stanbul&#8217;daki bir hastaneyi zaten se\u00e7mi\u015ftim \u00e7\u00fcnk\u00fc oras\u0131yla \u00e7ok etkilenmi\u015ftim. Bu bilgiyi Swisslasik ekibine e-posta yoluyla ilettim.   <\/p>\n\n\n\n<p>Ancak o d\u00f6nemde MedicalTravel GmbH ile se\u00e7ti\u011fim hastane aras\u0131nda bir i\u015f birli\u011fi yoktu. Bu y\u00fczden ba\u015fka bir hastane \u00f6nerdiler. Daha sonra bu hastanenin, yani \u0130stanbul Ac\u0131badem Maslak Hastanesi&#8217;nin internet sitesini ziyaret ettim.<br>Bu internet sitesinde biraz zaman ge\u00e7irdim ve her \u015feyi dikkatlice inceledim ve okudum.  <\/p>\n\n\n\n<p>Bu hastanenin en az onun kadar iyi, hatta daha iyi olaca\u011f\u0131na dair bana g\u00fcvence verildi.<\/p>\n\n\n\n<p>Ve \u015fimdiden s\u00f6yleyebilirim ki MedicalTravel GmbH ekibi bu a\u00e7\u0131klamalar\u0131yla hakl\u0131yd\u0131.<\/p>\n\n\n\n<p>Swisslasik ekibiyle ilk ileti\u015fime ge\u00e7ti\u011fimde, k\u0131sa s\u00fcre sonra bir yan\u0131t e-postas\u0131 ald\u0131m. Bu e-posta, u\u00e7u\u015f detaylar\u0131 ve fiyatlar da dahil olmak \u00fczere hemen hemen her \u015feyi ayr\u0131nt\u0131l\u0131 olarak a\u00e7\u0131klayan bir\u00e7ok bilgi i\u00e7eriyordu. \u00d6zellikle, di\u015f tedavilerinin m\u00fcmk\u00fcn oldu\u011fu ve hastan\u0131n talep etmesi halinde \u00fccretsiz bir di\u015f muayenesinin ayarlanabilece\u011fi belirtiliyordu.  <\/p>\n\n\n\n<p>Lazer g\u00f6z ameliyat\u0131n\u0131n yan\u0131 s\u0131ra, ayn\u0131 hastanede di\u015f tedavisi de yapt\u0131rmaya karar verdim.<\/p>\n\n\n\n<p>\u0130stenilen hizmetin fiyat\u0131 \u00f6nceden kararla\u015ft\u0131r\u0131lm\u0131\u015ft\u0131.<br>Ayr\u0131ca Swisslasik&#8217;ten Bay Kara ile telefonda g\u00f6r\u00fc\u015ft\u00fcm, bu da g\u00fcven olu\u015fturmaya yard\u0131mc\u0131 oldu diye d\u00fc\u015f\u00fcn\u00fcyorum. Kendisi birka\u00e7 noktay\u0131 nazik\u00e7e a\u00e7\u0131klad\u0131 ve daha sonra her \u015feyi e-posta ile onaylamam\u0131 istedi, b\u00f6ylece o ve ekibi son detaylarla ilgilenebilecekti. <\/p>\n\n\n\n<p>U\u00e7u\u015flar, otel ve otel, hastane ve havaalan\u0131 aras\u0131ndaki t\u00fcm transferler MedicalTravel GmbH taraf\u0131ndan organize edildi.<\/p>\n\n\n\n<p>Endi\u015felerim minimum d\u00fczeydeydi; \u015firkete g\u00fcvendim ve hayal k\u0131r\u0131kl\u0131\u011f\u0131na u\u011framad\u0131m.<\/p>\n\n\n\n<p>\u0130stanbul&#8217;a var\u0131\u015f\u0131m harika ge\u00e7ti, havaalan\u0131nda beni bekleyen servis arac\u0131 da buna dahildi.<\/p>\n\n\n\n<p>Sonras\u0131nda otele gittik; yolculuk olduk\u00e7a \u00e7alkant\u0131l\u0131yd\u0131 ama yine de g\u00fcvenliydi. \u0130stanbul&#8217;un b\u00fcy\u00fck n\u00fcfusu nedeniyle bunun normal bir durum oldu\u011funu \u00e7abucak anlad\u0131m.<\/p>\n\n\n\n<p>Bu beni hi\u00e7 rahats\u0131z etmedi. Otele sa\u011f salim vard\u0131\u011f\u0131mda, \u0130ngilizce konu\u015fan bir beyefendi taraf\u0131ndan kar\u015f\u0131land\u0131m. Nazik\u00e7e odama g\u00f6t\u00fcr\u00fcld\u00fcm ve ak\u015fam\u0131 orada ge\u00e7irdim.  <\/p>\n\n\n\n<p>Ertesi g\u00fcn, Ac\u0131badem hastanesinin servis arac\u0131yla hemen al\u0131nd\u0131m ve hastaneye g\u00f6t\u00fcr\u00fcld\u00fcm. Yolculuk olduk\u00e7a k\u0131sa s\u00fcrd\u00fc. Var\u0131\u015fta, personel taraf\u0131ndan s\u0131cak bir \u015fekilde kar\u015f\u0131land\u0131m ve ayr\u0131nt\u0131l\u0131 talimatlar ald\u0131m.<br>K\u0131sa s\u00fcre sonra, hastanede kald\u0131\u011f\u0131m s\u00fcre boyunca bana e\u015flik eden ve benim i\u00e7in terc\u00fcmanl\u0131k yapan Almanca konu\u015fan bir beyefendi yan\u0131ma geldi. Ger\u00e7ekten harika bir deneyimdi.   <\/p>\n\n\n\n<p>\u00d6n muayeneler \u00e7ok iyi ge\u00e7ti; biraz bekleme s\u00fcresi oldu ama bu sorun yaratmad\u0131. Her \u015fey \u00e7ok iyi gitti. Lazer g\u00f6z cerrah\u0131 harika bir i\u015f \u00e7\u0131kard\u0131.  <\/p>\n\n\n\n<p>\u0130\u015flem sadece birka\u00e7 dakika s\u00fcrd\u00fc ve a\u011fr\u0131s\u0131zd\u0131. Daha iyi olamazd\u0131; ameliyat sayesinde g\u00f6rme yetene\u011finizdeki iyile\u015fmeyi olduk\u00e7a h\u0131zl\u0131 bir \u015fekilde fark ediyorsunuz. Ger\u00e7ekten inan\u0131lmaz. Ve ameliyattan bir g\u00fcn sonra bile, g\u00f6r\u00fc\u015f\u00fcm \u00f6ncesine g\u00f6re bir\u00e7ok kat daha iyiydi. MedicalTravel GmbH ekibine tekrar en i\u00e7ten te\u015fekk\u00fcrlerimi sunmak istiyorum ve %100 de\u011ferine de\u011fdi\u011fi i\u00e7in herkese g\u00f6n\u00fclden tavsiye edebilirim.    <\/p>\n\n\n\n<p>Swisslasik&#8217;te ger\u00e7ekten emin ellerdesiniz. Te\u015fekk\u00fcrler, Marcel Kamm. <\/p>\n\n\n\n<div class=\"wp-block-group is-layout-grid wp-container-core-group-is-layout-baef362d wp-block-group-is-layout-grid\">\n<p><a href=\"https:\/\/medicaltravel.at\/home\/agb\/\" data-type=\"page\" data-id=\"2191\" rel=\"nofollow noopener\" target=\"_blank\"><\/a><a href=\"https:\/\/swisslasik.ch\/tr\/hasta-yorumlari-lasik-goez-lazeri\/istanbul-tuerkiyedeki-dis-implantlarim-10-kasim-2015-sali-tarihli-rapor\/\" data-type=\"link\" data-id=\"https:\/\/swisslasik.ch\/tr\/hasta-yorumlari-lasik-goez-lazeri\/istanbul-tuerkiyedeki-dis-implantlarim-10-kasim-2015-sali-tarihli-rapor\/\">\u00d6nceki rapor<\/a><\/p>\n\n\n\n<p class=\"has-text-align-right wp-container-content-5e2576f9\"><a href=\"https:\/\/medicaltravel.at\/home\/impressum\/\" data-type=\"page\" data-id=\"2193\" rel=\"nofollow noopener\" target=\"_blank\"><\/a><a href=\"https:\/\/medicaltravel.at\/home\/berichte-von-patienten\/erfahrungsberichte\/erfahrungsbericht-zahnbehandlung-in-istanbul\/\" data-type=\"page\" data-id=\"981\" rel=\"nofollow noopener\" target=\"_blank\"><\/a><a href=\"https:\/\/swisslasik.ch\/tr\/hasta-yorumlari-lasik-goez-lazeri\/istanbulda-porselen-kaplama-tedavisi-deneyim-raporu-31-ekim-2015-cumartesi-tarihli-rapor\/\" data-type=\"link\" data-id=\"https:\/\/swisslasik.ch\/tr\/hasta-yorumlari-lasik-goez-lazeri\/istanbulda-porselen-kaplama-tedavisi-deneyim-raporu-31-ekim-2015-cumartesi-tarihli-rapor\/\">Sonraki <\/a><a href=\"https:\/\/swisslasik.ch\/tr\/hasta-yorumlari-lasik-goez-lazeri\/istanbulda-porselen-kaplama-tedavisi-deneyim-raporu-31-ekim-2015-cumartesi-tarihli-rapor\/\" data-type=\"link\" data-id=\"https:\/\/swisslasik.ch\/patientenberichte-lasik\/erfahrungsbericht-veneers-behandlung-in-istanbul-bericht-vom-samstag-31-oktober-2015\/\">rapor<\/a><\/p>\n<\/div>\n","protected":false},"excerpt":{"rendered":"<p>T\u00dcRK\u0130YE&#8217;DE LAZER G\u00d6Z AMEL\u0130YATI DENEY\u0130M RAPORU \u2013 6 Kas\u0131m 2015 Cuma Tarihli Rapor Ekim 2015&#8217;te \u0130stanbul&#8217;da lazer g\u00f6z ameliyat\u0131 ge\u00e7irdim. \u0130stanbul&#8217;a varmadan yakla\u015f\u0131k iki hafta \u00f6nce internette biraz ara\u015ft\u0131rma yapt\u0131m ve Swisslasik&#8217;e rastlad\u0131m. Swisslasik web sitesi ger\u00e7ekten \u00e7ok bilgilendirici ve iyi organize edilmi\u015f. T\u00fcm bilgileri iyice okuduktan sonra Swisslasik veya MedicalTravel GmbH ile ileti\u015fime ge\u00e7meye karar verdim. \u0130stanbul, T\u00fcrkiye&#8217;de yap\u0131lacak lazer g\u00f6z ameliyat\u0131yla ilgili durumumu ve isteklerimi anlatt\u0131m.\u0130stanbul&#8217;daki bir hastaneyi zaten se\u00e7mi\u015ftim \u00e7\u00fcnk\u00fc oras\u0131yla \u00e7ok etkilenmi\u015ftim. Bu bilgiyi Swisslasik ekibine e-posta yoluyla ilettim. Ancak o d\u00f6nemde MedicalTravel GmbH ile se\u00e7ti\u011fim hastane aras\u0131nda bir i\u015f birli\u011fi yoktu. Bu y\u00fczden ba\u015fka bir hastane \u00f6nerdiler. Daha sonra bu hastanenin, yani \u0130stanbul Ac\u0131badem Maslak Hastanesi&#8217;nin internet sitesini ziyaret ettim.Bu internet sitesinde biraz zaman ge\u00e7irdim ve her \u015feyi dikkatlice inceledim ve okudum. Bu hastanenin en az onun kadar iyi, hatta daha iyi olaca\u011f\u0131na dair bana g\u00fcvence verildi. Ve \u015fimdiden s\u00f6yleyebilirim ki MedicalTravel GmbH ekibi bu a\u00e7\u0131klamalar\u0131yla hakl\u0131yd\u0131. Swisslasik ekibiyle ilk ileti\u015fime ge\u00e7ti\u011fimde, k\u0131sa s\u00fcre sonra bir yan\u0131t e-postas\u0131 ald\u0131m. Bu e-posta, u\u00e7u\u015f detaylar\u0131 ve fiyatlar da dahil olmak \u00fczere hemen hemen her \u015feyi ayr\u0131nt\u0131l\u0131 olarak a\u00e7\u0131klayan bir\u00e7ok bilgi i\u00e7eriyordu. \u00d6zellikle, di\u015f tedavilerinin m\u00fcmk\u00fcn oldu\u011fu ve hastan\u0131n talep etmesi halinde \u00fccretsiz bir di\u015f muayenesinin ayarlanabilece\u011fi belirtiliyordu. Lazer g\u00f6z ameliyat\u0131n\u0131n yan\u0131 s\u0131ra, ayn\u0131 hastanede di\u015f tedavisi de yapt\u0131rmaya karar verdim. \u0130stenilen hizmetin fiyat\u0131 \u00f6nceden kararla\u015ft\u0131r\u0131lm\u0131\u015ft\u0131.Ayr\u0131ca Swisslasik&#8217;ten Bay Kara ile telefonda g\u00f6r\u00fc\u015ft\u00fcm, bu da g\u00fcven olu\u015fturmaya yard\u0131mc\u0131 oldu diye d\u00fc\u015f\u00fcn\u00fcyorum. Kendisi birka\u00e7 noktay\u0131 nazik\u00e7e a\u00e7\u0131klad\u0131 ve daha sonra her \u015feyi e-posta ile onaylamam\u0131 istedi, b\u00f6ylece o ve ekibi son detaylarla ilgilenebilecekti. U\u00e7u\u015flar, otel ve otel, hastane ve havaalan\u0131 aras\u0131ndaki t\u00fcm transferler MedicalTravel GmbH taraf\u0131ndan organize edildi. Endi\u015felerim minimum d\u00fczeydeydi; \u015firkete g\u00fcvendim ve hayal k\u0131r\u0131kl\u0131\u011f\u0131na u\u011framad\u0131m. \u0130stanbul&#8217;a var\u0131\u015f\u0131m harika ge\u00e7ti, havaalan\u0131nda beni bekleyen servis arac\u0131 da buna dahildi. Sonras\u0131nda otele gittik; yolculuk olduk\u00e7a \u00e7alkant\u0131l\u0131yd\u0131 ama yine de g\u00fcvenliydi. \u0130stanbul&#8217;un b\u00fcy\u00fck n\u00fcfusu nedeniyle bunun normal bir durum oldu\u011funu \u00e7abucak anlad\u0131m. Bu beni hi\u00e7 rahats\u0131z etmedi. Otele sa\u011f salim vard\u0131\u011f\u0131mda, \u0130ngilizce konu\u015fan bir beyefendi taraf\u0131ndan kar\u015f\u0131land\u0131m. Nazik\u00e7e odama g\u00f6t\u00fcr\u00fcld\u00fcm ve ak\u015fam\u0131 orada ge\u00e7irdim. Ertesi g\u00fcn, Ac\u0131badem hastanesinin servis arac\u0131yla hemen al\u0131nd\u0131m ve hastaneye g\u00f6t\u00fcr\u00fcld\u00fcm. Yolculuk olduk\u00e7a k\u0131sa s\u00fcrd\u00fc. Var\u0131\u015fta, personel taraf\u0131ndan s\u0131cak bir \u015fekilde kar\u015f\u0131land\u0131m ve ayr\u0131nt\u0131l\u0131 talimatlar ald\u0131m.K\u0131sa s\u00fcre sonra, hastanede kald\u0131\u011f\u0131m s\u00fcre boyunca bana e\u015flik eden ve benim i\u00e7in terc\u00fcmanl\u0131k yapan Almanca konu\u015fan bir beyefendi yan\u0131ma geldi. Ger\u00e7ekten harika bir deneyimdi. \u00d6n muayeneler \u00e7ok iyi ge\u00e7ti; biraz bekleme s\u00fcresi oldu ama bu sorun yaratmad\u0131. Her \u015fey \u00e7ok iyi gitti. Lazer g\u00f6z cerrah\u0131 harika bir i\u015f \u00e7\u0131kard\u0131. \u0130\u015flem sadece birka\u00e7 dakika s\u00fcrd\u00fc ve a\u011fr\u0131s\u0131zd\u0131. Daha iyi olamazd\u0131; ameliyat sayesinde g\u00f6rme yetene\u011finizdeki iyile\u015fmeyi olduk\u00e7a h\u0131zl\u0131 bir \u015fekilde fark ediyorsunuz. Ger\u00e7ekten inan\u0131lmaz. Ve ameliyattan bir g\u00fcn sonra bile, g\u00f6r\u00fc\u015f\u00fcm \u00f6ncesine g\u00f6re bir\u00e7ok kat daha iyiydi. MedicalTravel GmbH ekibine tekrar en i\u00e7ten te\u015fekk\u00fcrlerimi sunmak istiyorum ve %100 de\u011ferine de\u011fdi\u011fi i\u00e7in herkese g\u00f6n\u00fclden tavsiye edebilirim. Swisslasik&#8217;te ger\u00e7ekten emin ellerdesiniz. Te\u015fekk\u00fcrler, Marcel Kamm. \u00d6nceki rapor Sonraki rapor<\/p>\n","protected":false},"author":4,"featured_media":0,"parent":3801,"menu_order":0,"comment_status":"closed","ping_status":"closed","template":"","meta":{"_joinchat":[],"footnotes":""},"class_list":["post-3862","page","type-page","status-publish","hentry"],"acf":[],"_links":{"self":[{"href":"https:\/\/swisslasik.ch\/tr\/wp-json\/wp\/v2\/pages\/3862","targetHints":{"allow":["GET"]}}],"collection":[{"href":"https:\/\/swisslasik.ch\/tr\/wp-json\/wp\/v2\/pages"}],"about":[{"href":"https:\/\/swisslasik.ch\/tr\/wp-json\/wp\/v2\/types\/page"}],"author":[{"embeddable":true,"href":"https:\/\/swisslasik.ch\/tr\/wp-json\/wp\/v2\/users\/4"}],"replies":[{"embeddable":true,"href":"https:\/\/swisslasik.ch\/tr\/wp-json\/wp\/v2\/comments?post=3862"}],"version-history":[{"count":3,"href":"https:\/\/swisslasik.ch\/tr\/wp-json\/wp\/v2\/pages\/3862\/revisions"}],"predecessor-version":[{"id":4702,"href":"https:\/\/swisslasik.ch\/tr\/wp-json\/wp\/v2\/pages\/3862\/revisions\/4702"}],"up":[{"embeddable":true,"href":"https:\/\/swisslasik.ch\/tr\/wp-json\/wp\/v2\/pages\/3801"}],"wp:attachment":[{"href":"https:\/\/swisslasik.ch\/tr\/wp-json\/wp\/v2\/media?parent=3862"}],"curies":[{"name":"wp","href":"https:\/\/api.w.org\/{rel}","templated":true}]}}