{"id":3885,"date":"2025-09-24T11:56:58","date_gmt":"2025-09-24T10:56:58","guid":{"rendered":"https:\/\/swisslasik.ch\/hasta-yorumlari-lasik-goez-lazeri\/deneyim-raporu-istanbul-tuerkiyede-sac-ekimi-28-ekim-2015-carsamba-tarihli-rapor\/"},"modified":"2026-01-14T02:40:02","modified_gmt":"2026-01-14T01:40:02","slug":"deneyim-raporu-istanbul-tuerkiyede-sac-ekimi-28-ekim-2015-carsamba-tarihli-rapor","status":"publish","type":"page","link":"https:\/\/swisslasik.ch\/tr\/hasta-yorumlari-lasik-goez-lazeri\/deneyim-raporu-istanbul-tuerkiyede-sac-ekimi-28-ekim-2015-carsamba-tarihli-rapor\/","title":{"rendered":"Deneyim Raporu &#8211; \u0130stanbul, T\u00fcrkiye&#8217;de Sa\u00e7 Ekimi &#8211; 28 Ekim 2015 \u00c7ar\u015famba Tarihli Rapor"},"content":{"rendered":"\n<h3 class=\"wp-block-heading\">Deneyim Raporu &#8211; \u0130stanbul, T\u00fcrkiye&#8217;de Sa\u00e7 Ekimi &#8211; 28 Ekim 2015 \u00c7ar\u015famba Tarihli Rapor<\/h3>\n\n\n\n<p>Haziran ay\u0131nda Bern&#8217;de d\u00fczenlenen bir bilgilendirme g\u00fcn\u00fcne kat\u0131ld\u0131m ve t\u00fcm s\u00fcre\u00e7 bana ayr\u0131nt\u0131l\u0131 olarak anlat\u0131ld\u0131. Ba\u015flang\u0131\u00e7ta \u00e7ok \u015f\u00fcpheciydim ve internette bilgi arad\u0131m. Ancak Dr. Demirkan bana gerekli bilgileri \u00e7ok samimi bir \u015fekilde verdi. Ard\u0131ndan hemen randevu ald\u0131m ve sadece \u00fc\u00e7 ay sonra i\u015flem ba\u015flad\u0131.   <\/p>\n\n\n\n<p>27 Eyl\u00fcl 2015&#8217;te Z\u00fcrih&#8217;ten \u0130stanbul&#8217;a u\u00e7tum ve anla\u015ft\u0131\u011f\u0131m\u0131z gibi havaalan\u0131ndan al\u0131narak otele g\u00f6t\u00fcr\u00fcld\u00fcm.<\/p>\n\n\n\n<p>28 Eyl\u00fcl 2015&#8217;te sabah 9:00&#8217;da hastaneye y\u00fcr\u00fcd\u00fcm. Tesad\u00fcfen, otel Ac\u0131badem Hastanesi&#8217;ne 200 metre mesafedeydi, bu y\u00fczden y\u00fcr\u00fcyerek kolayca ula\u015f\u0131labilirdi. Vard\u0131\u011f\u0131mda, beni Dr. Demirkan&#8217;a g\u00f6t\u00fcren bir kad\u0131n (terc\u00fcman) taraf\u0131ndan kar\u015f\u0131land\u0131m. T\u00fcm FUE prosed\u00fcr\u00fcn\u00fc g\u00f6r\u00fc\u015ft\u00fck. Daha sonra, yeni sa\u00e7lar\u0131n ekilece\u011fi en uygun yerleri belirlemek i\u00e7in bir cihazla sa\u00e7\u0131m\u0131 \u00f6l\u00e7meye ba\u015flad\u0131. Ard\u0131ndan, PRP tedavisinin ba\u015flad\u0131\u011f\u0131 odaya g\u00f6t\u00fcr\u00fcld\u00fcm.     <\/p>\n\n\n\n<p>\u00d6\u011fleden sonra kendime vakit ay\u0131rd\u0131m ve g\u00fczel \u0130stanbul \u015fehrini gezmeye gittim.<\/p>\n\n\n\n<p>\u00d6nceki g\u00fcn oldu\u011fu gibi, 29 Eyl\u00fcl 2015 tarihinde de sabah 9:00&#8217;da tekrar hastaneye gittim. Vard\u0131\u011f\u0131mda, resepsiyonda bir beyefendi piyano ile rahatlat\u0131c\u0131 m\u00fczik \u00e7al\u0131yordu ve bu beni olduk\u00e7a sakinle\u015ftirdi. <\/p>\n\n\n\n<p>Sonra ba\u015flad\u0131. Bir doktor kan \u00f6rnekleri ald\u0131 ve ard\u0131ndan beni tedavinin yap\u0131laca\u011f\u0131 odaya g\u00f6t\u00fcrd\u00fc. \u00dc\u00e7 doktor yan\u0131ma gelip kendilerini tan\u0131tt\u0131lar. Daha sonra, greftlerin nereye yerle\u015ftirilece\u011fini g\u00f6stermek i\u00e7in sa\u00e7 \u00e7izgisini \u00e7izdiler. \u00c7izgiyi \u00f6zg\u00fcrce se\u00e7ebildim ve \u00e7izildi. Ayr\u0131ca, nihai sonucun m\u00fcmk\u00fcn oldu\u011funca g\u00f6ze \u00e7arpmayan olmas\u0131n\u0131 sa\u011flamak i\u00e7in kendi deneyimlerine dayanarak bana \u00f6nerilerde bulundular.    <\/p>\n\n\n\n<p>Sonra ba\u015flad\u0131. Sa\u00e7lar\u0131m tamamen t\u0131ra\u015f edildi ve birka\u00e7 anestezi i\u011fnesi yap\u0131ld\u0131. Normal i\u011fneler gibi, neredeyse hi\u00e7 hissetmiyorsunuz. \u0130\u011fneler d\u0131\u015f\u0131nda, i\u015flem boyunca kesinlikle hi\u00e7bir \u015fey hissetmiyorsunuz. Sa\u00e7 ekimi toplam be\u015f saat s\u00fcrd\u00fc ve 3000 greft ekildi.   <\/p>\n\n\n\n<p>Tedavi sorunsuz ve a\u011fr\u0131s\u0131z ge\u00e7ti ve zaman \u00e7ok \u00e7abuk ge\u00e7ti. Tedavide \u00fc\u00e7 ki\u015fi haz\u0131r bulundu ve s\u00fcrece dahil oldu. Bir televizyon da a\u00e7\u0131kt\u0131, ancak uzan\u0131rken g\u00f6rmek zordu.  <\/p>\n\n\n\n<p>FUE i\u015fleminden sonra dinlenmem i\u00e7in bir otele g\u00f6t\u00fcr\u00fcld\u00fcm; hi\u00e7 a\u011fr\u0131m yoktu.<\/p>\n\n\n\n<p>Ertesi g\u00fcn, 30 Eyl\u00fcl 2015&#8217;te, saat 11:00&#8217;te ba\u015f\u0131m\u0131n arkas\u0131ndaki bandaj\u0131 de\u011fi\u015ftirmek i\u00e7in randevum vard\u0131 ve saat 14:00&#8217;te eve u\u00e7mak i\u00e7in havaalan\u0131na g\u00f6t\u00fcr\u00fcld\u00fcm.<\/p>\n\n\n\n<p>\u0130stanbul&#8217;da MedicalTravel ile tedavi olmay\u0131 kesinlikle tekrar tercih ederim. Her \u015fey planland\u0131\u011f\u0131 gibi gitti ve hi\u00e7 a\u011fr\u0131m olmad\u0131. Sonu\u00e7lar \u015fu ana kadar harika g\u00f6r\u00fcn\u00fcyor. Ac\u0131badem Hastanesi son teknolojiye sahip (l\u00fcks bir otel gibi), personel \u00e7ok g\u00fcler y\u00fczl\u00fcyd\u00fc, hijyen birinci s\u0131n\u0131ft\u0131 ve kar\u015f\u0131lama hizmeti kusursuz \u00e7al\u0131\u015ft\u0131.   <\/p>\n\n\n\n<p>Eve d\u00f6nd\u00fckten sonra 3 g\u00fcn bekledim ve ard\u0131ndan yeni sa\u00e7lar\u0131m\u0131 losyon ve \u015fampuanla nazik\u00e7e y\u0131kamaya ba\u015flad\u0131m.<\/p>\n\n\n\n<p>Bu i\u015flemi 10 g\u00fcn boyunca tekrarlad\u0131m. Sonras\u0131nda kabuk tamamen d\u00fc\u015ft\u00fc ve tedavi edilen b\u00f6lgede sadece \u00e7ok hafif bir k\u0131zar\u0131kl\u0131k kald\u0131. Don\u00f6r b\u00f6lge de neredeyse tamamen iyile\u015fti ve \u00e7\u0131kan sa\u00e7lar sayesinde neredeyse hi\u00e7 fark edilmiyor.  <\/p>\n\n\n\n<p>FUE tedavisinin \u00e7ok daha ac\u0131 verici ve tats\u0131z olaca\u011f\u0131n\u0131 hayal etmi\u015ftim. Hi\u00e7 ac\u0131 hissetmedim ve her \u015fey planland\u0131\u011f\u0131 gibi gitti. D\u00f6rt hafta ge\u00e7ti ve ekilen sa\u00e7lar d\u00f6k\u00fclmeye ba\u015flad\u0131. Sonucu d\u00f6rt g\u00f6zle bekliyorum, ama \u015fimdiden harika olaca\u011f\u0131na ikna oldum.   <\/p>\n\n\n\n<p>Verdi\u011finiz muhte\u015fem destek i\u00e7in \u00e7ok te\u015fekk\u00fcr ederim ve MEDICALTRAVEL&#8217;\u0131 ve FUE tedavisini herkese \u015fiddetle tavsiye ederim. Sayg\u0131lar\u0131mla, Marco S. <\/p>\n\n\n\n<div class=\"wp-block-group is-layout-grid wp-container-core-group-is-layout-baef362d wp-block-group-is-layout-grid\">\n<p><a href=\"https:\/\/medicaltravel.at\/home\/agb\/\" data-type=\"page\" data-id=\"2191\" rel=\"nofollow noopener\" target=\"_blank\"><\/a><a href=\"https:\/\/swisslasik.ch\/tr\/hasta-yorumlari-lasik-goez-lazeri\/istanbulda-porselen-kaplama-tedavisi-deneyim-raporu-31-ekim-2015-cumartesi-tarihli-rapor\/\" data-type=\"link\" data-id=\"https:\/\/swisslasik.ch\/tr\/hasta-yorumlari-lasik-goez-lazeri\/istanbulda-porselen-kaplama-tedavisi-deneyim-raporu-31-ekim-2015-cumartesi-tarihli-rapor\/\">\u00d6nceki rapor<\/a><\/p>\n\n\n\n<p class=\"has-text-align-right wp-container-content-5e2576f9\"><a href=\"https:\/\/medicaltravel.at\/home\/impressum\/\" data-type=\"page\" data-id=\"2193\" rel=\"nofollow noopener\" target=\"_blank\"><\/a><a href=\"https:\/\/medicaltravel.at\/home\/berichte-von-patienten\/erfahrungsberichte\/erfahrungsbericht-zahnbehandlung-in-istanbul\/\" data-type=\"page\" data-id=\"981\" rel=\"nofollow noopener\" target=\"_blank\"><\/a><a href=\"https:\/\/swisslasik.ch\/tr\/hasta-yorumlari-lasik-goez-lazeri\/kisisel-deneyim-istanbulda-meme-bueyuetme-ameliyati-16-eyluel-2015-carsamba-tarihli-rapor\/\" data-type=\"link\" data-id=\"https:\/\/swisslasik.ch\/tr\/hasta-yorumlari-lasik-goez-lazeri\/kisisel-deneyim-istanbulda-meme-bueyuetme-ameliyati-16-eyluel-2015-carsamba-tarihli-rapor\/\">Sonraki rapor<\/a><\/p>\n<\/div>\n","protected":false},"excerpt":{"rendered":"<p>Deneyim Raporu &#8211; \u0130stanbul, T\u00fcrkiye&#8217;de Sa\u00e7 Ekimi &#8211; 28 Ekim 2015 \u00c7ar\u015famba Tarihli Rapor Haziran ay\u0131nda Bern&#8217;de d\u00fczenlenen bir bilgilendirme g\u00fcn\u00fcne kat\u0131ld\u0131m ve t\u00fcm s\u00fcre\u00e7 bana ayr\u0131nt\u0131l\u0131 olarak anlat\u0131ld\u0131. Ba\u015flang\u0131\u00e7ta \u00e7ok \u015f\u00fcpheciydim ve internette bilgi arad\u0131m. Ancak Dr. Demirkan bana gerekli bilgileri \u00e7ok samimi bir \u015fekilde verdi. Ard\u0131ndan hemen randevu ald\u0131m ve sadece \u00fc\u00e7 ay sonra i\u015flem ba\u015flad\u0131. 27 Eyl\u00fcl 2015&#8217;te Z\u00fcrih&#8217;ten \u0130stanbul&#8217;a u\u00e7tum ve anla\u015ft\u0131\u011f\u0131m\u0131z gibi havaalan\u0131ndan al\u0131narak otele g\u00f6t\u00fcr\u00fcld\u00fcm. 28 Eyl\u00fcl 2015&#8217;te sabah 9:00&#8217;da hastaneye y\u00fcr\u00fcd\u00fcm. Tesad\u00fcfen, otel Ac\u0131badem Hastanesi&#8217;ne 200 metre mesafedeydi, bu y\u00fczden y\u00fcr\u00fcyerek kolayca ula\u015f\u0131labilirdi. Vard\u0131\u011f\u0131mda, beni Dr. Demirkan&#8217;a g\u00f6t\u00fcren bir kad\u0131n (terc\u00fcman) taraf\u0131ndan kar\u015f\u0131land\u0131m. T\u00fcm FUE prosed\u00fcr\u00fcn\u00fc g\u00f6r\u00fc\u015ft\u00fck. Daha sonra, yeni sa\u00e7lar\u0131n ekilece\u011fi en uygun yerleri belirlemek i\u00e7in bir cihazla sa\u00e7\u0131m\u0131 \u00f6l\u00e7meye ba\u015flad\u0131. Ard\u0131ndan, PRP tedavisinin ba\u015flad\u0131\u011f\u0131 odaya g\u00f6t\u00fcr\u00fcld\u00fcm. \u00d6\u011fleden sonra kendime vakit ay\u0131rd\u0131m ve g\u00fczel \u0130stanbul \u015fehrini gezmeye gittim. \u00d6nceki g\u00fcn oldu\u011fu gibi, 29 Eyl\u00fcl 2015 tarihinde de sabah 9:00&#8217;da tekrar hastaneye gittim. Vard\u0131\u011f\u0131mda, resepsiyonda bir beyefendi piyano ile rahatlat\u0131c\u0131 m\u00fczik \u00e7al\u0131yordu ve bu beni olduk\u00e7a sakinle\u015ftirdi. Sonra ba\u015flad\u0131. Bir doktor kan \u00f6rnekleri ald\u0131 ve ard\u0131ndan beni tedavinin yap\u0131laca\u011f\u0131 odaya g\u00f6t\u00fcrd\u00fc. \u00dc\u00e7 doktor yan\u0131ma gelip kendilerini tan\u0131tt\u0131lar. Daha sonra, greftlerin nereye yerle\u015ftirilece\u011fini g\u00f6stermek i\u00e7in sa\u00e7 \u00e7izgisini \u00e7izdiler. \u00c7izgiyi \u00f6zg\u00fcrce se\u00e7ebildim ve \u00e7izildi. Ayr\u0131ca, nihai sonucun m\u00fcmk\u00fcn oldu\u011funca g\u00f6ze \u00e7arpmayan olmas\u0131n\u0131 sa\u011flamak i\u00e7in kendi deneyimlerine dayanarak bana \u00f6nerilerde bulundular. Sonra ba\u015flad\u0131. Sa\u00e7lar\u0131m tamamen t\u0131ra\u015f edildi ve birka\u00e7 anestezi i\u011fnesi yap\u0131ld\u0131. Normal i\u011fneler gibi, neredeyse hi\u00e7 hissetmiyorsunuz. \u0130\u011fneler d\u0131\u015f\u0131nda, i\u015flem boyunca kesinlikle hi\u00e7bir \u015fey hissetmiyorsunuz. Sa\u00e7 ekimi toplam be\u015f saat s\u00fcrd\u00fc ve 3000 greft ekildi. Tedavi sorunsuz ve a\u011fr\u0131s\u0131z ge\u00e7ti ve zaman \u00e7ok \u00e7abuk ge\u00e7ti. Tedavide \u00fc\u00e7 ki\u015fi haz\u0131r bulundu ve s\u00fcrece dahil oldu. Bir televizyon da a\u00e7\u0131kt\u0131, ancak uzan\u0131rken g\u00f6rmek zordu. FUE i\u015fleminden sonra dinlenmem i\u00e7in bir otele g\u00f6t\u00fcr\u00fcld\u00fcm; hi\u00e7 a\u011fr\u0131m yoktu. Ertesi g\u00fcn, 30 Eyl\u00fcl 2015&#8217;te, saat 11:00&#8217;te ba\u015f\u0131m\u0131n arkas\u0131ndaki bandaj\u0131 de\u011fi\u015ftirmek i\u00e7in randevum vard\u0131 ve saat 14:00&#8217;te eve u\u00e7mak i\u00e7in havaalan\u0131na g\u00f6t\u00fcr\u00fcld\u00fcm. \u0130stanbul&#8217;da MedicalTravel ile tedavi olmay\u0131 kesinlikle tekrar tercih ederim. Her \u015fey planland\u0131\u011f\u0131 gibi gitti ve hi\u00e7 a\u011fr\u0131m olmad\u0131. Sonu\u00e7lar \u015fu ana kadar harika g\u00f6r\u00fcn\u00fcyor. Ac\u0131badem Hastanesi son teknolojiye sahip (l\u00fcks bir otel gibi), personel \u00e7ok g\u00fcler y\u00fczl\u00fcyd\u00fc, hijyen birinci s\u0131n\u0131ft\u0131 ve kar\u015f\u0131lama hizmeti kusursuz \u00e7al\u0131\u015ft\u0131. Eve d\u00f6nd\u00fckten sonra 3 g\u00fcn bekledim ve ard\u0131ndan yeni sa\u00e7lar\u0131m\u0131 losyon ve \u015fampuanla nazik\u00e7e y\u0131kamaya ba\u015flad\u0131m. Bu i\u015flemi 10 g\u00fcn boyunca tekrarlad\u0131m. Sonras\u0131nda kabuk tamamen d\u00fc\u015ft\u00fc ve tedavi edilen b\u00f6lgede sadece \u00e7ok hafif bir k\u0131zar\u0131kl\u0131k kald\u0131. Don\u00f6r b\u00f6lge de neredeyse tamamen iyile\u015fti ve \u00e7\u0131kan sa\u00e7lar sayesinde neredeyse hi\u00e7 fark edilmiyor. FUE tedavisinin \u00e7ok daha ac\u0131 verici ve tats\u0131z olaca\u011f\u0131n\u0131 hayal etmi\u015ftim. Hi\u00e7 ac\u0131 hissetmedim ve her \u015fey planland\u0131\u011f\u0131 gibi gitti. D\u00f6rt hafta ge\u00e7ti ve ekilen sa\u00e7lar d\u00f6k\u00fclmeye ba\u015flad\u0131. Sonucu d\u00f6rt g\u00f6zle bekliyorum, ama \u015fimdiden harika olaca\u011f\u0131na ikna oldum. Verdi\u011finiz muhte\u015fem destek i\u00e7in \u00e7ok te\u015fekk\u00fcr ederim ve MEDICALTRAVEL&#8217;\u0131 ve FUE tedavisini herkese \u015fiddetle tavsiye ederim. Sayg\u0131lar\u0131mla, Marco S. \u00d6nceki rapor Sonraki rapor<\/p>\n","protected":false},"author":4,"featured_media":0,"parent":3801,"menu_order":0,"comment_status":"closed","ping_status":"closed","template":"","meta":{"_joinchat":[],"footnotes":""},"class_list":["post-3885","page","type-page","status-publish","hentry"],"acf":[],"_links":{"self":[{"href":"https:\/\/swisslasik.ch\/tr\/wp-json\/wp\/v2\/pages\/3885","targetHints":{"allow":["GET"]}}],"collection":[{"href":"https:\/\/swisslasik.ch\/tr\/wp-json\/wp\/v2\/pages"}],"about":[{"href":"https:\/\/swisslasik.ch\/tr\/wp-json\/wp\/v2\/types\/page"}],"author":[{"embeddable":true,"href":"https:\/\/swisslasik.ch\/tr\/wp-json\/wp\/v2\/users\/4"}],"replies":[{"embeddable":true,"href":"https:\/\/swisslasik.ch\/tr\/wp-json\/wp\/v2\/comments?post=3885"}],"version-history":[{"count":2,"href":"https:\/\/swisslasik.ch\/tr\/wp-json\/wp\/v2\/pages\/3885\/revisions"}],"predecessor-version":[{"id":4703,"href":"https:\/\/swisslasik.ch\/tr\/wp-json\/wp\/v2\/pages\/3885\/revisions\/4703"}],"up":[{"embeddable":true,"href":"https:\/\/swisslasik.ch\/tr\/wp-json\/wp\/v2\/pages\/3801"}],"wp:attachment":[{"href":"https:\/\/swisslasik.ch\/tr\/wp-json\/wp\/v2\/media?parent=3885"}],"curies":[{"name":"wp","href":"https:\/\/api.w.org\/{rel}","templated":true}]}}