{"id":3887,"date":"2025-09-24T11:56:17","date_gmt":"2025-09-24T10:56:17","guid":{"rendered":"https:\/\/swisslasik.ch\/hasta-yorumlari-lasik-goez-lazeri\/istanbulda-porselen-kaplama-tedavisi-deneyim-raporu-31-ekim-2015-cumartesi-tarihli-rapor\/"},"modified":"2026-01-14T02:39:21","modified_gmt":"2026-01-14T01:39:21","slug":"istanbulda-porselen-kaplama-tedavisi-deneyim-raporu-31-ekim-2015-cumartesi-tarihli-rapor","status":"publish","type":"page","link":"https:\/\/swisslasik.ch\/tr\/hasta-yorumlari-lasik-goez-lazeri\/istanbulda-porselen-kaplama-tedavisi-deneyim-raporu-31-ekim-2015-cumartesi-tarihli-rapor\/","title":{"rendered":"\u0130stanbul&#8217;da porselen kaplama tedavisi deneyim raporu \u2013 31 Ekim 2015 Cumartesi tarihli rapor"},"content":{"rendered":"\n<h3 class=\"wp-block-heading\">\u0130stanbul&#8217;da porselen kaplama tedavisi deneyim raporu \u2013 31 Ekim 2015 Cumartesi tarihli rapor<\/h3>\n\n<p>Haziran ay\u0131nda Bern&#8217;de Dr. \u00d6zt\u00fcrk ile \u0130stanbul&#8217;daki di\u015f tedavisi hakk\u0131nda bir g\u00f6r\u00fc\u015fme ger\u00e7ekle\u015ftirdim.<\/p>\n\n<p>Kaza sonucu \u00e7ene kemiklerimde olu\u015fan koyu renk de\u011fi\u015fimi nedeniyle bana 8 adet seramik kaplama \u00f6nerdi.<\/p>\n\n<p>Doktor \u00d6zt\u00fcrk, di\u015flerimi \u00e7ok yak\u0131ndan muayene etmek i\u00e7in yan\u0131nda steril aletler bulundurdu.<\/p>\n\n<p>Randevu planlamas\u0131yla ilgili uzun s\u00fcren g\u00f6r\u00fc\u015fmeler ve bir\u00e7ok sorudan sonra, kendili\u011finden ve k\u0131sa bir s\u00fcre \u00f6nce (randevudan 1 hafta \u00f6nce) tedaviyi T\u00fcrkiye&#8217;de yapt\u0131rmaya karar verdim. K\u0131sa s\u00fcreye ra\u011fmen her \u015feyin m\u00fckemmel bir \u015fekilde organize edilmi\u015f olmas\u0131 beni \u00e7ok mutlu etti! <\/p>\n\n<p>Onay\u0131m\u0131n hemen ard\u0131ndan seyahatimle ilgili t\u00fcm bilgi ve belgeleri ald\u0131m.<\/p>\n\n<p>Pazar ak\u015fam\u0131 \u0130stanbul&#8217;a vard\u0131\u011f\u0131mda yakla\u015f\u0131k 40 dakika gecikmi\u015ftim. Di\u011fer hastalar ara\u00e7ta beklerken, servis arac\u0131 beni bekledi. <\/p>\n\n<p>Ertesi sabah otelden 5 dakikadan k\u0131sa bir mesafede oldu\u011fu i\u00e7in klini\u011fe y\u00fcr\u00fcyerek gittim.<\/p>\n\n<p>\u00c7ok s\u0131cak bir kar\u015f\u0131lama ald\u0131m. Ba\u015flang\u0131\u00e7ta, di\u011fer hastalarla ilgilendi\u011fi i\u00e7in terc\u00fcman\u0131m yoktu. Ancak di\u015f hekimi m\u00fckemmel \u0130ngilizce konu\u015ftu\u011fu i\u00e7in bu benim i\u00e7in sorun olmad\u0131.  <\/p>\n\n<p>Tedavi s\u00fcrecini ve sonraki ad\u0131mlar\u0131 bana ayr\u0131nt\u0131l\u0131 ve sab\u0131rl\u0131 bir \u015fekilde a\u00e7\u0131klad\u0131 ve isteklerimi dikkate ald\u0131.<\/p>\n\n<p>Di\u015flerim t\u00f6rp\u00fclendikten ve \u00f6l\u00e7\u00fcleri al\u0131nd\u0131ktan sonra, bir sonraki randevum \u00c7ar\u015famba g\u00fcn\u00fc oldu\u011fu i\u00e7in ge\u00e7ici bir kaplama tak\u0131ld\u0131.<\/p>\n\n<p>\u0130stanbul&#8217;u ke\u015ffetmek i\u00e7in 2,5 g\u00fcn\u00fcm vard\u0131. Ba\u015flang\u0131\u00e7ta, bir kad\u0131n olarak \u0130stanbul&#8217;a yaln\u0131z seyahat etmekten korkuyordum, ancak bu korku h\u0131zla ge\u00e7ti. <\/p>\n\n<p>Otelden genellikle tek ba\u015f\u0131ma y\u00fcr\u00fcrd\u00fcm, \u00f6rne\u011fin Taksim Meydan\u0131&#8217;na veya Cevahir al\u0131\u015fveri\u015f merkezine. Yan\u0131mda \u015fehir haritas\u0131 vard\u0131, b\u00f6ylece insanlardan yol tarifi isteyebiliyordum (herkes \u00e7ok yard\u0131mc\u0131yd\u0131, sadece T\u00fcrk\u00e7e konu\u015fsalar bile :)). Kendimi asla g\u00fcvensiz hissetmedim ve \u00e7ok rahat dola\u015ft\u0131m.  <\/p>\n\n<p>\u00c7ar\u015famba ve Per\u015fembe g\u00fcnleri di\u015f kaplamalar\u0131m\u0131n tekrar tak\u0131lmas\u0131 i\u00e7in randevum vard\u0131 ve arada bolca vaktim oldu, bu s\u00fcre zarf\u0131nda da gezilecek yerleri ziyaret ettim.<\/p>\n\n<p>Cuma g\u00fcn\u00fc nihayet o g\u00fcn geldi ve kaplamalar uyguland\u0131. Cumartesi sabah\u0131 ise kontrol randevum vard\u0131. <\/p>\n\n<p>Ve sonu\u00e7 tek kelimeyle M\u00dcKEMMEL!<\/p>\n\n<p>MedicalTravel \u00fczerinden tekrar randevu al\u0131r\u0131m ve \u0130stanbul&#8217;da Dr. \u00d6zt\u00fcrk taraf\u0131ndan tedavi edilirim, herkese tavsiye ederim!<\/p>\n\n<p>MedicalTravel&#8217;\u0131n sundu\u011fu sorunsuz ve m\u00fckemmel hizmet i\u00e7in \u00e7ok te\u015fekk\u00fcr ederim!<\/p>\n\n<p>Sayg\u0131lar\u0131mla<\/p>\n\n<p>Reina Rajane<\/p>\n\n<div class=\"wp-block-group is-layout-grid wp-container-core-group-is-layout-baef362d wp-block-group-is-layout-grid\">\n<p><a href=\"https:\/\/medicaltravel.at\/home\/agb\/\" data-type=\"page\" data-id=\"2191\" rel=\"nofollow noopener\" target=\"_blank\"><\/a><a href=\"https:\/\/swisslasik.ch\/tr\/hasta-yorumlari-lasik-goez-lazeri\/tuerkiyede-lazer-goez-ameliyati-deneyim-raporu-6-kasim-2015-cuma-tarihli-rapor\/\" data-type=\"link\" data-id=\"https:\/\/swisslasik.ch\/patientenberichte-lasik\/erfahrungsbericht-augenlasern-in-der-turkei-bericht-vom-freitag-06-november-2015\/\">\u00d6nceki rapor<\/a><\/p>\n\n\n\n<p class=\"has-text-align-right wp-container-content-5e2576f9\"><a href=\"https:\/\/medicaltravel.at\/home\/impressum\/\" data-type=\"page\" data-id=\"2193\" rel=\"nofollow noopener\" target=\"_blank\"><\/a><a href=\"https:\/\/medicaltravel.at\/home\/berichte-von-patienten\/erfahrungsberichte\/erfahrungsbericht-zahnbehandlung-in-istanbul\/\" data-type=\"page\" data-id=\"981\" rel=\"nofollow noopener\" target=\"_blank\"><\/a><a href=\"https:\/\/swisslasik.ch\/tr\/hasta-yorumlari-lasik-goez-lazeri\/deneyim-raporu-istanbul-tuerkiyede-sac-ekimi-28-ekim-2015-carsamba-tarihli-rapor\/\" data-type=\"link\" data-id=\"https:\/\/swisslasik.ch\/patientenberichte-lasik\/erfahrungsbericht-eigenhaarverpflanzung-in-istanbul-turkei-bericht-vom-mittwoch-28-oktober-2015\/\">Sonraki rapor<\/a><\/p>\n<\/div>\n","protected":false},"excerpt":{"rendered":"<p>\u0130stanbul&#8217;da porselen kaplama tedavisi deneyim raporu \u2013 31 Ekim 2015 Cumartesi tarihli rapor Haziran ay\u0131nda Bern&#8217;de Dr. \u00d6zt\u00fcrk ile \u0130stanbul&#8217;daki di\u015f tedavisi hakk\u0131nda bir g\u00f6r\u00fc\u015fme ger\u00e7ekle\u015ftirdim. Kaza sonucu \u00e7ene kemiklerimde olu\u015fan koyu renk de\u011fi\u015fimi nedeniyle bana 8 adet seramik kaplama \u00f6nerdi. Doktor \u00d6zt\u00fcrk, di\u015flerimi \u00e7ok yak\u0131ndan muayene etmek i\u00e7in yan\u0131nda steril aletler bulundurdu. Randevu planlamas\u0131yla ilgili uzun s\u00fcren g\u00f6r\u00fc\u015fmeler ve bir\u00e7ok sorudan sonra, kendili\u011finden ve k\u0131sa bir s\u00fcre \u00f6nce (randevudan 1 hafta \u00f6nce) tedaviyi T\u00fcrkiye&#8217;de yapt\u0131rmaya karar verdim. K\u0131sa s\u00fcreye ra\u011fmen her \u015feyin m\u00fckemmel bir \u015fekilde organize edilmi\u015f olmas\u0131 beni \u00e7ok mutlu etti! Onay\u0131m\u0131n hemen ard\u0131ndan seyahatimle ilgili t\u00fcm bilgi ve belgeleri ald\u0131m. Pazar ak\u015fam\u0131 \u0130stanbul&#8217;a vard\u0131\u011f\u0131mda yakla\u015f\u0131k 40 dakika gecikmi\u015ftim. Di\u011fer hastalar ara\u00e7ta beklerken, servis arac\u0131 beni bekledi. Ertesi sabah otelden 5 dakikadan k\u0131sa bir mesafede oldu\u011fu i\u00e7in klini\u011fe y\u00fcr\u00fcyerek gittim. \u00c7ok s\u0131cak bir kar\u015f\u0131lama ald\u0131m. Ba\u015flang\u0131\u00e7ta, di\u011fer hastalarla ilgilendi\u011fi i\u00e7in terc\u00fcman\u0131m yoktu. Ancak di\u015f hekimi m\u00fckemmel \u0130ngilizce konu\u015ftu\u011fu i\u00e7in bu benim i\u00e7in sorun olmad\u0131. Tedavi s\u00fcrecini ve sonraki ad\u0131mlar\u0131 bana ayr\u0131nt\u0131l\u0131 ve sab\u0131rl\u0131 bir \u015fekilde a\u00e7\u0131klad\u0131 ve isteklerimi dikkate ald\u0131. Di\u015flerim t\u00f6rp\u00fclendikten ve \u00f6l\u00e7\u00fcleri al\u0131nd\u0131ktan sonra, bir sonraki randevum \u00c7ar\u015famba g\u00fcn\u00fc oldu\u011fu i\u00e7in ge\u00e7ici bir kaplama tak\u0131ld\u0131. \u0130stanbul&#8217;u ke\u015ffetmek i\u00e7in 2,5 g\u00fcn\u00fcm vard\u0131. Ba\u015flang\u0131\u00e7ta, bir kad\u0131n olarak \u0130stanbul&#8217;a yaln\u0131z seyahat etmekten korkuyordum, ancak bu korku h\u0131zla ge\u00e7ti. Otelden genellikle tek ba\u015f\u0131ma y\u00fcr\u00fcrd\u00fcm, \u00f6rne\u011fin Taksim Meydan\u0131&#8217;na veya Cevahir al\u0131\u015fveri\u015f merkezine. Yan\u0131mda \u015fehir haritas\u0131 vard\u0131, b\u00f6ylece insanlardan yol tarifi isteyebiliyordum (herkes \u00e7ok yard\u0131mc\u0131yd\u0131, sadece T\u00fcrk\u00e7e konu\u015fsalar bile :)). Kendimi asla g\u00fcvensiz hissetmedim ve \u00e7ok rahat dola\u015ft\u0131m. \u00c7ar\u015famba ve Per\u015fembe g\u00fcnleri di\u015f kaplamalar\u0131m\u0131n tekrar tak\u0131lmas\u0131 i\u00e7in randevum vard\u0131 ve arada bolca vaktim oldu, bu s\u00fcre zarf\u0131nda da gezilecek yerleri ziyaret ettim. Cuma g\u00fcn\u00fc nihayet o g\u00fcn geldi ve kaplamalar uyguland\u0131. Cumartesi sabah\u0131 ise kontrol randevum vard\u0131. Ve sonu\u00e7 tek kelimeyle M\u00dcKEMMEL! MedicalTravel \u00fczerinden tekrar randevu al\u0131r\u0131m ve \u0130stanbul&#8217;da Dr. \u00d6zt\u00fcrk taraf\u0131ndan tedavi edilirim, herkese tavsiye ederim! MedicalTravel&#8217;\u0131n sundu\u011fu sorunsuz ve m\u00fckemmel hizmet i\u00e7in \u00e7ok te\u015fekk\u00fcr ederim! Sayg\u0131lar\u0131mla Reina Rajane \u00d6nceki rapor Sonraki rapor<\/p>\n","protected":false},"author":4,"featured_media":0,"parent":3801,"menu_order":0,"comment_status":"closed","ping_status":"closed","template":"","meta":{"_joinchat":[],"footnotes":""},"class_list":["post-3887","page","type-page","status-publish","hentry"],"acf":[],"_links":{"self":[{"href":"https:\/\/swisslasik.ch\/tr\/wp-json\/wp\/v2\/pages\/3887","targetHints":{"allow":["GET"]}}],"collection":[{"href":"https:\/\/swisslasik.ch\/tr\/wp-json\/wp\/v2\/pages"}],"about":[{"href":"https:\/\/swisslasik.ch\/tr\/wp-json\/wp\/v2\/types\/page"}],"author":[{"embeddable":true,"href":"https:\/\/swisslasik.ch\/tr\/wp-json\/wp\/v2\/users\/4"}],"replies":[{"embeddable":true,"href":"https:\/\/swisslasik.ch\/tr\/wp-json\/wp\/v2\/comments?post=3887"}],"version-history":[{"count":1,"href":"https:\/\/swisslasik.ch\/tr\/wp-json\/wp\/v2\/pages\/3887\/revisions"}],"predecessor-version":[{"id":3888,"href":"https:\/\/swisslasik.ch\/tr\/wp-json\/wp\/v2\/pages\/3887\/revisions\/3888"}],"up":[{"embeddable":true,"href":"https:\/\/swisslasik.ch\/tr\/wp-json\/wp\/v2\/pages\/3801"}],"wp:attachment":[{"href":"https:\/\/swisslasik.ch\/tr\/wp-json\/wp\/v2\/media?parent=3887"}],"curies":[{"name":"wp","href":"https:\/\/api.w.org\/{rel}","templated":true}]}}