{"id":3897,"date":"2025-09-24T12:01:25","date_gmt":"2025-09-24T11:01:25","guid":{"rendered":"https:\/\/swisslasik.ch\/hasta-yorumlari-lasik-goez-lazeri\/sadece-sunu-soeyleyebilirim-her-sey-muekemmeldi-24-haziran-2015-carsamba-tarihli-rapor\/"},"modified":"2026-01-14T02:42:29","modified_gmt":"2026-01-14T01:42:29","slug":"sadece-sunu-soeyleyebilirim-her-sey-muekemmeldi-24-haziran-2015-carsamba-tarihli-rapor","status":"publish","type":"page","link":"https:\/\/swisslasik.ch\/tr\/hasta-yorumlari-lasik-goez-lazeri\/sadece-sunu-soeyleyebilirim-her-sey-muekemmeldi-24-haziran-2015-carsamba-tarihli-rapor\/","title":{"rendered":"Sadece \u015funu s\u00f6yleyebilirim, her \u015fey m\u00fckemmeldi!!!! \u2013 24 Haziran 2015 \u00c7ar\u015famba tarihli rapor"},"content":{"rendered":"\n<h3 class=\"wp-block-heading\">Sadece \u015funu s\u00f6yleyebilirim, her \u015fey m\u00fckemmeldi!!!! \u2013 24 Haziran 2015 \u00c7ar\u015famba tarihli rapor<\/h3>\n\n\n\n<p>Ge\u00e7en y\u0131l lazer g\u00f6z ameliyat\u0131 olmak istiyordum ama h\u00e2l\u00e2 cesaretim yoktu. Bu y\u0131l sonunda karar verip yapt\u0131rd\u0131m. \u0130stanbul&#8217;da yapt\u0131rmak istedi\u011fime ikna olmu\u015ftum. Birka\u00e7 meslekta\u015f\u0131m \u0130stanbul&#8217;daki g\u00f6z ameliyatlar\u0131ndan \u00e7ok memnun kalm\u0131\u015ft\u0131, ancak Swisslasik \u00fczerinden randevu almam\u0131\u015flard\u0131.     <\/p>\n\n\n\n<p>Google&#8217;da bana tavsiye edilen klini\u011fi arad\u0131m ve hemen oraya kay\u0131t olmak istedim. Ama i\u00e7g\u00fcd\u00fclerim bana biraz daha ara\u015ft\u0131rma yap\u0131p kar\u015f\u0131la\u015ft\u0131rma yapmam gerekti\u011fini s\u00f6yledi. K\u0131sa s\u00fcre sonra Swisslasik web sitesine rastlad\u0131m ve t\u0131klad\u0131m. \u0130\u00e7g\u00fcd\u00fclerim \u00e7ok olumluydu. Onlarla ileti\u015fime ge\u00e7tim ve t\u00fcm \u00f6nemli bilgileri i\u00e7eren net bir e-posta ald\u0131m. B\u00f6ylece do\u011fru karar\u0131 verdi\u011fime ikna olarak randevu ald\u0131m.     <\/p>\n\n\n\n<p>\u015eimdi, pazartesi g\u00fcn\u00fcne geriye d\u00f6n\u00fcp bakt\u0131\u011f\u0131mda, bunun en do\u011fru karar\u0131m oldu\u011funu do\u011frulayabilirim.<\/p>\n\n\n\n<p>M\u00fckemmel hizmet, havaalan\u0131nda ba\u015flad\u0131. Transfer kusursuzdu. Otel benim i\u00e7in &#8220;standart&#8221; bir oteldi; konumu m\u00fckemmeldi, ancak otelin kendisini \u00f6zellikle be\u011fenmedim. Ama bu bir sorun de\u011fildi, \u00e7\u00fcnk\u00fc bir hafta oradayd\u0131m ve sadece uyuyacak bir yere ihtiyac\u0131m vard\u0131. Zaten g\u00fcn boyunca d\u0131\u015far\u0131da oluyorsunuz.    <\/p>\n\n\n\n<p>Klini\u011fe al\u0131nmam\u0131z da \u00e7ok sorunsuz ger\u00e7ekle\u015fti. \u015eof\u00f6r son derece nazik ve dakikti. Klini\u011fin d\u0131\u015f\u0131nda \u00e7ok g\u00fczel bir oyun alan\u0131 vard\u0131; ben muayene edilirken ve ameliyat olurken e\u015fim k\u0131z\u0131m\u0131zla orada vakit ge\u00e7irebildi. Klinik i\u00e7indeki muayeneler problemsiz ve \u00e7ok h\u0131zl\u0131 ilerledi. Ayn\u0131 g\u00fcn \u00f6\u011fleden sonra ameliyat\u0131m yap\u0131ld\u0131 ve o da \u00e7ok ba\u015far\u0131l\u0131 ge\u00e7ti. Doktorlar ve Almanca konu\u015fan rehber son derece yetkin ki\u015filerdi. Kimseyi ortada b\u0131rakm\u0131yorlar. A\u00e7\u0131k\u00e7as\u0131 s\u00f6ylemek gerekirse, \u0130svi\u00e7re\u2019de b\u00f6yle bir hizmeti kesinlikle alamazs\u0131n\u0131z. \u00d6zel bir klinikte bile bu seviyede bir hizmet sunulmaz. Ertesi g\u00fcn yap\u0131lan kontrol muayenesi de \u00e7ok iyi ge\u00e7ti.           <\/p>\n\n\n\n<p>Sadece \u015funu s\u00f6yleyebilirim, her \u015fey m\u00fckemmeldi!!!! Swisslasik&#8217;i se\u00e7ti\u011fim i\u00e7in \u00e7ok mutluyum. Herkese tavsiye edebilirim. Hatta 10&#8217;dan fazla ki\u015fiye zaten tavsiye ettim ve konaklamalar\u0131ndan ve tedavilerinden pi\u015fman olmayacaklar\u0131n\u0131n garantisini veriyorum \u2013 tam tersine.   <\/p>\n\n\n\n<p>Patrizia Porcelli, Haziran 2015<\/p>\n\n\n\n<figure class=\"wp-block-image size-full\"><img decoding=\"async\" width=\"120\" height=\"90\" src=\"https:\/\/swisslasik.ch\/wp-content\/uploads\/2025\/09\/csm_IMG_1745_a86784f737.jpg\" alt=\"\" class=\"wp-image-374\"\/><\/figure>\n\n\n\n<figure class=\"wp-block-image size-full\"><img fetchpriority=\"high\" decoding=\"async\" width=\"300\" height=\"399\" src=\"https:\/\/swisslasik.ch\/wp-content\/uploads\/2025\/09\/RTEmagicC_IMG_1011.JPG.jpg\" alt=\"\" class=\"wp-image-375\" srcset=\"https:\/\/swisslasik.ch\/wp-content\/uploads\/2025\/09\/RTEmagicC_IMG_1011.JPG.jpg 300w, https:\/\/swisslasik.ch\/wp-content\/uploads\/2025\/09\/RTEmagicC_IMG_1011.JPG-226x300.jpg 226w\" sizes=\"(max-width: 300px) 100vw, 300px\" \/><\/figure>\n\n\n\n<figure class=\"wp-block-image size-full\"><img decoding=\"async\" width=\"300\" height=\"225\" src=\"https:\/\/swisslasik.ch\/wp-content\/uploads\/2025\/09\/RTEmagicC_IMG_1745.JPG.jpg\" alt=\"\" class=\"wp-image-376\"\/><\/figure>\n\n\n\n<figure class=\"wp-block-image size-full\"><img loading=\"lazy\" decoding=\"async\" width=\"300\" height=\"225\" src=\"https:\/\/swisslasik.ch\/wp-content\/uploads\/2025\/09\/RTEmagicC_IMG_1844.JPG.jpg\" alt=\"\" class=\"wp-image-377\"\/><\/figure>\n\n\n\n<div class=\"wp-block-group is-layout-grid wp-container-core-group-is-layout-baef362d wp-block-group-is-layout-grid\">\n<p><a href=\"https:\/\/medicaltravel.at\/home\/agb\/\" data-type=\"page\" data-id=\"2191\" rel=\"nofollow noopener\" target=\"_blank\"><\/a><a href=\"https:\/\/swisslasik.ch\/tr\/hasta-yorumlari-lasik-goez-lazeri\/istanbulda-sac-ekimi-operasyonumdan-bir-rapor-10-agustos-2015-pazartesi\/\" data-type=\"link\" data-id=\"https:\/\/swisslasik.ch\/tr\/hasta-yorumlari-lasik-goez-lazeri\/istanbulda-sac-ekimi-operasyonumdan-bir-rapor-10-agustos-2015-pazartesi\/\">\u00d6nceki rapor<\/a><\/p>\n\n\n\n<p class=\"has-text-align-right wp-container-content-5e2576f9\"><a href=\"https:\/\/medicaltravel.at\/home\/impressum\/\" data-type=\"page\" data-id=\"2193\" rel=\"nofollow noopener\" target=\"_blank\"><\/a><a href=\"https:\/\/medicaltravel.at\/home\/berichte-von-patienten\/erfahrungsberichte\/erfahrungsbericht-zahnbehandlung-in-istanbul\/\" data-type=\"page\" data-id=\"981\" rel=\"nofollow noopener\" target=\"_blank\"><\/a><a href=\"https:\/\/swisslasik.ch\/tr\/hasta-yorumlari-lasik-goez-lazeri\/istanbuldaki-ortodontik-tedavimle-ilgili-deneyim-raporum-23-haziran-2015-sali-tarihli-rapor\/\" data-type=\"link\" data-id=\"https:\/\/swisslasik.ch\/patientenberichte-lasik\/der-erfahrungsbericht-fur-meine-zahnkorrektur-in-istanbul-bericht-vom-dienstag-23-juni-2015\/\">Sonraki rapor<\/a><\/p>\n<\/div>\n","protected":false},"excerpt":{"rendered":"<p>Sadece \u015funu s\u00f6yleyebilirim, her \u015fey m\u00fckemmeldi!!!! \u2013 24 Haziran 2015 \u00c7ar\u015famba tarihli rapor Ge\u00e7en y\u0131l lazer g\u00f6z ameliyat\u0131 olmak istiyordum ama h\u00e2l\u00e2 cesaretim yoktu. Bu y\u0131l sonunda karar verip yapt\u0131rd\u0131m. \u0130stanbul&#8217;da yapt\u0131rmak istedi\u011fime ikna olmu\u015ftum. Birka\u00e7 meslekta\u015f\u0131m \u0130stanbul&#8217;daki g\u00f6z ameliyatlar\u0131ndan \u00e7ok memnun kalm\u0131\u015ft\u0131, ancak Swisslasik \u00fczerinden randevu almam\u0131\u015flard\u0131. Google&#8217;da bana tavsiye edilen klini\u011fi arad\u0131m ve hemen oraya kay\u0131t olmak istedim. Ama i\u00e7g\u00fcd\u00fclerim bana biraz daha ara\u015ft\u0131rma yap\u0131p kar\u015f\u0131la\u015ft\u0131rma yapmam gerekti\u011fini s\u00f6yledi. K\u0131sa s\u00fcre sonra Swisslasik web sitesine rastlad\u0131m ve t\u0131klad\u0131m. \u0130\u00e7g\u00fcd\u00fclerim \u00e7ok olumluydu. Onlarla ileti\u015fime ge\u00e7tim ve t\u00fcm \u00f6nemli bilgileri i\u00e7eren net bir e-posta ald\u0131m. B\u00f6ylece do\u011fru karar\u0131 verdi\u011fime ikna olarak randevu ald\u0131m. \u015eimdi, pazartesi g\u00fcn\u00fcne geriye d\u00f6n\u00fcp bakt\u0131\u011f\u0131mda, bunun en do\u011fru karar\u0131m oldu\u011funu do\u011frulayabilirim. M\u00fckemmel hizmet, havaalan\u0131nda ba\u015flad\u0131. Transfer kusursuzdu. Otel benim i\u00e7in &#8220;standart&#8221; bir oteldi; konumu m\u00fckemmeldi, ancak otelin kendisini \u00f6zellikle be\u011fenmedim. Ama bu bir sorun de\u011fildi, \u00e7\u00fcnk\u00fc bir hafta oradayd\u0131m ve sadece uyuyacak bir yere ihtiyac\u0131m vard\u0131. Zaten g\u00fcn boyunca d\u0131\u015far\u0131da oluyorsunuz. Klini\u011fe al\u0131nmam\u0131z da \u00e7ok sorunsuz ger\u00e7ekle\u015fti. \u015eof\u00f6r son derece nazik ve dakikti. Klini\u011fin d\u0131\u015f\u0131nda \u00e7ok g\u00fczel bir oyun alan\u0131 vard\u0131; ben muayene edilirken ve ameliyat olurken e\u015fim k\u0131z\u0131m\u0131zla orada vakit ge\u00e7irebildi. Klinik i\u00e7indeki muayeneler problemsiz ve \u00e7ok h\u0131zl\u0131 ilerledi. Ayn\u0131 g\u00fcn \u00f6\u011fleden sonra ameliyat\u0131m yap\u0131ld\u0131 ve o da \u00e7ok ba\u015far\u0131l\u0131 ge\u00e7ti. Doktorlar ve Almanca konu\u015fan rehber son derece yetkin ki\u015filerdi. Kimseyi ortada b\u0131rakm\u0131yorlar. A\u00e7\u0131k\u00e7as\u0131 s\u00f6ylemek gerekirse, \u0130svi\u00e7re\u2019de b\u00f6yle bir hizmeti kesinlikle alamazs\u0131n\u0131z. \u00d6zel bir klinikte bile bu seviyede bir hizmet sunulmaz. Ertesi g\u00fcn yap\u0131lan kontrol muayenesi de \u00e7ok iyi ge\u00e7ti. Sadece \u015funu s\u00f6yleyebilirim, her \u015fey m\u00fckemmeldi!!!! Swisslasik&#8217;i se\u00e7ti\u011fim i\u00e7in \u00e7ok mutluyum. Herkese tavsiye edebilirim. Hatta 10&#8217;dan fazla ki\u015fiye zaten tavsiye ettim ve konaklamalar\u0131ndan ve tedavilerinden pi\u015fman olmayacaklar\u0131n\u0131n garantisini veriyorum \u2013 tam tersine. Patrizia Porcelli, Haziran 2015 \u00d6nceki rapor Sonraki rapor<\/p>\n","protected":false},"author":4,"featured_media":0,"parent":3801,"menu_order":0,"comment_status":"closed","ping_status":"closed","template":"","meta":{"_joinchat":[],"footnotes":""},"class_list":["post-3897","page","type-page","status-publish","hentry"],"acf":[],"_links":{"self":[{"href":"https:\/\/swisslasik.ch\/tr\/wp-json\/wp\/v2\/pages\/3897","targetHints":{"allow":["GET"]}}],"collection":[{"href":"https:\/\/swisslasik.ch\/tr\/wp-json\/wp\/v2\/pages"}],"about":[{"href":"https:\/\/swisslasik.ch\/tr\/wp-json\/wp\/v2\/types\/page"}],"author":[{"embeddable":true,"href":"https:\/\/swisslasik.ch\/tr\/wp-json\/wp\/v2\/users\/4"}],"replies":[{"embeddable":true,"href":"https:\/\/swisslasik.ch\/tr\/wp-json\/wp\/v2\/comments?post=3897"}],"version-history":[{"count":2,"href":"https:\/\/swisslasik.ch\/tr\/wp-json\/wp\/v2\/pages\/3897\/revisions"}],"predecessor-version":[{"id":4710,"href":"https:\/\/swisslasik.ch\/tr\/wp-json\/wp\/v2\/pages\/3897\/revisions\/4710"}],"up":[{"embeddable":true,"href":"https:\/\/swisslasik.ch\/tr\/wp-json\/wp\/v2\/pages\/3801"}],"wp:attachment":[{"href":"https:\/\/swisslasik.ch\/tr\/wp-json\/wp\/v2\/media?parent=3897"}],"curies":[{"name":"wp","href":"https:\/\/api.w.org\/{rel}","templated":true}]}}