{"id":3903,"date":"2025-09-24T11:59:10","date_gmt":"2025-09-24T10:59:10","guid":{"rendered":"https:\/\/swisslasik.ch\/hasta-yorumlari-lasik-goez-lazeri\/istanbul-tuerkiyede-meme-diklestirme-ameliyati-hakkindaki-yorumlar-27-agustos-2015-persembe-tarihli-rapor\/"},"modified":"2026-01-14T02:41:07","modified_gmt":"2026-01-14T01:41:07","slug":"istanbul-tuerkiyede-meme-diklestirme-ameliyati-hakkindaki-yorumlar-27-agustos-2015-persembe-tarihli-rapor","status":"publish","type":"page","link":"https:\/\/swisslasik.ch\/tr\/hasta-yorumlari-lasik-goez-lazeri\/istanbul-tuerkiyede-meme-diklestirme-ameliyati-hakkindaki-yorumlar-27-agustos-2015-persembe-tarihli-rapor\/","title":{"rendered":"\u0130stanbul, T\u00fcrkiye&#8217;de meme dikle\u015ftirme ameliyat\u0131 hakk\u0131ndaki yorumlar \u2013 27 A\u011fustos 2015 Per\u015fembe tarihli rapor"},"content":{"rendered":"\n<h3 class=\"wp-block-heading\">\u0130stanbul, T\u00fcrkiye&#8217;de meme dikle\u015ftirme ameliyat\u0131 hakk\u0131ndaki yorumlar \u2013 27 A\u011fustos 2015 Per\u015fembe tarihli rapor<\/h3>\n\n\n\n<p>Uzun zamand\u0131r g\u00fczel g\u00f6\u011f\u00fcslere sahip olmay\u0131 istiyordum. Bu y\u00fczden internette arama yapt\u0131m ve MedicalTravel&#8217;a rastlad\u0131m. <\/p>\n\n\n\n<p>K\u0131sa bir s\u00fcre sonra e-posta yoluyla ileti\u015fime ge\u00e7tim ve \u00e7ok h\u0131zl\u0131 bir \u015fekilde Z\u00fcrih\u2019te bir dan\u0131\u015fmanl\u0131k g\u00f6r\u00fc\u015fmesi i\u00e7in randevu i\u00e7eren bir yan\u0131t ald\u0131m. Bu benim i\u00e7in \u00e7ok yard\u0131mc\u0131 oldu. Samimi kar\u015f\u0131lama, iyi organizasyon ve \u00f6zellikle de t\u00fcm a\u00e7\u0131k sorular\u0131m\u0131 yan\u0131tlayan tedavi edici doktor, bu firmayla \u00e7al\u0131\u015fmaya karar vermem ve hayalimi \u0130stanbul\u2019da ger\u00e7ekle\u015ftirmem i\u00e7in bana cesaret verdi.  <\/p>\n\n\n\n<p>K\u0131sa bir d\u00fc\u015f\u00fcnme s\u00fcrecinin ard\u0131ndan bu ameliyat\u0131 yapt\u0131rmak istedi\u011fimi onaylad\u0131m. Benim i\u00e7in her \u015fey \u00e7ok h\u0131zl\u0131 bir \u015fekilde organize edildi. U\u00e7aktan otele kadar her \u015fey kusursuz bir \u015fekilde ayarlanm\u0131\u015ft\u0131; ayr\u0131ca saat, yer ve tarih bilgilerini i\u00e7eren, \u0130stanbul\u2019un en g\u00fczel turistik yerlerinin de yer ald\u0131\u011f\u0131, bana \u00f6zel haz\u0131rlanm\u0131\u015f bir randevu ve bilgilendirme kitap\u00e7\u0131\u011f\u0131 da verildi.<br>  <\/p>\n\n\n\n<p>Nisan ay\u0131 geldi ve g\u00fczel \u0130stanbul\u2019a do\u011fru yolculuk ba\u015flad\u0131. Havaalan\u0131na vard\u0131\u011f\u0131m\u0131zda (bir arkada\u015f\u0131m bana e\u015flik ediyordu) g\u00fcler y\u00fczle kar\u015f\u0131land\u0131k ve otele g\u00f6t\u00fcr\u00fcld\u00fck. Otele vard\u0131ktan sonra da g\u00fcvenli ve sorunsuz bir \u015fekilde ula\u015f\u0131p ula\u015fmad\u0131\u011f\u0131m\u0131z\u0131 teyit etmek i\u00e7in tekrar arand\u0131m ve ertesi g\u00fcnle ilgili kalan bilgiler konu\u015fuldu.  <\/p>\n\n\n\n<p>Ertesi g\u00fcn (ameliyat g\u00fcn\u00fc) transfer ile do\u011frudan hastaneye g\u00f6t\u00fcr\u00fcld\u00fck. Orada da herkes \u00e7ok nazik ve profesyoneldi. Bize Almanca konu\u015fan bir terc\u00fcman tahsis edildi. Bu han\u0131mefendi ger\u00e7ekten harikayd\u0131.   <\/p>\n\n\n\n<p>Doktor taraf\u0131ndan (Z\u00fcrih\u2019te tan\u0131\u015ft\u0131\u011f\u0131m ayn\u0131 doktor) tekrar muayene edildim. Profesyonel yakla\u015f\u0131m\u0131 sayesinde ona tamamen g\u00fcvendim; bu i\u015flemi ilk kez yapmad\u0131\u011f\u0131n\u0131 bana a\u00e7\u0131k\u00e7a hissettirdi. <\/p>\n\n\n\n<p>Ameliyat tamamland\u0131ktan sonra odama al\u0131nd\u0131m. A\u011fr\u0131lar olduk\u00e7a \u015fiddetliydi ancak hastane personeli benimle \u00e7ok iyi ilgilendi. Refakat\u00e7imle de \u00e7ok iyi ilgilenildi. \u0130svi\u00e7re\u2019de bunun pek m\u00fcmk\u00fcn olaca\u011f\u0131n\u0131 sanm\u0131yorum.   <\/p>\n\n\n\n<p>2 g\u00fcn sonra yeniden aya\u011fa kalkt\u0131m ve hatta g\u00fczel \u0130stanbul\u2019u gezebilecek kadar kendimi g\u00fc\u00e7l\u00fc hissettim. Bu kadar k\u0131sa s\u00fcrede toparlanabilece\u011fimi hi\u00e7 d\u00fc\u015f\u00fcnmezdim. <\/p>\n\n\n\n<p>Orada bir hafta kald\u0131k. Son g\u00fcn doktorla bir kez daha kontrol yap\u0131ld\u0131. Terc\u00fcman her zaman bize e\u015flik etti. Doktor, \u0130svi\u00e7re\u2019ye d\u00f6n\u00fc\u015f u\u00e7u\u015fu i\u00e7in bana onay verdi.   <\/p>\n\n\n\n<p>Eve d\u00f6nd\u00fckten sonra elbette kendime dikkat etmeye devam etmem gerekiyordu. Tedavimi yapan doktor daha sonra bana tekrar yazarak nas\u0131l oldu\u011fumu ve ameliyat sonucunun nas\u0131l g\u00f6r\u00fcnd\u00fc\u011f\u00fcn\u00fc sordu. Bu beni ger\u00e7ekten \u00e7ok etkiledi, \u00e7\u00fcnk\u00fc yakla\u015f\u0131k iki ay sonra bile insan\u0131n unutulmamas\u0131 \u00e7ok de\u011ferliydi.  <\/p>\n\n\n\n<p>Medical Travel, \u00f6zg\u00fcvenimi yeniden kazanmama yard\u0131mc\u0131 oldu. Her \u015fey kusursuz \u015fekilde organize edilmi\u015f ve planlanm\u0131\u015ft\u0131. B\u00f6yle bir ameliyat\u0131n beraberinde getirdi\u011fi a\u011fr\u0131lara ra\u011fmen, yine olsa tekrar onlar\u0131 tercih ederdim ve kesinlikle ba\u015fkalar\u0131na da tavsiye ederim.  <\/p>\n\n\n\n<p>Bu anlamda benim g\u00f6r\u00fc\u015f\u00fcm: Kesinlikle g\u00fcvenilebilecek, ger\u00e7ekten \u00e7ok iyi bir firma.<\/p>\n\n\n\n<p>Te\u015fekk\u00fcr ederim<\/p>\n\n\n\n<p>\u0130svi\u00e7re&#8217;den Nicole<\/p>\n\n\n\n<div class=\"wp-block-group is-layout-grid wp-container-core-group-is-layout-baef362d wp-block-group-is-layout-grid\">\n<p><a href=\"https:\/\/medicaltravel.at\/home\/agb\/\" data-type=\"page\" data-id=\"2191\" rel=\"nofollow noopener\" target=\"_blank\"><\/a><a href=\"https:\/\/swisslasik.ch\/tr\/hasta-yorumlari-lasik-goez-lazeri\/istanbulda-tatil-sirasinda-lazer-goez-ameliyati-15-eyluel-2015-sali-tarihli-haber\/\" data-type=\"link\" data-id=\"https:\/\/swisslasik.ch\/patientenberichte-lasik\/augenlasern-in-den-ferien-in-istanbul-bericht-vom-dienstag-15-september-2015\/\">\u00d6nceki rapor<\/a><\/p>\n\n\n\n<p class=\"has-text-align-right wp-container-content-5e2576f9\"><a href=\"https:\/\/medicaltravel.at\/home\/impressum\/\" data-type=\"page\" data-id=\"2193\" rel=\"nofollow noopener\" target=\"_blank\"><\/a><a href=\"https:\/\/medicaltravel.at\/home\/berichte-von-patienten\/erfahrungsberichte\/erfahrungsbericht-zahnbehandlung-in-istanbul\/\" data-type=\"page\" data-id=\"981\" rel=\"nofollow noopener\" target=\"_blank\"><\/a><a href=\"https:\/\/swisslasik.ch\/tr\/hasta-yorumlari-lasik-goez-lazeri\/istanbulda-sac-ekimi-operasyonumdan-bir-rapor-10-agustos-2015-pazartesi\/\" data-type=\"link\" data-id=\"https:\/\/swisslasik.ch\/tr\/hasta-yorumlari-lasik-goez-lazeri\/istanbulda-sac-ekimi-operasyonumdan-bir-rapor-10-agustos-2015-pazartesi\/\">Sonraki rapor<\/a><\/p>\n<\/div>\n","protected":false},"excerpt":{"rendered":"<p>\u0130stanbul, T\u00fcrkiye&#8217;de meme dikle\u015ftirme ameliyat\u0131 hakk\u0131ndaki yorumlar \u2013 27 A\u011fustos 2015 Per\u015fembe tarihli rapor Uzun zamand\u0131r g\u00fczel g\u00f6\u011f\u00fcslere sahip olmay\u0131 istiyordum. Bu y\u00fczden internette arama yapt\u0131m ve MedicalTravel&#8217;a rastlad\u0131m. K\u0131sa bir s\u00fcre sonra e-posta yoluyla ileti\u015fime ge\u00e7tim ve \u00e7ok h\u0131zl\u0131 bir \u015fekilde Z\u00fcrih\u2019te bir dan\u0131\u015fmanl\u0131k g\u00f6r\u00fc\u015fmesi i\u00e7in randevu i\u00e7eren bir yan\u0131t ald\u0131m. Bu benim i\u00e7in \u00e7ok yard\u0131mc\u0131 oldu. Samimi kar\u015f\u0131lama, iyi organizasyon ve \u00f6zellikle de t\u00fcm a\u00e7\u0131k sorular\u0131m\u0131 yan\u0131tlayan tedavi edici doktor, bu firmayla \u00e7al\u0131\u015fmaya karar vermem ve hayalimi \u0130stanbul\u2019da ger\u00e7ekle\u015ftirmem i\u00e7in bana cesaret verdi. K\u0131sa bir d\u00fc\u015f\u00fcnme s\u00fcrecinin ard\u0131ndan bu ameliyat\u0131 yapt\u0131rmak istedi\u011fimi onaylad\u0131m. Benim i\u00e7in her \u015fey \u00e7ok h\u0131zl\u0131 bir \u015fekilde organize edildi. U\u00e7aktan otele kadar her \u015fey kusursuz bir \u015fekilde ayarlanm\u0131\u015ft\u0131; ayr\u0131ca saat, yer ve tarih bilgilerini i\u00e7eren, \u0130stanbul\u2019un en g\u00fczel turistik yerlerinin de yer ald\u0131\u011f\u0131, bana \u00f6zel haz\u0131rlanm\u0131\u015f bir randevu ve bilgilendirme kitap\u00e7\u0131\u011f\u0131 da verildi. Nisan ay\u0131 geldi ve g\u00fczel \u0130stanbul\u2019a do\u011fru yolculuk ba\u015flad\u0131. Havaalan\u0131na vard\u0131\u011f\u0131m\u0131zda (bir arkada\u015f\u0131m bana e\u015flik ediyordu) g\u00fcler y\u00fczle kar\u015f\u0131land\u0131k ve otele g\u00f6t\u00fcr\u00fcld\u00fck. Otele vard\u0131ktan sonra da g\u00fcvenli ve sorunsuz bir \u015fekilde ula\u015f\u0131p ula\u015fmad\u0131\u011f\u0131m\u0131z\u0131 teyit etmek i\u00e7in tekrar arand\u0131m ve ertesi g\u00fcnle ilgili kalan bilgiler konu\u015fuldu. Ertesi g\u00fcn (ameliyat g\u00fcn\u00fc) transfer ile do\u011frudan hastaneye g\u00f6t\u00fcr\u00fcld\u00fck. Orada da herkes \u00e7ok nazik ve profesyoneldi. Bize Almanca konu\u015fan bir terc\u00fcman tahsis edildi. Bu han\u0131mefendi ger\u00e7ekten harikayd\u0131. Doktor taraf\u0131ndan (Z\u00fcrih\u2019te tan\u0131\u015ft\u0131\u011f\u0131m ayn\u0131 doktor) tekrar muayene edildim. Profesyonel yakla\u015f\u0131m\u0131 sayesinde ona tamamen g\u00fcvendim; bu i\u015flemi ilk kez yapmad\u0131\u011f\u0131n\u0131 bana a\u00e7\u0131k\u00e7a hissettirdi. Ameliyat tamamland\u0131ktan sonra odama al\u0131nd\u0131m. A\u011fr\u0131lar olduk\u00e7a \u015fiddetliydi ancak hastane personeli benimle \u00e7ok iyi ilgilendi. Refakat\u00e7imle de \u00e7ok iyi ilgilenildi. \u0130svi\u00e7re\u2019de bunun pek m\u00fcmk\u00fcn olaca\u011f\u0131n\u0131 sanm\u0131yorum. 2 g\u00fcn sonra yeniden aya\u011fa kalkt\u0131m ve hatta g\u00fczel \u0130stanbul\u2019u gezebilecek kadar kendimi g\u00fc\u00e7l\u00fc hissettim. Bu kadar k\u0131sa s\u00fcrede toparlanabilece\u011fimi hi\u00e7 d\u00fc\u015f\u00fcnmezdim. Orada bir hafta kald\u0131k. Son g\u00fcn doktorla bir kez daha kontrol yap\u0131ld\u0131. Terc\u00fcman her zaman bize e\u015flik etti. Doktor, \u0130svi\u00e7re\u2019ye d\u00f6n\u00fc\u015f u\u00e7u\u015fu i\u00e7in bana onay verdi. Eve d\u00f6nd\u00fckten sonra elbette kendime dikkat etmeye devam etmem gerekiyordu. Tedavimi yapan doktor daha sonra bana tekrar yazarak nas\u0131l oldu\u011fumu ve ameliyat sonucunun nas\u0131l g\u00f6r\u00fcnd\u00fc\u011f\u00fcn\u00fc sordu. Bu beni ger\u00e7ekten \u00e7ok etkiledi, \u00e7\u00fcnk\u00fc yakla\u015f\u0131k iki ay sonra bile insan\u0131n unutulmamas\u0131 \u00e7ok de\u011ferliydi. Medical Travel, \u00f6zg\u00fcvenimi yeniden kazanmama yard\u0131mc\u0131 oldu. Her \u015fey kusursuz \u015fekilde organize edilmi\u015f ve planlanm\u0131\u015ft\u0131. B\u00f6yle bir ameliyat\u0131n beraberinde getirdi\u011fi a\u011fr\u0131lara ra\u011fmen, yine olsa tekrar onlar\u0131 tercih ederdim ve kesinlikle ba\u015fkalar\u0131na da tavsiye ederim. Bu anlamda benim g\u00f6r\u00fc\u015f\u00fcm: Kesinlikle g\u00fcvenilebilecek, ger\u00e7ekten \u00e7ok iyi bir firma. Te\u015fekk\u00fcr ederim \u0130svi\u00e7re&#8217;den Nicole \u00d6nceki rapor Sonraki rapor<\/p>\n","protected":false},"author":4,"featured_media":0,"parent":3801,"menu_order":0,"comment_status":"closed","ping_status":"closed","template":"","meta":{"_joinchat":[],"footnotes":""},"class_list":["post-3903","page","type-page","status-publish","hentry"],"acf":[],"_links":{"self":[{"href":"https:\/\/swisslasik.ch\/tr\/wp-json\/wp\/v2\/pages\/3903","targetHints":{"allow":["GET"]}}],"collection":[{"href":"https:\/\/swisslasik.ch\/tr\/wp-json\/wp\/v2\/pages"}],"about":[{"href":"https:\/\/swisslasik.ch\/tr\/wp-json\/wp\/v2\/types\/page"}],"author":[{"embeddable":true,"href":"https:\/\/swisslasik.ch\/tr\/wp-json\/wp\/v2\/users\/4"}],"replies":[{"embeddable":true,"href":"https:\/\/swisslasik.ch\/tr\/wp-json\/wp\/v2\/comments?post=3903"}],"version-history":[{"count":2,"href":"https:\/\/swisslasik.ch\/tr\/wp-json\/wp\/v2\/pages\/3903\/revisions"}],"predecessor-version":[{"id":4705,"href":"https:\/\/swisslasik.ch\/tr\/wp-json\/wp\/v2\/pages\/3903\/revisions\/4705"}],"up":[{"embeddable":true,"href":"https:\/\/swisslasik.ch\/tr\/wp-json\/wp\/v2\/pages\/3801"}],"wp:attachment":[{"href":"https:\/\/swisslasik.ch\/tr\/wp-json\/wp\/v2\/media?parent=3903"}],"curies":[{"name":"wp","href":"https:\/\/api.w.org\/{rel}","templated":true}]}}