{"id":3915,"date":"2025-09-24T11:53:53","date_gmt":"2025-09-24T10:53:53","guid":{"rendered":"https:\/\/swisslasik.ch\/hasta-yorumlari-lasik-goez-lazeri\/sac-ekimi-deneyimim-raporu-tuerkiye-13-kasim-2015-cuma-tarihli-rapor\/"},"modified":"2026-01-14T02:37:08","modified_gmt":"2026-01-14T01:37:08","slug":"sac-ekimi-deneyimim-raporu-tuerkiye-13-kasim-2015-cuma-tarihli-rapor","status":"publish","type":"page","link":"https:\/\/swisslasik.ch\/tr\/hasta-yorumlari-lasik-goez-lazeri\/sac-ekimi-deneyimim-raporu-tuerkiye-13-kasim-2015-cuma-tarihli-rapor\/","title":{"rendered":"Sa\u00e7 ekimi deneyimim raporu &#8211; T\u00fcrkiye &#8211; 13 Kas\u0131m 2015 Cuma tarihli rapor"},"content":{"rendered":"\n<h3 class=\"wp-block-heading\">Sa\u00e7 ekimi deneyimim raporu &#8211; T\u00fcrkiye &#8211; 13 Kas\u0131m 2015 Cuma tarihli rapor<\/h3>\n\n\n\n<p>\u00d6ncelikle, sa\u00e7lar\u0131m\u0131n d\u00f6k\u00fcld\u00fc\u011f\u00fc b\u00f6lgeyi kestirme (tons\u00fcr) karar\u0131na nas\u0131l vard\u0131\u011f\u0131m\u0131 k\u0131saca anlatmak istiyorum.<\/p>\n\n\n\n<p>Ne yaz\u0131k ki, neredeyse tam be\u015f y\u0131l \u00f6nce \u015fiddetli bir enfeksiyon ge\u00e7irdim ve bu da demir seviyem de dahil olmak \u00fczere t\u00fcm kan de\u011ferlerimin dibe vurmas\u0131na neden oldu. Bu durum sa\u00e7 d\u00f6k\u00fclmesine yol a\u00e7abilir ve tam olarak da bu oldu. Art\u0131k 25 ya\u015f\u0131nda olmad\u0131\u011f\u0131m i\u00e7in sa\u00e7lar\u0131m yeniden uzamad\u0131 ve kel bir b\u00f6lgeyle kald\u0131m. <\/p>\n\n\n\n<p>O zamandan beri beni rahats\u0131z ediyordu, &#8220;hayat\u0131m\u0131 tehdit edecek&#8221; bir \u015fekilde de\u011fil ama yine de, 2015 A\u011fustos&#8217;undaki o g\u00fcne kadar bu konuyu kendi haline b\u0131rakt\u0131m. S\u0131k s\u0131k gitti\u011fim bir spor salonunda kamera g\u00f6zetim sistemi var ve yan\u0131ndan ge\u00e7erken kendinizi ekranda g\u00f6r\u00fcyorsunuz. Kameralardan biri a\u015fa\u011f\u0131ya do\u011fru bakt\u0131\u011f\u0131 i\u00e7in, daha az k\u0131l olan bir nokta g\u00f6rd\u00fcm \u2013 i\u015fte o zaman karar\u0131m\u0131 verdim, d\u00fczeltilmesi gerekiyordu. <\/p>\n\n\n\n<p>S\u00fcre\u00e7 basitti: \u0130nternette ara\u015ft\u0131rd\u0131m ve Google&#8217;da arama yaparken &#8220;MedicalTravel&#8221; ile kar\u015f\u0131la\u015ft\u0131m. \u0130yi bir izlenim b\u0131rakt\u0131lar; t\u00fcm yorumlar son derece olumluydu, bu y\u00fczden hemen onlarla ileti\u015fime ge\u00e7tim ve benim i\u00e7in uygun olan zaman\u0131 bildirdim. <\/p>\n\n\n\n<p>Yan\u0131lm\u0131yorsam, her \u015feyin tam istedi\u011fim gibi organize edildi\u011fine dair onay\u0131 ayn\u0131 g\u00fcn ald\u0131m \u2013 inan\u0131lmaz bir hizmet. Birka\u00e7 foto\u011fraf daha \u00e7ektim ve muhtemelen nakledilecek greft say\u0131s\u0131na dair kabaca bir tahminim vard\u0131. <\/p>\n\n\n\n<p>Yola \u00e7\u0131k\u0131\u015f g\u00fcn\u00fcnden itibaren her \u015fey t\u0131k\u0131r t\u0131k\u0131r i\u015fledi: kar\u015f\u0131lama, otele transfer, otelin kendisi \u2013 her \u015fey m\u00fckemmel organize edilmi\u015fti. Ertesi g\u00fcn Ac\u0131badem Klini\u011fi&#8217;ne transfer ve kabul de sorunsuz ge\u00e7ti. M\u00fckemmel \u0130ngilizce konu\u015fmama ra\u011fmen, ilk g\u00fcnden itibaren bana Almanca konu\u015fan bir bak\u0131c\u0131 atand\u0131 ve neredeyse hi\u00e7 ayr\u0131lmad\u0131m \u2013 m\u00fckemmeldi.  <\/p>\n\n\n\n<p>Ayn\u0131 \u015fekilde, ertesi g\u00fcnk\u00fc ba\u015far\u0131l\u0131 nakil i\u00e7in haz\u0131rl\u0131klar da kusursuz gitti. \u0130\u015flem ba\u015flang\u0131\u00e7ta \u00fc\u00e7\u00fcnc\u00fc g\u00fcne planlanm\u0131\u015ft\u0131, ancak doktor kendini iyi hissetmedi\u011fi i\u00e7in per\u015fembe g\u00fcn\u00fcne ertelenmek zorunda kald\u0131 \u00e7\u00fcnk\u00fc bu ko\u015fullar alt\u0131nda d\u00fczg\u00fcn bir \u015fekilde ger\u00e7ekle\u015ftirilmi\u015f bir i\u015flemden sorumlu olamayaca\u011f\u0131n\u0131 d\u00fc\u015f\u00fcnd\u00fc \u2013 son derece profesyonelce bir davran\u0131\u015f, diye ekleyebilirim. <\/p>\n\n\n\n<p>Yani, Per\u015fembe g\u00fcn\u00fcyd\u00fc. \u0130stanbul \u00e7ok b\u00fcy\u00fck ve yap\u0131lacak, g\u00f6r\u00fclecek milyonlarca \u015fey var, bu y\u00fczden sorun yok. Ne diyebilirim ki? Nakil ameliyat\u0131 m\u00fckemmel ge\u00e7ti, biraz zaman ald\u0131 ama g\u00fczelli\u011fin bir bedeli var derler ya. Yanl\u0131\u015f anlamay\u0131n, benim i\u00e7in tamamen a\u011fr\u0131s\u0131zd\u0131, son derece kolayd\u0131 ve sa\u011fl\u0131k ekibi \u00e7ok iyi organize olmu\u015ftu ve son derece profesyonel bir i\u015f \u00e7\u0131kard\u0131.<\/p>\n\n\n\n<p>Sonu\u00e7 i\u00e7in \u015fimdiden \u00e7ok heyecanl\u0131y\u0131m, nihai sonu\u00e7 ancak yakla\u015f\u0131k bir y\u0131l sonra belli olacak olsa da, oradaki doktorlar \u00e7ok mutlu olaca\u011f\u0131m\u0131 s\u00f6ylediler.<\/p>\n\n\n\n<p>Sonu\u00e7 olarak, her \u015feyin nas\u0131l gitti\u011fi ger\u00e7ekten harikayd\u0131 diyebilirim. Kalk\u0131\u015ftan \u0130stanbul&#8217;daki konaklamaya, otele, Ac\u0131badem klini\u011fine, &#8220;benim&#8221; bak\u0131c\u0131lar\u0131ma, t\u00fcm transferlere ve son olarak da d\u00f6n\u00fc\u015f yolculu\u011funa kadar her \u015fey m\u00fckemmeldi. Hatta MedicalTravel taraf\u0131ndan hemen sonras\u0131nda tekrar aran\u0131p halim soruldu \u2013 tek bir saniye bile yaln\u0131z b\u0131rak\u0131lm\u0131yorsunuz, ger\u00e7ekten harika bir deneyimdi.  <\/p>\n\n\n\n<p>MedicalTravel&#8217;\u0131 herkese, \u00f6zellikle sa\u00e7 ekimi i\u00e7in, g\u00f6n\u00fcl rahatl\u0131\u011f\u0131yla tavsiye edebilirim. Korkacak veya \u015f\u00fcphe duyacak hi\u00e7bir \u015fey yok ve daha \u00f6nce de belirtti\u011fim gibi, tamamen a\u011fr\u0131s\u0131z bir i\u015flem. <\/p>\n\n\n\n<p>Peter Kupper<\/p>\n\n\n\n<div class=\"wp-block-group is-layout-grid wp-container-core-group-is-layout-baef362d wp-block-group-is-layout-grid\">\n<p><a href=\"https:\/\/medicaltravel.at\/home\/agb\/\" data-type=\"page\" data-id=\"2191\" rel=\"nofollow noopener\" target=\"_blank\"><\/a><a href=\"https:\/\/swisslasik.ch\/tr\/hasta-yorumlari-lasik-goez-lazeri\/istanbulda-lasik-ameliyatlari-ne-kadar-iyi-23-kasim-2015-pazartesi-tarihli-rapor\/\" data-type=\"link\" data-id=\"https:\/\/swisslasik.ch\/tr\/hasta-yorumlari-lasik-goez-lazeri\/istanbulda-lasik-ameliyatlari-ne-kadar-iyi-23-kasim-2015-pazartesi-tarihli-rapor\/\">\u00d6nceki rapor<\/a><\/p>\n\n\n\n<p class=\"has-text-align-right wp-container-content-5e2576f9\"><a href=\"https:\/\/medicaltravel.at\/home\/impressum\/\" data-type=\"page\" data-id=\"2193\" rel=\"nofollow noopener\" target=\"_blank\"><\/a><a href=\"https:\/\/medicaltravel.at\/home\/berichte-von-patienten\/erfahrungsberichte\/erfahrungsbericht-zahnbehandlung-in-istanbul\/\" data-type=\"page\" data-id=\"981\" rel=\"nofollow noopener\" target=\"_blank\"><\/a><a href=\"https:\/\/swisslasik.ch\/tr\/hasta-yorumlari-lasik-goez-lazeri\/istanbuldaki-lens-tedavim-13-kasim-2015-cuma-tarihli-rapor\/\" data-type=\"link\" data-id=\"https:\/\/swisslasik.ch\/tr\/hasta-yorumlari-lasik-goez-lazeri\/istanbuldaki-lens-tedavim-13-kasim-2015-cuma-tarihli-rapor\/\">Sonraki rapor<\/a><\/p>\n<\/div>\n","protected":false},"excerpt":{"rendered":"<p>Sa\u00e7 ekimi deneyimim raporu &#8211; T\u00fcrkiye &#8211; 13 Kas\u0131m 2015 Cuma tarihli rapor \u00d6ncelikle, sa\u00e7lar\u0131m\u0131n d\u00f6k\u00fcld\u00fc\u011f\u00fc b\u00f6lgeyi kestirme (tons\u00fcr) karar\u0131na nas\u0131l vard\u0131\u011f\u0131m\u0131 k\u0131saca anlatmak istiyorum. Ne yaz\u0131k ki, neredeyse tam be\u015f y\u0131l \u00f6nce \u015fiddetli bir enfeksiyon ge\u00e7irdim ve bu da demir seviyem de dahil olmak \u00fczere t\u00fcm kan de\u011ferlerimin dibe vurmas\u0131na neden oldu. Bu durum sa\u00e7 d\u00f6k\u00fclmesine yol a\u00e7abilir ve tam olarak da bu oldu. Art\u0131k 25 ya\u015f\u0131nda olmad\u0131\u011f\u0131m i\u00e7in sa\u00e7lar\u0131m yeniden uzamad\u0131 ve kel bir b\u00f6lgeyle kald\u0131m. O zamandan beri beni rahats\u0131z ediyordu, &#8220;hayat\u0131m\u0131 tehdit edecek&#8221; bir \u015fekilde de\u011fil ama yine de, 2015 A\u011fustos&#8217;undaki o g\u00fcne kadar bu konuyu kendi haline b\u0131rakt\u0131m. S\u0131k s\u0131k gitti\u011fim bir spor salonunda kamera g\u00f6zetim sistemi var ve yan\u0131ndan ge\u00e7erken kendinizi ekranda g\u00f6r\u00fcyorsunuz. Kameralardan biri a\u015fa\u011f\u0131ya do\u011fru bakt\u0131\u011f\u0131 i\u00e7in, daha az k\u0131l olan bir nokta g\u00f6rd\u00fcm \u2013 i\u015fte o zaman karar\u0131m\u0131 verdim, d\u00fczeltilmesi gerekiyordu. S\u00fcre\u00e7 basitti: \u0130nternette ara\u015ft\u0131rd\u0131m ve Google&#8217;da arama yaparken &#8220;MedicalTravel&#8221; ile kar\u015f\u0131la\u015ft\u0131m. \u0130yi bir izlenim b\u0131rakt\u0131lar; t\u00fcm yorumlar son derece olumluydu, bu y\u00fczden hemen onlarla ileti\u015fime ge\u00e7tim ve benim i\u00e7in uygun olan zaman\u0131 bildirdim. Yan\u0131lm\u0131yorsam, her \u015feyin tam istedi\u011fim gibi organize edildi\u011fine dair onay\u0131 ayn\u0131 g\u00fcn ald\u0131m \u2013 inan\u0131lmaz bir hizmet. Birka\u00e7 foto\u011fraf daha \u00e7ektim ve muhtemelen nakledilecek greft say\u0131s\u0131na dair kabaca bir tahminim vard\u0131. Yola \u00e7\u0131k\u0131\u015f g\u00fcn\u00fcnden itibaren her \u015fey t\u0131k\u0131r t\u0131k\u0131r i\u015fledi: kar\u015f\u0131lama, otele transfer, otelin kendisi \u2013 her \u015fey m\u00fckemmel organize edilmi\u015fti. Ertesi g\u00fcn Ac\u0131badem Klini\u011fi&#8217;ne transfer ve kabul de sorunsuz ge\u00e7ti. M\u00fckemmel \u0130ngilizce konu\u015fmama ra\u011fmen, ilk g\u00fcnden itibaren bana Almanca konu\u015fan bir bak\u0131c\u0131 atand\u0131 ve neredeyse hi\u00e7 ayr\u0131lmad\u0131m \u2013 m\u00fckemmeldi. Ayn\u0131 \u015fekilde, ertesi g\u00fcnk\u00fc ba\u015far\u0131l\u0131 nakil i\u00e7in haz\u0131rl\u0131klar da kusursuz gitti. \u0130\u015flem ba\u015flang\u0131\u00e7ta \u00fc\u00e7\u00fcnc\u00fc g\u00fcne planlanm\u0131\u015ft\u0131, ancak doktor kendini iyi hissetmedi\u011fi i\u00e7in per\u015fembe g\u00fcn\u00fcne ertelenmek zorunda kald\u0131 \u00e7\u00fcnk\u00fc bu ko\u015fullar alt\u0131nda d\u00fczg\u00fcn bir \u015fekilde ger\u00e7ekle\u015ftirilmi\u015f bir i\u015flemden sorumlu olamayaca\u011f\u0131n\u0131 d\u00fc\u015f\u00fcnd\u00fc \u2013 son derece profesyonelce bir davran\u0131\u015f, diye ekleyebilirim. Yani, Per\u015fembe g\u00fcn\u00fcyd\u00fc. \u0130stanbul \u00e7ok b\u00fcy\u00fck ve yap\u0131lacak, g\u00f6r\u00fclecek milyonlarca \u015fey var, bu y\u00fczden sorun yok. Ne diyebilirim ki? Nakil ameliyat\u0131 m\u00fckemmel ge\u00e7ti, biraz zaman ald\u0131 ama g\u00fczelli\u011fin bir bedeli var derler ya. Yanl\u0131\u015f anlamay\u0131n, benim i\u00e7in tamamen a\u011fr\u0131s\u0131zd\u0131, son derece kolayd\u0131 ve sa\u011fl\u0131k ekibi \u00e7ok iyi organize olmu\u015ftu ve son derece profesyonel bir i\u015f \u00e7\u0131kard\u0131. Sonu\u00e7 i\u00e7in \u015fimdiden \u00e7ok heyecanl\u0131y\u0131m, nihai sonu\u00e7 ancak yakla\u015f\u0131k bir y\u0131l sonra belli olacak olsa da, oradaki doktorlar \u00e7ok mutlu olaca\u011f\u0131m\u0131 s\u00f6ylediler. Sonu\u00e7 olarak, her \u015feyin nas\u0131l gitti\u011fi ger\u00e7ekten harikayd\u0131 diyebilirim. Kalk\u0131\u015ftan \u0130stanbul&#8217;daki konaklamaya, otele, Ac\u0131badem klini\u011fine, &#8220;benim&#8221; bak\u0131c\u0131lar\u0131ma, t\u00fcm transferlere ve son olarak da d\u00f6n\u00fc\u015f yolculu\u011funa kadar her \u015fey m\u00fckemmeldi. Hatta MedicalTravel taraf\u0131ndan hemen sonras\u0131nda tekrar aran\u0131p halim soruldu \u2013 tek bir saniye bile yaln\u0131z b\u0131rak\u0131lm\u0131yorsunuz, ger\u00e7ekten harika bir deneyimdi. MedicalTravel&#8217;\u0131 herkese, \u00f6zellikle sa\u00e7 ekimi i\u00e7in, g\u00f6n\u00fcl rahatl\u0131\u011f\u0131yla tavsiye edebilirim. Korkacak veya \u015f\u00fcphe duyacak hi\u00e7bir \u015fey yok ve daha \u00f6nce de belirtti\u011fim gibi, tamamen a\u011fr\u0131s\u0131z bir i\u015flem. Peter Kupper \u00d6nceki rapor Sonraki rapor<\/p>\n","protected":false},"author":4,"featured_media":0,"parent":3801,"menu_order":0,"comment_status":"closed","ping_status":"closed","template":"","meta":{"_joinchat":[],"footnotes":""},"class_list":["post-3915","page","type-page","status-publish","hentry"],"acf":[],"_links":{"self":[{"href":"https:\/\/swisslasik.ch\/tr\/wp-json\/wp\/v2\/pages\/3915","targetHints":{"allow":["GET"]}}],"collection":[{"href":"https:\/\/swisslasik.ch\/tr\/wp-json\/wp\/v2\/pages"}],"about":[{"href":"https:\/\/swisslasik.ch\/tr\/wp-json\/wp\/v2\/types\/page"}],"author":[{"embeddable":true,"href":"https:\/\/swisslasik.ch\/tr\/wp-json\/wp\/v2\/users\/4"}],"replies":[{"embeddable":true,"href":"https:\/\/swisslasik.ch\/tr\/wp-json\/wp\/v2\/comments?post=3915"}],"version-history":[{"count":2,"href":"https:\/\/swisslasik.ch\/tr\/wp-json\/wp\/v2\/pages\/3915\/revisions"}],"predecessor-version":[{"id":4699,"href":"https:\/\/swisslasik.ch\/tr\/wp-json\/wp\/v2\/pages\/3915\/revisions\/4699"}],"up":[{"embeddable":true,"href":"https:\/\/swisslasik.ch\/tr\/wp-json\/wp\/v2\/pages\/3801"}],"wp:attachment":[{"href":"https:\/\/swisslasik.ch\/tr\/wp-json\/wp\/v2\/media?parent=3915"}],"curies":[{"name":"wp","href":"https:\/\/api.w.org\/{rel}","templated":true}]}}