{"id":3917,"date":"2025-09-24T11:48:07","date_gmt":"2025-09-24T10:48:07","guid":{"rendered":"https:\/\/swisslasik.ch\/hasta-yorumlari-lasik-goez-lazeri\/istanbulda-sac-ekimi-deneyim-raporumu-6-ocak-2016-carsamba-tarihli-rapor\/"},"modified":"2026-01-14T02:34:22","modified_gmt":"2026-01-14T01:34:22","slug":"istanbulda-sac-ekimi-deneyim-raporumu-6-ocak-2016-carsamba-tarihli-rapor","status":"publish","type":"page","link":"https:\/\/swisslasik.ch\/tr\/hasta-yorumlari-lasik-goez-lazeri\/istanbulda-sac-ekimi-deneyim-raporumu-6-ocak-2016-carsamba-tarihli-rapor\/","title":{"rendered":"\u0130STANBUL&#8217;DA SA\u00c7 EK\u0130M\u0130 DENEY\u0130M RAPORUMU! \u2013 6 Ocak 2016 \u00c7ar\u015famba tarihli rapor"},"content":{"rendered":"\n<h3 class=\"wp-block-heading\">\u0130STANBUL&#8217;DA SA\u00c7 EK\u0130M\u0130 DENEY\u0130M RAPORUMU! \u2013 6 Ocak 2016 \u00c7ar\u015famba tarihli rapor<\/h3>\n\n\n\n<p>Bern&#8217;deki Medical Travel ile ya\u015fad\u0131\u011f\u0131m deneyimi ve T\u00fcrkiye&#8217;de organize ettikleri zorlu organ naklini sizlerle payla\u015fmak istiyorum.<\/p>\n\n\n\n<p>38 ya\u015f\u0131nday\u0131m ve birka\u00e7 ayd\u0131r sa\u00e7 ekimi yapt\u0131rmay\u0131 d\u00fc\u015f\u00fcn\u00fcyorum. Asl\u0131nda \u00e7ok fazla sa\u00e7 d\u00f6k\u00fclmem yoktu, sadece ba\u015f\u0131m\u0131n \u00f6n k\u0131sm\u0131nda ve aln\u0131mda birka\u00e7 kel b\u00f6lge ve arka k\u0131s\u0131mda da biraz seyrek sa\u00e7\u0131m vard\u0131. Yine de, \u00e7ok fazla olmasa da beni rahats\u0131z ediyordu. \u00d6zellikle yaz aylar\u0131nda, sa\u00e7\u0131m\u0131 olduk\u00e7a k\u0131sa kullanmay\u0131 sevdi\u011fim zamanlarda, kafa derimin \u00e7ok fazla g\u00f6r\u00fcnmesi beni rahats\u0131z ediyordu. Bu y\u00fczden sa\u00e7 ekimi yapt\u0131rmaya karar verdim.    <\/p>\n\n\n\n<p>T\u00fcrkiye&#8217;nin bu alanda uzmanla\u015fm\u0131\u015f, i\u015flemi \u0130svi\u00e7re&#8217;ye k\u0131yasla nispeten uygun fiyata \u00e7ok iyi bir \u015fekilde ger\u00e7ekle\u015ftirebilen \u00e7ok iyi doktorlara ve kliniklere sahip oldu\u011funu biliyordum ve duymu\u015ftum. Bu y\u00fczden internette klinikler, doktorlar ve referanslar vb. arad\u0131m. Ne yaz\u0131k ki, klinikler ve doktorlar hakk\u0131nda \u00e7eli\u015fkili g\u00f6r\u00fc\u015fler oldu\u011fu i\u00e7in pek yard\u0131mc\u0131 olmad\u0131. D\u00fcr\u00fcst olmak gerekirse, raporlar\u0131n \u00e7o\u011fu ya \u00e7ok fazla reklam gibi g\u00f6r\u00fcn\u00fcyordu ya da daha b\u00fcy\u00fck olas\u0131l\u0131kla klinikleri kas\u0131tl\u0131 olarak itibars\u0131zla\u015ft\u0131rma giri\u015fimleriydi.  <\/p>\n\n\n\n<p>Sonunda, olduk\u00e7a iyi oldu\u011fu s\u00f6ylenen iki veya \u00fc\u00e7 doktor hakk\u0131nda bilgi edindim. Ancak, onlarla iki ila \u00fc\u00e7 ay \u00f6nceden randevu alman\u0131z gerekiyor ve benim o kadar zaman\u0131m yoktu. Biraz daha Google&#8217;da arama yapt\u0131ktan sonra MedicalTravel web sitesine rastlad\u0131m. Bern merkezli olup, sa\u00e7 ekimi i\u00e7in \u0130stanbul&#8217;daki bir klinikle \u00e7al\u0131\u015f\u0131yorlar.   <\/p>\n\n\n\n<p>MedicalTravel ekibi \u00e7ok yard\u0131mc\u0131 oldu ve t\u00fcm sorular\u0131m\u0131 yan\u0131tlad\u0131. Ayr\u0131ca, ilk te\u015fhis i\u00e7in &#8220;\u00f6ncesi&#8221; foto\u011fraflar\u0131m\u0131 tedavi eden doktora g\u00f6nderdiler; bu da sa\u00e7 ekiminin benim i\u00e7in m\u00fcmk\u00fcn olup olmad\u0131\u011f\u0131n\u0131 belirlemelerine, ka\u00e7 greft gerekece\u011fini ve maliyetinin ne olaca\u011f\u0131n\u0131 s\u00f6ylemelerine olanak sa\u011flad\u0131. <\/p>\n\n\n\n<p>Tahminime g\u00f6re 2.500-2.800 greft gerekiyordu ve bunun maliyeti 2.500 \u20ac olacakt\u0131. Bu fiyata t\u00fcm kons\u00fcltasyon ve organizasyonun yan\u0131 s\u0131ra MedicalTravel taraf\u0131ndan benimle kararla\u015ft\u0131r\u0131lan tarihler, klini\u011fe \u00e7ok yak\u0131n g\u00fczel bir otelde iki gece konaklama dahildi. Ayr\u0131ca havaalan\u0131ndan otele ve otelden havaalan\u0131na transferler, otelden alma ve klini\u011fe gidi\u015f-d\u00f6n\u00fc\u015f refakat hizmeti de dahildi. Her yere benimle birlikte gelen bir terc\u00fcman da fiyata dahildi. Ancak, \u0130stanbul&#8217;a zaten \u00f6nceden seyahat etti\u011fim i\u00e7in transfer hizmetini kullanmad\u0131m.    <\/p>\n\n\n\n<p>Klinikteki muayene randevumdan bir g\u00fcn \u00f6nce otele giri\u015f yapt\u0131m. Otel, Fulda\/\u0130stanbul&#8217;daki Ac\u0131badem Klini\u011fi&#8217;ne 50 metre mesafede. Otel g\u00fczel ve temizdi, personel de \u00e7ok g\u00fcler y\u00fczl\u00fcyd\u00fc.  <\/p>\n\n\n\n<p>Ertesi g\u00fcn Ac\u0131badem Klini\u011fi&#8217;ne gittim; resepsiyonda beni bekleyen terc\u00fcman \u00fc\u00e7 g\u00fcn boyunca t\u00fcm randevular\u0131ma e\u015flik etti. Daha sonra uzman doktorumuz Ferit Demirkan ile g\u00f6r\u00fc\u015ft\u00fcm. Bana sadece 1800-2000 greftin yeterli olaca\u011f\u0131n\u0131 a\u00e7\u0131klad\u0131. Hem nakil s\u0131ras\u0131nda hem de sonras\u0131nda t\u00fcm s\u00fcreci anlatt\u0131. D\u00fcr\u00fcst olmak gerekirse, \u0130stanbul&#8217;da birka\u00e7 doktor ve klinikten bilgi almay\u0131 planlam\u0131\u015ft\u0131m, ancak doktorla g\u00f6r\u00fc\u015fmem, klini\u011fin genel atmosferi ve \u00f6ncesindeki resepsiyon sayesinde iyi bir hisse kap\u0131ld\u0131m ve karar verdim: Sa\u00e7 ekimi yapt\u0131rmak istedi\u011fim klinik buras\u0131. Karar\u0131m\u0131 verdikten sonra, g\u00f6r\u00fc\u015fmenin ard\u0131ndan (fiyata dahil olan) PRP tedavisi uyguland\u0131. Bir hem\u015fire birka\u00e7 mililitre kan\u0131m\u0131 ald\u0131, santrif\u00fcjledi, plazmay\u0131 (berrak s\u0131v\u0131) ay\u0131rd\u0131 ve doktor bu plazmay\u0131 bir \u015f\u0131r\u0131nga ile kafa derimin alt\u0131na enjekte etti. Bu \u00f6n i\u015flem, kafa derisine sa\u00e7 ekiminin sonucunu olumlu y\u00f6nde etkileyen bir\u00e7ok de\u011ferli besin maddesi sa\u011fl\u0131yor. D\u00fcr\u00fcst olmak gerekirse, kafa derisine yap\u0131lan i\u011fne batmalar\u0131 biraz rahats\u0131z ediciydi, ama dayan\u0131labilir bir durumdu.        <\/p>\n\n\n\n<p>\u0130kinci g\u00fcn, yani nakil g\u00fcn\u00fc, doktorla k\u0131sa bir g\u00f6r\u00fc\u015fme daha yapt\u0131m. Ard\u0131ndan, klini\u011fin kuaf\u00f6r salonuna gittim ve ba\u015f\u0131m t\u0131ra\u015f edildi. Bu, en iyi nakil i\u00e7in gerekliydi. Daha sonra, i\u015fleme haz\u0131rland\u0131\u011f\u0131m k\u00fc\u00e7\u00fck bir tedavi odas\u0131na ge\u00e7tim. Bir \u00f6nl\u00fck giydim ve lokal anestezinin etkisini g\u00f6stermesini beklemek i\u00e7in uzand\u0131m. \u0130la\u00e7, bir \u015f\u0131r\u0131nga ile kafa derisinin alt\u0131na enjekte edildi. Nakil yap\u0131lacak alan\u0131n b\u00fcy\u00fckl\u00fc\u011f\u00fcne ba\u011fl\u0131 olarak, 20-40 enjeksiyona katlanman\u0131z gerekiyor. D\u00fcr\u00fcst olmak gerekirse, bu i\u015flem \u00e7ok ac\u0131 verici. Baz\u0131 b\u00f6lgeler daha az, baz\u0131lar\u0131 \u00e7ok ac\u0131t\u0131yor. Ama gerekli irade g\u00fcc\u00fcyle bu i\u015flemi atlatabilirsiniz. En az\u0131ndan lokal anesteziden sonra, t\u00fcm nakil boyunca art\u0131k hi\u00e7bir a\u011fr\u0131 hissetmiyorsunuz. T\u00fcm nakil yakla\u015f\u0131k 3,5 saat s\u00fcrd\u00fc ve sonunda 2000 greft ald\u0131m.          <\/p>\n\n\n\n<p>Die Haartransplantation haben allerdings Assistenten erledigt und nicht der Arzt. Es ist aber in den meisten Kliniken so, dass die Planung der Arzt macht und die Durchf\u00fchrung dann ausgebildete Assistenten \u00fcbernehmen. Je nach Klinik und Ausbildungsstand der Durchf\u00fchrenden ist, w\u00e4re es besser, wenn es der Arzt durchf\u00fchrt. Aber wenn nicht \u00e4rztliches Personal gut ausgebildet ist und viel Erfahrung hat, k\u00f6nnen mind. gleich gute Resultate erreicht werden, wenn nicht sogar bessere, da diese sehr viel Praxis haben als der Arzt. Sie haben mir noch erkl\u00e4rt, wie ich in den n\u00e4chsten Tagen und Wochen vorgehen soll, bez\u00fcglich Haare waschen, Vorsicht beim Schlafen usw.     <\/p>\n\n\n\n<p>Nakilden bir g\u00fcn sonra, pansuman de\u011fi\u015fimi ve son kontrol i\u00e7in doktorla tekrar randevum vard\u0131.<\/p>\n\n\n\n<p>Bundan sonra geri d\u00f6nmeme izin verildi. \u0130ki hafta boyunca \u00f6nce kafa derimi 15-30 dakika Bepanthen ile yumu\u015fatt\u0131m, ard\u0131ndan \u00f6zel \u015fampuanla y\u0131kad\u0131m. Sa\u00e7 ekiminden bu yana \u00fc\u00e7 hafta ge\u00e7ti ve beklendi\u011fi gibi, ekilen sa\u00e7lar d\u00f6k\u00fclmeye ba\u015flad\u0131 ve \u00f6n\u00fcm\u00fczdeki iki ila \u00fc\u00e7 ay i\u00e7inde tekrar uzayacaklar.  <\/p>\n\n\n\n<p>Hem Bern&#8217;deki MedicalTravel&#8217;\u0131 hem de Ac\u0131badem Klini\u011fini g\u00f6n\u00fcl rahatl\u0131\u011f\u0131yla tavsiye edebilirim.<\/p>\n\n\n\n<p>Sayg\u0131lar\u0131mla<\/p>\n\n\n\n<p>\u00d6zcan \u00d6zaltin<\/p>\n\n\n\n<div class=\"wp-block-group is-layout-grid wp-container-core-group-is-layout-baef362d wp-block-group-is-layout-grid\">\n<p><a href=\"https:\/\/medicaltravel.at\/home\/agb\/\" data-type=\"page\" data-id=\"2191\" rel=\"nofollow noopener\" target=\"_blank\"><\/a><a href=\"https:\/\/swisslasik.ch\/tr\/hasta-yorumlari-lasik-goez-lazeri\/istanbuldaki-lasik-ameliyatim-nasil-gecti-8-ocak-2016-cuma-tarihli-rapor\/\" data-type=\"link\" data-id=\"https:\/\/swisslasik.ch\/tr\/hasta-yorumlari-lasik-goez-lazeri\/istanbuldaki-lasik-ameliyatim-nasil-gecti-8-ocak-2016-cuma-tarihli-rapor\/\">\u00d6nceki rapor<\/a><\/p>\n\n\n\n<p class=\"has-text-align-right wp-container-content-5e2576f9\"><a href=\"https:\/\/medicaltravel.at\/home\/impressum\/\" data-type=\"page\" data-id=\"2193\" rel=\"nofollow noopener\" target=\"_blank\"><\/a><a href=\"https:\/\/medicaltravel.at\/home\/berichte-von-patienten\/erfahrungsberichte\/erfahrungsbericht-zahnbehandlung-in-istanbul\/\" data-type=\"page\" data-id=\"981\" rel=\"nofollow noopener\" target=\"_blank\"><\/a><a href=\"https:\/\/swisslasik.ch\/tr\/hasta-yorumlari-lasik-goez-lazeri\/istanbulda-21-23-aralik-2015-tarihleri-arasinda-gerceklestirilen-lazer-goez-ameliyatina-iliskin-deneyim-raporu-6-ocak-2016-carsamba-tarihli-rapor\/\" data-type=\"link\" data-id=\"https:\/\/swisslasik.ch\/patientenberichte-lasik\/erfahrungsbericht-augenlasern-in-istanbul-vom-21-12-23-12-2015-bericht-vom-mittwoch-06-januar-2016\/\">Sonraki rapor<\/a><\/p>\n<\/div>\n","protected":false},"excerpt":{"rendered":"<p>\u0130STANBUL&#8217;DA SA\u00c7 EK\u0130M\u0130 DENEY\u0130M RAPORUMU! \u2013 6 Ocak 2016 \u00c7ar\u015famba tarihli rapor Bern&#8217;deki Medical Travel ile ya\u015fad\u0131\u011f\u0131m deneyimi ve T\u00fcrkiye&#8217;de organize ettikleri zorlu organ naklini sizlerle payla\u015fmak istiyorum. 38 ya\u015f\u0131nday\u0131m ve birka\u00e7 ayd\u0131r sa\u00e7 ekimi yapt\u0131rmay\u0131 d\u00fc\u015f\u00fcn\u00fcyorum. Asl\u0131nda \u00e7ok fazla sa\u00e7 d\u00f6k\u00fclmem yoktu, sadece ba\u015f\u0131m\u0131n \u00f6n k\u0131sm\u0131nda ve aln\u0131mda birka\u00e7 kel b\u00f6lge ve arka k\u0131s\u0131mda da biraz seyrek sa\u00e7\u0131m vard\u0131. Yine de, \u00e7ok fazla olmasa da beni rahats\u0131z ediyordu. \u00d6zellikle yaz aylar\u0131nda, sa\u00e7\u0131m\u0131 olduk\u00e7a k\u0131sa kullanmay\u0131 sevdi\u011fim zamanlarda, kafa derimin \u00e7ok fazla g\u00f6r\u00fcnmesi beni rahats\u0131z ediyordu. Bu y\u00fczden sa\u00e7 ekimi yapt\u0131rmaya karar verdim. T\u00fcrkiye&#8217;nin bu alanda uzmanla\u015fm\u0131\u015f, i\u015flemi \u0130svi\u00e7re&#8217;ye k\u0131yasla nispeten uygun fiyata \u00e7ok iyi bir \u015fekilde ger\u00e7ekle\u015ftirebilen \u00e7ok iyi doktorlara ve kliniklere sahip oldu\u011funu biliyordum ve duymu\u015ftum. Bu y\u00fczden internette klinikler, doktorlar ve referanslar vb. arad\u0131m. Ne yaz\u0131k ki, klinikler ve doktorlar hakk\u0131nda \u00e7eli\u015fkili g\u00f6r\u00fc\u015fler oldu\u011fu i\u00e7in pek yard\u0131mc\u0131 olmad\u0131. D\u00fcr\u00fcst olmak gerekirse, raporlar\u0131n \u00e7o\u011fu ya \u00e7ok fazla reklam gibi g\u00f6r\u00fcn\u00fcyordu ya da daha b\u00fcy\u00fck olas\u0131l\u0131kla klinikleri kas\u0131tl\u0131 olarak itibars\u0131zla\u015ft\u0131rma giri\u015fimleriydi. Sonunda, olduk\u00e7a iyi oldu\u011fu s\u00f6ylenen iki veya \u00fc\u00e7 doktor hakk\u0131nda bilgi edindim. Ancak, onlarla iki ila \u00fc\u00e7 ay \u00f6nceden randevu alman\u0131z gerekiyor ve benim o kadar zaman\u0131m yoktu. Biraz daha Google&#8217;da arama yapt\u0131ktan sonra MedicalTravel web sitesine rastlad\u0131m. Bern merkezli olup, sa\u00e7 ekimi i\u00e7in \u0130stanbul&#8217;daki bir klinikle \u00e7al\u0131\u015f\u0131yorlar. MedicalTravel ekibi \u00e7ok yard\u0131mc\u0131 oldu ve t\u00fcm sorular\u0131m\u0131 yan\u0131tlad\u0131. Ayr\u0131ca, ilk te\u015fhis i\u00e7in &#8220;\u00f6ncesi&#8221; foto\u011fraflar\u0131m\u0131 tedavi eden doktora g\u00f6nderdiler; bu da sa\u00e7 ekiminin benim i\u00e7in m\u00fcmk\u00fcn olup olmad\u0131\u011f\u0131n\u0131 belirlemelerine, ka\u00e7 greft gerekece\u011fini ve maliyetinin ne olaca\u011f\u0131n\u0131 s\u00f6ylemelerine olanak sa\u011flad\u0131. Tahminime g\u00f6re 2.500-2.800 greft gerekiyordu ve bunun maliyeti 2.500 \u20ac olacakt\u0131. Bu fiyata t\u00fcm kons\u00fcltasyon ve organizasyonun yan\u0131 s\u0131ra MedicalTravel taraf\u0131ndan benimle kararla\u015ft\u0131r\u0131lan tarihler, klini\u011fe \u00e7ok yak\u0131n g\u00fczel bir otelde iki gece konaklama dahildi. Ayr\u0131ca havaalan\u0131ndan otele ve otelden havaalan\u0131na transferler, otelden alma ve klini\u011fe gidi\u015f-d\u00f6n\u00fc\u015f refakat hizmeti de dahildi. Her yere benimle birlikte gelen bir terc\u00fcman da fiyata dahildi. Ancak, \u0130stanbul&#8217;a zaten \u00f6nceden seyahat etti\u011fim i\u00e7in transfer hizmetini kullanmad\u0131m. Klinikteki muayene randevumdan bir g\u00fcn \u00f6nce otele giri\u015f yapt\u0131m. Otel, Fulda\/\u0130stanbul&#8217;daki Ac\u0131badem Klini\u011fi&#8217;ne 50 metre mesafede. Otel g\u00fczel ve temizdi, personel de \u00e7ok g\u00fcler y\u00fczl\u00fcyd\u00fc. Ertesi g\u00fcn Ac\u0131badem Klini\u011fi&#8217;ne gittim; resepsiyonda beni bekleyen terc\u00fcman \u00fc\u00e7 g\u00fcn boyunca t\u00fcm randevular\u0131ma e\u015flik etti. Daha sonra uzman doktorumuz Ferit Demirkan ile g\u00f6r\u00fc\u015ft\u00fcm. Bana sadece 1800-2000 greftin yeterli olaca\u011f\u0131n\u0131 a\u00e7\u0131klad\u0131. Hem nakil s\u0131ras\u0131nda hem de sonras\u0131nda t\u00fcm s\u00fcreci anlatt\u0131. D\u00fcr\u00fcst olmak gerekirse, \u0130stanbul&#8217;da birka\u00e7 doktor ve klinikten bilgi almay\u0131 planlam\u0131\u015ft\u0131m, ancak doktorla g\u00f6r\u00fc\u015fmem, klini\u011fin genel atmosferi ve \u00f6ncesindeki resepsiyon sayesinde iyi bir hisse kap\u0131ld\u0131m ve karar verdim: Sa\u00e7 ekimi yapt\u0131rmak istedi\u011fim klinik buras\u0131. Karar\u0131m\u0131 verdikten sonra, g\u00f6r\u00fc\u015fmenin ard\u0131ndan (fiyata dahil olan) PRP tedavisi uyguland\u0131. Bir hem\u015fire birka\u00e7 mililitre kan\u0131m\u0131 ald\u0131, santrif\u00fcjledi, plazmay\u0131 (berrak s\u0131v\u0131) ay\u0131rd\u0131 ve doktor bu plazmay\u0131 bir \u015f\u0131r\u0131nga ile kafa derimin alt\u0131na enjekte etti. Bu \u00f6n i\u015flem, kafa derisine sa\u00e7 ekiminin sonucunu olumlu y\u00f6nde etkileyen bir\u00e7ok de\u011ferli besin maddesi sa\u011fl\u0131yor. D\u00fcr\u00fcst olmak gerekirse, kafa derisine yap\u0131lan i\u011fne batmalar\u0131 biraz rahats\u0131z ediciydi, ama dayan\u0131labilir bir durumdu. \u0130kinci g\u00fcn, yani nakil g\u00fcn\u00fc, doktorla k\u0131sa bir g\u00f6r\u00fc\u015fme daha yapt\u0131m. Ard\u0131ndan, klini\u011fin kuaf\u00f6r salonuna gittim ve ba\u015f\u0131m t\u0131ra\u015f edildi. Bu, en iyi nakil i\u00e7in gerekliydi. Daha sonra, i\u015fleme haz\u0131rland\u0131\u011f\u0131m k\u00fc\u00e7\u00fck bir tedavi odas\u0131na ge\u00e7tim. Bir \u00f6nl\u00fck giydim ve lokal anestezinin etkisini g\u00f6stermesini beklemek i\u00e7in uzand\u0131m. \u0130la\u00e7, bir \u015f\u0131r\u0131nga ile kafa derisinin alt\u0131na enjekte edildi. Nakil yap\u0131lacak alan\u0131n b\u00fcy\u00fckl\u00fc\u011f\u00fcne ba\u011fl\u0131 olarak, 20-40 enjeksiyona katlanman\u0131z gerekiyor. D\u00fcr\u00fcst olmak gerekirse, bu i\u015flem \u00e7ok ac\u0131 verici. Baz\u0131 b\u00f6lgeler daha az, baz\u0131lar\u0131 \u00e7ok ac\u0131t\u0131yor. Ama gerekli irade g\u00fcc\u00fcyle bu i\u015flemi atlatabilirsiniz. En az\u0131ndan lokal anesteziden sonra, t\u00fcm nakil boyunca art\u0131k hi\u00e7bir a\u011fr\u0131 hissetmiyorsunuz. T\u00fcm nakil yakla\u015f\u0131k 3,5 saat s\u00fcrd\u00fc ve sonunda 2000 greft ald\u0131m. Die Haartransplantation haben allerdings Assistenten erledigt und nicht der Arzt. Es ist aber in den meisten Kliniken so, dass die Planung der Arzt macht und die Durchf\u00fchrung dann ausgebildete Assistenten \u00fcbernehmen. Je nach Klinik und Ausbildungsstand der Durchf\u00fchrenden ist, w\u00e4re es besser, wenn es der Arzt durchf\u00fchrt. Aber wenn nicht \u00e4rztliches Personal gut ausgebildet ist und viel Erfahrung hat, k\u00f6nnen mind. gleich gute Resultate erreicht werden, wenn nicht sogar bessere, da diese sehr viel Praxis haben als der Arzt. Sie haben mir noch erkl\u00e4rt, wie ich in den n\u00e4chsten Tagen und Wochen vorgehen soll, bez\u00fcglich Haare waschen, Vorsicht beim Schlafen usw. Nakilden bir g\u00fcn sonra, pansuman de\u011fi\u015fimi ve son kontrol i\u00e7in doktorla tekrar randevum vard\u0131. Bundan sonra geri d\u00f6nmeme izin verildi. \u0130ki hafta boyunca \u00f6nce kafa derimi 15-30 dakika Bepanthen ile yumu\u015fatt\u0131m, ard\u0131ndan \u00f6zel \u015fampuanla y\u0131kad\u0131m. Sa\u00e7 ekiminden bu yana \u00fc\u00e7 hafta ge\u00e7ti ve beklendi\u011fi gibi, ekilen sa\u00e7lar d\u00f6k\u00fclmeye ba\u015flad\u0131 ve \u00f6n\u00fcm\u00fczdeki iki ila \u00fc\u00e7 ay i\u00e7inde tekrar uzayacaklar. Hem Bern&#8217;deki MedicalTravel&#8217;\u0131 hem de Ac\u0131badem Klini\u011fini g\u00f6n\u00fcl rahatl\u0131\u011f\u0131yla tavsiye edebilirim. Sayg\u0131lar\u0131mla \u00d6zcan \u00d6zaltin \u00d6nceki rapor Sonraki rapor<\/p>\n","protected":false},"author":4,"featured_media":0,"parent":3801,"menu_order":0,"comment_status":"closed","ping_status":"closed","template":"","meta":{"_joinchat":[],"footnotes":""},"class_list":["post-3917","page","type-page","status-publish","hentry"],"acf":[],"_links":{"self":[{"href":"https:\/\/swisslasik.ch\/tr\/wp-json\/wp\/v2\/pages\/3917","targetHints":{"allow":["GET"]}}],"collection":[{"href":"https:\/\/swisslasik.ch\/tr\/wp-json\/wp\/v2\/pages"}],"about":[{"href":"https:\/\/swisslasik.ch\/tr\/wp-json\/wp\/v2\/types\/page"}],"author":[{"embeddable":true,"href":"https:\/\/swisslasik.ch\/tr\/wp-json\/wp\/v2\/users\/4"}],"replies":[{"embeddable":true,"href":"https:\/\/swisslasik.ch\/tr\/wp-json\/wp\/v2\/comments?post=3917"}],"version-history":[{"count":2,"href":"https:\/\/swisslasik.ch\/tr\/wp-json\/wp\/v2\/pages\/3917\/revisions"}],"predecessor-version":[{"id":4691,"href":"https:\/\/swisslasik.ch\/tr\/wp-json\/wp\/v2\/pages\/3917\/revisions\/4691"}],"up":[{"embeddable":true,"href":"https:\/\/swisslasik.ch\/tr\/wp-json\/wp\/v2\/pages\/3801"}],"wp:attachment":[{"href":"https:\/\/swisslasik.ch\/tr\/wp-json\/wp\/v2\/media?parent=3917"}],"curies":[{"name":"wp","href":"https:\/\/api.w.org\/{rel}","templated":true}]}}