{"id":3927,"date":"2025-09-24T12:04:17","date_gmt":"2025-09-24T11:04:17","guid":{"rendered":"https:\/\/swisslasik.ch\/hasta-yorumlari-lasik-goez-lazeri\/tuerkiyedeki-meme-bueyuetme-tedavim-deneyim-raporu-25-mayis-2015-pazartesi-tarihli-rapor\/"},"modified":"2026-01-14T02:45:40","modified_gmt":"2026-01-14T01:45:40","slug":"tuerkiyedeki-meme-bueyuetme-tedavim-deneyim-raporu-25-mayis-2015-pazartesi-tarihli-rapor","status":"publish","type":"page","link":"https:\/\/swisslasik.ch\/tr\/hasta-yorumlari-lasik-goez-lazeri\/tuerkiyedeki-meme-bueyuetme-tedavim-deneyim-raporu-25-mayis-2015-pazartesi-tarihli-rapor\/","title":{"rendered":"T\u00fcrkiye&#8217;deki meme b\u00fcy\u00fctme tedavim &#8211; deneyim raporu &#8211; 25 May\u0131s 2015 Pazartesi tarihli rapor"},"content":{"rendered":"\n<h3 class=\"wp-block-heading\">T\u00fcrkiye&#8217;deki meme b\u00fcy\u00fctme tedavim &#8211; deneyim raporu &#8211; 25 May\u0131s 2015 Pazartesi tarihli rapor<\/h3>\n\n\n\n<p>K\u0131z karde\u015fimle birlikte Medicaltravel&#8217;\u0131 internetten bulduk ve Z\u00fcrih&#8217;te meme b\u00fcy\u00fctme ameliyat\u0131 i\u00e7in bir kons\u00fcltasyon ayarlad\u0131k. \u00c7ok profesyonel bir ortam vard\u0131 ve kendimizi \u00e7ok iyi anla\u015f\u0131lm\u0131\u015f hissettik. <\/p>\n\n\n\n<p>Bundan sonra, Bay Kara bizim i\u00e7in seyahat ve otel rezervasyonlar\u0131n\u0131 yapt\u0131. \u0130stanbul&#8217;daki havaalan\u0131ndan al\u0131nd\u0131k ve otele g\u00f6t\u00fcr\u00fcld\u00fck, orada \u00e7ok s\u0131cak bir kar\u015f\u0131lama ile kar\u015f\u0131land\u0131k. Otel personeli, hastaneye gitmek i\u00e7in ne zaman al\u0131naca\u011f\u0131m\u0131z\u0131 s\u00fcrekli hat\u0131rlatt\u0131.  <\/p>\n\n\n\n<p>Hastane kesinlikle muhte\u015femdi ve her \u015feyin ne kadar iyi organize edildi\u011fine hayran kald\u0131m. Hi\u00e7bir \u015fey i\u00e7in endi\u015felenmemize gerek kalmad\u0131; her zaman yan\u0131m\u0131zda bir terc\u00fcman vard\u0131. T\u00fcm hem\u015fireler inan\u0131lmaz derecede g\u00fcler y\u00fczl\u00fc ve misafirperverdi. Kendimizi \u00e7ok rahat hissettik! Her \u015fey sorunsuz ge\u00e7ti ve ameliyat b\u00fcy\u00fck bir ba\u015far\u0131yla sonu\u00e7land\u0131.    <\/p>\n\n\n\n<p>\u015eunu s\u00f6ylemeliyim ki, her zaman oraya geri d\u00f6nerdim. \u0130stanbul&#8217;da yedi g\u00fcn ge\u00e7irdik ve hatta ayr\u0131l\u0131rken \u015fof\u00f6r\u00fcm\u00fcz taraf\u0131ndan havaalan\u0131na kadar g\u00f6t\u00fcr\u00fcld\u00fck. Ameliyattan sonra ve eve d\u00f6nd\u00fckten sonra bile Medicaltravel bizimle ileti\u015fime ge\u00e7ip durumumuzu sordu, bu da ger\u00e7ekten takdir etti\u011fim bir \u015feydi.  <\/p>\n\n\n\n<p>\u015eiddetle tavsiye ederim. \u00c7ok \u00e7ok memnun kald\u0131m ve m\u00fckemmel organizasyon ve harika \u00e7al\u0131\u015fman\u0131z i\u00e7in te\u015fekk\u00fcr etmek istiyorum. <\/p>\n\n\n\n<p>A. Adlinkovic<\/p>\n\n\n\n<div class=\"wp-block-group is-layout-grid wp-container-core-group-is-layout-baef362d wp-block-group-is-layout-grid\">\n<p><a href=\"https:\/\/medicaltravel.at\/home\/agb\/\" data-type=\"page\" data-id=\"2191\" rel=\"nofollow noopener\" target=\"_blank\"><\/a><a href=\"https:\/\/swisslasik.ch\/tr\/hasta-yorumlari-lasik-goez-lazeri\/istanbulda-isvicreden-cok-daha-fazla-ameliyat-gerceklestiriliyor-30-mayis-2015-cumartesi-tarihli-rapor\/\" data-type=\"link\" data-id=\"https:\/\/swisslasik.ch\/patientenberichte-lasik\/in-istanbul-werden-viel-mehr-operationen-durchgefuhrt-als-in-der-schweiz-bericht-vom-samstag-30-mai-2015\/\">\u00d6nceki rapor<\/a><\/p>\n\n\n\n<p class=\"has-text-align-right wp-container-content-5e2576f9\"><a href=\"https:\/\/medicaltravel.at\/home\/impressum\/\" data-type=\"page\" data-id=\"2193\" rel=\"nofollow noopener\" target=\"_blank\"><\/a><a href=\"https:\/\/medicaltravel.at\/home\/berichte-von-patienten\/erfahrungsberichte\/erfahrungsbericht-zahnbehandlung-in-istanbul\/\" data-type=\"page\" data-id=\"981\" rel=\"nofollow noopener\" target=\"_blank\"><\/a><a href=\"https:\/\/swisslasik.ch\/tr\/hasta-yorumlari-lasik-goez-lazeri\/istanbulda-meme-bueyuetme-ameliyatiyla-ilgili-olumlu-deneyimim-20-mayis-2015-carsamba-tarihli-rapor\/\" data-type=\"link\" data-id=\"https:\/\/swisslasik.ch\/tr\/hasta-yorumlari-lasik-goez-lazeri\/istanbulda-meme-bueyuetme-ameliyatiyla-ilgili-olumlu-deneyimim-20-mayis-2015-carsamba-tarihli-rapor\/\">Sonraki rapor<\/a><\/p>\n<\/div>\n","protected":false},"excerpt":{"rendered":"<p>T\u00fcrkiye&#8217;deki meme b\u00fcy\u00fctme tedavim &#8211; deneyim raporu &#8211; 25 May\u0131s 2015 Pazartesi tarihli rapor K\u0131z karde\u015fimle birlikte Medicaltravel&#8217;\u0131 internetten bulduk ve Z\u00fcrih&#8217;te meme b\u00fcy\u00fctme ameliyat\u0131 i\u00e7in bir kons\u00fcltasyon ayarlad\u0131k. \u00c7ok profesyonel bir ortam vard\u0131 ve kendimizi \u00e7ok iyi anla\u015f\u0131lm\u0131\u015f hissettik. Bundan sonra, Bay Kara bizim i\u00e7in seyahat ve otel rezervasyonlar\u0131n\u0131 yapt\u0131. \u0130stanbul&#8217;daki havaalan\u0131ndan al\u0131nd\u0131k ve otele g\u00f6t\u00fcr\u00fcld\u00fck, orada \u00e7ok s\u0131cak bir kar\u015f\u0131lama ile kar\u015f\u0131land\u0131k. Otel personeli, hastaneye gitmek i\u00e7in ne zaman al\u0131naca\u011f\u0131m\u0131z\u0131 s\u00fcrekli hat\u0131rlatt\u0131. Hastane kesinlikle muhte\u015femdi ve her \u015feyin ne kadar iyi organize edildi\u011fine hayran kald\u0131m. Hi\u00e7bir \u015fey i\u00e7in endi\u015felenmemize gerek kalmad\u0131; her zaman yan\u0131m\u0131zda bir terc\u00fcman vard\u0131. T\u00fcm hem\u015fireler inan\u0131lmaz derecede g\u00fcler y\u00fczl\u00fc ve misafirperverdi. Kendimizi \u00e7ok rahat hissettik! Her \u015fey sorunsuz ge\u00e7ti ve ameliyat b\u00fcy\u00fck bir ba\u015far\u0131yla sonu\u00e7land\u0131. \u015eunu s\u00f6ylemeliyim ki, her zaman oraya geri d\u00f6nerdim. \u0130stanbul&#8217;da yedi g\u00fcn ge\u00e7irdik ve hatta ayr\u0131l\u0131rken \u015fof\u00f6r\u00fcm\u00fcz taraf\u0131ndan havaalan\u0131na kadar g\u00f6t\u00fcr\u00fcld\u00fck. Ameliyattan sonra ve eve d\u00f6nd\u00fckten sonra bile Medicaltravel bizimle ileti\u015fime ge\u00e7ip durumumuzu sordu, bu da ger\u00e7ekten takdir etti\u011fim bir \u015feydi. \u015eiddetle tavsiye ederim. \u00c7ok \u00e7ok memnun kald\u0131m ve m\u00fckemmel organizasyon ve harika \u00e7al\u0131\u015fman\u0131z i\u00e7in te\u015fekk\u00fcr etmek istiyorum. A. Adlinkovic \u00d6nceki rapor Sonraki rapor<\/p>\n","protected":false},"author":4,"featured_media":0,"parent":3801,"menu_order":0,"comment_status":"closed","ping_status":"closed","template":"","meta":{"_joinchat":[],"footnotes":""},"class_list":["post-3927","page","type-page","status-publish","hentry"],"acf":[],"_links":{"self":[{"href":"https:\/\/swisslasik.ch\/tr\/wp-json\/wp\/v2\/pages\/3927","targetHints":{"allow":["GET"]}}],"collection":[{"href":"https:\/\/swisslasik.ch\/tr\/wp-json\/wp\/v2\/pages"}],"about":[{"href":"https:\/\/swisslasik.ch\/tr\/wp-json\/wp\/v2\/types\/page"}],"author":[{"embeddable":true,"href":"https:\/\/swisslasik.ch\/tr\/wp-json\/wp\/v2\/users\/4"}],"replies":[{"embeddable":true,"href":"https:\/\/swisslasik.ch\/tr\/wp-json\/wp\/v2\/comments?post=3927"}],"version-history":[{"count":2,"href":"https:\/\/swisslasik.ch\/tr\/wp-json\/wp\/v2\/pages\/3927\/revisions"}],"predecessor-version":[{"id":4713,"href":"https:\/\/swisslasik.ch\/tr\/wp-json\/wp\/v2\/pages\/3927\/revisions\/4713"}],"up":[{"embeddable":true,"href":"https:\/\/swisslasik.ch\/tr\/wp-json\/wp\/v2\/pages\/3801"}],"wp:attachment":[{"href":"https:\/\/swisslasik.ch\/tr\/wp-json\/wp\/v2\/media?parent=3927"}],"curies":[{"name":"wp","href":"https:\/\/api.w.org\/{rel}","templated":true}]}}