{"id":3945,"date":"2025-09-24T12:04:54","date_gmt":"2025-09-24T11:04:54","guid":{"rendered":"https:\/\/swisslasik.ch\/hasta-yorumlari-lasik-goez-lazeri\/istanbulda-meme-bueyuetme-ameliyatiyla-ilgili-olumlu-deneyimim-20-mayis-2015-carsamba-tarihli-rapor\/"},"modified":"2026-01-14T02:46:05","modified_gmt":"2026-01-14T01:46:05","slug":"istanbulda-meme-bueyuetme-ameliyatiyla-ilgili-olumlu-deneyimim-20-mayis-2015-carsamba-tarihli-rapor","status":"publish","type":"page","link":"https:\/\/swisslasik.ch\/tr\/hasta-yorumlari-lasik-goez-lazeri\/istanbulda-meme-bueyuetme-ameliyatiyla-ilgili-olumlu-deneyimim-20-mayis-2015-carsamba-tarihli-rapor\/","title":{"rendered":"\u0130stanbul&#8217;da meme b\u00fcy\u00fctme ameliyat\u0131yla ilgili olumlu deneyimim \u2013 20 May\u0131s 2015 \u00c7ar\u015famba tarihli rapor"},"content":{"rendered":"\n<h3 class=\"wp-block-heading\">\u0130stanbul&#8217;da meme b\u00fcy\u00fctme ameliyat\u0131yla ilgili olumlu deneyimim \u2013 20 May\u0131s 2015 \u00c7ar\u015famba tarihli rapor<\/h3>\n\n<p>\u0130nternette rastgele bir ara\u015ft\u0131rma yapt\u0131m ve Medical Travel&#8217;\u0131 buldum, bu y\u00fczden herhangi bir y\u00fck\u00fcml\u00fcl\u00fck gerektirmeyen bilgilerine g\u00f6z at\u0131p biraz tavsiye ve bilgi alay\u0131m dedim. Denemeden sonu\u00e7 al\u0131namaz. <\/p>\n\n<p>10 y\u0131ld\u0131r meme b\u00fcy\u00fctme ameliyat\u0131 olmak istiyordum ve nihayet \u015fimdi bunu kar\u015f\u0131layabiliyorum. Ayr\u0131ca, \u0130stanbul&#8217;u zaten \u00e7ok seviyorum. D\u00fcr\u00fcst olmak gerekirse, \u0130svi\u00e7re kalitesini bir kenara b\u0131rak\u0131rsak, o fiyata \u0130svi\u00e7re&#8217;de bir araba alabilirdim ve muhtemelen \u0130stanbul&#8217;daki kadar isteklerimi yerine getiremezlerdi; \u00e7\u00fcnk\u00fc \u0130stanbul&#8217;da bireysel ihtiya\u00e7lar\u0131n\u0131za daha \u00e7ok \u00f6nem veriyorlar. <\/p>\n\n<p>Muayene s\u0131ras\u0131nda doktor beni \u00e7ok olumlu y\u00f6nde \u015fa\u015f\u0131rtt\u0131 \u00e7\u00fcnk\u00fc hem \u0130ngilizce hem de Almanca anl\u0131yor ve konu\u015fuyordu, ayr\u0131ca sorular\u0131m\u0131\/isteklerimi \u00e7ok profesyonel ve sakin bir \u015fekilde yan\u0131tlad\u0131.<\/p>\n\n<p>Bug\u00fcn s\u00f6yleyebilirim ki, doktor \u015fimdiye kadar tan\u0131d\u0131\u011f\u0131m en iyi doktor ve onu g\u00f6n\u00fclden tavsiye ediyorum. Kons\u00fcltasyon ve ameliyat planlamas\u0131 \u00e7ok a\u00e7\u0131k ve anla\u015f\u0131l\u0131r bir \u015fekilde ger\u00e7ekle\u015fti. \u00d6zellikle b\u00fcy\u00fck bir metropol olan \u0130stanbul&#8217;un yo\u011fun temposunu g\u00f6z \u00f6n\u00fcnde bulundurursak, transfer ve otel m\u00fckemmeldi. Otelin kendisi de \u00e7ok etkileyiciydi.<\/p>\n\n<p>Hem\u015fireler i\u00e7in s\u00f6yleyeceklerim sadece \u00f6vg\u00fcden ibaret, \u00e7\u00fcnk\u00fc serum tak\u0131ld\u0131ktan sonra genellikle b\u00fcy\u00fck morluklar olu\u015fuyor ve enjeksiyon yerinden s\u00fcrekli kan ak\u0131yor! Evet, bu bizim \u0130svi\u00e7reli doktorlar\u0131m\u0131z ve servis hem\u015firelerimiz i\u00e7in tipik bir durum! Ama orada hem\u015fire durumu harika bir \u015fekilde halletti ve sonras\u0131nda kimse oraya i\u011fne yap\u0131ld\u0131\u011f\u0131n\u0131 anlayamad\u0131.  <\/p>\n\n<p>Ameliyat \u00e7ok yorucuydu; ancak ameliyata girmeden \u00f6nce bunu bilmeniz gerekiyor. Hi\u00e7bir \u015fey risksiz de\u011fildir. Sonunda bu dile\u011fimi ger\u00e7ekle\u015ftirebildi\u011fim ve bu f\u0131rsat\u0131 de\u011ferlendirebildi\u011fim i\u00e7in \u00e7ok mutluyum.  <\/p>\n\n<p>MedicalTravel&#8217;a i\u00e7tenlikle te\u015fekk\u00fcr etmek ve onlar\u0131 \u015fiddetle tavsiye etmek istiyorum. Hem zenginle\u015ftirici hem de \u00f6d\u00fcllendirici bir deneyimdi. Te\u015fekk\u00fcrler! <\/p>\n\n<p>P. Ayar, 19 May\u0131s 2015, Z\u00fcrih<\/p>\n\n<div class=\"wp-block-group is-layout-grid wp-container-core-group-is-layout-baef362d wp-block-group-is-layout-grid\">\n<p><a href=\"https:\/\/medicaltravel.at\/home\/agb\/\" data-type=\"page\" data-id=\"2191\" rel=\"nofollow noopener\" target=\"_blank\"><\/a><a href=\"https:\/\/swisslasik.ch\/tr\/hasta-yorumlari-lasik-goez-lazeri\/tuerkiyedeki-meme-bueyuetme-tedavim-deneyim-raporu-25-mayis-2015-pazartesi-tarihli-rapor\/\" data-type=\"link\" data-id=\"https:\/\/swisslasik.ch\/patientenberichte-lasik\/meine-brustbehandlung-in-der-turkei-erfahrungsbericht-bericht-vom-montag-25-mai-2015\/\">\u00d6nceki rapor<\/a><\/p>\n\n\n\n<p class=\"has-text-align-right wp-container-content-5e2576f9\"><a href=\"https:\/\/medicaltravel.at\/home\/impressum\/\" data-type=\"page\" data-id=\"2193\" rel=\"nofollow noopener\" target=\"_blank\"><\/a><a href=\"https:\/\/medicaltravel.at\/home\/berichte-von-patienten\/erfahrungsberichte\/erfahrungsbericht-zahnbehandlung-in-istanbul\/\" data-type=\"page\" data-id=\"981\" rel=\"nofollow noopener\" target=\"_blank\"><\/a><a href=\"https:\/\/swisslasik.ch\/tr\/hasta-yorumlari-lasik-goez-lazeri\/tertemiz-her-yerde-son-teknoloji-ekipmanlar-ve-bunlari-kullanacak-yetkin-personel\/\" data-type=\"link\" data-id=\"https:\/\/swisslasik.ch\/patientenberichte-lasik\/blitzsauber-modernste-gerate-uberall-und-auch-das-kompetente-personal-umher-zu-bedienen\/\">Sonraki rapor<\/a><\/p>\n<\/div>\n","protected":false},"excerpt":{"rendered":"<p>\u0130stanbul&#8217;da meme b\u00fcy\u00fctme ameliyat\u0131yla ilgili olumlu deneyimim \u2013 20 May\u0131s 2015 \u00c7ar\u015famba tarihli rapor \u0130nternette rastgele bir ara\u015ft\u0131rma yapt\u0131m ve Medical Travel&#8217;\u0131 buldum, bu y\u00fczden herhangi bir y\u00fck\u00fcml\u00fcl\u00fck gerektirmeyen bilgilerine g\u00f6z at\u0131p biraz tavsiye ve bilgi alay\u0131m dedim. Denemeden sonu\u00e7 al\u0131namaz. 10 y\u0131ld\u0131r meme b\u00fcy\u00fctme ameliyat\u0131 olmak istiyordum ve nihayet \u015fimdi bunu kar\u015f\u0131layabiliyorum. Ayr\u0131ca, \u0130stanbul&#8217;u zaten \u00e7ok seviyorum. D\u00fcr\u00fcst olmak gerekirse, \u0130svi\u00e7re kalitesini bir kenara b\u0131rak\u0131rsak, o fiyata \u0130svi\u00e7re&#8217;de bir araba alabilirdim ve muhtemelen \u0130stanbul&#8217;daki kadar isteklerimi yerine getiremezlerdi; \u00e7\u00fcnk\u00fc \u0130stanbul&#8217;da bireysel ihtiya\u00e7lar\u0131n\u0131za daha \u00e7ok \u00f6nem veriyorlar. Muayene s\u0131ras\u0131nda doktor beni \u00e7ok olumlu y\u00f6nde \u015fa\u015f\u0131rtt\u0131 \u00e7\u00fcnk\u00fc hem \u0130ngilizce hem de Almanca anl\u0131yor ve konu\u015fuyordu, ayr\u0131ca sorular\u0131m\u0131\/isteklerimi \u00e7ok profesyonel ve sakin bir \u015fekilde yan\u0131tlad\u0131. Bug\u00fcn s\u00f6yleyebilirim ki, doktor \u015fimdiye kadar tan\u0131d\u0131\u011f\u0131m en iyi doktor ve onu g\u00f6n\u00fclden tavsiye ediyorum. Kons\u00fcltasyon ve ameliyat planlamas\u0131 \u00e7ok a\u00e7\u0131k ve anla\u015f\u0131l\u0131r bir \u015fekilde ger\u00e7ekle\u015fti. \u00d6zellikle b\u00fcy\u00fck bir metropol olan \u0130stanbul&#8217;un yo\u011fun temposunu g\u00f6z \u00f6n\u00fcnde bulundurursak, transfer ve otel m\u00fckemmeldi. Otelin kendisi de \u00e7ok etkileyiciydi. Hem\u015fireler i\u00e7in s\u00f6yleyeceklerim sadece \u00f6vg\u00fcden ibaret, \u00e7\u00fcnk\u00fc serum tak\u0131ld\u0131ktan sonra genellikle b\u00fcy\u00fck morluklar olu\u015fuyor ve enjeksiyon yerinden s\u00fcrekli kan ak\u0131yor! Evet, bu bizim \u0130svi\u00e7reli doktorlar\u0131m\u0131z ve servis hem\u015firelerimiz i\u00e7in tipik bir durum! Ama orada hem\u015fire durumu harika bir \u015fekilde halletti ve sonras\u0131nda kimse oraya i\u011fne yap\u0131ld\u0131\u011f\u0131n\u0131 anlayamad\u0131. Ameliyat \u00e7ok yorucuydu; ancak ameliyata girmeden \u00f6nce bunu bilmeniz gerekiyor. Hi\u00e7bir \u015fey risksiz de\u011fildir. Sonunda bu dile\u011fimi ger\u00e7ekle\u015ftirebildi\u011fim ve bu f\u0131rsat\u0131 de\u011ferlendirebildi\u011fim i\u00e7in \u00e7ok mutluyum. MedicalTravel&#8217;a i\u00e7tenlikle te\u015fekk\u00fcr etmek ve onlar\u0131 \u015fiddetle tavsiye etmek istiyorum. Hem zenginle\u015ftirici hem de \u00f6d\u00fcllendirici bir deneyimdi. Te\u015fekk\u00fcrler! P. Ayar, 19 May\u0131s 2015, Z\u00fcrih \u00d6nceki rapor Sonraki rapor<\/p>\n","protected":false},"author":4,"featured_media":0,"parent":3801,"menu_order":0,"comment_status":"closed","ping_status":"closed","template":"","meta":{"_joinchat":[],"footnotes":""},"class_list":["post-3945","page","type-page","status-publish","hentry"],"acf":[],"_links":{"self":[{"href":"https:\/\/swisslasik.ch\/tr\/wp-json\/wp\/v2\/pages\/3945","targetHints":{"allow":["GET"]}}],"collection":[{"href":"https:\/\/swisslasik.ch\/tr\/wp-json\/wp\/v2\/pages"}],"about":[{"href":"https:\/\/swisslasik.ch\/tr\/wp-json\/wp\/v2\/types\/page"}],"author":[{"embeddable":true,"href":"https:\/\/swisslasik.ch\/tr\/wp-json\/wp\/v2\/users\/4"}],"replies":[{"embeddable":true,"href":"https:\/\/swisslasik.ch\/tr\/wp-json\/wp\/v2\/comments?post=3945"}],"version-history":[{"count":1,"href":"https:\/\/swisslasik.ch\/tr\/wp-json\/wp\/v2\/pages\/3945\/revisions"}],"predecessor-version":[{"id":3946,"href":"https:\/\/swisslasik.ch\/tr\/wp-json\/wp\/v2\/pages\/3945\/revisions\/3946"}],"up":[{"embeddable":true,"href":"https:\/\/swisslasik.ch\/tr\/wp-json\/wp\/v2\/pages\/3801"}],"wp:attachment":[{"href":"https:\/\/swisslasik.ch\/tr\/wp-json\/wp\/v2\/media?parent=3945"}],"curies":[{"name":"wp","href":"https:\/\/api.w.org\/{rel}","templated":true}]}}