{"id":3947,"date":"2025-09-24T12:02:43","date_gmt":"2025-09-24T11:02:43","guid":{"rendered":"https:\/\/swisslasik.ch\/hasta-yorumlari-lasik-goez-lazeri\/istanbulda-gecirdigim-ani-lazer-ameliyatim-4-haziran-2015-persembe-tarihli-rapor\/"},"modified":"2026-01-14T02:44:17","modified_gmt":"2026-01-14T01:44:17","slug":"istanbulda-gecirdigim-ani-lazer-ameliyatim-4-haziran-2015-persembe-tarihli-rapor","status":"publish","type":"page","link":"https:\/\/swisslasik.ch\/tr\/hasta-yorumlari-lasik-goez-lazeri\/istanbulda-gecirdigim-ani-lazer-ameliyatim-4-haziran-2015-persembe-tarihli-rapor\/","title":{"rendered":"\u0130stanbul&#8217;da ge\u00e7irdi\u011fim ani lazer ameliyat\u0131m &#8211; 4 Haziran 2015 Per\u015fembe tarihli rapor"},"content":{"rendered":"\n<h3 class=\"wp-block-heading\">\u0130stanbul&#8217;da ge\u00e7irdi\u011fim ani lazer ameliyat\u0131m &#8211; 4 Haziran 2015 Per\u015fembe tarihli rapor<\/h3>\n\n<p>G\u00f6rme bozuklu\u011fumu d\u00fczeltmek i\u00e7in 14 y\u0131ld\u0131r g\u00f6zl\u00fck tak\u0131yorum. Sa\u011f g\u00f6z\u00fcmde sadece -0,75 diyoptri, sol g\u00f6z\u00fcmde ise tam 3,75 diyoptri oldu\u011fu i\u00e7in g\u00f6zl\u00fck almak her zaman olduk\u00e7a pahal\u0131 olmu\u015ftur. Uzun zamand\u0131r lazer g\u00f6z ameliyat\u0131 olmay\u0131 hayal ediyordum, ancak hayalimin ger\u00e7ekle\u015fece\u011fini hi\u00e7 d\u00fc\u015f\u00fcnmemi\u015ftim. Birincisi, y\u00fcksek maliyet beni geri tutuyordu ve b\u00f6yle bir ameliyattan \u00e7ok korkuyordum. Kontakt lens bile kullanam\u0131yordum \u2013 lazer ameliyat\u0131ndan nas\u0131l sa\u011f \u00e7\u0131kabilirdim ki?   <\/p>\n\n<p>Tan\u0131d\u0131\u011f\u0131m birinin \u0130stanbul&#8217;da lazer g\u00f6z ameliyat\u0131 ge\u00e7irdi\u011fini s\u00f6ylemesiyle t\u00fcm bu olay biraz arka plana d\u00fc\u015ft\u00fc. Do\u011fal olarak hemen merakland\u0131m ve ondan t\u00fcm bilgileri istedim, daha sonra swisslasik.ch adresinden tekrar inceledim. Biraz teredd\u00fct ettim \u00e7\u00fcnk\u00fc biriyle \u0130stanbul&#8217;a u\u00e7may\u0131 \u00e7ok isterdim, ancak ne yaz\u0131k ki tan\u0131d\u0131\u011f\u0131m kimse \u00f6n\u00fcm\u00fczdeki ay i\u00e7inde bunu yapamazd\u0131.  <\/p>\n\n<p>Aral\u0131k ay\u0131n\u0131n sonunda, Bay Kara ile lazer ameliyat\u0131m\u0131 kendim, sadece iki hafta \u00f6nceden ve hi\u00e7bir sorun ya\u015famadan ayarlad\u0131m! G\u00fcn\u00fcn her saatinde \u00e7ok h\u0131zl\u0131 ve detayl\u0131 cevaplar ald\u0131m ve her \u015fey m\u00fckemmel bir \u015fekilde planlanm\u0131\u015ft\u0131. <\/p>\n\n<p>Sadece iki hafta sonra, T\u00fcrkiye&#8217;ye giden bir u\u00e7akta yaln\u0131z ba\u015f\u0131ma oturuyordum. Ne yaz\u0131k ki, u\u00e7u\u015f bir saatten fazla gecikti, ancak \u015fof\u00f6r beni hi\u00e7 zorlanmadan buldu ve do\u011frudan klini\u011fe g\u00f6t\u00fcrd\u00fc. Vard\u0131\u011f\u0131m\u0131zda saat gece 11 civar\u0131yd\u0131 ve gece hem\u015firesinin bana yakla\u015fan ameliyat ve prosed\u00fcr\u00fcn geri kalan\u0131 hakk\u0131nda ihtiyac\u0131m olan t\u00fcm bilgileri verdi\u011fi odama g\u00f6t\u00fcr\u00fcld\u00fcm.  <\/p>\n\n<p>Ertesi g\u00fcn terc\u00fcman\u0131m Denise beni odadan ald\u0131 ve gerekli t\u00fcm \u00f6n muayenelere g\u00f6t\u00fcrd\u00fc. Kullan\u0131lan cihazlar ve uygulamalar standartt\u0131. Bir \u015fey net de\u011filse testler tekrarland\u0131; hata yap\u0131lmamas\u0131 konusunda \u00e7ok titiz davran\u0131l\u0131yor. Bir doktor, daha detayl\u0131 incelemeden sonra sol g\u00f6z\u00fcm\u00fcn retina k\u0131sm\u0131nda bir \u015fey g\u00f6rd\u00fc\u011f\u00fcn\u00fc, ancak emin olmad\u0131\u011f\u0131n\u0131 s\u00f6yledi. 15 dakika sonra klini\u011fin retina uzman\u0131n\u0131n yan\u0131ndayd\u0131m ve her iki g\u00f6z\u00fcm de tekrar \u00e7ok ayr\u0131nt\u0131l\u0131 \u015fekilde muayene edildi. Neyse ki her \u015fey yolundayd\u0131.     <\/p>\n\n<p>Odam\u0131za geri d\u00f6nmeme izin verildi ve sadece yar\u0131m saat sonra Denise arayarak ameliyat i\u00e7in bir kat daha a\u015fa\u011f\u0131 inebilece\u011fimi s\u00f6yledi. \u00c7ok gergindim ama herkes \u00e7ok anlay\u0131\u015fl\u0131yd\u0131 ve hem\u015firelerden biri inan\u0131lmaz derecede nazikti, t\u0131pk\u0131 bir anne gibiydi. San\u0131r\u0131m ameliyat s\u0131ras\u0131nda elimi tutan oydu.<\/p>\n\n<p>Her \u015fey haz\u0131rlanm\u0131\u015ft\u0131; bana ameliyat \u00f6nl\u00fckleri verildi, g\u00f6zlerim dezenfekte edildi ve damlalarla uyu\u015fturuldu. \u00c7ok h\u0131zl\u0131 bir \u015fekilde etkisini g\u00f6stermeye ba\u015flad\u0131, bunu hissedebiliyordunuz ama rahats\u0131z edici de\u011fildi. <\/p>\n\n<p>Masaya uzand\u0131m, her \u015fey haz\u0131rd\u0131 ve k\u0131sa bir s\u00fcre sonra g\u00f6z\u00fcm\u00fc a\u00e7\u0131k tutmak ve sabitlemek i\u00e7in ilk cihaz g\u00f6z\u00fcme yerle\u015ftirildi. Hafif bir s\u0131k\u0131l\u0131k hissettim ama ac\u0131mad\u0131. Ard\u0131ndan ilk lazer uyguland\u0131 ve kapak\u00e7\u0131k serbest b\u0131rak\u0131ld\u0131. Halka \u00e7\u0131kar\u0131ld\u0131 ve di\u011fer g\u00f6ze yerle\u015ftirildi. Her iki kapak\u00e7\u0131k da serbest b\u0131rak\u0131ld\u0131ktan sonra, y\u00fcz\u00fcme plastik bir \u00f6rt\u00fc yerle\u015ftirildi, sadece g\u00f6zlerim a\u00e7\u0131kta kald\u0131. \u0130lk g\u00f6z\u00fcm a\u00e7\u0131k tutuldu\u2014san\u0131r\u0131m k\u0131ska\u00e7larla, ama g\u00f6z kapa\u011f\u0131mda k\u00fc\u00e7\u00fck bant par\u00e7alar\u0131 varm\u0131\u015f gibi hissettim, bu y\u00fczden hi\u00e7 de k\u00f6t\u00fc de\u011fildi. Sonra k\u0131rm\u0131z\u0131 bir noktaya bakmam gerekiyordu ve 30 saniye i\u00e7inde ilk g\u00f6z\u00fcm lazerlendi. Kapak\u00e7\u0131k yeniden konumland\u0131r\u0131ld\u0131, d\u00fczeltildi ve t\u00fcm s\u00fcre\u00e7 boyunca oldu\u011fu gibi, g\u00f6z\u00fcm nemli ve uyu\u015fturulmu\u015f halde tutuldu. Ayn\u0131 i\u015flem di\u011fer g\u00f6z i\u00e7in de tekrarland\u0131 ve yakla\u015f\u0131k 5-10 dakika sonra ameliyat odas\u0131ndan \u00e7\u0131kt\u0131m. Tamamen lazerlenmi\u015ftim!         <\/p>\n\n<p>Yan odada, k\u0131demli doktor ve asistan doktor g\u00f6zlerimi mikroskop alt\u0131nda muayene ettiler ve sonu\u00e7lardan \u00e7ok memnun kald\u0131lar. Bana koyu renkli g\u00f6zl\u00fck verdiler ve odama g\u00f6t\u00fcrd\u00fcler. <\/p>\n\n<p>Saat 17:00 olmu\u015ftu ve yata\u011fa uzand\u0131m. Yar\u0131m saat sonra damlalar\u0131n uyu\u015fturucu etkisi ge\u00e7ti ve g\u00f6zlerim sanki i\u00e7inde kum varm\u0131\u015f gibi ka\u015f\u0131nmaya ba\u015flad\u0131. Olduk\u00e7a rahats\u0131z ediciydi; kapal\u0131 g\u00f6z kapaklar\u0131m\u0131n alt\u0131nda g\u00f6zlerimi hareket ettirmemeye \u00e7al\u0131\u015ft\u0131m ama ba\u015faramad\u0131m. G\u00f6zlerim s\u00fcrekli hafif\u00e7e hareket ediyordu. K\u0131sa s\u00fcre sonra gece hem\u015firesi geldi ve bana iki farkl\u0131 t\u00fcrde g\u00f6z damlas\u0131 ve bir a\u011fr\u0131 kesici verdi.    <\/p>\n\n<p>Yakla\u015f\u0131k 1,5 saat sonra birka\u00e7 damla daha ve bir uyku hap\u0131 ald\u0131m. Ka\u015f\u0131nan g\u00f6zlerim y\u00fcz\u00fcnden ak\u015fam yeme\u011fini atlad\u0131m ve hen\u00fcz g\u00f6zlerimi a\u00e7mak istemedim\/a\u00e7amad\u0131m. Ancak \u00e7ok ge\u00e7meden uykuya dald\u0131m. Saat 1&#8217;de tekrar uyand\u0131m. G\u00f6zlerim hala biraz kuru olsa da, ka\u015f\u0131nt\u0131l\u0131 a\u011fr\u0131 ge\u00e7mi\u015fti. Ertesi sabah, koyu renk g\u00f6zl\u00fcklerimi \u00e7\u0131karabildim ve \u0131\u015f\u0131\u011fa kar\u015f\u0131 sadece hafif bir hassasiyetim vard\u0131. Saat 9:30&#8217;da kontrol randevusu i\u00e7in al\u0131nd\u0131m. Her \u015fey yolunda gitti ve ayr\u0131ca punktal t\u0131ka\u00e7lar da tak\u0131ld\u0131. Bunlar, g\u00f6zya\u015f\u0131 s\u0131v\u0131s\u0131n\u0131n \u00e7ok h\u0131zl\u0131 bo\u015falmas\u0131n\u0131 ve g\u00f6zlerin kurumas\u0131n\u0131 \u00f6nlemek i\u00e7in tasarlanm\u0131\u015f, g\u00f6zya\u015f\u0131 kanal\u0131na tak\u0131lan k\u00fc\u00e7\u00fck t\u0131ka\u00e7lard\u0131r. Bu sadece ameliyattan \u00f6nce zaten olduk\u00e7a kuru g\u00f6zlerim oldu\u011fu i\u00e7in ve bana tavsiye edildi\u011fi i\u00e7in yap\u0131ld\u0131.         <\/p>\n\n<p>G\u00fcn\u00fcn geri kalan\u0131nda klinik \u00e7evresinde k\u0131sa bir ko\u015fu d\u0131\u015f\u0131nda pek bir \u015fey yapmad\u0131m. Hava olduk\u00e7a so\u011fuk ve r\u00fczgarl\u0131 oldu\u011fu i\u00e7in k\u0131sa s\u00fcre sonra odama d\u00f6nd\u00fcm. Art\u0131k damlalar\u0131 kendim uygulayabiliyordum ve ayr\u0131ca hangi damlalar\u0131 ne s\u0131kl\u0131kla ve ne kadar s\u00fcreyle almam gerekti\u011fi konusunda ayr\u0131nt\u0131l\u0131 bir program da alm\u0131\u015ft\u0131m.  <\/p>\n\n<p>Ayr\u0131l\u0131\u015f\u0131m\u0131n sabah\u0131nda g\u00f6z\u00fcm\u00fcn i\u00e7 k\u00f6\u015fesi \u00e7ok k\u0131zarm\u0131\u015ft\u0131. \u00c7ok endi\u015felendi\u011fim i\u00e7in terc\u00fcman\u0131ma tekrar doktora g\u00f6r\u00fcnmek isteyip istemedi\u011fimi sordum. On be\u015f dakika sonra cerrahla tekrar g\u00f6r\u00fc\u015ft\u00fcm ve cerrah, g\u00f6zya\u015f\u0131 kanal\u0131 t\u0131kac\u0131n\u0131n biraz yerinden kayd\u0131\u011f\u0131n\u0131 do\u011frulad\u0131. T\u0131kac\u0131 do\u011fru pozisyona geri itti ve g\u00f6zlerimi tekrar kontrol etti. Her \u015fey yolundayd\u0131!    <\/p>\n\n<p>Eve d\u00f6n\u00fc\u015f yolculu\u011fu sorunsuz ge\u00e7ti. Per\u015fembe g\u00fcn\u00fc eve vard\u0131m, ancak Cuma g\u00fcn\u00fc g\u00f6z\u00fcm tekrar k\u0131zard\u0131. \u0130svi\u00e7re&#8217;de bir g\u00f6z doktoruna gittim ve g\u00f6zya\u015f\u0131 kanal\u0131ndaki t\u0131kan\u0131kl\u0131\u011f\u0131 giderdi. T\u0131kan\u0131kl\u0131k g\u00f6zya\u015f\u0131 kanal\u0131mda d\u00fczg\u00fcn bir \u015fekilde yerinde durmuyordu. Ondan sonra, do\u011fal g\u00f6z damlalar\u0131n\u0131 daha s\u0131k kulland\u0131m. \u015eimdi art\u0131k g\u00f6z kurulu\u011fu bile ya\u015fam\u0131yorum!     <\/p>\n\n<p>Diyoptri de\u011ferlerim art\u0131k m\u00fckemmel ve g\u00f6rme keskinli\u011fim 4 ay sonra %100&#8217;e ula\u015ft\u0131. 1,5 ay sonra ise sadece %60-70 civar\u0131ndayd\u0131. <\/p>\n\n<p>Art\u0131k g\u00f6zl\u00fcks\u00fcz ya\u015f\u0131yorum ve bu ad\u0131m\u0131 att\u0131\u011f\u0131m i\u00e7in \u00e7ok mutluyum. Fiyat-performans oran\u0131 harika ve doktorlar ile klinik, \u0130svi\u00e7re standartlar\u0131m\u0131zla k\u0131yaslanabilecek, hatta onlardan daha iyi, birinci s\u0131n\u0131f. T\u00fcm prosed\u00fcr\u00fc ve Swisslasik arac\u0131l\u0131\u011f\u0131yla yap\u0131lan seyahat d\u00fczenlemelerini herkese g\u00f6n\u00fcl rahatl\u0131\u011f\u0131yla tavsiye edebilirim.  <\/p>\n\n<p>Andrea Schwyzer<br\/>Haziran 2015<\/p>\n\n<div class=\"wp-block-group is-layout-grid wp-container-core-group-is-layout-baef362d wp-block-group-is-layout-grid\">\n<p><a href=\"https:\/\/medicaltravel.at\/home\/agb\/\" data-type=\"page\" data-id=\"2191\" rel=\"nofollow noopener\" target=\"_blank\"><\/a><a href=\"https:\/\/swisslasik.ch\/tr\/hasta-yorumlari-lasik-goez-lazeri\/istanbuldaki-ortodontik-tedavimle-ilgili-deneyim-raporum-23-haziran-2015-sali-tarihli-rapor\/\" data-type=\"link\" data-id=\"https:\/\/swisslasik.ch\/patientenberichte-lasik\/der-erfahrungsbericht-fur-meine-zahnkorrektur-in-istanbul-bericht-vom-dienstag-23-juni-2015\/\">\u00d6nceki rapor<\/a><\/p>\n\n\n\n<p class=\"has-text-align-right wp-container-content-5e2576f9\"><a href=\"https:\/\/medicaltravel.at\/home\/impressum\/\" data-type=\"page\" data-id=\"2193\" rel=\"nofollow noopener\" target=\"_blank\"><\/a><a href=\"https:\/\/medicaltravel.at\/home\/berichte-von-patienten\/erfahrungsberichte\/erfahrungsbericht-zahnbehandlung-in-istanbul\/\" data-type=\"page\" data-id=\"981\" rel=\"nofollow noopener\" target=\"_blank\"><\/a><a href=\"https:\/\/swisslasik.ch\/tr\/hasta-yorumlari-lasik-goez-lazeri\/istanbulda-isvicreden-cok-daha-fazla-ameliyat-gerceklestiriliyor-30-mayis-2015-cumartesi-tarihli-rapor\/\" data-type=\"link\" data-id=\"https:\/\/swisslasik.ch\/patientenberichte-lasik\/in-istanbul-werden-viel-mehr-operationen-durchgefuhrt-als-in-der-schweiz-bericht-vom-samstag-30-mai-2015\/\">Sonraki rapor<\/a><\/p>\n<\/div>\n","protected":false},"excerpt":{"rendered":"<p>\u0130stanbul&#8217;da ge\u00e7irdi\u011fim ani lazer ameliyat\u0131m &#8211; 4 Haziran 2015 Per\u015fembe tarihli rapor G\u00f6rme bozuklu\u011fumu d\u00fczeltmek i\u00e7in 14 y\u0131ld\u0131r g\u00f6zl\u00fck tak\u0131yorum. Sa\u011f g\u00f6z\u00fcmde sadece -0,75 diyoptri, sol g\u00f6z\u00fcmde ise tam 3,75 diyoptri oldu\u011fu i\u00e7in g\u00f6zl\u00fck almak her zaman olduk\u00e7a pahal\u0131 olmu\u015ftur. Uzun zamand\u0131r lazer g\u00f6z ameliyat\u0131 olmay\u0131 hayal ediyordum, ancak hayalimin ger\u00e7ekle\u015fece\u011fini hi\u00e7 d\u00fc\u015f\u00fcnmemi\u015ftim. Birincisi, y\u00fcksek maliyet beni geri tutuyordu ve b\u00f6yle bir ameliyattan \u00e7ok korkuyordum. Kontakt lens bile kullanam\u0131yordum \u2013 lazer ameliyat\u0131ndan nas\u0131l sa\u011f \u00e7\u0131kabilirdim ki? Tan\u0131d\u0131\u011f\u0131m birinin \u0130stanbul&#8217;da lazer g\u00f6z ameliyat\u0131 ge\u00e7irdi\u011fini s\u00f6ylemesiyle t\u00fcm bu olay biraz arka plana d\u00fc\u015ft\u00fc. Do\u011fal olarak hemen merakland\u0131m ve ondan t\u00fcm bilgileri istedim, daha sonra swisslasik.ch adresinden tekrar inceledim. Biraz teredd\u00fct ettim \u00e7\u00fcnk\u00fc biriyle \u0130stanbul&#8217;a u\u00e7may\u0131 \u00e7ok isterdim, ancak ne yaz\u0131k ki tan\u0131d\u0131\u011f\u0131m kimse \u00f6n\u00fcm\u00fczdeki ay i\u00e7inde bunu yapamazd\u0131. Aral\u0131k ay\u0131n\u0131n sonunda, Bay Kara ile lazer ameliyat\u0131m\u0131 kendim, sadece iki hafta \u00f6nceden ve hi\u00e7bir sorun ya\u015famadan ayarlad\u0131m! G\u00fcn\u00fcn her saatinde \u00e7ok h\u0131zl\u0131 ve detayl\u0131 cevaplar ald\u0131m ve her \u015fey m\u00fckemmel bir \u015fekilde planlanm\u0131\u015ft\u0131. Sadece iki hafta sonra, T\u00fcrkiye&#8217;ye giden bir u\u00e7akta yaln\u0131z ba\u015f\u0131ma oturuyordum. Ne yaz\u0131k ki, u\u00e7u\u015f bir saatten fazla gecikti, ancak \u015fof\u00f6r beni hi\u00e7 zorlanmadan buldu ve do\u011frudan klini\u011fe g\u00f6t\u00fcrd\u00fc. Vard\u0131\u011f\u0131m\u0131zda saat gece 11 civar\u0131yd\u0131 ve gece hem\u015firesinin bana yakla\u015fan ameliyat ve prosed\u00fcr\u00fcn geri kalan\u0131 hakk\u0131nda ihtiyac\u0131m olan t\u00fcm bilgileri verdi\u011fi odama g\u00f6t\u00fcr\u00fcld\u00fcm. Ertesi g\u00fcn terc\u00fcman\u0131m Denise beni odadan ald\u0131 ve gerekli t\u00fcm \u00f6n muayenelere g\u00f6t\u00fcrd\u00fc. Kullan\u0131lan cihazlar ve uygulamalar standartt\u0131. Bir \u015fey net de\u011filse testler tekrarland\u0131; hata yap\u0131lmamas\u0131 konusunda \u00e7ok titiz davran\u0131l\u0131yor. Bir doktor, daha detayl\u0131 incelemeden sonra sol g\u00f6z\u00fcm\u00fcn retina k\u0131sm\u0131nda bir \u015fey g\u00f6rd\u00fc\u011f\u00fcn\u00fc, ancak emin olmad\u0131\u011f\u0131n\u0131 s\u00f6yledi. 15 dakika sonra klini\u011fin retina uzman\u0131n\u0131n yan\u0131ndayd\u0131m ve her iki g\u00f6z\u00fcm de tekrar \u00e7ok ayr\u0131nt\u0131l\u0131 \u015fekilde muayene edildi. Neyse ki her \u015fey yolundayd\u0131. Odam\u0131za geri d\u00f6nmeme izin verildi ve sadece yar\u0131m saat sonra Denise arayarak ameliyat i\u00e7in bir kat daha a\u015fa\u011f\u0131 inebilece\u011fimi s\u00f6yledi. \u00c7ok gergindim ama herkes \u00e7ok anlay\u0131\u015fl\u0131yd\u0131 ve hem\u015firelerden biri inan\u0131lmaz derecede nazikti, t\u0131pk\u0131 bir anne gibiydi. San\u0131r\u0131m ameliyat s\u0131ras\u0131nda elimi tutan oydu. Her \u015fey haz\u0131rlanm\u0131\u015ft\u0131; bana ameliyat \u00f6nl\u00fckleri verildi, g\u00f6zlerim dezenfekte edildi ve damlalarla uyu\u015fturuldu. \u00c7ok h\u0131zl\u0131 bir \u015fekilde etkisini g\u00f6stermeye ba\u015flad\u0131, bunu hissedebiliyordunuz ama rahats\u0131z edici de\u011fildi. Masaya uzand\u0131m, her \u015fey haz\u0131rd\u0131 ve k\u0131sa bir s\u00fcre sonra g\u00f6z\u00fcm\u00fc a\u00e7\u0131k tutmak ve sabitlemek i\u00e7in ilk cihaz g\u00f6z\u00fcme yerle\u015ftirildi. Hafif bir s\u0131k\u0131l\u0131k hissettim ama ac\u0131mad\u0131. Ard\u0131ndan ilk lazer uyguland\u0131 ve kapak\u00e7\u0131k serbest b\u0131rak\u0131ld\u0131. Halka \u00e7\u0131kar\u0131ld\u0131 ve di\u011fer g\u00f6ze yerle\u015ftirildi. Her iki kapak\u00e7\u0131k da serbest b\u0131rak\u0131ld\u0131ktan sonra, y\u00fcz\u00fcme plastik bir \u00f6rt\u00fc yerle\u015ftirildi, sadece g\u00f6zlerim a\u00e7\u0131kta kald\u0131. \u0130lk g\u00f6z\u00fcm a\u00e7\u0131k tutuldu\u2014san\u0131r\u0131m k\u0131ska\u00e7larla, ama g\u00f6z kapa\u011f\u0131mda k\u00fc\u00e7\u00fck bant par\u00e7alar\u0131 varm\u0131\u015f gibi hissettim, bu y\u00fczden hi\u00e7 de k\u00f6t\u00fc de\u011fildi. Sonra k\u0131rm\u0131z\u0131 bir noktaya bakmam gerekiyordu ve 30 saniye i\u00e7inde ilk g\u00f6z\u00fcm lazerlendi. Kapak\u00e7\u0131k yeniden konumland\u0131r\u0131ld\u0131, d\u00fczeltildi ve t\u00fcm s\u00fcre\u00e7 boyunca oldu\u011fu gibi, g\u00f6z\u00fcm nemli ve uyu\u015fturulmu\u015f halde tutuldu. Ayn\u0131 i\u015flem di\u011fer g\u00f6z i\u00e7in de tekrarland\u0131 ve yakla\u015f\u0131k 5-10 dakika sonra ameliyat odas\u0131ndan \u00e7\u0131kt\u0131m. Tamamen lazerlenmi\u015ftim! Yan odada, k\u0131demli doktor ve asistan doktor g\u00f6zlerimi mikroskop alt\u0131nda muayene ettiler ve sonu\u00e7lardan \u00e7ok memnun kald\u0131lar. Bana koyu renkli g\u00f6zl\u00fck verdiler ve odama g\u00f6t\u00fcrd\u00fcler. Saat 17:00 olmu\u015ftu ve yata\u011fa uzand\u0131m. Yar\u0131m saat sonra damlalar\u0131n uyu\u015fturucu etkisi ge\u00e7ti ve g\u00f6zlerim sanki i\u00e7inde kum varm\u0131\u015f gibi ka\u015f\u0131nmaya ba\u015flad\u0131. Olduk\u00e7a rahats\u0131z ediciydi; kapal\u0131 g\u00f6z kapaklar\u0131m\u0131n alt\u0131nda g\u00f6zlerimi hareket ettirmemeye \u00e7al\u0131\u015ft\u0131m ama ba\u015faramad\u0131m. G\u00f6zlerim s\u00fcrekli hafif\u00e7e hareket ediyordu. K\u0131sa s\u00fcre sonra gece hem\u015firesi geldi ve bana iki farkl\u0131 t\u00fcrde g\u00f6z damlas\u0131 ve bir a\u011fr\u0131 kesici verdi. Yakla\u015f\u0131k 1,5 saat sonra birka\u00e7 damla daha ve bir uyku hap\u0131 ald\u0131m. Ka\u015f\u0131nan g\u00f6zlerim y\u00fcz\u00fcnden ak\u015fam yeme\u011fini atlad\u0131m ve hen\u00fcz g\u00f6zlerimi a\u00e7mak istemedim\/a\u00e7amad\u0131m. Ancak \u00e7ok ge\u00e7meden uykuya dald\u0131m. Saat 1&#8217;de tekrar uyand\u0131m. G\u00f6zlerim hala biraz kuru olsa da, ka\u015f\u0131nt\u0131l\u0131 a\u011fr\u0131 ge\u00e7mi\u015fti. Ertesi sabah, koyu renk g\u00f6zl\u00fcklerimi \u00e7\u0131karabildim ve \u0131\u015f\u0131\u011fa kar\u015f\u0131 sadece hafif bir hassasiyetim vard\u0131. Saat 9:30&#8217;da kontrol randevusu i\u00e7in al\u0131nd\u0131m. Her \u015fey yolunda gitti ve ayr\u0131ca punktal t\u0131ka\u00e7lar da tak\u0131ld\u0131. Bunlar, g\u00f6zya\u015f\u0131 s\u0131v\u0131s\u0131n\u0131n \u00e7ok h\u0131zl\u0131 bo\u015falmas\u0131n\u0131 ve g\u00f6zlerin kurumas\u0131n\u0131 \u00f6nlemek i\u00e7in tasarlanm\u0131\u015f, g\u00f6zya\u015f\u0131 kanal\u0131na tak\u0131lan k\u00fc\u00e7\u00fck t\u0131ka\u00e7lard\u0131r. Bu sadece ameliyattan \u00f6nce zaten olduk\u00e7a kuru g\u00f6zlerim oldu\u011fu i\u00e7in ve bana tavsiye edildi\u011fi i\u00e7in yap\u0131ld\u0131. G\u00fcn\u00fcn geri kalan\u0131nda klinik \u00e7evresinde k\u0131sa bir ko\u015fu d\u0131\u015f\u0131nda pek bir \u015fey yapmad\u0131m. Hava olduk\u00e7a so\u011fuk ve r\u00fczgarl\u0131 oldu\u011fu i\u00e7in k\u0131sa s\u00fcre sonra odama d\u00f6nd\u00fcm. Art\u0131k damlalar\u0131 kendim uygulayabiliyordum ve ayr\u0131ca hangi damlalar\u0131 ne s\u0131kl\u0131kla ve ne kadar s\u00fcreyle almam gerekti\u011fi konusunda ayr\u0131nt\u0131l\u0131 bir program da alm\u0131\u015ft\u0131m. Ayr\u0131l\u0131\u015f\u0131m\u0131n sabah\u0131nda g\u00f6z\u00fcm\u00fcn i\u00e7 k\u00f6\u015fesi \u00e7ok k\u0131zarm\u0131\u015ft\u0131. \u00c7ok endi\u015felendi\u011fim i\u00e7in terc\u00fcman\u0131ma tekrar doktora g\u00f6r\u00fcnmek isteyip istemedi\u011fimi sordum. On be\u015f dakika sonra cerrahla tekrar g\u00f6r\u00fc\u015ft\u00fcm ve cerrah, g\u00f6zya\u015f\u0131 kanal\u0131 t\u0131kac\u0131n\u0131n biraz yerinden kayd\u0131\u011f\u0131n\u0131 do\u011frulad\u0131. T\u0131kac\u0131 do\u011fru pozisyona geri itti ve g\u00f6zlerimi tekrar kontrol etti. Her \u015fey yolundayd\u0131! Eve d\u00f6n\u00fc\u015f yolculu\u011fu sorunsuz ge\u00e7ti. Per\u015fembe g\u00fcn\u00fc eve vard\u0131m, ancak Cuma g\u00fcn\u00fc g\u00f6z\u00fcm tekrar k\u0131zard\u0131. \u0130svi\u00e7re&#8217;de bir g\u00f6z doktoruna gittim ve g\u00f6zya\u015f\u0131 kanal\u0131ndaki t\u0131kan\u0131kl\u0131\u011f\u0131 giderdi. T\u0131kan\u0131kl\u0131k g\u00f6zya\u015f\u0131 kanal\u0131mda d\u00fczg\u00fcn bir \u015fekilde yerinde durmuyordu. Ondan sonra, do\u011fal g\u00f6z damlalar\u0131n\u0131 daha s\u0131k kulland\u0131m. \u015eimdi art\u0131k g\u00f6z kurulu\u011fu bile ya\u015fam\u0131yorum! Diyoptri de\u011ferlerim art\u0131k m\u00fckemmel ve g\u00f6rme keskinli\u011fim 4 ay sonra %100&#8217;e ula\u015ft\u0131. 1,5 ay sonra ise sadece %60-70 civar\u0131ndayd\u0131. Art\u0131k g\u00f6zl\u00fcks\u00fcz ya\u015f\u0131yorum ve bu ad\u0131m\u0131 att\u0131\u011f\u0131m i\u00e7in \u00e7ok mutluyum. Fiyat-performans oran\u0131 harika ve doktorlar ile klinik, \u0130svi\u00e7re standartlar\u0131m\u0131zla k\u0131yaslanabilecek, hatta onlardan daha iyi, birinci s\u0131n\u0131f. T\u00fcm prosed\u00fcr\u00fc ve Swisslasik arac\u0131l\u0131\u011f\u0131yla yap\u0131lan seyahat d\u00fczenlemelerini herkese g\u00f6n\u00fcl rahatl\u0131\u011f\u0131yla tavsiye edebilirim. Andrea SchwyzerHaziran 2015 \u00d6nceki rapor Sonraki rapor<\/p>\n","protected":false},"author":4,"featured_media":0,"parent":3801,"menu_order":0,"comment_status":"closed","ping_status":"closed","template":"","meta":{"_joinchat":[],"footnotes":""},"class_list":["post-3947","page","type-page","status-publish","hentry"],"acf":[],"_links":{"self":[{"href":"https:\/\/swisslasik.ch\/tr\/wp-json\/wp\/v2\/pages\/3947","targetHints":{"allow":["GET"]}}],"collection":[{"href":"https:\/\/swisslasik.ch\/tr\/wp-json\/wp\/v2\/pages"}],"about":[{"href":"https:\/\/swisslasik.ch\/tr\/wp-json\/wp\/v2\/types\/page"}],"author":[{"embeddable":true,"href":"https:\/\/swisslasik.ch\/tr\/wp-json\/wp\/v2\/users\/4"}],"replies":[{"embeddable":true,"href":"https:\/\/swisslasik.ch\/tr\/wp-json\/wp\/v2\/comments?post=3947"}],"version-history":[{"count":1,"href":"https:\/\/swisslasik.ch\/tr\/wp-json\/wp\/v2\/pages\/3947\/revisions"}],"predecessor-version":[{"id":3948,"href":"https:\/\/swisslasik.ch\/tr\/wp-json\/wp\/v2\/pages\/3947\/revisions\/3948"}],"up":[{"embeddable":true,"href":"https:\/\/swisslasik.ch\/tr\/wp-json\/wp\/v2\/pages\/3801"}],"wp:attachment":[{"href":"https:\/\/swisslasik.ch\/tr\/wp-json\/wp\/v2\/media?parent=3947"}],"curies":[{"name":"wp","href":"https:\/\/api.w.org\/{rel}","templated":true}]}}