{"id":3949,"date":"2025-09-24T11:55:08","date_gmt":"2025-09-24T10:55:08","guid":{"rendered":"https:\/\/swisslasik.ch\/hasta-yorumlari-lasik-goez-lazeri\/istanbul-tuerkiyedeki-dis-implantlarim-10-kasim-2015-sali-tarihli-rapor\/"},"modified":"2026-01-14T02:38:18","modified_gmt":"2026-01-14T01:38:18","slug":"istanbul-tuerkiyedeki-dis-implantlarim-10-kasim-2015-sali-tarihli-rapor","status":"publish","type":"page","link":"https:\/\/swisslasik.ch\/tr\/hasta-yorumlari-lasik-goez-lazeri\/istanbul-tuerkiyedeki-dis-implantlarim-10-kasim-2015-sali-tarihli-rapor\/","title":{"rendered":"\u0130stanbul, T\u00fcrkiye&#8217;deki di\u015f implantlar\u0131m \u2013 10 Kas\u0131m 2015 Sal\u0131 tarihli rapor"},"content":{"rendered":"\n<h3 class=\"wp-block-heading\">\u0130stanbul, T\u00fcrkiye&#8217;deki di\u015f implantlar\u0131m \u2013 10 Kas\u0131m 2015 Sal\u0131 tarihli rapor<\/h3>\n\n<p>Nisan 2015&#8217;te Z\u00fcrih&#8217;te bir bilgilendirme g\u00fcn\u00fcne kat\u0131ld\u0131m; burada ilk sorular\u0131m\u0131 sordum ve \u0130stanbul&#8217;daki t\u00fcm s\u00fcre\u00e7 bana a\u00e7\u0131kland\u0131.<\/p>\n\n<p>Di\u015flerim berbat g\u00f6r\u00fcn\u00fcyordu; art\u0131k rahat\u00e7a g\u00fclemiyordum, uzun bir sohbeti b\u0131rak\u0131n. Giderek daha \u00e7ok utanmaya ba\u015flad\u0131\u011f\u0131m i\u00e7in \u00e7evremdekilerden yava\u015f yava\u015f uzakla\u015fmaya ba\u015flad\u0131m. K\u0131z arkada\u015f\u0131m ve \u00e7ocu\u011fumla tatile \u00e7\u0131kmay\u0131 ve sonunda di\u015flerimi uygun fiyata yapt\u0131rmay\u0131 d\u00f6rt g\u00f6zle bekliyordum!  <\/p>\n\n<p>K\u0131z arkada\u015f\u0131mla otel ve u\u00e7ak bileti rezervasyonunu kendimiz yapt\u0131k. 7 Ekim 2015&#8217;te Z\u00fcrih&#8217;ten \u0130stanbul&#8217;a u\u00e7tuk. \u0130stanbul havaalan\u0131nda, Ac\u0131badem kar\u015f\u0131lama servisinden birisi hemen ad\u0131m\u0131 yaz\u0131l\u0131 bir tabela ile bizi bekliyordu. Do\u011frudan Ac\u0131badem Fulya Hastanesi&#8217;ne gittik. Orada, m\u00fckemmel Almanca konu\u015fan bir T\u00fcrk terc\u00fcman taraf\u0131ndan \u00e7ok s\u0131cak bir \u015fekilde kar\u015f\u0131land\u0131m.    <\/p>\n\n<p>Tedavi hemen ba\u015flad\u0131. \u00d6nce bir r\u00f6ntgen daha \u00e7ekildi, sonra a\u011fz\u0131ma birka\u00e7 anestezi i\u011fnesi yap\u0131ld\u0131. \u0130lk i\u011fne biraz ac\u0131tt\u0131 ama gerisini neredeyse hi\u00e7 hissetmedim. D\u00f6rt di\u015fimi \u00e7ektiler ve implantlar i\u00e7in vidalar yerle\u015ftirdiler, bu da s\u00fcrecin b\u00fcy\u00fck bir b\u00f6l\u00fcm\u00fcn\u00fc olu\u015fturdu. Tedavi s\u0131ras\u0131nda a\u011fr\u0131 olduk\u00e7a dayan\u0131labilir d\u00fczeydeydi, ancak dayan\u0131lmaz hale gelirse hemen haber verebilirdiniz ve di\u015f hekimi size daha fazla i\u011fne yapard\u0131. Terc\u00fcman her zaman haz\u0131r bulunuyordu.     <\/p>\n\n<p>Ameliyattan sonra, a\u011fr\u0131 i\u00e7in kal\u00e7ama bir i\u011fne yap\u0131ld\u0131; en k\u00f6t\u00fc k\u0131sm\u0131 buydu, yanmaya ba\u015flad\u0131 ve zar zor y\u00fcr\u00fcyebiliyordum. Ama bu 10-15 dakika i\u00e7inde ge\u00e7ti. Ameliyattan sonra ger\u00e7ek a\u011fr\u0131 \u00e7ekmekten daha iyiydi. Sonra otele geri g\u00f6t\u00fcr\u00fcld\u00fcm. Ne yaz\u0131k ki, o andan itibaren sadece \u00e7orba, yo\u011furt, lor peyniri vb. yememe izin verildi.    <\/p>\n\n<p>8 Ekim 2015 \u00f6\u011fleden sonra, otelimden al\u0131nd\u0131m ve hastaneye g\u00f6t\u00fcr\u00fcld\u00fcm. A\u011fz\u0131m\u0131 uyu\u015fturmak i\u00e7in daha fazla i\u011fne yap\u0131ld\u0131, birka\u00e7 kanal tedavisi ve dolgu i\u015flemi uyguland\u0131. Ard\u0131ndan, hastanenin servis arac\u0131 beni do\u011frudan otele geri getirdi.  <\/p>\n\n<p>9 Ekim 2015&#8217;te hi\u00e7bir randevum yoktu ve ailemle birlikte \u0130stanbul&#8217;un g\u00fczel \u015fehrini ke\u015ffetme f\u0131rsat\u0131m oldu. 10 Ekim&#8217;de de randevum yoktu, bu y\u00fczden Sultan Ahmed Camii&#8217;ni ziyaret ettik. 11 Ekim&#8217;de de yine randevum yoktu, bu da \u015fehri ke\u015ffetmek i\u00e7in bolca zaman\u0131m oldu\u011fu anlam\u0131na geliyordu. Araba olmadan dola\u015fmak \u00e7ok kolay; g\u00f6r\u00fclecek ve yap\u0131lacak \u00e7ok \u015fey var.       <\/p>\n\n<p>Otelimiz \u0130stanbul&#8217;un merkezinde, Taksim Meydan\u0131&#8217;na yak\u0131n bir konumdayd\u0131. 12 Ekim&#8217;de yine otelden al\u0131nd\u0131m. Hastanede \u00fc\u00e7 di\u015fim daha \u00e7ekildi ve implant i\u00e7in vidalar tak\u0131ld\u0131. Terc\u00fcman her zaman yan\u0131mdayd\u0131. Tedaviden sonra Ac\u0131badem Hastanesi&#8217;nin servis arac\u0131 beni do\u011frudan otele g\u00f6t\u00fcrd\u00fc ve g\u00fcn\u00fcn geri kalan\u0131n\u0131 ailemle birlikte ge\u00e7irebildim.    <\/p>\n\n<p>13 Ekim&#8217;de Ac\u0131badem Hastanesi&#8217;nin servis arac\u0131 beni otelimden tekrar ald\u0131 ve Ac\u0131badem Fulya Hastanesi&#8217;ne geri g\u00f6t\u00fcrd\u00fc. Birka\u00e7 kanal tedavisi ve dolgu daha yapt\u0131rd\u0131m, ard\u0131ndan otele geri g\u00f6t\u00fcr\u00fcld\u00fcm. 14 Ekim&#8217;de ge\u00e7ici protezlerimi ald\u0131m. Tabii ki \u00f6nce otelden al\u0131nd\u0131m, sonra tekrar otele geri g\u00f6t\u00fcr\u00fcld\u00fcm.     <\/p>\n\n<p>Sonunda tekrar g\u00fclebildim\u2026 15 Ekim&#8217;de Ac\u0131badem ula\u015f\u0131m servisi bizi otelden ald\u0131 ve \u0130stanbul Havaliman\u0131&#8217;na geri g\u00f6t\u00fcrd\u00fc. \u00d6\u011fleden sonra Z\u00fcrih&#8217;e vard\u0131k. \u00dc\u00e7 ay sonra tekrar gidece\u011fim; \u015fimdiden d\u00f6rt g\u00f6zle bekliyorum.  <\/p>\n\n<p>MedicalTravel&#8217;dan \u00e7ok memnun kald\u0131m ve kesinlikle tavsiye ederim. Havaalan\u0131ndan hastaneye ve otele transfer hizmeti m\u00fckemmeldi. Hastanedeki hizmet \u00e7ok g\u00fcler y\u00fczl\u00fcyd\u00fc ve terc\u00fcman da vard\u0131. Sonunda di\u015f tedavimi yapt\u0131rabildim, tatile \u00e7\u0131kabildim ve binlerce frank tasarruf ettim.   <\/p>\n\n<p>Philipp Obrecht&#8217;ten selamlar.<\/p>\n\n<div class=\"wp-block-group is-layout-grid wp-container-core-group-is-layout-baef362d wp-block-group-is-layout-grid\">\n<p><a href=\"https:\/\/medicaltravel.at\/home\/agb\/\" data-type=\"page\" data-id=\"2191\" rel=\"nofollow noopener\" target=\"_blank\"><\/a><a href=\"https:\/\/swisslasik.ch\/tr\/hasta-yorumlari-lasik-goez-lazeri\/istanbuldaki-lens-tedavim-13-kasim-2015-cuma-tarihli-rapor\/\" data-type=\"link\" data-id=\"https:\/\/swisslasik.ch\/patientenberichte-lasik\/meine-augen-linsenbehandlung-istanbul-bericht-vom-freitag-13-november-2015\/\">\u00d6nceki rapor<\/a><\/p>\n\n\n\n<p class=\"has-text-align-right wp-container-content-5e2576f9\"><a href=\"https:\/\/medicaltravel.at\/home\/impressum\/\" data-type=\"page\" data-id=\"2193\" rel=\"nofollow noopener\" target=\"_blank\"><\/a><a href=\"https:\/\/medicaltravel.at\/home\/berichte-von-patienten\/erfahrungsberichte\/erfahrungsbericht-zahnbehandlung-in-istanbul\/\" data-type=\"page\" data-id=\"981\" rel=\"nofollow noopener\" target=\"_blank\"><\/a><a href=\"https:\/\/swisslasik.ch\/tr\/hasta-yorumlari-lasik-goez-lazeri\/tuerkiyede-lazer-goez-ameliyati-deneyim-raporu-6-kasim-2015-cuma-tarihli-rapor\/\" data-type=\"link\" data-id=\"https:\/\/swisslasik.ch\/patientenberichte-lasik\/erfahrungsbericht-augenlasern-in-der-turkei-bericht-vom-freitag-06-november-2015\/\">Sonraki rapor<\/a><\/p>\n<\/div>\n","protected":false},"excerpt":{"rendered":"<p>\u0130stanbul, T\u00fcrkiye&#8217;deki di\u015f implantlar\u0131m \u2013 10 Kas\u0131m 2015 Sal\u0131 tarihli rapor Nisan 2015&#8217;te Z\u00fcrih&#8217;te bir bilgilendirme g\u00fcn\u00fcne kat\u0131ld\u0131m; burada ilk sorular\u0131m\u0131 sordum ve \u0130stanbul&#8217;daki t\u00fcm s\u00fcre\u00e7 bana a\u00e7\u0131kland\u0131. Di\u015flerim berbat g\u00f6r\u00fcn\u00fcyordu; art\u0131k rahat\u00e7a g\u00fclemiyordum, uzun bir sohbeti b\u0131rak\u0131n. Giderek daha \u00e7ok utanmaya ba\u015flad\u0131\u011f\u0131m i\u00e7in \u00e7evremdekilerden yava\u015f yava\u015f uzakla\u015fmaya ba\u015flad\u0131m. K\u0131z arkada\u015f\u0131m ve \u00e7ocu\u011fumla tatile \u00e7\u0131kmay\u0131 ve sonunda di\u015flerimi uygun fiyata yapt\u0131rmay\u0131 d\u00f6rt g\u00f6zle bekliyordum! K\u0131z arkada\u015f\u0131mla otel ve u\u00e7ak bileti rezervasyonunu kendimiz yapt\u0131k. 7 Ekim 2015&#8217;te Z\u00fcrih&#8217;ten \u0130stanbul&#8217;a u\u00e7tuk. \u0130stanbul havaalan\u0131nda, Ac\u0131badem kar\u015f\u0131lama servisinden birisi hemen ad\u0131m\u0131 yaz\u0131l\u0131 bir tabela ile bizi bekliyordu. Do\u011frudan Ac\u0131badem Fulya Hastanesi&#8217;ne gittik. Orada, m\u00fckemmel Almanca konu\u015fan bir T\u00fcrk terc\u00fcman taraf\u0131ndan \u00e7ok s\u0131cak bir \u015fekilde kar\u015f\u0131land\u0131m. Tedavi hemen ba\u015flad\u0131. \u00d6nce bir r\u00f6ntgen daha \u00e7ekildi, sonra a\u011fz\u0131ma birka\u00e7 anestezi i\u011fnesi yap\u0131ld\u0131. \u0130lk i\u011fne biraz ac\u0131tt\u0131 ama gerisini neredeyse hi\u00e7 hissetmedim. D\u00f6rt di\u015fimi \u00e7ektiler ve implantlar i\u00e7in vidalar yerle\u015ftirdiler, bu da s\u00fcrecin b\u00fcy\u00fck bir b\u00f6l\u00fcm\u00fcn\u00fc olu\u015fturdu. Tedavi s\u0131ras\u0131nda a\u011fr\u0131 olduk\u00e7a dayan\u0131labilir d\u00fczeydeydi, ancak dayan\u0131lmaz hale gelirse hemen haber verebilirdiniz ve di\u015f hekimi size daha fazla i\u011fne yapard\u0131. Terc\u00fcman her zaman haz\u0131r bulunuyordu. Ameliyattan sonra, a\u011fr\u0131 i\u00e7in kal\u00e7ama bir i\u011fne yap\u0131ld\u0131; en k\u00f6t\u00fc k\u0131sm\u0131 buydu, yanmaya ba\u015flad\u0131 ve zar zor y\u00fcr\u00fcyebiliyordum. Ama bu 10-15 dakika i\u00e7inde ge\u00e7ti. Ameliyattan sonra ger\u00e7ek a\u011fr\u0131 \u00e7ekmekten daha iyiydi. Sonra otele geri g\u00f6t\u00fcr\u00fcld\u00fcm. Ne yaz\u0131k ki, o andan itibaren sadece \u00e7orba, yo\u011furt, lor peyniri vb. yememe izin verildi. 8 Ekim 2015 \u00f6\u011fleden sonra, otelimden al\u0131nd\u0131m ve hastaneye g\u00f6t\u00fcr\u00fcld\u00fcm. A\u011fz\u0131m\u0131 uyu\u015fturmak i\u00e7in daha fazla i\u011fne yap\u0131ld\u0131, birka\u00e7 kanal tedavisi ve dolgu i\u015flemi uyguland\u0131. Ard\u0131ndan, hastanenin servis arac\u0131 beni do\u011frudan otele geri getirdi. 9 Ekim 2015&#8217;te hi\u00e7bir randevum yoktu ve ailemle birlikte \u0130stanbul&#8217;un g\u00fczel \u015fehrini ke\u015ffetme f\u0131rsat\u0131m oldu. 10 Ekim&#8217;de de randevum yoktu, bu y\u00fczden Sultan Ahmed Camii&#8217;ni ziyaret ettik. 11 Ekim&#8217;de de yine randevum yoktu, bu da \u015fehri ke\u015ffetmek i\u00e7in bolca zaman\u0131m oldu\u011fu anlam\u0131na geliyordu. Araba olmadan dola\u015fmak \u00e7ok kolay; g\u00f6r\u00fclecek ve yap\u0131lacak \u00e7ok \u015fey var. Otelimiz \u0130stanbul&#8217;un merkezinde, Taksim Meydan\u0131&#8217;na yak\u0131n bir konumdayd\u0131. 12 Ekim&#8217;de yine otelden al\u0131nd\u0131m. Hastanede \u00fc\u00e7 di\u015fim daha \u00e7ekildi ve implant i\u00e7in vidalar tak\u0131ld\u0131. Terc\u00fcman her zaman yan\u0131mdayd\u0131. Tedaviden sonra Ac\u0131badem Hastanesi&#8217;nin servis arac\u0131 beni do\u011frudan otele g\u00f6t\u00fcrd\u00fc ve g\u00fcn\u00fcn geri kalan\u0131n\u0131 ailemle birlikte ge\u00e7irebildim. 13 Ekim&#8217;de Ac\u0131badem Hastanesi&#8217;nin servis arac\u0131 beni otelimden tekrar ald\u0131 ve Ac\u0131badem Fulya Hastanesi&#8217;ne geri g\u00f6t\u00fcrd\u00fc. Birka\u00e7 kanal tedavisi ve dolgu daha yapt\u0131rd\u0131m, ard\u0131ndan otele geri g\u00f6t\u00fcr\u00fcld\u00fcm. 14 Ekim&#8217;de ge\u00e7ici protezlerimi ald\u0131m. Tabii ki \u00f6nce otelden al\u0131nd\u0131m, sonra tekrar otele geri g\u00f6t\u00fcr\u00fcld\u00fcm. Sonunda tekrar g\u00fclebildim\u2026 15 Ekim&#8217;de Ac\u0131badem ula\u015f\u0131m servisi bizi otelden ald\u0131 ve \u0130stanbul Havaliman\u0131&#8217;na geri g\u00f6t\u00fcrd\u00fc. \u00d6\u011fleden sonra Z\u00fcrih&#8217;e vard\u0131k. \u00dc\u00e7 ay sonra tekrar gidece\u011fim; \u015fimdiden d\u00f6rt g\u00f6zle bekliyorum. MedicalTravel&#8217;dan \u00e7ok memnun kald\u0131m ve kesinlikle tavsiye ederim. Havaalan\u0131ndan hastaneye ve otele transfer hizmeti m\u00fckemmeldi. Hastanedeki hizmet \u00e7ok g\u00fcler y\u00fczl\u00fcyd\u00fc ve terc\u00fcman da vard\u0131. Sonunda di\u015f tedavimi yapt\u0131rabildim, tatile \u00e7\u0131kabildim ve binlerce frank tasarruf ettim. Philipp Obrecht&#8217;ten selamlar. \u00d6nceki rapor Sonraki rapor<\/p>\n","protected":false},"author":4,"featured_media":0,"parent":3801,"menu_order":0,"comment_status":"closed","ping_status":"closed","template":"","meta":{"_joinchat":[],"footnotes":""},"class_list":["post-3949","page","type-page","status-publish","hentry"],"acf":[],"_links":{"self":[{"href":"https:\/\/swisslasik.ch\/tr\/wp-json\/wp\/v2\/pages\/3949","targetHints":{"allow":["GET"]}}],"collection":[{"href":"https:\/\/swisslasik.ch\/tr\/wp-json\/wp\/v2\/pages"}],"about":[{"href":"https:\/\/swisslasik.ch\/tr\/wp-json\/wp\/v2\/types\/page"}],"author":[{"embeddable":true,"href":"https:\/\/swisslasik.ch\/tr\/wp-json\/wp\/v2\/users\/4"}],"replies":[{"embeddable":true,"href":"https:\/\/swisslasik.ch\/tr\/wp-json\/wp\/v2\/comments?post=3949"}],"version-history":[{"count":1,"href":"https:\/\/swisslasik.ch\/tr\/wp-json\/wp\/v2\/pages\/3949\/revisions"}],"predecessor-version":[{"id":3950,"href":"https:\/\/swisslasik.ch\/tr\/wp-json\/wp\/v2\/pages\/3949\/revisions\/3950"}],"up":[{"embeddable":true,"href":"https:\/\/swisslasik.ch\/tr\/wp-json\/wp\/v2\/pages\/3801"}],"wp:attachment":[{"href":"https:\/\/swisslasik.ch\/tr\/wp-json\/wp\/v2\/media?parent=3949"}],"curies":[{"name":"wp","href":"https:\/\/api.w.org\/{rel}","templated":true}]}}