{"id":3967,"date":"2025-09-24T11:52:59","date_gmt":"2025-09-24T10:52:59","guid":{"rendered":"https:\/\/swisslasik.ch\/hasta-yorumlari-lasik-goez-lazeri\/istanbulda-lasik-ameliyatlari-ne-kadar-iyi-23-kasim-2015-pazartesi-tarihli-rapor\/"},"modified":"2026-01-14T02:36:45","modified_gmt":"2026-01-14T01:36:45","slug":"istanbulda-lasik-ameliyatlari-ne-kadar-iyi-23-kasim-2015-pazartesi-tarihli-rapor","status":"publish","type":"page","link":"https:\/\/swisslasik.ch\/tr\/hasta-yorumlari-lasik-goez-lazeri\/istanbulda-lasik-ameliyatlari-ne-kadar-iyi-23-kasim-2015-pazartesi-tarihli-rapor\/","title":{"rendered":"\u0130STANBUL&#8217;DA LASIK AMEL\u0130YATLARI NE KADAR \u0130Y\u0130? \u2013 23 Kas\u0131m 2015 Pazartesi tarihli rapor"},"content":{"rendered":"\n<h3 class=\"wp-block-heading\">\u0130STANBUL&#8217;DA LASIK AMEL\u0130YATLARI NE KADAR \u0130Y\u0130? \u2013 23 Kas\u0131m 2015 Pazartesi tarihli rapor<\/h3>\n\n<p>Lazer g\u00f6z ameliyat\u0131 hakk\u0131nda bilgi ald\u0131m. Z\u00fcspa fuar\u0131nda Swisslasik&#8217;ten randevu ald\u0131m ve orada organizasyon ve tedavi hakk\u0131nda bilgi edindim. <\/p>\n\n<p>Biraz d\u00fc\u015f\u00fcnd\u00fckten sonra, k\u0131z\u0131mla birlikte \u0130stanbul&#8217;a gitmeye karar verdim.<\/p>\n\n<p>Say\u0131n Serdar Kara, seyahat taleplerimize h\u0131zl\u0131 ve etkili bir \u015fekilde yan\u0131t verdi ve her \u015feyi bizim i\u00e7in organize etti. 5 Kas\u0131m 2015&#8217;te \u0130stanbul&#8217;a u\u00e7tuk, havaalan\u0131nda kar\u015f\u0131land\u0131k ve otelimize g\u00f6t\u00fcr\u00fcld\u00fck. Otel bak\u0131ml\u0131 ve temizdi. Personel g\u00fcler y\u00fczl\u00fc ve yard\u0131mseverdi.   <\/p>\n\n<p>Ertesi g\u00fcn, bizi al\u0131p hastaneye g\u00f6t\u00fcrd\u00fcler. G\u00f6z ameliyat\u0131 i\u00e7in benimle birlikte \u0130svi\u00e7re&#8217;den iki ki\u015fi daha gelmi\u015fti. Hepimiz \u00f6n muayeneden ge\u00e7tik. Sonu\u00e7lar de\u011ferlendirilirken, hastane restoran\u0131nda \u00f6\u011fle yeme\u011fi yiyebildik. Daha sonra tekrar bizi ald\u0131lar ve her birimiz doktorla bireysel g\u00f6r\u00fc\u015fme yapt\u0131k; bu g\u00f6r\u00fc\u015fme terc\u00fcme edildi. Bu g\u00f6r\u00fc\u015fme s\u0131ras\u0131nda, ameliyat prosed\u00fcr\u00fc ve ameliyat sonras\u0131 bak\u0131m i\u00e7in g\u00f6z damlalar\u0131n\u0131n nas\u0131l kullan\u0131laca\u011f\u0131 hakk\u0131nda daha ayr\u0131nt\u0131l\u0131 bilgi verildi.    <\/p>\n\n<p>Herkes tek tek ameliyat odas\u0131na al\u0131nd\u0131. Koruyucu ayakkab\u0131, \u00f6nl\u00fck ve bone giydik, ard\u0131ndan g\u00f6zlerimize damla damlat\u0131larak uyu\u015fturuldu. Bir masaya yat\u0131r\u0131ld\u0131m ve sadece hareketsiz yat\u0131p k\u0131rm\u0131z\u0131 lazer noktas\u0131na bakmak zorunda kald\u0131m\u2026 Her \u015fey \u00e7ok h\u0131zl\u0131 ge\u00e7ti; olduk\u00e7a tats\u0131z bir histi ama ac\u0131s\u0131zd\u0131. Sadece g\u00f6z\u00fcme kelep\u00e7e tak\u0131ld\u0131\u011f\u0131nda k\u0131sa bir an hissettim. Ondan sonra bana siyah koruyucu g\u00f6zl\u00fck verildi.<\/p>\n\n<p>Otele geri g\u00f6t\u00fcr\u00fcld\u00fck. G\u00f6zlerimi a\u00e7ar a\u00e7maz suland\u0131\u011f\u0131 i\u00e7in her saat ba\u015f\u0131 g\u00f6z damlas\u0131 damlatan k\u0131z\u0131ma \u00e7ok minnettard\u0131m. Be\u015f saat sonra biraz temiz hava almak i\u00e7in d\u0131\u015far\u0131 \u00e7\u0131kt\u0131k ve sonra uyuduk.  <\/p>\n\n<p>Ertesi sabah g\u00f6zl\u00fcks\u00fcz gayet iyi g\u00f6rebiliyordum. Daha sonra kontrol muayenesi i\u00e7in hastaneye g\u00f6t\u00fcr\u00fcld\u00fck. Kontrol muayenesi iyi ge\u00e7ti, ancak sol g\u00f6z\u00fcm\u00fcn biraz daha bak\u0131ma ihtiyac\u0131 vard\u0131, bu y\u00fczden doktor eve d\u00f6n\u00fc\u015f yolculu\u011fumuzdan \u00f6nce iki g\u00fcn sonra tekrar gelmemiz gerekti\u011fine karar verdi.  <\/p>\n\n<p>Hastane personelimiz bize g\u00f6r\u00fclecek yerler ve oraya nas\u0131l gidilece\u011fi konusunda harika ipu\u00e7lar\u0131 verdi. Bu sayede \u015fehri ve turistik yerlerini keyifle gezebildik. <\/p>\n\n<p>Ayr\u0131l\u0131\u015f g\u00fcn\u00fcnde yap\u0131lan bir kontrol daha her \u015feyin yolunda oldu\u011funu do\u011frulad\u0131. Bizi havaalan\u0131na g\u00f6t\u00fcrd\u00fcler ve oradan da eve u\u00e7tuk. <\/p>\n\n<p>G\u00f6zl\u00fck takmamak ve her \u015feyi net bir \u015fekilde g\u00f6rebilmek harika bir duygu. Sadece art\u0131k okuma ve yazma i\u00e7in okuma g\u00f6zl\u00fc\u011f\u00fcne ihtiyac\u0131m oldu\u011fu ger\u00e7e\u011fine al\u0131\u015fmam gerekiyor. <\/p>\n\n<p>Ancak miyop olan ki\u015filerin d\u00fczeltici ameliyat olmalar\u0131n\u0131 tavsiye edebilirim.<\/p>\n\n<p>Brigitte H.<\/p>\n\n<div class=\"wp-block-group is-layout-grid wp-container-core-group-is-layout-baef362d wp-block-group-is-layout-grid\">\n<p><a href=\"https:\/\/medicaltravel.at\/home\/agb\/\" data-type=\"page\" data-id=\"2191\" rel=\"nofollow noopener\" target=\"_blank\"><\/a><a href=\"https:\/\/swisslasik.ch\/tr\/hasta-yorumlari-lasik-goez-lazeri\/swisslasike-guevenebilecegimi-hissettim-26-kasim-2015-persembe-tarihli-rapor\/\" data-type=\"link\" data-id=\"https:\/\/swisslasik.ch\/patientenberichte-lasik\/swisslasik-gab-mir-das-gefuhl-dass-ich-ihnen-vertrauen-kann-bericht-vom-donnerstag-26-november-2015\/\">\u00d6nceki rapor<\/a><\/p>\n\n\n\n<p class=\"has-text-align-right wp-container-content-5e2576f9\"><a href=\"https:\/\/medicaltravel.at\/home\/impressum\/\" data-type=\"page\" data-id=\"2193\" rel=\"nofollow noopener\" target=\"_blank\"><\/a><a href=\"https:\/\/medicaltravel.at\/home\/berichte-von-patienten\/erfahrungsberichte\/erfahrungsbericht-zahnbehandlung-in-istanbul\/\" data-type=\"page\" data-id=\"981\" rel=\"nofollow noopener\" target=\"_blank\"><\/a><a href=\"https:\/\/swisslasik.ch\/tr\/hasta-yorumlari-lasik-goez-lazeri\/sac-ekimi-deneyimim-raporu-tuerkiye-13-kasim-2015-cuma-tarihli-rapor\/\" data-type=\"link\" data-id=\"https:\/\/swisslasik.ch\/patientenberichte-lasik\/mein-eigenhaartransplatations-erfahrungsbericht-turkei-bericht-vom-freitag-13-november-2015\/\">Sonraki rapor<\/a><\/p>\n<\/div>\n\n<p><\/p>\n","protected":false},"excerpt":{"rendered":"<p>\u0130STANBUL&#8217;DA LASIK AMEL\u0130YATLARI NE KADAR \u0130Y\u0130? \u2013 23 Kas\u0131m 2015 Pazartesi tarihli rapor Lazer g\u00f6z ameliyat\u0131 hakk\u0131nda bilgi ald\u0131m. Z\u00fcspa fuar\u0131nda Swisslasik&#8217;ten randevu ald\u0131m ve orada organizasyon ve tedavi hakk\u0131nda bilgi edindim. Biraz d\u00fc\u015f\u00fcnd\u00fckten sonra, k\u0131z\u0131mla birlikte \u0130stanbul&#8217;a gitmeye karar verdim. Say\u0131n Serdar Kara, seyahat taleplerimize h\u0131zl\u0131 ve etkili bir \u015fekilde yan\u0131t verdi ve her \u015feyi bizim i\u00e7in organize etti. 5 Kas\u0131m 2015&#8217;te \u0130stanbul&#8217;a u\u00e7tuk, havaalan\u0131nda kar\u015f\u0131land\u0131k ve otelimize g\u00f6t\u00fcr\u00fcld\u00fck. Otel bak\u0131ml\u0131 ve temizdi. Personel g\u00fcler y\u00fczl\u00fc ve yard\u0131mseverdi. Ertesi g\u00fcn, bizi al\u0131p hastaneye g\u00f6t\u00fcrd\u00fcler. G\u00f6z ameliyat\u0131 i\u00e7in benimle birlikte \u0130svi\u00e7re&#8217;den iki ki\u015fi daha gelmi\u015fti. Hepimiz \u00f6n muayeneden ge\u00e7tik. Sonu\u00e7lar de\u011ferlendirilirken, hastane restoran\u0131nda \u00f6\u011fle yeme\u011fi yiyebildik. Daha sonra tekrar bizi ald\u0131lar ve her birimiz doktorla bireysel g\u00f6r\u00fc\u015fme yapt\u0131k; bu g\u00f6r\u00fc\u015fme terc\u00fcme edildi. Bu g\u00f6r\u00fc\u015fme s\u0131ras\u0131nda, ameliyat prosed\u00fcr\u00fc ve ameliyat sonras\u0131 bak\u0131m i\u00e7in g\u00f6z damlalar\u0131n\u0131n nas\u0131l kullan\u0131laca\u011f\u0131 hakk\u0131nda daha ayr\u0131nt\u0131l\u0131 bilgi verildi. Herkes tek tek ameliyat odas\u0131na al\u0131nd\u0131. Koruyucu ayakkab\u0131, \u00f6nl\u00fck ve bone giydik, ard\u0131ndan g\u00f6zlerimize damla damlat\u0131larak uyu\u015fturuldu. Bir masaya yat\u0131r\u0131ld\u0131m ve sadece hareketsiz yat\u0131p k\u0131rm\u0131z\u0131 lazer noktas\u0131na bakmak zorunda kald\u0131m\u2026 Her \u015fey \u00e7ok h\u0131zl\u0131 ge\u00e7ti; olduk\u00e7a tats\u0131z bir histi ama ac\u0131s\u0131zd\u0131. Sadece g\u00f6z\u00fcme kelep\u00e7e tak\u0131ld\u0131\u011f\u0131nda k\u0131sa bir an hissettim. Ondan sonra bana siyah koruyucu g\u00f6zl\u00fck verildi. Otele geri g\u00f6t\u00fcr\u00fcld\u00fck. G\u00f6zlerimi a\u00e7ar a\u00e7maz suland\u0131\u011f\u0131 i\u00e7in her saat ba\u015f\u0131 g\u00f6z damlas\u0131 damlatan k\u0131z\u0131ma \u00e7ok minnettard\u0131m. Be\u015f saat sonra biraz temiz hava almak i\u00e7in d\u0131\u015far\u0131 \u00e7\u0131kt\u0131k ve sonra uyuduk. Ertesi sabah g\u00f6zl\u00fcks\u00fcz gayet iyi g\u00f6rebiliyordum. Daha sonra kontrol muayenesi i\u00e7in hastaneye g\u00f6t\u00fcr\u00fcld\u00fck. Kontrol muayenesi iyi ge\u00e7ti, ancak sol g\u00f6z\u00fcm\u00fcn biraz daha bak\u0131ma ihtiyac\u0131 vard\u0131, bu y\u00fczden doktor eve d\u00f6n\u00fc\u015f yolculu\u011fumuzdan \u00f6nce iki g\u00fcn sonra tekrar gelmemiz gerekti\u011fine karar verdi. Hastane personelimiz bize g\u00f6r\u00fclecek yerler ve oraya nas\u0131l gidilece\u011fi konusunda harika ipu\u00e7lar\u0131 verdi. Bu sayede \u015fehri ve turistik yerlerini keyifle gezebildik. Ayr\u0131l\u0131\u015f g\u00fcn\u00fcnde yap\u0131lan bir kontrol daha her \u015feyin yolunda oldu\u011funu do\u011frulad\u0131. Bizi havaalan\u0131na g\u00f6t\u00fcrd\u00fcler ve oradan da eve u\u00e7tuk. G\u00f6zl\u00fck takmamak ve her \u015feyi net bir \u015fekilde g\u00f6rebilmek harika bir duygu. Sadece art\u0131k okuma ve yazma i\u00e7in okuma g\u00f6zl\u00fc\u011f\u00fcne ihtiyac\u0131m oldu\u011fu ger\u00e7e\u011fine al\u0131\u015fmam gerekiyor. Ancak miyop olan ki\u015filerin d\u00fczeltici ameliyat olmalar\u0131n\u0131 tavsiye edebilirim. Brigitte H. \u00d6nceki rapor Sonraki rapor<\/p>\n","protected":false},"author":4,"featured_media":0,"parent":3801,"menu_order":0,"comment_status":"closed","ping_status":"closed","template":"","meta":{"_joinchat":[],"footnotes":""},"class_list":["post-3967","page","type-page","status-publish","hentry"],"acf":[],"_links":{"self":[{"href":"https:\/\/swisslasik.ch\/tr\/wp-json\/wp\/v2\/pages\/3967","targetHints":{"allow":["GET"]}}],"collection":[{"href":"https:\/\/swisslasik.ch\/tr\/wp-json\/wp\/v2\/pages"}],"about":[{"href":"https:\/\/swisslasik.ch\/tr\/wp-json\/wp\/v2\/types\/page"}],"author":[{"embeddable":true,"href":"https:\/\/swisslasik.ch\/tr\/wp-json\/wp\/v2\/users\/4"}],"replies":[{"embeddable":true,"href":"https:\/\/swisslasik.ch\/tr\/wp-json\/wp\/v2\/comments?post=3967"}],"version-history":[{"count":1,"href":"https:\/\/swisslasik.ch\/tr\/wp-json\/wp\/v2\/pages\/3967\/revisions"}],"predecessor-version":[{"id":3968,"href":"https:\/\/swisslasik.ch\/tr\/wp-json\/wp\/v2\/pages\/3967\/revisions\/3968"}],"up":[{"embeddable":true,"href":"https:\/\/swisslasik.ch\/tr\/wp-json\/wp\/v2\/pages\/3801"}],"wp:attachment":[{"href":"https:\/\/swisslasik.ch\/tr\/wp-json\/wp\/v2\/media?parent=3967"}],"curies":[{"name":"wp","href":"https:\/\/api.w.org\/{rel}","templated":true}]}}