{"id":3969,"date":"2025-09-24T11:47:33","date_gmt":"2025-09-24T10:47:33","guid":{"rendered":"https:\/\/swisslasik.ch\/hasta-yorumlari-lasik-goez-lazeri\/istanbuldaki-lasik-ameliyatim-nasil-gecti-8-ocak-2016-cuma-tarihli-rapor\/"},"modified":"2026-01-14T02:33:33","modified_gmt":"2026-01-14T01:33:33","slug":"istanbuldaki-lasik-ameliyatim-nasil-gecti-8-ocak-2016-cuma-tarihli-rapor","status":"publish","type":"page","link":"https:\/\/swisslasik.ch\/tr\/hasta-yorumlari-lasik-goez-lazeri\/istanbuldaki-lasik-ameliyatim-nasil-gecti-8-ocak-2016-cuma-tarihli-rapor\/","title":{"rendered":"\u0130STANBUL&#8217;DAK\u0130 LASIK AMEL\u0130YATIM NASIL GE\u00c7T\u0130? \u2013 8 Ocak 2016 Cuma tarihli rapor"},"content":{"rendered":"\n<h3 class=\"wp-block-heading\">\u0130STANBUL&#8217;DAK\u0130 LASIK AMEL\u0130YATIM NASIL GE\u00c7T\u0130? \u2013 8 Ocak 2016 Cuma tarihli rapor<\/h3>\n\n<p>Yakla\u015f\u0131k d\u00f6rt y\u0131ld\u0131r g\u00f6z d\u00fczeltme ameliyatlar\u0131yla ilgileniyorum. Tan\u0131d\u0131\u011f\u0131m birka\u00e7 ki\u015fi bu ama\u00e7la T\u00fcrkiye&#8217;ye gitti. Sonu\u00e7lar herkes i\u00e7in \u00e7ok iyiydi.  <\/p>\n\n<p>Bu y\u00fcrek burkan hikayeler beni cayd\u0131rd\u0131, \u00e7\u00fcnk\u00fc bu ki\u015filer kendilerini inan\u0131lmaz derecede \u00e7aresiz ve yabanc\u0131lara ba\u011f\u0131ml\u0131 hissediyorlard\u0131. Bu nedenle, ula\u015f\u0131m d\u00fczenlemeleri hakk\u0131nda bilgi almak i\u00e7in SwissLasik ile ileti\u015fime ge\u00e7tim. Son derece iyi organize edilmi\u015f oldu\u011fu i\u00e7in, \u00e7ok k\u0131sa bir s\u00fcre i\u00e7inde g\u00f6z ameliyat\u0131 olmaya karar verdim ve bir hafta sonra \u015fehirde ameliyat ger\u00e7ekle\u015fti. G\u00f6zlerim \u00f6nceden \u0130svi\u00e7re&#8217;de muayene edilmi\u015fti ve ameliyat i\u00e7in herhangi bir engel yoktu. Seyahat i\u00e7in haz\u0131rlanmak i\u00e7in \u00e7ok az zaman\u0131m oldu\u011fu i\u00e7in, SwissLasik Pasaportu&#8217;na son derece minnettar kald\u0131m. Otel, muayeneler, ameliyat ve ula\u015f\u0131m hakk\u0131nda ayr\u0131nt\u0131lar da dahil olmak \u00fczere gerekli t\u00fcm bilgileri kolayca ula\u015f\u0131labilir bir \u015fekilde sa\u011flad\u0131.     <\/p>\n\n<p>Tek ba\u015f\u0131na seyahat eden biri olarak, g\u00fcler y\u00fczl\u00fc kar\u015f\u0131lama hizmetine, yard\u0131msever otel personeline ve klinikteki destek personeline \u00e7ok minnettar kald\u0131m. Kendim de hem\u015fire oldu\u011fum i\u00e7in, klinikte sunulan hizmetler beni \u00e7ok \u015fa\u015f\u0131rtt\u0131. Sonraki \u00fc\u00e7 g\u00fcn boyunca ayn\u0131 destek personeli benimleydi. Bay Tolga Aktas, bana g\u00fcven vermek i\u00e7in ameliyathaneye bile benimle birlikte geldi. \u0130svi\u00e7re&#8217;de bu d\u00fczeyde bir s\u00fcreklilik ya\u015fayaca\u011f\u0131m\u0131 kesinlikle s\u00f6yleyemem.    <\/p>\n\n<p>Ameliyattan sonraki ilk 4-5 saat olduk\u00e7a rahats\u0131z ediciydi (g\u00f6zlerde \u015fiddetli yanma ve sulanma). Ancak o zaman bile otel personeli yard\u0131m teklifinde bulundu ve gerekirse, kendim damlatamazsam g\u00f6z damlas\u0131n\u0131 uygulayacaklard\u0131. Ertesi g\u00fcnk\u00fc ilk kontrol randevusundan sonra \u0130stanbul&#8217;u ke\u015ffettim ve ak\u015fama kadar b\u00fct\u00fcn g\u00fcn d\u0131\u015far\u0131da dola\u015ft\u0131m.  <\/p>\n\n<p>G\u00f6r\u00fc\u015f\u00fcmdeki iyile\u015fme k\u00fc\u00e7\u00fck bir mucizeden farks\u0131zd\u0131 ve bu ameliyat\u0131 g\u00f6n\u00fclden tavsiye edebilirim. Ameliyattan \u00f6nce bekledi\u011fimden bile daha iyi g\u00f6rd\u00fcm. Sonraki haftalar ger\u00e7ekten harika bir deneyimdi ve g\u00f6zl\u00fck veya kontakt lenslerin asla bu seviyede bir g\u00f6rme keskinli\u011fi sa\u011flayamayaca\u011f\u0131n\u0131 hissettim. \u015eimdi tek ihtiyac\u0131m olan g\u00f6zlerimi nemli ve sa\u011fl\u0131kl\u0131 tutmak i\u00e7in g\u00f6z damlalar\u0131.   <\/p>\n\n<p>Otelde ve klinikte, \u0130svi\u00e7reLasik ameliyat\u0131 i\u00e7in T\u00fcrkiye&#8217;ye gelen di\u011fer hastalarla tan\u0131\u015ft\u0131m. Bilgi al\u0131\u015fveri\u015finde bulunduk, ak\u015famlar\u0131 otelde sohbet ettik ve hatta ka\u00e7\u0131rmak istemeyece\u011fim dostluklar kurdum. <\/p>\n\n<p>Belirsizlik zamanlar\u0131nda birbirimizi motive ettik ve kar\u015f\u0131l\u0131kl\u0131 destek ve s\u0131cakl\u0131k ya\u015fad\u0131k. Bu nedenle, g\u00f6rme yetimin geri kazan\u0131lmas\u0131na, bu seyahatin deneyimlerine, dostluklara, sohbetlere ve T\u00fcrkiye&#8217;deki ho\u015f iklime \u00e7ok minnettar\u0131m. SwissLasik&#8217;e \u00e7ok te\u015fekk\u00fcrler!  <\/p>\n\n<p>Yvonne Brienz<\/p>\n\n<div class=\"wp-block-group is-layout-grid wp-container-core-group-is-layout-baef362d wp-block-group-is-layout-grid\">\n<p><a href=\"https:\/\/medicaltravel.at\/home\/agb\/\" data-type=\"page\" data-id=\"2191\" rel=\"nofollow noopener\" target=\"_blank\"><\/a><a href=\"https:\/\/swisslasik.ch\/tr\/hasta-yorumlari-lasik-goez-lazeri\/deneyim-raporu-istanbulda-sac-ekimi-8-ocak-2016-cuma-tarihli-rapor\/\" data-type=\"link\" data-id=\"https:\/\/swisslasik.ch\/patientenberichte-lasik\/erfahrungsbericht-eigenhaartransplantation-in-istanbul-bericht-vom-freitag-08-januar-2016\/\">\u00d6nceki rapor<\/a><\/p>\n\n\n\n<p class=\"has-text-align-right wp-container-content-5e2576f9\"><a href=\"https:\/\/medicaltravel.at\/home\/impressum\/\" data-type=\"page\" data-id=\"2193\" rel=\"nofollow noopener\" target=\"_blank\"><\/a><a href=\"https:\/\/medicaltravel.at\/home\/berichte-von-patienten\/erfahrungsberichte\/erfahrungsbericht-zahnbehandlung-in-istanbul\/\" data-type=\"page\" data-id=\"981\" rel=\"nofollow noopener\" target=\"_blank\"><\/a><a href=\"https:\/\/swisslasik.ch\/tr\/hasta-yorumlari-lasik-goez-lazeri\/istanbulda-sac-ekimi-deneyim-raporumu-6-ocak-2016-carsamba-tarihli-rapor\/\" data-type=\"link\" data-id=\"https:\/\/swisslasik.ch\/patientenberichte-lasik\/mein-erfahrungsbericht-haartransplantation-in-istanbul-bericht-vom-mittwoch-06-januar-2016\/\">Sonraki rapor<\/a><\/p>\n<\/div>\n","protected":false},"excerpt":{"rendered":"<p>\u0130STANBUL&#8217;DAK\u0130 LASIK AMEL\u0130YATIM NASIL GE\u00c7T\u0130? \u2013 8 Ocak 2016 Cuma tarihli rapor Yakla\u015f\u0131k d\u00f6rt y\u0131ld\u0131r g\u00f6z d\u00fczeltme ameliyatlar\u0131yla ilgileniyorum. Tan\u0131d\u0131\u011f\u0131m birka\u00e7 ki\u015fi bu ama\u00e7la T\u00fcrkiye&#8217;ye gitti. Sonu\u00e7lar herkes i\u00e7in \u00e7ok iyiydi. Bu y\u00fcrek burkan hikayeler beni cayd\u0131rd\u0131, \u00e7\u00fcnk\u00fc bu ki\u015filer kendilerini inan\u0131lmaz derecede \u00e7aresiz ve yabanc\u0131lara ba\u011f\u0131ml\u0131 hissediyorlard\u0131. Bu nedenle, ula\u015f\u0131m d\u00fczenlemeleri hakk\u0131nda bilgi almak i\u00e7in SwissLasik ile ileti\u015fime ge\u00e7tim. Son derece iyi organize edilmi\u015f oldu\u011fu i\u00e7in, \u00e7ok k\u0131sa bir s\u00fcre i\u00e7inde g\u00f6z ameliyat\u0131 olmaya karar verdim ve bir hafta sonra \u015fehirde ameliyat ger\u00e7ekle\u015fti. G\u00f6zlerim \u00f6nceden \u0130svi\u00e7re&#8217;de muayene edilmi\u015fti ve ameliyat i\u00e7in herhangi bir engel yoktu. Seyahat i\u00e7in haz\u0131rlanmak i\u00e7in \u00e7ok az zaman\u0131m oldu\u011fu i\u00e7in, SwissLasik Pasaportu&#8217;na son derece minnettar kald\u0131m. Otel, muayeneler, ameliyat ve ula\u015f\u0131m hakk\u0131nda ayr\u0131nt\u0131lar da dahil olmak \u00fczere gerekli t\u00fcm bilgileri kolayca ula\u015f\u0131labilir bir \u015fekilde sa\u011flad\u0131. Tek ba\u015f\u0131na seyahat eden biri olarak, g\u00fcler y\u00fczl\u00fc kar\u015f\u0131lama hizmetine, yard\u0131msever otel personeline ve klinikteki destek personeline \u00e7ok minnettar kald\u0131m. Kendim de hem\u015fire oldu\u011fum i\u00e7in, klinikte sunulan hizmetler beni \u00e7ok \u015fa\u015f\u0131rtt\u0131. Sonraki \u00fc\u00e7 g\u00fcn boyunca ayn\u0131 destek personeli benimleydi. Bay Tolga Aktas, bana g\u00fcven vermek i\u00e7in ameliyathaneye bile benimle birlikte geldi. \u0130svi\u00e7re&#8217;de bu d\u00fczeyde bir s\u00fcreklilik ya\u015fayaca\u011f\u0131m\u0131 kesinlikle s\u00f6yleyemem. Ameliyattan sonraki ilk 4-5 saat olduk\u00e7a rahats\u0131z ediciydi (g\u00f6zlerde \u015fiddetli yanma ve sulanma). Ancak o zaman bile otel personeli yard\u0131m teklifinde bulundu ve gerekirse, kendim damlatamazsam g\u00f6z damlas\u0131n\u0131 uygulayacaklard\u0131. Ertesi g\u00fcnk\u00fc ilk kontrol randevusundan sonra \u0130stanbul&#8217;u ke\u015ffettim ve ak\u015fama kadar b\u00fct\u00fcn g\u00fcn d\u0131\u015far\u0131da dola\u015ft\u0131m. G\u00f6r\u00fc\u015f\u00fcmdeki iyile\u015fme k\u00fc\u00e7\u00fck bir mucizeden farks\u0131zd\u0131 ve bu ameliyat\u0131 g\u00f6n\u00fclden tavsiye edebilirim. Ameliyattan \u00f6nce bekledi\u011fimden bile daha iyi g\u00f6rd\u00fcm. Sonraki haftalar ger\u00e7ekten harika bir deneyimdi ve g\u00f6zl\u00fck veya kontakt lenslerin asla bu seviyede bir g\u00f6rme keskinli\u011fi sa\u011flayamayaca\u011f\u0131n\u0131 hissettim. \u015eimdi tek ihtiyac\u0131m olan g\u00f6zlerimi nemli ve sa\u011fl\u0131kl\u0131 tutmak i\u00e7in g\u00f6z damlalar\u0131. Otelde ve klinikte, \u0130svi\u00e7reLasik ameliyat\u0131 i\u00e7in T\u00fcrkiye&#8217;ye gelen di\u011fer hastalarla tan\u0131\u015ft\u0131m. Bilgi al\u0131\u015fveri\u015finde bulunduk, ak\u015famlar\u0131 otelde sohbet ettik ve hatta ka\u00e7\u0131rmak istemeyece\u011fim dostluklar kurdum. Belirsizlik zamanlar\u0131nda birbirimizi motive ettik ve kar\u015f\u0131l\u0131kl\u0131 destek ve s\u0131cakl\u0131k ya\u015fad\u0131k. Bu nedenle, g\u00f6rme yetimin geri kazan\u0131lmas\u0131na, bu seyahatin deneyimlerine, dostluklara, sohbetlere ve T\u00fcrkiye&#8217;deki ho\u015f iklime \u00e7ok minnettar\u0131m. SwissLasik&#8217;e \u00e7ok te\u015fekk\u00fcrler! Yvonne Brienz \u00d6nceki rapor Sonraki rapor<\/p>\n","protected":false},"author":4,"featured_media":0,"parent":3801,"menu_order":0,"comment_status":"closed","ping_status":"closed","template":"","meta":{"_joinchat":[],"footnotes":""},"class_list":["post-3969","page","type-page","status-publish","hentry"],"acf":[],"_links":{"self":[{"href":"https:\/\/swisslasik.ch\/tr\/wp-json\/wp\/v2\/pages\/3969","targetHints":{"allow":["GET"]}}],"collection":[{"href":"https:\/\/swisslasik.ch\/tr\/wp-json\/wp\/v2\/pages"}],"about":[{"href":"https:\/\/swisslasik.ch\/tr\/wp-json\/wp\/v2\/types\/page"}],"author":[{"embeddable":true,"href":"https:\/\/swisslasik.ch\/tr\/wp-json\/wp\/v2\/users\/4"}],"replies":[{"embeddable":true,"href":"https:\/\/swisslasik.ch\/tr\/wp-json\/wp\/v2\/comments?post=3969"}],"version-history":[{"count":1,"href":"https:\/\/swisslasik.ch\/tr\/wp-json\/wp\/v2\/pages\/3969\/revisions"}],"predecessor-version":[{"id":3970,"href":"https:\/\/swisslasik.ch\/tr\/wp-json\/wp\/v2\/pages\/3969\/revisions\/3970"}],"up":[{"embeddable":true,"href":"https:\/\/swisslasik.ch\/tr\/wp-json\/wp\/v2\/pages\/3801"}],"wp:attachment":[{"href":"https:\/\/swisslasik.ch\/tr\/wp-json\/wp\/v2\/media?parent=3969"}],"curies":[{"name":"wp","href":"https:\/\/api.w.org\/{rel}","templated":true}]}}