{"id":4054,"date":"2025-09-17T13:02:15","date_gmt":"2025-09-17T12:02:15","guid":{"rendered":"https:\/\/swisslasik.ch\/swisslasik-hakkinda\/"},"modified":"2026-01-09T01:58:41","modified_gmt":"2026-01-09T00:58:41","slug":"swisslasik-hakkinda","status":"publish","type":"page","link":"https:\/\/swisslasik.ch\/tr\/swisslasik-hakkinda\/","title":{"rendered":"SwissLasik hakk\u0131nda"},"content":{"rendered":"\n<h2 class=\"wp-block-heading\">SWISSLASIK HAKKINDA<\/h2>\n\n<p>SwissLasik, Serdar Karaaga\u00e7li taraf\u0131ndan 4 Nisan 2006&#8217;da t\u0131bbi turizm alan\u0131nda dan\u0131\u015fmanl\u0131k hizmeti veren bir firma olarak kurulmu\u015ftur.<\/p>\n\n<p>SwissLasik, en y\u00fcksek t\u0131bbi ve organizasyonel standartlarda istedi\u011finiz tedaviyi sunmay\u0131 ama\u00e7lamaktad\u0131r. Bu, \u0130stanbul, Antalya veya \u0130zmir gibi g\u00fczel metropolleri ziyaretle de birle\u015ftirilebilir. <\/p>\n\n<p>Felsefemiz<br\/>Hizmetlerimizden ve ameliyat\u0131n\u0131z\u0131n kalitesinden memnuniyetinize en b\u00fcy\u00fck \u00f6nemi veriyoruz. Sa\u011fl\u0131\u011f\u0131n\u0131z ve iyili\u011finiz, seyahatiniz ve ameliyat\u0131n\u0131zdan \u00f6nce, s\u0131ras\u0131nda ve sonras\u0131nda en b\u00fcy\u00fck \u00f6nceli\u011fimizdir. Sa\u011fl\u0131\u011f\u0131n\u0131zdan daha \u00f6nemli hi\u00e7bir \u015fey yoktur. %100 emin olmad\u0131\u011f\u0131m\u0131z hi\u00e7bir hizmeti sunmuyoruz.   <\/p>\n\n<h3 class=\"wp-block-heading\">Neden SwissLasik?<\/h3>\n\n<ul class=\"wp-block-list\">\n<li>T\u00fcrkiye&#8217;ye y\u00f6nelik t\u0131bbi turizm konusunda uzmanla\u015fm\u0131\u015f bir firmay\u0131z.<\/li>\n\n\n\n<li>Uzun y\u0131llara dayanan deneyimimiz, sorunsuz bir s\u00fcre\u00e7 sa\u011flar.<\/li>\n\n\n\n<li><a href=\"https:\/\/swisslasik.ch\/tr\/patientenberichte-augen-lasern\/\" data-type=\"link\" data-id=\"https:\/\/swisslasik.ch\/patientenberichte-augen-lasern\/\">Binlerce memnun hasta<\/a> hizmetimizden zaten faydaland\u0131.<\/li>\n\n\n\n<li>Sadece T\u00fcrkiye&#8217;de de\u011fil, \u0130svi\u00e7re&#8217;de de yetkin bir irtibat ki\u015fisine ihtiyac\u0131n\u0131z var.<\/li>\n\n\n\n<li>A&#8217;dan Z&#8217;ye eksiksiz organizasyonumuz sayesinde hi\u00e7bir \u015fey i\u00e7in endi\u015felenmenize gerek yok.<\/li>\n\n\n\n<li>Ameliyat sonras\u0131nda da sizinle ileti\u015fimde kalmaya devam edece\u011fiz.<\/li>\n\n\n\n<li><strong>\u0130svi\u00e7re&#8217;de \u00f6n ve son muayeneler bizimle m\u00fcmk\u00fcn<\/strong>; bu hizmeti ba\u015fka hi\u00e7bir sa\u011flay\u0131c\u0131 sunmuyor.<\/li>\n\n\n\n<li>T\u00fcrkiye&#8217;nin en iyi klinikleriyle i\u015f birli\u011fi yapmak bizim i\u00e7in do\u011fal bir durumdur.<\/li>\n\n\n\n<li>Orijinal fiyat garantimizi sunuyoruz: \u00fccretsiz ve ba\u011flay\u0131c\u0131 olmayan dan\u0131\u015fmanl\u0131k hizmeti.<\/li>\n\n\n\n<li>\u00d6nceli\u011fimiz insanlard\u0131r. Ki\u015fiye \u00f6zel ve samimi hizmetimizin tad\u0131n\u0131 \u00e7\u0131kar\u0131n. <\/li>\n\n\n\n<li>Operasyon sonras\u0131 memnuniyet \u00f6l\u00e7\u00fcmleri sayesinde s\u00fcrekli geli\u015fen y\u00fcksek bir kaliteye ula\u015f\u0131yoruz.<\/li>\n<\/ul>\n\n<h3 class=\"wp-block-heading\">T\u0131bbi turizmde etik standartlar\u0131m\u0131z<\/h3>\n\n<ul class=\"wp-block-list\">\n<li>Biz d\u00fc\u015f\u00fck maliyetli bir cerrahi hizmet sa\u011flay\u0131c\u0131s\u0131 de\u011filiz. Ucuz olmak tek amac\u0131m\u0131z de\u011fil; aksine, bu durum T\u00fcrkiye&#8217;deki ya\u015fam maliyetinin \u0130svi\u00e7re&#8217;ye k\u0131yasla daha d\u00fc\u015f\u00fck olmas\u0131ndan kaynaklan\u0131yor. <\/li>\n\n\n\n<li>Sa\u011fl\u0131k s\u00f6z konusu oldu\u011fu i\u00e7in kaliteden asla \u00f6d\u00fcn vermeyiz.<\/li>\n\n\n\n<li>Ameliyat\u0131n\u0131z bizim \u00f6nceli\u011fimizdir. \u015eehirleri gezmek ise ara s\u0131ra kar\u015f\u0131m\u0131za \u00e7\u0131kan bir f\u0131rsatt\u0131r. <\/li>\n\n\n\n<li>&#8220;Bir daha asla g\u00f6zl\u00fc\u011fe ihtiyac\u0131n\u0131z olmayacak&#8221; gibi ger\u00e7ek\u00e7i olmayan vaatlerde bulunmuyoruz. Reklamlar\u0131m\u0131z\u0131 asla fiyata g\u00f6re de\u011fil, kaliteye g\u00f6re yap\u0131yoruz. <\/li>\n\n\n\n<li>Ameliyat olman\u0131z i\u00e7in size herhangi bir bask\u0131 yapmayaca\u011f\u0131z veya sizi zorlamayaca\u011f\u0131z.<\/li>\n<\/ul>\n\n<h3 class=\"wp-block-heading\">Neden bize Swisslasik deniyor?<\/h3>\n\n<p>\u0130svi\u00e7re&#8217;de kurulmu\u015f bir \u015firket olarak, geleneksel \u0130svi\u00e7re kalitesini s\u00fcrd\u00fcrmek ve bu y\u00fcksek standarda ula\u015fmak i\u00e7in &#8220;\u0130svi\u00e7re Etiketi&#8221; ile her g\u00fcn kendimizi yeniden s\u0131namak istiyoruz. \u0130smimizi ciddiye al\u0131yoruz. <\/p>\n\n<h3 class=\"wp-block-heading\">Swisslasik bas\u0131nda<\/h3>\n\n<ul class=\"wp-block-list\">\n<li><a href=\"https:\/\/swisslasik.ch\/wp-content\/uploads\/2025\/09\/Deine_Augen_19_04_2007_seite_swisslasik.pdf\" data-type=\"link\" data-id=\"https:\/\/swisslasik.ch\/wp-content\/uploads\/2025\/09\/Deine_Augen_19_04_2007_seite_swisslasik.pdf\">&#8220;Blick&#8221; dergisinin \u00f6zel say\u0131s\u0131 &#8220;Senin G\u00f6zlerin&#8221;<\/a><\/li>\n\n\n\n<li><a href=\"https:\/\/swisslasik.ch\/wp-content\/uploads\/2025\/09\/FACTS_Medizintourismus-1.pdf\" data-type=\"link\" data-id=\"https:\/\/swisslasik.ch\/wp-content\/uploads\/2025\/09\/FACTS_Medizintourismus-1.pdf\" target=\"_blank\" rel=\"noreferrer noopener\">Ger\u00e7ekler<\/a><\/li>\n\n\n\n<li><a href=\"https:\/\/swisslasik.ch\/wp-content\/uploads\/2025\/09\/Schweizer_touristik_medizinalreisen_Swisslasik.pdf\" data-type=\"link\" data-id=\"https:\/\/swisslasik.ch\/wp-content\/uploads\/2025\/09\/Schweizer_touristik_medizinalreisen_Swisslasik.pdf\" target=\"_blank\" rel=\"noreferrer noopener\">\u0130svi\u00e7re Turizm dergisi<\/a><\/li>\n<\/ul>\n\n<p>Bas\u0131n b\u00fcltenimize <a href=\"https:\/\/swisslasik.ch\/wp-content\/uploads\/2025\/09\/Medizinalreisen_nach_Istanbul_Pressemitteiung_Swisslasik_13_08_2009.pdf\" data-type=\"link\" data-id=\"https:\/\/swisslasik.ch\/wp-content\/uploads\/2025\/09\/Medizinalreisen_nach_Istanbul_Pressemitteiung_Swisslasik_13_08_2009.pdf\">buradan <\/a>ula\u015fabilirsiniz.<\/p>\n\n<p><a href=\"https:\/\/swisslasik.ch\/tr\/iletisim\/\" data-type=\"link\" data-id=\"https:\/\/swisslasik.ch\/kontakt\/\">Sizinle ileti\u015fime<\/a> ge\u00e7menizi b\u00fcy\u00fck bir memnuniyetle bekliyoruz.<\/p>\n\n<figure class=\"wp-block-image size-full\"><img fetchpriority=\"high\" decoding=\"async\" width=\"200\" height=\"250\" src=\"https:\/\/swisslasik.ch\/wp-content\/uploads\/2025\/09\/portrait_serdarkaraagacli1.jpg\" alt=\"\" class=\"wp-image-109\"\/><\/figure>\n\n<p id=\"caption-attachment-133\">Swisslasik&#8217;in kurucusu ve CEO&#8217;su Serdar Karaa\u011fa\u00e7l\u0131.<\/p>\n","protected":false},"excerpt":{"rendered":"<p>SWISSLASIK HAKKINDA SwissLasik, Serdar Karaaga\u00e7li taraf\u0131ndan 4 Nisan 2006&#8217;da t\u0131bbi turizm alan\u0131nda dan\u0131\u015fmanl\u0131k hizmeti veren bir firma olarak kurulmu\u015ftur. SwissLasik, en y\u00fcksek t\u0131bbi ve organizasyonel standartlarda istedi\u011finiz tedaviyi sunmay\u0131 ama\u00e7lamaktad\u0131r. Bu, \u0130stanbul, Antalya veya \u0130zmir gibi g\u00fczel metropolleri ziyaretle de birle\u015ftirilebilir. FelsefemizHizmetlerimizden ve ameliyat\u0131n\u0131z\u0131n kalitesinden memnuniyetinize en b\u00fcy\u00fck \u00f6nemi veriyoruz. Sa\u011fl\u0131\u011f\u0131n\u0131z ve iyili\u011finiz, seyahatiniz ve ameliyat\u0131n\u0131zdan \u00f6nce, s\u0131ras\u0131nda ve sonras\u0131nda en b\u00fcy\u00fck \u00f6nceli\u011fimizdir. Sa\u011fl\u0131\u011f\u0131n\u0131zdan daha \u00f6nemli hi\u00e7bir \u015fey yoktur. %100 emin olmad\u0131\u011f\u0131m\u0131z hi\u00e7bir hizmeti sunmuyoruz. Neden SwissLasik? T\u0131bbi turizmde etik standartlar\u0131m\u0131z Neden bize Swisslasik deniyor? \u0130svi\u00e7re&#8217;de kurulmu\u015f bir \u015firket olarak, geleneksel \u0130svi\u00e7re kalitesini s\u00fcrd\u00fcrmek ve bu y\u00fcksek standarda ula\u015fmak i\u00e7in &#8220;\u0130svi\u00e7re Etiketi&#8221; ile her g\u00fcn kendimizi yeniden s\u0131namak istiyoruz. \u0130smimizi ciddiye al\u0131yoruz. Swisslasik bas\u0131nda Bas\u0131n b\u00fcltenimize buradan ula\u015fabilirsiniz. Sizinle ileti\u015fime ge\u00e7menizi b\u00fcy\u00fck bir memnuniyetle bekliyoruz. Swisslasik&#8217;in kurucusu ve CEO&#8217;su Serdar Karaa\u011fa\u00e7l\u0131.<\/p>\n","protected":false},"author":4,"featured_media":0,"parent":0,"menu_order":0,"comment_status":"closed","ping_status":"closed","template":"","meta":{"_joinchat":[],"footnotes":""},"class_list":["post-4054","page","type-page","status-publish","hentry"],"acf":[],"_links":{"self":[{"href":"https:\/\/swisslasik.ch\/tr\/wp-json\/wp\/v2\/pages\/4054","targetHints":{"allow":["GET"]}}],"collection":[{"href":"https:\/\/swisslasik.ch\/tr\/wp-json\/wp\/v2\/pages"}],"about":[{"href":"https:\/\/swisslasik.ch\/tr\/wp-json\/wp\/v2\/types\/page"}],"author":[{"embeddable":true,"href":"https:\/\/swisslasik.ch\/tr\/wp-json\/wp\/v2\/users\/4"}],"replies":[{"embeddable":true,"href":"https:\/\/swisslasik.ch\/tr\/wp-json\/wp\/v2\/comments?post=4054"}],"version-history":[{"count":1,"href":"https:\/\/swisslasik.ch\/tr\/wp-json\/wp\/v2\/pages\/4054\/revisions"}],"predecessor-version":[{"id":4055,"href":"https:\/\/swisslasik.ch\/tr\/wp-json\/wp\/v2\/pages\/4054\/revisions\/4055"}],"wp:attachment":[{"href":"https:\/\/swisslasik.ch\/tr\/wp-json\/wp\/v2\/media?parent=4054"}],"curies":[{"name":"wp","href":"https:\/\/api.w.org\/{rel}","templated":true}]}}